{"id":243,"date":"2020-02-17T22:34:57","date_gmt":"2020-02-17T21:34:57","guid":{"rendered":"https:\/\/bibliotekutvikling.no\/kulturarvdigitalisering\/?page_id=243"},"modified":"2025-01-06T10:43:34","modified_gmt":"2025-01-06T09:43:34","slug":"kontakt-oss","status":"publish","type":"page","link":"https:\/\/beta.bibliotekutvikling.no\/abmdig\/kontakt-oss\/","title":{"rendered":"Kontakt oss"},"content":{"rendered":"\n<div class=\"wp-block-media-text alignwide is-stacked-on-mobile is-image-fill has-primary-50-background-color has-background\"><figure class=\"wp-block-media-text__media\" style=\"background-image:url(https:\/\/bibliotekutvikling.no\/content\/uploads\/sites\/14\/2020\/08\/NBR_drone_janingelarsen-1024x761.jpg);background-position:43% 49%\"><img loading=\"lazy\" decoding=\"async\" width=\"1024\" height=\"761\" src=\"https:\/\/bibliotekutvikling.no\/content\/uploads\/sites\/14\/2020\/08\/NBR_drone_janingelarsen-1024x761.jpg\" alt=\"Nasjonalbiblioteket Rana\" class=\"wp-image-876 size-full\" srcset=\"https:\/\/beta.bibliotekutvikling.no\/content\/uploads\/sites\/14\/2020\/08\/NBR_drone_janingelarsen-1024x761.jpg 1024w, https:\/\/beta.bibliotekutvikling.no\/content\/uploads\/sites\/14\/2020\/08\/NBR_drone_janingelarsen-300x223.jpg 300w, https:\/\/beta.bibliotekutvikling.no\/content\/uploads\/sites\/14\/2020\/08\/NBR_drone_janingelarsen-768x571.jpg 768w, https:\/\/beta.bibliotekutvikling.no\/content\/uploads\/sites\/14\/2020\/08\/NBR_drone_janingelarsen-1536x1142.jpg 1536w, https:\/\/beta.bibliotekutvikling.no\/content\/uploads\/sites\/14\/2020\/08\/NBR_drone_janingelarsen-2048x1523.jpg 2048w\" sizes=\"auto, (max-width: 1024px) 100vw, 1024px\" \/><\/figure><div class=\"wp-block-media-text__content\">\n<h1 class=\"wp-block-heading\" id=\"h-senter-for-kulturarvdigitalisering\">Senter for kulturarvdigitalisering<\/h1>\n\n\n\n<p>Sp\u00f8rsm\u00e5l og henvendelser ang\u00e5ende kulturarvdigitalisering ved Nasjonalbiblioteket.<\/p>\n\n\n\n<p><strong><a href=\"mailto:kulturarv@nb.no\">kulturarv@nb.no<\/a> <\/strong><\/p>\n<\/div><\/div>\n\n\n<div class=\"t2-featured-content-layout alignwide alignwide wp-block-t2-featured-content-layout\" role=\"list\">\n<div class=\"t2-featured-single-post t2-featured-content is-post-type-person role-leder wp-block-t2-featured-single-post t2-featured-content-layout-col-4\" role=\"listitem\"><figure class=\"nb-post-featured-image has-image-ratio-16-9 wp-block-nb-post-featured-image\">\n\t\t<svg xmlns=\"http:\/\/www.w3.org\/2000\/svg\" class=\"icon icon-user image-placeholder\" height=\"24px\" viewBox=\"0 0 24 24\" width=\"24px\">\n\t\t\t<path d=\"M12 5.9c1.16 0 2.1.94 2.1 2.1s-.94 2.1-2.1 2.1S9.9 9.16 9.9 8s.94-2.1 2.1-2.1m0 9c2.97 0 6.1 1.46 6.1 2.1v1.1H5.9V17c0-.64 3.13-2.1 6.1-2.1M12 4C9.79 4 8 5.79 8 8s1.79 4 4 4 4-1.79 4-4-1.79-4-4-4zm0 9c-2.67 0-8 1.34-8 4v3h16v-3c0-2.66-5.33-4-8-4z\" fill=\"currentColor\" \/>\n\t\t<\/svg><\/figure>\n\n\n<div class=\"wp-block-group alignfull is-layout-flow wp-block-group-is-layout-flow\">\n\t<h2 class=\"t2-post-title wp-block-t2-post-title\">Jonny Edvardsen<\/h2>\n\n\t\n\t<div class=\"wp-block-group alignfull person-card-meta is-layout-flow wp-block-group-is-layout-flow\">\n\t\t<div class=\"taxonomy-role wp-block-post-terms\"><a href=\"https:\/\/beta.bibliotekutvikling.no\/abmdig\/role\/leder\/\" rel=\"tag\">Leder<\/a><\/div>\n\t\t<div class=\"nb-post-excerpt wp-block-nb-post-excerpt\">Leder for Senter for kulturarvdigitalisering.<\/div>\n\t\t<div class=\"nb-post-meta wp-block-nb-post-meta\"><div data-meta-key=\"people_email\"><a href=\"mailto:jonny.edvardsen@nb.no\">jonny.edvardsen@nb.no<\/a><\/div><div data-meta-key=\"people_phone\"><a href=\"tel:97 54 24 09\">97 54 24 09<\/a><\/div><\/div>\n\t<\/div>\n\t\n<\/div>\n\n<\/div>\n<\/div>\n\n<div class=\"t2-featured-content-layout alignwide alignwide wp-block-t2-featured-content-layout\" role=\"list\">\n<div class=\"t2-featured-single-post t2-featured-content is-post-type-person role-seniorradgiver wp-block-t2-featured-single-post\" role=\"listitem\"><figure class=\"nb-post-featured-image has-image-ratio-16-9 wp-block-nb-post-featured-image\">\n\t\t<svg xmlns=\"http:\/\/www.w3.org\/2000\/svg\" class=\"icon icon-user image-placeholder\" height=\"24px\" viewBox=\"0 0 24 24\" width=\"24px\">\n\t\t\t<path d=\"M12 5.9c1.16 0 2.1.94 2.1 2.1s-.94 2.1-2.1 2.1S9.9 9.16 9.9 8s.94-2.1 2.1-2.1m0 9c2.97 0 6.1 1.46 6.1 2.1v1.1H5.9V17c0-.64 3.13-2.1 6.1-2.1M12 4C9.79 4 8 5.79 8 8s1.79 4 4 4 4-1.79 4-4-1.79-4-4-4zm0 9c-2.67 0-8 1.34-8 4v3h16v-3c0-2.66-5.33-4-8-4z\" fill=\"currentColor\" \/>\n\t\t<\/svg><\/figure>\n\n\n<div class=\"wp-block-group alignfull is-layout-flow wp-block-group-is-layout-flow\">\n\t<h2 class=\"t2-post-title wp-block-t2-post-title\">Rigmor Sj\u00f8voll<\/h2>\n\n\t\n\t<div class=\"wp-block-group alignfull person-card-meta is-layout-flow wp-block-group-is-layout-flow\">\n\t\t<div class=\"taxonomy-role wp-block-post-terms\"><a href=\"https:\/\/beta.bibliotekutvikling.no\/abmdig\/role\/seniorradgiver\/\" rel=\"tag\">Seniorr\u00e5dgiver<\/a><\/div>\n\t\t<div class=\"nb-post-excerpt wp-block-nb-post-excerpt\">Avis, tidsskrift og annet papirmateriale.<\/div>\n\t\t<div class=\"nb-post-meta wp-block-nb-post-meta\"><div data-meta-key=\"people_email\"><a href=\"mailto:rigmor.sjovoll@nb.no\">rigmor.sjovoll@nb.no<\/a><\/div><div data-meta-key=\"people_phone\"><a href=\"tel:91 30 43 40\">91 30 43 40<\/a><\/div><\/div>\n\t<\/div>\n\t\n<\/div>\n\n<\/div>\n\n<div class=\"t2-featured-single-post t2-featured-content is-post-type-person role-seniorradgiver wp-block-t2-featured-single-post\" role=\"listitem\"><figure class=\"nb-post-featured-image has-image-ratio-16-9 wp-block-nb-post-featured-image\">\n\t\t<svg xmlns=\"http:\/\/www.w3.org\/2000\/svg\" class=\"icon icon-user image-placeholder\" height=\"24px\" viewBox=\"0 0 24 24\" width=\"24px\">\n\t\t\t<path d=\"M12 5.9c1.16 0 2.1.94 2.1 2.1s-.94 2.1-2.1 2.1S9.9 9.16 9.9 8s.94-2.1 2.1-2.1m0 9c2.97 0 6.1 1.46 6.1 2.1v1.1H5.9V17c0-.64 3.13-2.1 6.1-2.1M12 4C9.79 4 8 5.79 8 8s1.79 4 4 4 4-1.79 4-4-1.79-4-4-4zm0 9c-2.67 0-8 1.34-8 4v3h16v-3c0-2.66-5.33-4-8-4z\" fill=\"currentColor\" \/>\n\t\t<\/svg><\/figure>\n\n\n<div class=\"wp-block-group alignfull is-layout-flow wp-block-group-is-layout-flow\">\n\t<h2 class=\"t2-post-title wp-block-t2-post-title\">Marte Aanes Stien<\/h2>\n\n\t\n\t<div class=\"wp-block-group alignfull person-card-meta is-layout-flow wp-block-group-is-layout-flow\">\n\t\t<div class=\"taxonomy-role wp-block-post-terms\"><a href=\"https:\/\/beta.bibliotekutvikling.no\/abmdig\/role\/seniorradgiver\/\" rel=\"tag\">Seniorr\u00e5dgiver<\/a><\/div>\n\t\t<div class=\"nb-post-excerpt wp-block-nb-post-excerpt\">Foto, lyd og levende bilder.<\/div>\n\t\t<div class=\"nb-post-meta wp-block-nb-post-meta\"><div data-meta-key=\"people_email\"><a href=\"mailto:marte.stien@nb.no\">marte.stien@nb.no<\/a><\/div><div data-meta-key=\"people_phone\"><a href=\"tel:48 21 85 23\">48 21 85 23<\/a><\/div><\/div>\n\t<\/div>\n\t\n<\/div>\n\n<\/div>\n\n<div class=\"t2-featured-single-post t2-featured-content is-post-type-person role-seniorradgiver wp-block-t2-featured-single-post\" role=\"listitem\"><figure class=\"nb-post-featured-image has-image-ratio-16-9 wp-block-nb-post-featured-image\">\n\t\t<svg xmlns=\"http:\/\/www.w3.org\/2000\/svg\" class=\"icon icon-user image-placeholder\" height=\"24px\" viewBox=\"0 0 24 24\" width=\"24px\">\n\t\t\t<path d=\"M12 5.9c1.16 0 2.1.94 2.1 2.1s-.94 2.1-2.1 2.1S9.9 9.16 9.9 8s.94-2.1 2.1-2.1m0 9c2.97 0 6.1 1.46 6.1 2.1v1.1H5.9V17c0-.64 3.13-2.1 6.1-2.1M12 4C9.79 4 8 5.79 8 8s1.79 4 4 4 4-1.79 4-4-1.79-4-4-4zm0 9c-2.67 0-8 1.34-8 4v3h16v-3c0-2.66-5.33-4-8-4z\" fill=\"currentColor\" \/>\n\t\t<\/svg><\/figure>\n\n\n<div class=\"wp-block-group alignfull is-layout-flow wp-block-group-is-layout-flow\">\n\t<h2 class=\"t2-post-title wp-block-t2-post-title\">Jan Inge Larsen<\/h2>\n\n\t\n\t<div class=\"wp-block-group alignfull person-card-meta is-layout-flow wp-block-group-is-layout-flow\">\n\t\t<div class=\"taxonomy-role wp-block-post-terms\"><a href=\"https:\/\/beta.bibliotekutvikling.no\/abmdig\/role\/seniorradgiver\/\" rel=\"tag\">Seniorr\u00e5dgiver<\/a><\/div>\n\t\t<div class=\"nb-post-excerpt wp-block-nb-post-excerpt\">Magasin og logistikk.<\/div>\n\t\t<div class=\"nb-post-meta wp-block-nb-post-meta\"><div data-meta-key=\"people_email\"><a href=\"mailto:jan.larsen@nb.no\">jan.larsen@nb.no<\/a><\/div><\/div>\n\t<\/div>\n\t\n<\/div>\n\n<\/div>\n<\/div>\n\n\n<div class=\"wp-block-columns alignwide is-layout-flex wp-container-core-columns-is-layout-28f84493 wp-block-columns-is-layout-flex\">\n<div class=\"wp-block-column has-secondary-background-color has-background is-layout-flow wp-block-column-is-layout-flow\">\n<h2 class=\"wp-block-heading\" id=\"h-adresse\">Adresse:<\/h2>\n\n\n\n<p><strong>Nasjonalbiblioteket<\/strong><br>Finsetveien 2<br>8624 Mo i Rana<\/p>\n\n\n\n<p>Merk med: <strong>Kulturarv<\/strong><\/p>\n\n\n\n<p><em>Materiale til digitalisering eller annet mottak skal ikke sendes uten forutg\u00e5ende dialog. <\/em><\/p>\n<\/div>\n<\/div>\n\n\n\n<p><\/p>\n","protected":false},"excerpt":{"rendered":"<p>Senter for kulturarvdigitalisering<\/p>\n","protected":false},"author":54,"featured_media":876,"parent":0,"menu_order":0,"comment_status":"closed","ping_status":"closed","template":"","meta":{"nb_hide_title":false,"sub_navigation_option":"","sub_navigation_custom_items":null,"footnotes":""},"class_list":["post-243","page","type-page","status-publish","has-post-thumbnail","hentry"],"yoast_head":"<!-- This site is optimized with the Yoast SEO Premium plugin v27.1 (Yoast SEO v27.1.1) - https:\/\/yoast.com\/product\/yoast-seo-premium-wordpress\/ -->\n<title>Kontakt oss - Kulturarvdigitalisering<\/title>\n<meta name=\"description\" content=\"Senter for kulturarvdigitalisering har ansvaret for dialog ang\u00e5ende Nasjonalbibliotekets oppdrag med kulturarvdigitalisering for ABM-sektoren.\" \/>\n<meta name=\"robots\" content=\"index, follow, max-snippet:-1, max-image-preview:large, max-video-preview:-1\" \/>\n<link rel=\"canonical\" href=\"https:\/\/beta.bibliotekutvikling.no\/abmdig\/kontakt-oss\/\" \/>\n<meta property=\"og:locale\" content=\"nb_NO\" \/>\n<meta property=\"og:type\" content=\"article\" \/>\n<meta property=\"og:title\" content=\"Kontakt oss\" \/>\n<meta property=\"og:description\" content=\"Senter for kulturarvdigitalisering har ansvaret for dialog ang\u00e5ende Nasjonalbibliotekets oppdrag med kulturarvdigitalisering for ABM-sektoren.\" \/>\n<meta property=\"og:url\" content=\"https:\/\/beta.bibliotekutvikling.no\/abmdig\/kontakt-oss\/\" \/>\n<meta property=\"og:site_name\" content=\"Kulturarvdigitalisering\" \/>\n<meta property=\"article:modified_time\" content=\"2025-01-06T09:43:34+00:00\" \/>\n<meta property=\"og:image\" content=\"https:\/\/beta.bibliotekutvikling.no\/content\/uploads\/sites\/14\/2020\/08\/NBR_drone_janingelarsen-scaled.jpg\" \/>\n\t<meta property=\"og:image:width\" content=\"2560\" \/>\n\t<meta property=\"og:image:height\" content=\"1903\" \/>\n\t<meta property=\"og:image:type\" content=\"image\/jpeg\" \/>\n<meta name=\"twitter:card\" content=\"summary_large_image\" \/>\n<meta name=\"twitter:label1\" content=\"Ansl. lesetid\" \/>\n\t<meta name=\"twitter:data1\" content=\"1 minutt\" \/>\n<script type=\"application\/ld+json\" class=\"yoast-schema-graph\">{\"@context\":\"https:\/\/schema.org\",\"@graph\":[{\"@type\":\"WebPage\",\"@id\":\"https:\/\/beta.bibliotekutvikling.no\/abmdig\/kontakt-oss\/\",\"url\":\"https:\/\/beta.bibliotekutvikling.no\/abmdig\/kontakt-oss\/\",\"name\":\"Kontakt oss - Kulturarvdigitalisering\",\"isPartOf\":{\"@id\":\"https:\/\/beta.bibliotekutvikling.no\/abmdig\/#website\"},\"primaryImageOfPage\":{\"@id\":\"https:\/\/beta.bibliotekutvikling.no\/abmdig\/kontakt-oss\/#primaryimage\"},\"image\":{\"@id\":\"https:\/\/beta.bibliotekutvikling.no\/abmdig\/kontakt-oss\/#primaryimage\"},\"thumbnailUrl\":\"https:\/\/beta.bibliotekutvikling.no\/content\/uploads\/sites\/14\/2020\/08\/NBR_drone_janingelarsen-scaled.jpg\",\"datePublished\":\"2020-02-17T21:34:57+00:00\",\"dateModified\":\"2025-01-06T09:43:34+00:00\",\"description\":\"Senter for kulturarvdigitalisering har ansvaret for dialog ang\u00e5ende Nasjonalbibliotekets oppdrag med kulturarvdigitalisering for ABM-sektoren.\",\"breadcrumb\":{\"@id\":\"https:\/\/beta.bibliotekutvikling.no\/abmdig\/kontakt-oss\/#breadcrumb\"},\"inLanguage\":\"nb-NO\",\"potentialAction\":[{\"@type\":\"ReadAction\",\"target\":[\"https:\/\/beta.bibliotekutvikling.no\/abmdig\/kontakt-oss\/\"]}]},{\"@type\":\"ImageObject\",\"inLanguage\":\"nb-NO\",\"@id\":\"https:\/\/beta.bibliotekutvikling.no\/abmdig\/kontakt-oss\/#primaryimage\",\"url\":\"https:\/\/beta.bibliotekutvikling.no\/content\/uploads\/sites\/14\/2020\/08\/NBR_drone_janingelarsen-scaled.jpg\",\"contentUrl\":\"https:\/\/beta.bibliotekutvikling.no\/content\/uploads\/sites\/14\/2020\/08\/NBR_drone_janingelarsen-scaled.jpg\",\"width\":2560,\"height\":1903,\"caption\":\"Nasjonalbiblioteket Rana\"},{\"@type\":\"BreadcrumbList\",\"@id\":\"https:\/\/beta.bibliotekutvikling.no\/abmdig\/kontakt-oss\/#breadcrumb\",\"itemListElement\":[{\"@type\":\"ListItem\",\"position\":1,\"name\":\"Hjem\",\"item\":\"https:\/\/beta.bibliotekutvikling.no\/abmdig\/\"},{\"@type\":\"ListItem\",\"position\":2,\"name\":\"Kontakt oss\"}]},{\"@type\":\"WebSite\",\"@id\":\"https:\/\/beta.bibliotekutvikling.no\/abmdig\/#website\",\"url\":\"https:\/\/beta.bibliotekutvikling.no\/abmdig\/\",\"name\":\"Nasjonalbiblioteket | Kulturarvdigitalisering\",\"description\":\"\",\"potentialAction\":[{\"@type\":\"SearchAction\",\"target\":{\"@type\":\"EntryPoint\",\"urlTemplate\":\"https:\/\/beta.bibliotekutvikling.no\/abmdig\/?s={search_term_string}\"},\"query-input\":{\"@type\":\"PropertyValueSpecification\",\"valueRequired\":true,\"valueName\":\"search_term_string\"}}],\"inLanguage\":\"nb-NO\"}]}<\/script>\n<!-- \/ Yoast SEO Premium plugin. -->","yoast_head_json":{"title":"Kontakt oss - Kulturarvdigitalisering","description":"Senter for kulturarvdigitalisering har ansvaret for dialog ang\u00e5ende Nasjonalbibliotekets oppdrag med kulturarvdigitalisering for ABM-sektoren.","robots":{"index":"index","follow":"follow","max-snippet":"max-snippet:-1","max-image-preview":"max-image-preview:large","max-video-preview":"max-video-preview:-1"},"canonical":"https:\/\/beta.bibliotekutvikling.no\/abmdig\/kontakt-oss\/","og_locale":"nb_NO","og_type":"article","og_title":"Kontakt oss","og_description":"Senter for kulturarvdigitalisering har ansvaret for dialog ang\u00e5ende Nasjonalbibliotekets oppdrag med kulturarvdigitalisering for ABM-sektoren.","og_url":"https:\/\/beta.bibliotekutvikling.no\/abmdig\/kontakt-oss\/","og_site_name":"Kulturarvdigitalisering","article_modified_time":"2025-01-06T09:43:34+00:00","og_image":[{"width":2560,"height":1903,"url":"https:\/\/beta.bibliotekutvikling.no\/content\/uploads\/sites\/14\/2020\/08\/NBR_drone_janingelarsen-scaled.jpg","type":"image\/jpeg"}],"twitter_card":"summary_large_image","twitter_misc":{"Ansl. lesetid":"1 minutt"},"schema":{"@context":"https:\/\/schema.org","@graph":[{"@type":"WebPage","@id":"https:\/\/beta.bibliotekutvikling.no\/abmdig\/kontakt-oss\/","url":"https:\/\/beta.bibliotekutvikling.no\/abmdig\/kontakt-oss\/","name":"Kontakt oss - Kulturarvdigitalisering","isPartOf":{"@id":"https:\/\/beta.bibliotekutvikling.no\/abmdig\/#website"},"primaryImageOfPage":{"@id":"https:\/\/beta.bibliotekutvikling.no\/abmdig\/kontakt-oss\/#primaryimage"},"image":{"@id":"https:\/\/beta.bibliotekutvikling.no\/abmdig\/kontakt-oss\/#primaryimage"},"thumbnailUrl":"https:\/\/beta.bibliotekutvikling.no\/content\/uploads\/sites\/14\/2020\/08\/NBR_drone_janingelarsen-scaled.jpg","datePublished":"2020-02-17T21:34:57+00:00","dateModified":"2025-01-06T09:43:34+00:00","description":"Senter for kulturarvdigitalisering har ansvaret for dialog ang\u00e5ende Nasjonalbibliotekets oppdrag med kulturarvdigitalisering for ABM-sektoren.","breadcrumb":{"@id":"https:\/\/beta.bibliotekutvikling.no\/abmdig\/kontakt-oss\/#breadcrumb"},"inLanguage":"nb-NO","potentialAction":[{"@type":"ReadAction","target":["https:\/\/beta.bibliotekutvikling.no\/abmdig\/kontakt-oss\/"]}]},{"@type":"ImageObject","inLanguage":"nb-NO","@id":"https:\/\/beta.bibliotekutvikling.no\/abmdig\/kontakt-oss\/#primaryimage","url":"https:\/\/beta.bibliotekutvikling.no\/content\/uploads\/sites\/14\/2020\/08\/NBR_drone_janingelarsen-scaled.jpg","contentUrl":"https:\/\/beta.bibliotekutvikling.no\/content\/uploads\/sites\/14\/2020\/08\/NBR_drone_janingelarsen-scaled.jpg","width":2560,"height":1903,"caption":"Nasjonalbiblioteket Rana"},{"@type":"BreadcrumbList","@id":"https:\/\/beta.bibliotekutvikling.no\/abmdig\/kontakt-oss\/#breadcrumb","itemListElement":[{"@type":"ListItem","position":1,"name":"Hjem","item":"https:\/\/beta.bibliotekutvikling.no\/abmdig\/"},{"@type":"ListItem","position":2,"name":"Kontakt oss"}]},{"@type":"WebSite","@id":"https:\/\/beta.bibliotekutvikling.no\/abmdig\/#website","url":"https:\/\/beta.bibliotekutvikling.no\/abmdig\/","name":"Nasjonalbiblioteket | Kulturarvdigitalisering","description":"","potentialAction":[{"@type":"SearchAction","target":{"@type":"EntryPoint","urlTemplate":"https:\/\/beta.bibliotekutvikling.no\/abmdig\/?s={search_term_string}"},"query-input":{"@type":"PropertyValueSpecification","valueRequired":true,"valueName":"search_term_string"}}],"inLanguage":"nb-NO"}]}},"_links":{"self":[{"href":"https:\/\/beta.bibliotekutvikling.no\/abmdig\/wp-json\/wp\/v2\/pages\/243","targetHints":{"allow":["GET"]}}],"collection":[{"href":"https:\/\/beta.bibliotekutvikling.no\/abmdig\/wp-json\/wp\/v2\/pages"}],"about":[{"href":"https:\/\/beta.bibliotekutvikling.no\/abmdig\/wp-json\/wp\/v2\/types\/page"}],"author":[{"embeddable":true,"href":"https:\/\/beta.bibliotekutvikling.no\/abmdig\/wp-json\/wp\/v2\/users\/54"}],"replies":[{"embeddable":true,"href":"https:\/\/beta.bibliotekutvikling.no\/abmdig\/wp-json\/wp\/v2\/comments?post=243"}],"version-history":[{"count":4,"href":"https:\/\/beta.bibliotekutvikling.no\/abmdig\/wp-json\/wp\/v2\/pages\/243\/revisions"}],"predecessor-version":[{"id":3515,"href":"https:\/\/beta.bibliotekutvikling.no\/abmdig\/wp-json\/wp\/v2\/pages\/243\/revisions\/3515"}],"wp:featuredmedia":[{"embeddable":true,"href":"https:\/\/beta.bibliotekutvikling.no\/abmdig\/wp-json\/wp\/v2\/media\/876"}],"wp:attachment":[{"href":"https:\/\/beta.bibliotekutvikling.no\/abmdig\/wp-json\/wp\/v2\/media?parent=243"}],"curies":[{"name":"wp","href":"https:\/\/api.w.org\/{rel}","templated":true}]}}