{"id":3337,"date":"2025-01-03T14:34:06","date_gmt":"2025-01-03T13:34:06","guid":{"rendered":"https:\/\/abmdig.no\/?page_id=3337"},"modified":"2025-01-07T08:57:52","modified_gmt":"2025-01-07T07:57:52","slug":"lyd-video-og-film","status":"publish","type":"page","link":"https:\/\/beta.bibliotekutvikling.no\/abmdig\/hvordan-komme-i-gang-med-digitalisering\/lyd-video-og-film\/","title":{"rendered":"Lyd, video og film"},"content":{"rendered":"\n<h2 class=\"wp-block-heading has-secondary-background-color has-background\" id=\"h-hvordan-fa-digitalisert-audiovisuelt-materiale\">Hvordan f\u00e5 digitalisert audiovisuelt materiale<\/h2>\n\n\n\n<p>For audiovisuelt materiale \u00f8nsker vi i f\u00f8rste omgang \u00e5 motta f\u00f8lgende informasjon om materialet dere \u00f8nsker digitalisert:<\/p>\n\n\n\n<ul class=\"wp-block-list\">\n<li>Hva slags&nbsp;<strong>type materiale<\/strong>&nbsp;(lyd\/video\/film) er det?<\/li>\n\n\n\n<li>Hvilke&nbsp;<strong>formater<\/strong>&nbsp;best\u00e5r samlingen av?<\/li>\n\n\n\n<li><strong>Hvor mye materiale<\/strong>&nbsp;\u00f8nsker dere \u00e5 f\u00e5 digitalisert? (ca antall objekter)<\/li>\n\n\n\n<li>Hvordan er&nbsp;<strong>bevaringstilstanden<\/strong>? (mugg\/skade\/st\u00f8v\/insekter\/eddiksyndrom p\u00e5 film osv.)<\/li>\n\n\n\n<li>Hvordan har materialet v\u00e6rt&nbsp;<strong>lagret<\/strong>? (loft\/kjeller\/garasje\/kontor\/magasin osv)<\/li>\n\n\n\n<li>Kort&nbsp;<strong>samlingshistorikk<\/strong>&nbsp;og litt om&nbsp;<strong>innholdet<\/strong>&nbsp;i samlingen (for \u00e5 identifisere publisert materiale som ikke vil bli prioritert).<\/li>\n\n\n\n<li>Hva \u00f8nsker dere skal skje med materialet n\u00e5r det er digitalisert \u2013 retur eller bevaring i Nasjonalbiblioteket? <strong>Avtale<\/strong> m\u00e5 inng\u00e5s f\u00f8r sending, se p\u00e5&nbsp;<strong><a href=\"https:\/\/abmdig.no\/praktisk-gjennomforing\/avtaler\/\" target=\"_blank\" rel=\"noreferrer noopener\">v\u00e5re standardavtaler<\/a><\/strong>&nbsp;og avgj\u00f8r hvilken som passer for dere.<\/li>\n<\/ul>\n\n\n\n<h2 class=\"wp-block-heading\" id=\"h-forarbeid\">Forarbeid<\/h2>\n\n\n\n<p>F\u00f8r vi kan motta AV-materialet m\u00e5 hvert objekt merkes med en unik ID i form av en strekkode-etikett. N\u00e5r vi har innledet dialog vil vi sende dere \u00f8nsket antall ID&#8217;er, og dere kan starte forarbeidet. I tillegg til merkingen m\u00e5 dere utarbeide en liste over alle objektene, gjerne i Excel, der v\u00e5r ID sidestilles med ID\/tittel\/format\/annen&nbsp;metadata dere \u00f8nsker \u00e5&nbsp;registrere&nbsp;om objektet.   <\/p>\n\n\n\n<p>Den unike ID&#8217;en vil f\u00f8lge objektet gjennom digitaliseringsl\u00f8ypa og vil gjennom lista v\u00e6re bindeleddet mellom digital fil og deres metadata. &nbsp;<\/p>\n\n\n\n<div class=\"wp-block-media-text is-stacked-on-mobile is-image-fill has-primary-50-background-color has-background\"><figure class=\"wp-block-media-text__media\" style=\"background-image:url(https:\/\/abmdig.no\/content\/uploads\/sites\/14\/2021\/07\/Etikett-II_red-227x300.jpg);background-position:64% 47%\"><img loading=\"lazy\" decoding=\"async\" width=\"227\" height=\"300\" src=\"https:\/\/abmdig.no\/content\/uploads\/sites\/14\/2021\/07\/Etikett-II_red-227x300.jpg\" alt=\"Lydb\u00e5nd med strekkode-etikett\" class=\"wp-image-1605 size-full\" srcset=\"https:\/\/beta.bibliotekutvikling.no\/content\/uploads\/sites\/14\/2021\/07\/Etikett-II_red-227x300.jpg 227w, https:\/\/beta.bibliotekutvikling.no\/content\/uploads\/sites\/14\/2021\/07\/Etikett-II_red-776x1024.jpg 776w, https:\/\/beta.bibliotekutvikling.no\/content\/uploads\/sites\/14\/2021\/07\/Etikett-II_red-768x1013.jpg 768w, https:\/\/beta.bibliotekutvikling.no\/content\/uploads\/sites\/14\/2021\/07\/Etikett-II_red-1164x1536.jpg 1164w, https:\/\/beta.bibliotekutvikling.no\/content\/uploads\/sites\/14\/2021\/07\/Etikett-II_red-1552x2048.jpg 1552w, https:\/\/beta.bibliotekutvikling.no\/content\/uploads\/sites\/14\/2021\/07\/Etikett-II_red-scaled.jpg 1940w\" sizes=\"auto, (max-width: 227px) 100vw, 227px\" \/><\/figure><div class=\"wp-block-media-text__content\">\n<p><strong>Strekkode-etikett m\u00e5 plasseres godt synlig utenp\u00e5 emballasje\/eske til hvert objekt.<\/strong><\/p>\n<\/div><\/div>\n\n\n\n<p>N\u00e5r alle objekter er merket og&nbsp;objektliste&nbsp;er utarbeidet, sendes lista til&nbsp;<a href=\"mailto:kulturarv@nb.no\" target=\"_blank\" rel=\"noreferrer noopener\">kulturarv@nb.no<\/a>.&nbsp;Dersom alt ser greit ut vil forsendelsen registreres i v\u00e5rt system. Det genereres da et s\u00e5kalt &laquo;f\u00f8lgebrev&raquo; som dere f\u00e5r tilsendt p\u00e5 e-post. Det m\u00e5 skrives ut og legges i alle kasser med materiale. Etter dialog blir vi enige om det er hensiktsmessig med flere ulike f\u00f8lgebrev dersom ulikt materiale sendes samtidig. <\/p>\n\n\n\n<p>Nasjonalbiblioteket mottar mye post og materiale i ulike formater hver dag. F\u00f8lgebrevet er viktig for at vi lett skal identifisere og sende materialet raskt videre dit det skal. <\/p>\n\n\n\n<figure class=\"wp-block-image size-large\"><img loading=\"lazy\" decoding=\"async\" width=\"1024\" height=\"683\" src=\"https:\/\/bibliotekutvikling.no\/content\/uploads\/sites\/14\/2021\/02\/DSC3292-1024x683.jpg\" alt=\"Strekkodeetiketter p\u00e5 en transportkasse\" class=\"wp-image-1443\" srcset=\"https:\/\/beta.bibliotekutvikling.no\/content\/uploads\/sites\/14\/2021\/02\/DSC3292-1024x683.jpg 1024w, https:\/\/beta.bibliotekutvikling.no\/content\/uploads\/sites\/14\/2021\/02\/DSC3292-300x200.jpg 300w, https:\/\/beta.bibliotekutvikling.no\/content\/uploads\/sites\/14\/2021\/02\/DSC3292-768x513.jpg 768w, https:\/\/beta.bibliotekutvikling.no\/content\/uploads\/sites\/14\/2021\/02\/DSC3292-1536x1025.jpg 1536w, https:\/\/beta.bibliotekutvikling.no\/content\/uploads\/sites\/14\/2021\/02\/DSC3292-2048x1367.jpg 2048w\" sizes=\"auto, (max-width: 1024px) 100vw, 1024px\" \/><figcaption class=\"wp-element-caption\">F\u00f8lgebrev og strekkode-etiketter til AV-materiale<\/figcaption><\/figure>\n\n\n\n<h2 class=\"wp-block-heading\" id=\"h-pakkeinstruks\">Pakkeinstruks<\/h2>\n\n\n\n<p>Samlingsforvalter er ansvarlig for pakking, merking og forsendelse av materialet til Nasjonalbiblioteket. Vi \u00f8nsker at like formater pakkes sammen, s\u00e5 langt det g\u00e5r. Vi kan bist\u00e5 med r\u00e5dgivning i pakkeprosessen, men vi anbefaler generelt plastkasser fremfor papp, da det er tryggere under transport. Det b\u00f8r likevel v\u00e6re relativt solid plast, helst med forsterkede hj\u00f8rner og lokk som festes godt. Ideell st\u00f8rrelse p\u00e5 kasse har innvendige m\u00e5l: 54cm*36cm*29cm. Dette for at kassen ikke skal bli for tung og dermed vanskelig \u00e5 h\u00e5ndtere.&nbsp;<\/p>\n\n\n\n<p>Kassen b\u00f8r polstres innvendig med et lag skumplast (ikke bobleplast) f\u00f8r objektene legges i. Materialet pakkes p\u00e5 en slik m\u00e5te at de ikke forflyttes under transport. Eventuelle tomrom i kassen fylles med skumplast eller annet uorganisk fyllmateriale.&nbsp;&nbsp;<\/p>\n\n\n\n<h2 class=\"wp-block-heading\" id=\"h-forsendelse-nbsp\">Forsendelse&nbsp;<\/h2>\n\n\n\n<p>N\u00e5r materialet er klart til transport \u00f8nsker vi beskjed p\u00e5 e-post til <a href=\"mailto:kulturarv@nb.no\" target=\"_blank\" rel=\"noreferrer noopener\">kulturarv@nb.no<\/a> om at materiale er p\u00e5 vei fra dere. Materialet sendes til: <em>Nasjonalbiblioteket, Finsetveien 2, 8624 Mo i Rana<\/em>. Alle kasser\/paller merkes godt p\u00e5 utsiden med \u201c<strong>Kulturarv<\/strong>\u201d, i tillegg til f\u00f8lgebrevet som skal legges ved i hver kasse.\u00a0<\/p>\n\n\n\n<h2 class=\"wp-block-heading\" id=\"h-materiale-i-darlig-stand-nbsp\">Materiale i d\u00e5rlig stand&nbsp;<\/h2>\n\n\n\n<p>Vi presiserer viktigheten av opplysninger om materialets bevaringstilstand.&nbsp;&nbsp;<\/p>\n\n\n\n<p>Dersom det ved mottak oppdages at materiale er i en slik tilstand at det kan v\u00e6re til skade for andre samlinger, og sending av slikt materiale ikke er avklart i forkant, vil Nasjonalbiblioteket returnere materiale uten videre behandling. En eventuell kassasjon skjer kun etter avtale.&nbsp;<\/p>\n\n\n\n<p>I tilfeller hvor det ikke er innhold p\u00e5 b\u00e6rer (lyd\/bilde\/tom emballasje) har Nasjonalbiblioteket anledning til \u00e5 returnere materiale uten videre behandling, eller eventuelt kassere gjeldende b\u00e6rere etter avtale.&nbsp;&nbsp;&nbsp;<\/p>\n\n\n<ul class=\"t2-link-list has-3-items has-1-columns wp-block-t2-link-list\">\n\t<li class=\"t2-link-list-item wp-block-t2-link-list-item\">\n\t\t<a\n\t\t\thref=\"https:\/\/abmdig.no\/kontakt-oss\/\"\n\t\t\tclass=\"t2-link-list-item__link t2-link-list__icon--right\"\n\t\t\t\t\t>\n\t\t\t<span class=\"t2-link-list-item__icon\"><span class=\"t2-link-list-item__icon-box\"><\/span><svg xmlns=\"http:\/\/www.w3.org\/2000\/svg\" viewBox=\"0 0 24 24\" height=\"24\" width=\"24\" class=\"t2-icon t2-icon-external\" aria-hidden=\"true\" focusable=\"false\"><path d=\"M19 19H5V5h7V3H3v18h18v-9h-2v7zM14 3v2h3.6l-9.8 9.8 1.4 1.4L19 6.4V10h2V3h-7z\"\/><\/svg><\/span>\t\t\t<div class=\"t2-link-list-item__content\">\n\n\t\t\t\t\n\t\t\t\t<span id=\"link-list-item-text\" class=\"t2-link-list-item__text\">\n\t\t\t\t\tKontakt Senter for kulturarvdigitalisering\t\t\t\t<\/span>\n\t\t\t\t\t\t\t<\/div>\n\t\t<\/a>\n\t<\/li>\n\t\n\n\t<li class=\"t2-link-list-item wp-block-t2-link-list-item\">\n\t\t<a\n\t\t\thref=\"https:\/\/abmdig.no\/senter-for-kulturarvdigitalisering\/praktisk-gjennomforing\/avtaler\/\"\n\t\t\tclass=\"t2-link-list-item__link t2-link-list__icon--right\"\n\t\t\t\t\t>\n\t\t\t<span class=\"t2-link-list-item__icon\"><span class=\"t2-link-list-item__icon-box\"><\/span><svg xmlns=\"http:\/\/www.w3.org\/2000\/svg\" viewBox=\"0 0 24 24\" height=\"24\" width=\"24\" class=\"t2-icon t2-icon-external\" aria-hidden=\"true\" focusable=\"false\"><path d=\"M19 19H5V5h7V3H3v18h18v-9h-2v7zM14 3v2h3.6l-9.8 9.8 1.4 1.4L19 6.4V10h2V3h-7z\"\/><\/svg><\/span>\t\t\t<div class=\"t2-link-list-item__content\">\n\n\t\t\t\t\n\t\t\t\t<span id=\"link-list-item-text-1\" class=\"t2-link-list-item__text\">\n\t\t\t\t\tV\u00e5re standardavtaler\t\t\t\t<\/span>\n\t\t\t\t\t\t\t<\/div>\n\t\t<\/a>\n\t<\/li>\n\t\n\n\t<li class=\"t2-link-list-item wp-block-t2-link-list-item\">\n\t\t<a\n\t\t\thref=\"https:\/\/abmdig.no\/senter-for-kulturarvdigitalisering\/praktisk-gjennomforing\/materiale-som-omfattes\/\"\n\t\t\tclass=\"t2-link-list-item__link t2-link-list__icon--right\"\n\t\t\t\t\t>\n\t\t\t<span class=\"t2-link-list-item__icon\"><span class=\"t2-link-list-item__icon-box\"><\/span><svg xmlns=\"http:\/\/www.w3.org\/2000\/svg\" viewBox=\"0 0 24 24\" height=\"24\" width=\"24\" class=\"t2-icon t2-icon-external\" aria-hidden=\"true\" focusable=\"false\"><path d=\"M19 19H5V5h7V3H3v18h18v-9h-2v7zM14 3v2h3.6l-9.8 9.8 1.4 1.4L19 6.4V10h2V3h-7z\"\/><\/svg><\/span>\t\t\t<div class=\"t2-link-list-item__content\">\n\n\t\t\t\t\n\t\t\t\t<span id=\"link-list-item-text-2\" class=\"t2-link-list-item__text\">\n\t\t\t\t\tHvilke materialtyper inng\u00e5r i kulturarvdigitaliseringen ved NB\t\t\t\t<\/span>\n\t\t\t\t\t\t\t<\/div>\n\t\t<\/a>\n\t<\/li>\n\t\n<\/ul>","protected":false},"excerpt":{"rendered":"","protected":false},"author":5213,"featured_media":436,"parent":3422,"menu_order":0,"comment_status":"closed","ping_status":"closed","template":"","meta":{"nb_hide_title":false,"sub_navigation_option":"","sub_navigation_custom_items":[],"footnotes":""},"class_list":["post-3337","page","type-page","status-publish","has-post-thumbnail","hentry"],"yoast_head":"<!-- This site is optimized with the Yoast SEO Premium plugin v27.1 (Yoast SEO v27.1.1) - https:\/\/yoast.com\/product\/yoast-seo-premium-wordpress\/ -->\n<title>Lyd, video og film - Kulturarvdigitalisering<\/title>\n<meta name=\"robots\" content=\"index, follow, max-snippet:-1, max-image-preview:large, max-video-preview:-1\" \/>\n<link rel=\"canonical\" href=\"https:\/\/beta.bibliotekutvikling.no\/abmdig\/hvordan-komme-i-gang-med-digitalisering\/lyd-video-og-film\/\" \/>\n<meta property=\"og:locale\" content=\"nb_NO\" \/>\n<meta property=\"og:type\" content=\"article\" \/>\n<meta property=\"og:title\" content=\"Lyd, video og film\" \/>\n<meta property=\"og:url\" content=\"https:\/\/beta.bibliotekutvikling.no\/abmdig\/hvordan-komme-i-gang-med-digitalisering\/lyd-video-og-film\/\" \/>\n<meta property=\"og:site_name\" content=\"Kulturarvdigitalisering\" \/>\n<meta property=\"article:modified_time\" content=\"2025-01-07T07:57:52+00:00\" \/>\n<meta property=\"og:image\" content=\"https:\/\/beta.bibliotekutvikling.no\/content\/uploads\/sites\/14\/2020\/03\/20150216-musikk-nb-012-1-scaled.jpg\" \/>\n\t<meta property=\"og:image:width\" content=\"2560\" \/>\n\t<meta property=\"og:image:height\" content=\"1577\" \/>\n\t<meta property=\"og:image:type\" content=\"image\/jpeg\" \/>\n<meta name=\"twitter:card\" content=\"summary_large_image\" \/>\n<meta name=\"twitter:label1\" content=\"Ansl. lesetid\" \/>\n\t<meta name=\"twitter:data1\" content=\"4 minutter\" \/>\n<script type=\"application\/ld+json\" class=\"yoast-schema-graph\">{\"@context\":\"https:\/\/schema.org\",\"@graph\":[{\"@type\":\"WebPage\",\"@id\":\"https:\/\/beta.bibliotekutvikling.no\/abmdig\/hvordan-komme-i-gang-med-digitalisering\/lyd-video-og-film\/\",\"url\":\"https:\/\/beta.bibliotekutvikling.no\/abmdig\/hvordan-komme-i-gang-med-digitalisering\/lyd-video-og-film\/\",\"name\":\"Lyd, video og film - Kulturarvdigitalisering\",\"isPartOf\":{\"@id\":\"https:\/\/beta.bibliotekutvikling.no\/abmdig\/#website\"},\"primaryImageOfPage\":{\"@id\":\"https:\/\/beta.bibliotekutvikling.no\/abmdig\/hvordan-komme-i-gang-med-digitalisering\/lyd-video-og-film\/#primaryimage\"},\"image\":{\"@id\":\"https:\/\/beta.bibliotekutvikling.no\/abmdig\/hvordan-komme-i-gang-med-digitalisering\/lyd-video-og-film\/#primaryimage\"},\"thumbnailUrl\":\"https:\/\/beta.bibliotekutvikling.no\/content\/uploads\/sites\/14\/2020\/03\/20150216-musikk-nb-012-1-scaled.jpg\",\"datePublished\":\"2025-01-03T13:34:06+00:00\",\"dateModified\":\"2025-01-07T07:57:52+00:00\",\"breadcrumb\":{\"@id\":\"https:\/\/beta.bibliotekutvikling.no\/abmdig\/hvordan-komme-i-gang-med-digitalisering\/lyd-video-og-film\/#breadcrumb\"},\"inLanguage\":\"nb-NO\",\"potentialAction\":[{\"@type\":\"ReadAction\",\"target\":[\"https:\/\/beta.bibliotekutvikling.no\/abmdig\/hvordan-komme-i-gang-med-digitalisering\/lyd-video-og-film\/\"]}]},{\"@type\":\"ImageObject\",\"inLanguage\":\"nb-NO\",\"@id\":\"https:\/\/beta.bibliotekutvikling.no\/abmdig\/hvordan-komme-i-gang-med-digitalisering\/lyd-video-og-film\/#primaryimage\",\"url\":\"https:\/\/beta.bibliotekutvikling.no\/content\/uploads\/sites\/14\/2020\/03\/20150216-musikk-nb-012-1-scaled.jpg\",\"contentUrl\":\"https:\/\/beta.bibliotekutvikling.no\/content\/uploads\/sites\/14\/2020\/03\/20150216-musikk-nb-012-1-scaled.jpg\",\"width\":2560,\"height\":1577,\"caption\":\"Lydb\u00e5nd\"},{\"@type\":\"BreadcrumbList\",\"@id\":\"https:\/\/beta.bibliotekutvikling.no\/abmdig\/hvordan-komme-i-gang-med-digitalisering\/lyd-video-og-film\/#breadcrumb\",\"itemListElement\":[{\"@type\":\"ListItem\",\"position\":1,\"name\":\"Hjem\",\"item\":\"https:\/\/beta.bibliotekutvikling.no\/abmdig\/\"},{\"@type\":\"ListItem\",\"position\":2,\"name\":\"Hvordan komme i gang med digitalisering\",\"item\":\"https:\/\/beta.bibliotekutvikling.no\/abmdig\/hvordan-komme-i-gang-med-digitalisering\/\"},{\"@type\":\"ListItem\",\"position\":3,\"name\":\"Lyd, video og film\"}]},{\"@type\":\"WebSite\",\"@id\":\"https:\/\/beta.bibliotekutvikling.no\/abmdig\/#website\",\"url\":\"https:\/\/beta.bibliotekutvikling.no\/abmdig\/\",\"name\":\"Nasjonalbiblioteket | Kulturarvdigitalisering\",\"description\":\"\",\"potentialAction\":[{\"@type\":\"SearchAction\",\"target\":{\"@type\":\"EntryPoint\",\"urlTemplate\":\"https:\/\/beta.bibliotekutvikling.no\/abmdig\/?s={search_term_string}\"},\"query-input\":{\"@type\":\"PropertyValueSpecification\",\"valueRequired\":true,\"valueName\":\"search_term_string\"}}],\"inLanguage\":\"nb-NO\"}]}<\/script>\n<!-- \/ Yoast SEO Premium plugin. -->","yoast_head_json":{"title":"Lyd, video og film - Kulturarvdigitalisering","robots":{"index":"index","follow":"follow","max-snippet":"max-snippet:-1","max-image-preview":"max-image-preview:large","max-video-preview":"max-video-preview:-1"},"canonical":"https:\/\/beta.bibliotekutvikling.no\/abmdig\/hvordan-komme-i-gang-med-digitalisering\/lyd-video-og-film\/","og_locale":"nb_NO","og_type":"article","og_title":"Lyd, video og film","og_url":"https:\/\/beta.bibliotekutvikling.no\/abmdig\/hvordan-komme-i-gang-med-digitalisering\/lyd-video-og-film\/","og_site_name":"Kulturarvdigitalisering","article_modified_time":"2025-01-07T07:57:52+00:00","og_image":[{"width":2560,"height":1577,"url":"https:\/\/beta.bibliotekutvikling.no\/content\/uploads\/sites\/14\/2020\/03\/20150216-musikk-nb-012-1-scaled.jpg","type":"image\/jpeg"}],"twitter_card":"summary_large_image","twitter_misc":{"Ansl. lesetid":"4 minutter"},"schema":{"@context":"https:\/\/schema.org","@graph":[{"@type":"WebPage","@id":"https:\/\/beta.bibliotekutvikling.no\/abmdig\/hvordan-komme-i-gang-med-digitalisering\/lyd-video-og-film\/","url":"https:\/\/beta.bibliotekutvikling.no\/abmdig\/hvordan-komme-i-gang-med-digitalisering\/lyd-video-og-film\/","name":"Lyd, video og film - Kulturarvdigitalisering","isPartOf":{"@id":"https:\/\/beta.bibliotekutvikling.no\/abmdig\/#website"},"primaryImageOfPage":{"@id":"https:\/\/beta.bibliotekutvikling.no\/abmdig\/hvordan-komme-i-gang-med-digitalisering\/lyd-video-og-film\/#primaryimage"},"image":{"@id":"https:\/\/beta.bibliotekutvikling.no\/abmdig\/hvordan-komme-i-gang-med-digitalisering\/lyd-video-og-film\/#primaryimage"},"thumbnailUrl":"https:\/\/beta.bibliotekutvikling.no\/content\/uploads\/sites\/14\/2020\/03\/20150216-musikk-nb-012-1-scaled.jpg","datePublished":"2025-01-03T13:34:06+00:00","dateModified":"2025-01-07T07:57:52+00:00","breadcrumb":{"@id":"https:\/\/beta.bibliotekutvikling.no\/abmdig\/hvordan-komme-i-gang-med-digitalisering\/lyd-video-og-film\/#breadcrumb"},"inLanguage":"nb-NO","potentialAction":[{"@type":"ReadAction","target":["https:\/\/beta.bibliotekutvikling.no\/abmdig\/hvordan-komme-i-gang-med-digitalisering\/lyd-video-og-film\/"]}]},{"@type":"ImageObject","inLanguage":"nb-NO","@id":"https:\/\/beta.bibliotekutvikling.no\/abmdig\/hvordan-komme-i-gang-med-digitalisering\/lyd-video-og-film\/#primaryimage","url":"https:\/\/beta.bibliotekutvikling.no\/content\/uploads\/sites\/14\/2020\/03\/20150216-musikk-nb-012-1-scaled.jpg","contentUrl":"https:\/\/beta.bibliotekutvikling.no\/content\/uploads\/sites\/14\/2020\/03\/20150216-musikk-nb-012-1-scaled.jpg","width":2560,"height":1577,"caption":"Lydb\u00e5nd"},{"@type":"BreadcrumbList","@id":"https:\/\/beta.bibliotekutvikling.no\/abmdig\/hvordan-komme-i-gang-med-digitalisering\/lyd-video-og-film\/#breadcrumb","itemListElement":[{"@type":"ListItem","position":1,"name":"Hjem","item":"https:\/\/beta.bibliotekutvikling.no\/abmdig\/"},{"@type":"ListItem","position":2,"name":"Hvordan komme i gang med digitalisering","item":"https:\/\/beta.bibliotekutvikling.no\/abmdig\/hvordan-komme-i-gang-med-digitalisering\/"},{"@type":"ListItem","position":3,"name":"Lyd, video og film"}]},{"@type":"WebSite","@id":"https:\/\/beta.bibliotekutvikling.no\/abmdig\/#website","url":"https:\/\/beta.bibliotekutvikling.no\/abmdig\/","name":"Nasjonalbiblioteket | Kulturarvdigitalisering","description":"","potentialAction":[{"@type":"SearchAction","target":{"@type":"EntryPoint","urlTemplate":"https:\/\/beta.bibliotekutvikling.no\/abmdig\/?s={search_term_string}"},"query-input":{"@type":"PropertyValueSpecification","valueRequired":true,"valueName":"search_term_string"}}],"inLanguage":"nb-NO"}]}},"_links":{"self":[{"href":"https:\/\/beta.bibliotekutvikling.no\/abmdig\/wp-json\/wp\/v2\/pages\/3337","targetHints":{"allow":["GET"]}}],"collection":[{"href":"https:\/\/beta.bibliotekutvikling.no\/abmdig\/wp-json\/wp\/v2\/pages"}],"about":[{"href":"https:\/\/beta.bibliotekutvikling.no\/abmdig\/wp-json\/wp\/v2\/types\/page"}],"author":[{"embeddable":true,"href":"https:\/\/beta.bibliotekutvikling.no\/abmdig\/wp-json\/wp\/v2\/users\/5213"}],"replies":[{"embeddable":true,"href":"https:\/\/beta.bibliotekutvikling.no\/abmdig\/wp-json\/wp\/v2\/comments?post=3337"}],"version-history":[{"count":4,"href":"https:\/\/beta.bibliotekutvikling.no\/abmdig\/wp-json\/wp\/v2\/pages\/3337\/revisions"}],"predecessor-version":[{"id":3555,"href":"https:\/\/beta.bibliotekutvikling.no\/abmdig\/wp-json\/wp\/v2\/pages\/3337\/revisions\/3555"}],"up":[{"embeddable":true,"href":"https:\/\/beta.bibliotekutvikling.no\/abmdig\/wp-json\/wp\/v2\/pages\/3422"}],"wp:featuredmedia":[{"embeddable":true,"href":"https:\/\/beta.bibliotekutvikling.no\/abmdig\/wp-json\/wp\/v2\/media\/436"}],"wp:attachment":[{"href":"https:\/\/beta.bibliotekutvikling.no\/abmdig\/wp-json\/wp\/v2\/media?parent=3337"}],"curies":[{"name":"wp","href":"https:\/\/api.w.org\/{rel}","templated":true}]}}