{"id":518,"date":"2020-04-14T12:57:14","date_gmt":"2020-04-14T10:57:14","guid":{"rendered":"https:\/\/abmdig.no\/?page_id=518"},"modified":"2023-11-23T13:09:29","modified_gmt":"2023-11-23T12:09:29","slug":"komme-i-gang-med-digitalisering","status":"publish","type":"page","link":"https:\/\/beta.bibliotekutvikling.no\/abmdig\/senter-for-kulturarvdigitalisering\/praktisk-gjennomforing\/komme-i-gang-med-digitalisering\/","title":{"rendered":"Hvordan komme i gang med digitalisering av kulturarvmateriale?"},"content":{"rendered":"\n<figure class=\"wp-block-image size-large\"><img loading=\"lazy\" decoding=\"async\" width=\"1024\" height=\"329\" src=\"https:\/\/abmdig.no\/content\/uploads\/sites\/14\/2020\/03\/20151007-lydrom-029-1024x329.jpg\" alt=\"Audiovisuelt materiale\" class=\"wp-image-440\" srcset=\"https:\/\/beta.bibliotekutvikling.no\/content\/uploads\/sites\/14\/2020\/03\/20151007-lydrom-029-1024x329.jpg 1024w, https:\/\/beta.bibliotekutvikling.no\/content\/uploads\/sites\/14\/2020\/03\/20151007-lydrom-029-300x96.jpg 300w, https:\/\/beta.bibliotekutvikling.no\/content\/uploads\/sites\/14\/2020\/03\/20151007-lydrom-029-768x247.jpg 768w, https:\/\/beta.bibliotekutvikling.no\/content\/uploads\/sites\/14\/2020\/03\/20151007-lydrom-029-1536x493.jpg 1536w, https:\/\/beta.bibliotekutvikling.no\/content\/uploads\/sites\/14\/2020\/03\/20151007-lydrom-029.jpg 1600w\" sizes=\"auto, (max-width: 1024px) 100vw, 1024px\" \/><\/figure>\n\n\n\n<h3 class=\"wp-block-heading\">For \u00e5 starte prosessen m\u00e5 vi f\u00f8rst motta litt informasjon om materialet dere \u00f8nsker digitalisert. F\u00f8lgende opplysninger er nyttige \u00e5 f\u00e5 fra dere s\u00e5 tidlig som mulig:<\/h3>\n\n\n\n<ul class=\"wp-block-list\">\n<li>Hva slags <strong>type materiale<\/strong> (lyd\/video\/film\/foto) er det?<\/li>\n\n\n\n<li>Hvilke <strong>formater<\/strong> best\u00e5r samlingen av?<\/li>\n\n\n\n<li><strong>Hvor stor<\/strong> er samlingen? (ca antall objekter\/hyllemeter)<\/li>\n\n\n\n<li>Hva er <strong>bevaringstilstanden<\/strong>? (mugg\/skade\/st\u00f8v\/insekter\/eddiksyndrom p\u00e5 film osv.)<\/li>\n\n\n\n<li>Hvordan har materialet v\u00e6rt <strong>lagret<\/strong>? (loft\/kjeller\/garasje\/kontor\/magasin osv)<\/li>\n\n\n\n<li>Informasjon om <strong>samlingens ordning<\/strong>, systematisering og\/eller oppstilling. Si gjerne noe om arkivn\u00f8kkel hvis det finnes, s\u00e6rlig aktuelt for foto.<\/li>\n\n\n\n<li>Kort <strong>samlingshistorikk<\/strong> og litt om <strong>innholdet<\/strong> i samlingen (for \u00e5 identifisere publisert materiale som ikke vil bli prioritert).<\/li>\n\n\n\n<li>Hva \u00f8nsker dere skal skje med samlingen n\u00e5r den er digitalisert \u2013 retur til eier eller bevaring i Nasjonalbiblioteket? Les mer om <strong><a rel=\"noreferrer noopener\" href=\"https:\/\/abmdig.no\/praktisk-gjennomforing\/avtaler\/\" target=\"_blank\">v\u00e5re ulike avtaler<\/a><\/strong> og avgj\u00f8r hva som passer for dere.<\/li>\n<\/ul>\n\n\n\n<p>Vi presiserer s\u00e6rlig viktigheten av opplysninger om materialets bevaringstilstand.<br><br><strong>Informasjon om materialet sendes p\u00e5 epost til <a href=\"mailto:kulturarv@nb.no\">kulturarv@nb.no<\/a>, s\u00e5 starter vi prosessen.<\/strong><\/p>\n\n\n\n<h2 class=\"wp-block-heading\" id=\"Forarbeid\"><strong>Forarbeid<\/strong><\/h2>\n\n\n\n<p>Det vil kreves noe forarbeid for \u00e5 klargj\u00f8re samlinger for digitalisering, og de ulike medietypene krever ulikt forarbeid b\u00e5de fra v\u00e5r og eiers side. <br><br>Det f\u00f8rste som m\u00e5 gj\u00f8res er \u00e5 sende oss informasjon om materialet, som skissert ovenfor. Med utgangspunkt i dette vil vi kunne vurdere hvilket materiale vi kan ta imot, inng\u00e5 avtale og bli enige om hvilket forarbeid som m\u00e5 gj\u00f8res f\u00f8r materialet kan sendes til oss.  <\/p>\n\n\n<ul class=\"t2-link-list has-1-items has-auto-columns wp-block-t2-link-list\">\n\t<li class=\"t2-link-list-item wp-block-t2-link-list-item\">\n\t\t<a\n\t\t\thref=\"https:\/\/abmdig.no\/praktisk-gjennomforing\/avtaler\/\"\n\t\t\tclass=\"t2-link-list-item__link t2-link-list__icon--right\"\n\t\t\t\t\t>\n\t\t\t<span class=\"t2-link-list-item__icon\"><span class=\"t2-link-list-item__icon-box\"><\/span><svg xmlns=\"http:\/\/www.w3.org\/2000\/svg\" viewBox=\"0 0 24 24\" height=\"24\" width=\"24\" class=\"t2-icon t2-icon-external\" aria-hidden=\"true\" focusable=\"false\"><path d=\"M19 19H5V5h7V3H3v18h18v-9h-2v7zM14 3v2h3.6l-9.8 9.8 1.4 1.4L19 6.4V10h2V3h-7z\"\/><\/svg><\/span>\t\t\t<div class=\"t2-link-list-item__content\">\n\n\t\t\t\t\n\t\t\t\t<span id=\"link-list-item-text\" class=\"t2-link-list-item__text\">\n\t\t\t\t\tLes mer om v\u00e5re ulike avtaletyper\t\t\t\t<\/span>\n\t\t\t\t\t\t\t<\/div>\n\t\t<\/a>\n\t<\/li>\n\t\n<\/ul>\n\n\n<h3 class=\"wp-block-heading\" id=\"h-fotosamlinger\"><strong>Fotosamlinger<\/strong><\/h3>\n\n\n\n<p>Ved oppstart av digitaliseringsprosessen av en fotosamling \u00f8nsker vi \u00e5 f\u00e5 en grundig beskrivelse av samlingen\/arkivet. Ta gjerne utgangspunkt i lista \u00f8verst i denne artikkelen, og si litt om bakgrunnsinformasjon, oppbevaringshistorikk, tilstand, hvilke formater som inng\u00e5r og ca. anslag p\u00e5 antall\/omfang. <\/p>\n\n\n\n<div class=\"wp-block-group has-global-padding is-layout-constrained wp-block-group-is-layout-constrained\">\n<figure class=\"wp-block-image alignright size-medium is-resized\"><img loading=\"lazy\" decoding=\"async\" width=\"300\" height=\"200\" src=\"https:\/\/abmdig.no\/content\/uploads\/sites\/14\/2020\/08\/MiA_leveranse_015_web-300x200.jpg\" alt=\"Fotoarkiv\" class=\"wp-image-843\" style=\"width:258px;height:172px\" srcset=\"https:\/\/beta.bibliotekutvikling.no\/content\/uploads\/sites\/14\/2020\/08\/MiA_leveranse_015_web-300x200.jpg 300w, https:\/\/beta.bibliotekutvikling.no\/content\/uploads\/sites\/14\/2020\/08\/MiA_leveranse_015_web-1024x682.jpg 1024w, https:\/\/beta.bibliotekutvikling.no\/content\/uploads\/sites\/14\/2020\/08\/MiA_leveranse_015_web-768x512.jpg 768w, https:\/\/beta.bibliotekutvikling.no\/content\/uploads\/sites\/14\/2020\/08\/MiA_leveranse_015_web-1536x1024.jpg 1536w, https:\/\/beta.bibliotekutvikling.no\/content\/uploads\/sites\/14\/2020\/08\/MiA_leveranse_015_web.jpg 2000w\" sizes=\"auto, (max-width: 300px) 100vw, 300px\" \/><\/figure>\n<\/div>\n\n\n\n<p>Det er spesielt viktig for fotosamlinger at vi f\u00e5r en grundig beskrivelse av ordningsprinsipp\/arkivn\u00f8kkel\/nummerering og lignende. Dette er viktig informasjon i planleggingen av hvilken metodikk som m\u00e5 brukes i klargj\u00f8ringsarbeidet og for \u00e5 avgj\u00f8re hvilken digitaliseringsl\u00f8ype samlingen passer i. Beskrivelsen av samlingen b\u00f8r helst v\u00e6re supplert med bilder som illustrerer de ulike elementene. <br><br>N\u00e5r vi mottar en beskrivelse av en fotosamling gj\u00f8r vi f\u00f8rst en intern vurdering p\u00e5 hvordan denne samlingen kan prioriteres inn. Vi avgj\u00f8r s\u00e5 videre klargj\u00f8ring og forsendelse av samlingen i dialog med samlingsforvalter. <\/p>\n\n\n<ul class=\"t2-link-list has-1-items has-auto-columns wp-block-t2-link-list\">\n\t<li class=\"t2-link-list-item wp-block-t2-link-list-item\">\n\t\t<a\n\t\t\thref=\"https:\/\/abmdig.no\/praktisk-gjennomforing\/materiale-som-omfattes\/digitalisering-av-fotografisk-materiale\/\"\n\t\t\tclass=\"t2-link-list-item__link t2-link-list__icon--right\"\n\t\t\t\t\t>\n\t\t\t<span class=\"t2-link-list-item__icon\"><span class=\"t2-link-list-item__icon-box\"><\/span><svg xmlns=\"http:\/\/www.w3.org\/2000\/svg\" viewBox=\"0 0 24 24\" height=\"24\" width=\"24\" class=\"t2-icon t2-icon-external\" aria-hidden=\"true\" focusable=\"false\"><path d=\"M19 19H5V5h7V3H3v18h18v-9h-2v7zM14 3v2h3.6l-9.8 9.8 1.4 1.4L19 6.4V10h2V3h-7z\"\/><\/svg><\/span>\t\t\t<div class=\"t2-link-list-item__content\">\n\n\t\t\t\t\n\t\t\t\t<span id=\"link-list-item-text-1\" class=\"t2-link-list-item__text\">\n\t\t\t\t\tLes mer om fotografisk materiale og v\u00e5re ulike digitaliseringsl\u00f8yper\t\t\t\t<\/span>\n\t\t\t\t\t\t\t<\/div>\n\t\t<\/a>\n\t<\/li>\n\t\n<\/ul>\n\n\n<h3 class=\"wp-block-heading\" id=\"h-av-materiale-lyd-video-og-film\"><strong>AV-materiale &#8211; Lyd, video og film<\/strong><\/h3>\n\n\n\n<p>For AV-materiale m\u00e5 samlingseier p\u00e5f\u00f8re&nbsp;hvert objekt&nbsp;en unik ID i form av en strekkode-etikett&nbsp;som&nbsp;vil&nbsp;f\u00f8lge&nbsp;objektet&nbsp;i v\u00e5rt&nbsp;system. <\/p>\n\n\n\n<p>Det m\u00e5\u00a0s\u00e5\u00a0utarbeides en liste\u00a0over objektene,\u00a0gjerne\u00a0i Excel,\u00a0der\u00a0Nasjonalbibliotekets\u00a0ID sidestilles med ID\/tittel\/eventuelt annen\u00a0informasjon som samlingsforvalter \u00f8nsker \u00e5\u00a0registrere\u00a0om objektet. Dette m\u00e5 gj\u00f8res for \u00e5 koble\u00a0informasjonen\u00a0om\u00a0objektet\u00a0til\u00a0ID som vil\u00a0vises i filnavn etter digitalisering.\u00a0<\/p>\n\n\n\n<div class=\"wp-block-group has-global-padding is-layout-constrained wp-block-group-is-layout-constrained\">\n<figure class=\"wp-block-image alignright size-medium is-resized\"><img loading=\"lazy\" decoding=\"async\" width=\"227\" height=\"300\" src=\"https:\/\/abmdig.no\/content\/uploads\/sites\/14\/2021\/07\/Etikett-II_red-227x300.jpg\" alt=\"Lydb\u00e5nd med strekkode-etikett\" class=\"wp-image-1605\" style=\"width:186px;height:246px\" srcset=\"https:\/\/beta.bibliotekutvikling.no\/content\/uploads\/sites\/14\/2021\/07\/Etikett-II_red-227x300.jpg 227w, https:\/\/beta.bibliotekutvikling.no\/content\/uploads\/sites\/14\/2021\/07\/Etikett-II_red-776x1024.jpg 776w, https:\/\/beta.bibliotekutvikling.no\/content\/uploads\/sites\/14\/2021\/07\/Etikett-II_red-768x1013.jpg 768w, https:\/\/beta.bibliotekutvikling.no\/content\/uploads\/sites\/14\/2021\/07\/Etikett-II_red-1164x1536.jpg 1164w, https:\/\/beta.bibliotekutvikling.no\/content\/uploads\/sites\/14\/2021\/07\/Etikett-II_red-1552x2048.jpg 1552w, https:\/\/beta.bibliotekutvikling.no\/content\/uploads\/sites\/14\/2021\/07\/Etikett-II_red-scaled.jpg 1940w\" sizes=\"auto, (max-width: 227px) 100vw, 227px\" \/><figcaption class=\"wp-element-caption\">Strekkode-etiketter settes gjerne p\u00e5 ryggen av objektets emballasje <\/figcaption><\/figure>\n<\/div>\n\n\n\n<p>Etter innledende dialog vil samlingseier f\u00e5 tilsendt strekkode-etiketter med&nbsp;v\u00e5r&nbsp;ID. De m\u00e5 s\u00e5 p\u00e5f\u00f8re disse godt synlig&nbsp;<strong>utenp\u00e5&nbsp;emballasjen\/esken<\/strong>&nbsp;til hvert&nbsp;objekt.&nbsp;<\/p>\n\n\n\n<p>N\u00e5r alle objekter er merket og&nbsp;objektliste&nbsp;er utarbeidet, sendes lista til&nbsp;<a href=\"mailto:kulturarv@nb.no\" target=\"_blank\" rel=\"noreferrer noopener\">kulturarv@nb.no<\/a>.&nbsp;Forsendelsen vil da registreres i v\u00e5rt system og samlingseier vil motta et f\u00f8lgebrev som skal legges ved forsendelsen.&nbsp;&nbsp;&nbsp;<\/p>\n\n\n\n<h3 class=\"wp-block-heading\" id=\"h-trykt-publisert-materiale\"><strong>Trykt publisert materiale<\/strong><\/h3>\n\n\n\n<p>Vi har etablerte digitaliseringsl\u00f8yper for b\u00f8ker og tidsskrift. Det meste av det som finnes av publisert materiale finnes allerede i v\u00e5re samlinger, og vil bli digitalisert. I de tilfellene der NB ikke har en kopi, vil vi gjerne l\u00e5ne materiale fra hele ABM-sektoren. I slike tilfeller avtaler vi hvordan l\u00e5net skal skje.<\/p>\n\n\n\n<h3 class=\"wp-block-heading\" id=\"h-papirbaserte-privatarkiv-og-andre-arkivsamlinger\"><strong>Papirbaserte privatarkiv og andre arkivsamlinger<\/strong><\/h3>\n\n\n\n<p>For dette materialet har vi forel\u00f8pig ikke etablert endelige digitaliseringsl\u00f8yper. Det er trolig at digitalisering av privatarkiv ikke vil starte opp f\u00f8r tidligst i 2025.<\/p>\n\n\n\n<h3 class=\"wp-block-heading\"><strong>Pakking og <\/strong>merking av forsendelse<\/h3>\n\n\n\n<p>Samlingseier er ansvarlig for pakking, merking og forsendelse av materialet til Nasjonalbiblioteket. Vi kan bist\u00e5 med r\u00e5dgivning i pakkeprosessen, men vi anbefaler generelt plastkasser fremfor papp, og ikke for store kasser. Dette for at kassen ikke skal bli for tung og dermed vanskelig \u00e5 h\u00e5ndtere.<\/p>\n\n\n\n<div class=\"wp-block-group has-global-padding is-layout-constrained wp-block-group-is-layout-constrained\">\n<figure class=\"wp-block-image alignright size-medium is-resized\"><img loading=\"lazy\" decoding=\"async\" width=\"300\" height=\"202\" src=\"https:\/\/abmdig.no\/content\/uploads\/sites\/14\/2020\/09\/MiA_leveranse_009_web-300x202.jpg\" alt=\"Transportkasser i klimatrailer\" class=\"wp-image-1008\" style=\"width:257px;height:173px\" srcset=\"https:\/\/beta.bibliotekutvikling.no\/content\/uploads\/sites\/14\/2020\/09\/MiA_leveranse_009_web-300x202.jpg 300w, https:\/\/beta.bibliotekutvikling.no\/content\/uploads\/sites\/14\/2020\/09\/MiA_leveranse_009_web-1024x689.jpg 1024w, https:\/\/beta.bibliotekutvikling.no\/content\/uploads\/sites\/14\/2020\/09\/MiA_leveranse_009_web-768x517.jpg 768w, https:\/\/beta.bibliotekutvikling.no\/content\/uploads\/sites\/14\/2020\/09\/MiA_leveranse_009_web-1536x1034.jpg 1536w, https:\/\/beta.bibliotekutvikling.no\/content\/uploads\/sites\/14\/2020\/09\/MiA_leveranse_009_web.jpg 2000w\" sizes=\"auto, (max-width: 300px) 100vw, 300px\" \/><\/figure>\n<\/div>\n\n\n\n<p>Kassen b\u00f8r polstres innvendig med et lag skumplast (ikke bobleplast) f\u00f8r objektene legges i. Materialet pakkes p\u00e5 en slik m\u00e5te at de ikke forflyttes under transport. Eventuelle tomrom i kassen fylles med skumplast eller annet uorganisk fyllmateriale.<\/p>\n\n\n\n<p><br>N\u00e5r materialet er klart til transport skal samlingsforvalter melde fra til oss p\u00e5 e-post til <a href=\"mailto:kulturarv@nb.no\">kulturarv@nb.no<\/a>. Alle kasser\/paller merkes godt p\u00e5 utsiden med \u201c<em>Kulturarv<\/em>&laquo;, i tillegg til f\u00f8lgebrevet som skal legges ved hvert kolli. Forsendelsen sendes til: <em>Nasjonalbiblioteket, Finsetveien 2, 8624 Mo i Rana<\/em>.<\/p>\n\n\n\n<h3 class=\"wp-block-heading\">Materiale i d\u00e5rlig stand<\/h3>\n\n\n\n<p>Dersom det ved mottak i Nasjonalbiblioteket oppdages at materiale er i en slik tilstand at det kan v\u00e6re til skade for andre samlinger, og forsendelsen av slikt materiale ikke er avklart i forkant, vil vi returnere materiale uten videre behandling. En eventuell kassasjon skjer kun etter avtale.<br><br>I tilfeller hvor det ikke er innhold p\u00e5 b\u00e6rer (lyd\/bilde\/tom emballasje) har Nasjonalbiblioteket anledning til \u00e5 returnere materiale uten videre behandling, eller eventuelt kassere gjeldende b\u00e6rere etter avtale.<\/p>\n\n\n\n<h3 class=\"wp-block-heading\"><strong>Digitalisering og retur av materiale<\/strong><\/h3>\n\n\n\n<p>Hvor lang tid det tar f\u00f8r digitaliseringen av en samling er ferdig vil avhenge av flere forhold rundt samlingen. Det kan for eksempel v\u00e6re st\u00f8rrelse, format, om det er en sammensatt samling med ulike formater, bevaringstilstand osv. Det vil ogs\u00e5 ha stor betydning for tidsaspektet hvor mye av samme materialtyper som allerede er prioritert til digitalisering og hvor lang &laquo;k\u00f8en&raquo; er. <\/p>\n\n\n\n<p>N\u00e5r digitaliseringen er fullf\u00f8rt blir dere kontaktet for \u00e5 avtale tilbakef\u00f8ring av filer. Materiale som skal returneres til eier sendes i hovedsak samlet n\u00e5r forsendelsen er ferdig digitalisert. I enkelte tilfeller kan det likevel v\u00e6re hensiktsmessig \u00e5 returnere deler av materialet f\u00f8r alt er ferdig. Ved retur av materialet sendes beskjed p\u00e5 e-post til kontaktperson for forsendelsen.<\/p>\n\n\n<ul class=\"t2-link-list has-3-items has-auto-columns wp-block-t2-link-list\">\n\t<li class=\"t2-link-list-item wp-block-t2-link-list-item\">\n\t\t<a\n\t\t\thref=\"https:\/\/abmdig.no\/praktisk-gjennomforing\/materiale-som-omfattes\/\"\n\t\t\tclass=\"t2-link-list-item__link t2-link-list__icon--right\"\n\t\t\t\t\t>\n\t\t\t<span class=\"t2-link-list-item__icon\"><span class=\"t2-link-list-item__icon-box\"><\/span><svg xmlns=\"http:\/\/www.w3.org\/2000\/svg\" viewBox=\"0 0 24 24\" height=\"24\" width=\"24\" class=\"t2-icon t2-icon-external\" aria-hidden=\"true\" focusable=\"false\"><path d=\"M19 19H5V5h7V3H3v18h18v-9h-2v7zM14 3v2h3.6l-9.8 9.8 1.4 1.4L19 6.4V10h2V3h-7z\"\/><\/svg><\/span>\t\t\t<div class=\"t2-link-list-item__content\">\n\n\t\t\t\t\n\t\t\t\t<span id=\"link-list-item-text-2\" class=\"t2-link-list-item__text\">\n\t\t\t\t\tLes mer om materiale som omfattes\t\t\t\t<\/span>\n\t\t\t\t\t\t\t<\/div>\n\t\t<\/a>\n\t<\/li>\n\t\n\n\t<li class=\"t2-link-list-item wp-block-t2-link-list-item\">\n\t\t<a\n\t\t\thref=\"https:\/\/abmdig.no\/praktisk-gjennomforing\/prioriteringer\/\"\n\t\t\tclass=\"t2-link-list-item__link t2-link-list__icon--right\"\n\t\t\t\t\t>\n\t\t\t<span class=\"t2-link-list-item__icon\"><span class=\"t2-link-list-item__icon-box\"><\/span><svg xmlns=\"http:\/\/www.w3.org\/2000\/svg\" viewBox=\"0 0 24 24\" height=\"24\" width=\"24\" class=\"t2-icon t2-icon-external\" aria-hidden=\"true\" focusable=\"false\"><path d=\"M19 19H5V5h7V3H3v18h18v-9h-2v7zM14 3v2h3.6l-9.8 9.8 1.4 1.4L19 6.4V10h2V3h-7z\"\/><\/svg><\/span>\t\t\t<div class=\"t2-link-list-item__content\">\n\n\t\t\t\t\n\t\t\t\t<span id=\"link-list-item-text-3\" class=\"t2-link-list-item__text\">\n\t\t\t\t\tLes mer om prioritering og fremdrift\t\t\t\t<\/span>\n\t\t\t\t\t\t\t<\/div>\n\t\t<\/a>\n\t<\/li>\n\t\n\n\t<li class=\"t2-link-list-item wp-block-t2-link-list-item\">\n\t\t<a\n\t\t\thref=\"https:\/\/abmdig.no\/hva-leverer-vi\/\"\n\t\t\tclass=\"t2-link-list-item__link t2-link-list__icon--right\"\n\t\t\t\t\t>\n\t\t\t<span class=\"t2-link-list-item__icon\"><span class=\"t2-link-list-item__icon-box\"><\/span><svg xmlns=\"http:\/\/www.w3.org\/2000\/svg\" viewBox=\"0 0 24 24\" height=\"24\" width=\"24\" class=\"t2-icon t2-icon-external\" aria-hidden=\"true\" focusable=\"false\"><path d=\"M19 19H5V5h7V3H3v18h18v-9h-2v7zM14 3v2h3.6l-9.8 9.8 1.4 1.4L19 6.4V10h2V3h-7z\"\/><\/svg><\/span>\t\t\t<div class=\"t2-link-list-item__content\">\n\n\t\t\t\t\n\t\t\t\t<span id=\"link-list-item-text-4\" class=\"t2-link-list-item__text\">\n\t\t\t\t\tLes mer om hva dere f\u00e5r fra oss\t\t\t\t<\/span>\n\t\t\t\t\t\t\t<\/div>\n\t\t<\/a>\n\t<\/li>\n\t\n<\/ul>","protected":false},"excerpt":{"rendered":"","protected":false},"author":1312,"featured_media":842,"parent":478,"menu_order":0,"comment_status":"closed","ping_status":"closed","template":"","meta":{"nb_hide_title":false,"sub_navigation_option":"","sub_navigation_custom_items":null,"footnotes":""},"class_list":["post-518","page","type-page","status-publish","has-post-thumbnail","hentry"],"yoast_head":"<!-- This site is optimized with the Yoast SEO Premium plugin v27.1 (Yoast SEO v27.1.1) - https:\/\/yoast.com\/product\/yoast-seo-premium-wordpress\/ -->\n<title>Hvordan komme i gang med digitalisering av kulturarvmateriale? - Kulturarvdigitalisering<\/title>\n<meta name=\"description\" content=\"Hvordan starte digitaliseringsprosessen og hva m\u00e5 gj\u00f8res av forarbeid f\u00f8r selve digitaliseringen kan starte.\" \/>\n<meta name=\"robots\" content=\"index, follow, max-snippet:-1, max-image-preview:large, max-video-preview:-1\" \/>\n<link rel=\"canonical\" href=\"https:\/\/beta.bibliotekutvikling.no\/abmdig\/senter-for-kulturarvdigitalisering\/praktisk-gjennomforing\/komme-i-gang-med-digitalisering\/\" \/>\n<meta property=\"og:locale\" content=\"nb_NO\" \/>\n<meta property=\"og:type\" content=\"article\" \/>\n<meta property=\"og:title\" content=\"Hvordan komme i gang med digitalisering av kulturarvmateriale?\" \/>\n<meta property=\"og:description\" content=\"Hvordan starte digitaliseringsprosessen og hva m\u00e5 gj\u00f8res av forarbeid f\u00f8r selve digitaliseringen kan starte.\" \/>\n<meta property=\"og:url\" content=\"https:\/\/beta.bibliotekutvikling.no\/abmdig\/senter-for-kulturarvdigitalisering\/praktisk-gjennomforing\/komme-i-gang-med-digitalisering\/\" \/>\n<meta property=\"og:site_name\" content=\"Kulturarvdigitalisering\" \/>\n<meta property=\"article:modified_time\" content=\"2023-11-23T12:09:29+00:00\" \/>\n<meta property=\"og:image\" content=\"https:\/\/beta.bibliotekutvikling.no\/content\/uploads\/sites\/14\/2020\/08\/20140518-nb-bilder-070r.jpg\" \/>\n\t<meta property=\"og:image:width\" content=\"1400\" \/>\n\t<meta property=\"og:image:height\" content=\"860\" \/>\n\t<meta property=\"og:image:type\" content=\"image\/jpeg\" \/>\n<meta name=\"twitter:card\" content=\"summary_large_image\" \/>\n<meta name=\"twitter:label1\" content=\"Ansl. lesetid\" \/>\n\t<meta name=\"twitter:data1\" content=\"6 minutter\" \/>\n<script type=\"application\/ld+json\" class=\"yoast-schema-graph\">{\"@context\":\"https:\/\/schema.org\",\"@graph\":[{\"@type\":\"WebPage\",\"@id\":\"https:\/\/beta.bibliotekutvikling.no\/abmdig\/senter-for-kulturarvdigitalisering\/praktisk-gjennomforing\/komme-i-gang-med-digitalisering\/\",\"url\":\"https:\/\/beta.bibliotekutvikling.no\/abmdig\/senter-for-kulturarvdigitalisering\/praktisk-gjennomforing\/komme-i-gang-med-digitalisering\/\",\"name\":\"Hvordan komme i gang med digitalisering av kulturarvmateriale? - Kulturarvdigitalisering\",\"isPartOf\":{\"@id\":\"https:\/\/beta.bibliotekutvikling.no\/abmdig\/#website\"},\"primaryImageOfPage\":{\"@id\":\"https:\/\/beta.bibliotekutvikling.no\/abmdig\/senter-for-kulturarvdigitalisering\/praktisk-gjennomforing\/komme-i-gang-med-digitalisering\/#primaryimage\"},\"image\":{\"@id\":\"https:\/\/beta.bibliotekutvikling.no\/abmdig\/senter-for-kulturarvdigitalisering\/praktisk-gjennomforing\/komme-i-gang-med-digitalisering\/#primaryimage\"},\"thumbnailUrl\":\"https:\/\/beta.bibliotekutvikling.no\/content\/uploads\/sites\/14\/2020\/08\/20140518-nb-bilder-070r.jpg\",\"datePublished\":\"2020-04-14T10:57:14+00:00\",\"dateModified\":\"2023-11-23T12:09:29+00:00\",\"description\":\"Hvordan starte digitaliseringsprosessen og hva m\u00e5 gj\u00f8res av forarbeid f\u00f8r selve digitaliseringen kan starte.\",\"breadcrumb\":{\"@id\":\"https:\/\/beta.bibliotekutvikling.no\/abmdig\/senter-for-kulturarvdigitalisering\/praktisk-gjennomforing\/komme-i-gang-med-digitalisering\/#breadcrumb\"},\"inLanguage\":\"nb-NO\",\"potentialAction\":[{\"@type\":\"ReadAction\",\"target\":[\"https:\/\/beta.bibliotekutvikling.no\/abmdig\/senter-for-kulturarvdigitalisering\/praktisk-gjennomforing\/komme-i-gang-med-digitalisering\/\"]}]},{\"@type\":\"ImageObject\",\"inLanguage\":\"nb-NO\",\"@id\":\"https:\/\/beta.bibliotekutvikling.no\/abmdig\/senter-for-kulturarvdigitalisering\/praktisk-gjennomforing\/komme-i-gang-med-digitalisering\/#primaryimage\",\"url\":\"https:\/\/beta.bibliotekutvikling.no\/content\/uploads\/sites\/14\/2020\/08\/20140518-nb-bilder-070r.jpg\",\"contentUrl\":\"https:\/\/beta.bibliotekutvikling.no\/content\/uploads\/sites\/14\/2020\/08\/20140518-nb-bilder-070r.jpg\",\"width\":1400,\"height\":860,\"caption\":\"Lydb\u00e5ndavspiller\"},{\"@type\":\"BreadcrumbList\",\"@id\":\"https:\/\/beta.bibliotekutvikling.no\/abmdig\/senter-for-kulturarvdigitalisering\/praktisk-gjennomforing\/komme-i-gang-med-digitalisering\/#breadcrumb\",\"itemListElement\":[{\"@type\":\"ListItem\",\"position\":1,\"name\":\"Hjem\",\"item\":\"https:\/\/beta.bibliotekutvikling.no\/abmdig\/\"},{\"@type\":\"ListItem\",\"position\":2,\"name\":\"Vi digitaliserer Norges kulturarv &#8211; abmdig\",\"item\":\"https:\/\/beta.bibliotekutvikling.no\/abmdig\/\"},{\"@type\":\"ListItem\",\"position\":3,\"name\":\"Praktisk gjennomf\u00f8ring\",\"item\":\"https:\/\/beta.bibliotekutvikling.no\/abmdig\/senter-for-kulturarvdigitalisering\/praktisk-gjennomforing\/\"},{\"@type\":\"ListItem\",\"position\":4,\"name\":\"Hvordan komme i gang med digitalisering av kulturarvmateriale?\"}]},{\"@type\":\"WebSite\",\"@id\":\"https:\/\/beta.bibliotekutvikling.no\/abmdig\/#website\",\"url\":\"https:\/\/beta.bibliotekutvikling.no\/abmdig\/\",\"name\":\"Nasjonalbiblioteket | Kulturarvdigitalisering\",\"description\":\"\",\"potentialAction\":[{\"@type\":\"SearchAction\",\"target\":{\"@type\":\"EntryPoint\",\"urlTemplate\":\"https:\/\/beta.bibliotekutvikling.no\/abmdig\/?s={search_term_string}\"},\"query-input\":{\"@type\":\"PropertyValueSpecification\",\"valueRequired\":true,\"valueName\":\"search_term_string\"}}],\"inLanguage\":\"nb-NO\"}]}<\/script>\n<!-- \/ Yoast SEO Premium plugin. -->","yoast_head_json":{"title":"Hvordan komme i gang med digitalisering av kulturarvmateriale? - Kulturarvdigitalisering","description":"Hvordan starte digitaliseringsprosessen og hva m\u00e5 gj\u00f8res av forarbeid f\u00f8r selve digitaliseringen kan starte.","robots":{"index":"index","follow":"follow","max-snippet":"max-snippet:-1","max-image-preview":"max-image-preview:large","max-video-preview":"max-video-preview:-1"},"canonical":"https:\/\/beta.bibliotekutvikling.no\/abmdig\/senter-for-kulturarvdigitalisering\/praktisk-gjennomforing\/komme-i-gang-med-digitalisering\/","og_locale":"nb_NO","og_type":"article","og_title":"Hvordan komme i gang med digitalisering av kulturarvmateriale?","og_description":"Hvordan starte digitaliseringsprosessen og hva m\u00e5 gj\u00f8res av forarbeid f\u00f8r selve digitaliseringen kan starte.","og_url":"https:\/\/beta.bibliotekutvikling.no\/abmdig\/senter-for-kulturarvdigitalisering\/praktisk-gjennomforing\/komme-i-gang-med-digitalisering\/","og_site_name":"Kulturarvdigitalisering","article_modified_time":"2023-11-23T12:09:29+00:00","og_image":[{"width":1400,"height":860,"url":"https:\/\/beta.bibliotekutvikling.no\/content\/uploads\/sites\/14\/2020\/08\/20140518-nb-bilder-070r.jpg","type":"image\/jpeg"}],"twitter_card":"summary_large_image","twitter_misc":{"Ansl. lesetid":"6 minutter"},"schema":{"@context":"https:\/\/schema.org","@graph":[{"@type":"WebPage","@id":"https:\/\/beta.bibliotekutvikling.no\/abmdig\/senter-for-kulturarvdigitalisering\/praktisk-gjennomforing\/komme-i-gang-med-digitalisering\/","url":"https:\/\/beta.bibliotekutvikling.no\/abmdig\/senter-for-kulturarvdigitalisering\/praktisk-gjennomforing\/komme-i-gang-med-digitalisering\/","name":"Hvordan komme i gang med digitalisering av kulturarvmateriale? - Kulturarvdigitalisering","isPartOf":{"@id":"https:\/\/beta.bibliotekutvikling.no\/abmdig\/#website"},"primaryImageOfPage":{"@id":"https:\/\/beta.bibliotekutvikling.no\/abmdig\/senter-for-kulturarvdigitalisering\/praktisk-gjennomforing\/komme-i-gang-med-digitalisering\/#primaryimage"},"image":{"@id":"https:\/\/beta.bibliotekutvikling.no\/abmdig\/senter-for-kulturarvdigitalisering\/praktisk-gjennomforing\/komme-i-gang-med-digitalisering\/#primaryimage"},"thumbnailUrl":"https:\/\/beta.bibliotekutvikling.no\/content\/uploads\/sites\/14\/2020\/08\/20140518-nb-bilder-070r.jpg","datePublished":"2020-04-14T10:57:14+00:00","dateModified":"2023-11-23T12:09:29+00:00","description":"Hvordan starte digitaliseringsprosessen og hva m\u00e5 gj\u00f8res av forarbeid f\u00f8r selve digitaliseringen kan starte.","breadcrumb":{"@id":"https:\/\/beta.bibliotekutvikling.no\/abmdig\/senter-for-kulturarvdigitalisering\/praktisk-gjennomforing\/komme-i-gang-med-digitalisering\/#breadcrumb"},"inLanguage":"nb-NO","potentialAction":[{"@type":"ReadAction","target":["https:\/\/beta.bibliotekutvikling.no\/abmdig\/senter-for-kulturarvdigitalisering\/praktisk-gjennomforing\/komme-i-gang-med-digitalisering\/"]}]},{"@type":"ImageObject","inLanguage":"nb-NO","@id":"https:\/\/beta.bibliotekutvikling.no\/abmdig\/senter-for-kulturarvdigitalisering\/praktisk-gjennomforing\/komme-i-gang-med-digitalisering\/#primaryimage","url":"https:\/\/beta.bibliotekutvikling.no\/content\/uploads\/sites\/14\/2020\/08\/20140518-nb-bilder-070r.jpg","contentUrl":"https:\/\/beta.bibliotekutvikling.no\/content\/uploads\/sites\/14\/2020\/08\/20140518-nb-bilder-070r.jpg","width":1400,"height":860,"caption":"Lydb\u00e5ndavspiller"},{"@type":"BreadcrumbList","@id":"https:\/\/beta.bibliotekutvikling.no\/abmdig\/senter-for-kulturarvdigitalisering\/praktisk-gjennomforing\/komme-i-gang-med-digitalisering\/#breadcrumb","itemListElement":[{"@type":"ListItem","position":1,"name":"Hjem","item":"https:\/\/beta.bibliotekutvikling.no\/abmdig\/"},{"@type":"ListItem","position":2,"name":"Vi digitaliserer Norges kulturarv &#8211; abmdig","item":"https:\/\/beta.bibliotekutvikling.no\/abmdig\/"},{"@type":"ListItem","position":3,"name":"Praktisk gjennomf\u00f8ring","item":"https:\/\/beta.bibliotekutvikling.no\/abmdig\/senter-for-kulturarvdigitalisering\/praktisk-gjennomforing\/"},{"@type":"ListItem","position":4,"name":"Hvordan komme i gang med digitalisering av kulturarvmateriale?"}]},{"@type":"WebSite","@id":"https:\/\/beta.bibliotekutvikling.no\/abmdig\/#website","url":"https:\/\/beta.bibliotekutvikling.no\/abmdig\/","name":"Nasjonalbiblioteket | Kulturarvdigitalisering","description":"","potentialAction":[{"@type":"SearchAction","target":{"@type":"EntryPoint","urlTemplate":"https:\/\/beta.bibliotekutvikling.no\/abmdig\/?s={search_term_string}"},"query-input":{"@type":"PropertyValueSpecification","valueRequired":true,"valueName":"search_term_string"}}],"inLanguage":"nb-NO"}]}},"_links":{"self":[{"href":"https:\/\/beta.bibliotekutvikling.no\/abmdig\/wp-json\/wp\/v2\/pages\/518","targetHints":{"allow":["GET"]}}],"collection":[{"href":"https:\/\/beta.bibliotekutvikling.no\/abmdig\/wp-json\/wp\/v2\/pages"}],"about":[{"href":"https:\/\/beta.bibliotekutvikling.no\/abmdig\/wp-json\/wp\/v2\/types\/page"}],"author":[{"embeddable":true,"href":"https:\/\/beta.bibliotekutvikling.no\/abmdig\/wp-json\/wp\/v2\/users\/1312"}],"replies":[{"embeddable":true,"href":"https:\/\/beta.bibliotekutvikling.no\/abmdig\/wp-json\/wp\/v2\/comments?post=518"}],"version-history":[{"count":4,"href":"https:\/\/beta.bibliotekutvikling.no\/abmdig\/wp-json\/wp\/v2\/pages\/518\/revisions"}],"predecessor-version":[{"id":2894,"href":"https:\/\/beta.bibliotekutvikling.no\/abmdig\/wp-json\/wp\/v2\/pages\/518\/revisions\/2894"}],"up":[{"embeddable":true,"href":"https:\/\/beta.bibliotekutvikling.no\/abmdig\/wp-json\/wp\/v2\/pages\/478"}],"wp:featuredmedia":[{"embeddable":true,"href":"https:\/\/beta.bibliotekutvikling.no\/abmdig\/wp-json\/wp\/v2\/media\/842"}],"wp:attachment":[{"href":"https:\/\/beta.bibliotekutvikling.no\/abmdig\/wp-json\/wp\/v2\/media?parent=518"}],"curies":[{"name":"wp","href":"https:\/\/api.w.org\/{rel}","templated":true}]}}