{"id":605,"date":"2020-05-27T10:45:22","date_gmt":"2020-05-27T08:45:22","guid":{"rendered":"https:\/\/abmdig.no\/?page_id=605"},"modified":"2022-12-01T11:16:45","modified_gmt":"2022-12-01T10:16:45","slug":"nyheter-fra-senter-for-kulturarvdigitalisering","status":"publish","type":"page","link":"https:\/\/beta.bibliotekutvikling.no\/abmdig\/nyheter-fra-senter-for-kulturarvdigitalisering\/","title":{"rendered":"Nyheter"},"content":{"rendered":"\n<div class=\"wp-block-query alignwide is-layout-flow wp-block-query-is-layout-flow\"><ul class=\"is-flex-container columns-3 alignwide wp-block-post-template is-layout-flow wp-block-post-template-is-layout-flow\"><li class=\"wp-block-post post-3646 post type-post status-publish format-standard hentry category-ukategorisert\">\n<div class=\"t2-featured-template-post t2-featured-content is-post-type-post category-ukategorisert wp-block-t2-featured-template-post\"><a class=\"nb-post-link  wp-block-nb-post-link\" href=\"https:\/\/beta.bibliotekutvikling.no\/abmdig\/2025\/01\/09\/god-kapasitet-pa-lyd\/\">\n<figure class=\"nb-post-featured-image has-image-ratio-16-9 wp-block-nb-post-featured-image\">\n\t\t\t<svg viewBox=\"0 0 320 180\" width=\"320px\" height=\"180px\" xmlns=\"http:\/\/www.w3.org\/2000\/svg\" aria-hidden=\"true\">\n\t\t\t\t<text x=\"160\" y=\"152.185\">G<\/text>\n\t\t\t<\/svg>\n\t\t\t<\/figure>\n\n<div class=\"wp-block-group alignfull is-layout-flow wp-block-group-is-layout-flow\">\n\t<div class=\"nb-post-label wp-block-nb-post-label\">Ukategorisert<\/div>\n\t<h2 class=\"t2-post-title wp-block-t2-post-title\">God kapasitet p\u00e5 lyd!<\/h2>\n\t\n\t\n\t\n<\/div>\n\n<\/a>\n<\/div>\n<\/li><li class=\"wp-block-post post-3315 post type-post status-publish format-standard has-post-thumbnail hentry category-nyheter\">\n<div class=\"t2-featured-template-post t2-featured-content is-post-type-post category-nyheter wp-block-t2-featured-template-post\"><a class=\"nb-post-link  wp-block-nb-post-link\" href=\"https:\/\/beta.bibliotekutvikling.no\/abmdig\/2024\/12\/19\/radgivende-utvalg-pa-jaeren\/\">\n<figure class=\"nb-post-featured-image has-image-ratio-16-9 wp-block-nb-post-featured-image\"><img loading=\"lazy\" decoding=\"async\" width=\"768\" height=\"576\" src=\"https:\/\/beta.bibliotekutvikling.no\/content\/uploads\/sites\/14\/2024\/12\/Radgivende-utvalg-pa-Jaeren_red-768x576.jpg\" class=\"attachment-medium_large size-medium_large wp-post-image\" alt=\"Medlemmer i r\u00e5dgivende utvalg for kulturarvdigitalisering samlet i en trapp\" srcset=\"https:\/\/beta.bibliotekutvikling.no\/content\/uploads\/sites\/14\/2024\/12\/Radgivende-utvalg-pa-Jaeren_red-768x576.jpg 768w, https:\/\/beta.bibliotekutvikling.no\/content\/uploads\/sites\/14\/2024\/12\/Radgivende-utvalg-pa-Jaeren_red-300x225.jpg 300w, https:\/\/beta.bibliotekutvikling.no\/content\/uploads\/sites\/14\/2024\/12\/Radgivende-utvalg-pa-Jaeren_red-1024x768.jpg 1024w, https:\/\/beta.bibliotekutvikling.no\/content\/uploads\/sites\/14\/2024\/12\/Radgivende-utvalg-pa-Jaeren_red-1536x1152.jpg 1536w, https:\/\/beta.bibliotekutvikling.no\/content\/uploads\/sites\/14\/2024\/12\/Radgivende-utvalg-pa-Jaeren_red-2048x1536.jpg 2048w\" sizes=\"auto, (min-width: 1200px) 384px, (min-width: 700px) 33vw, 350px\" \/><\/figure>\n\n<div class=\"wp-block-group alignfull is-layout-flow wp-block-group-is-layout-flow\">\n\t<div class=\"nb-post-label wp-block-nb-post-label\">Nyheter<\/div>\n\t<h2 class=\"t2-post-title wp-block-t2-post-title\">R\u00e5dgivande utval p\u00e5 J\u00e6ren<\/h2>\n\t<div class=\"nb-post-excerpt wp-block-nb-post-excerpt\">\u00c5rets fysisk m\u00f8te vart halde i november<\/div>\n\t\n\t\n<\/div>\n\n<\/a>\n<\/div>\n<\/li><li class=\"wp-block-post post-3292 post type-post status-publish format-standard has-post-thumbnail hentry category-nyheter\">\n<div class=\"t2-featured-template-post t2-featured-content is-post-type-post category-nyheter wp-block-t2-featured-template-post\"><a class=\"nb-post-link  wp-block-nb-post-link\" href=\"https:\/\/beta.bibliotekutvikling.no\/abmdig\/2024\/11\/04\/vel-overstatt-abm-konferanse\/\">\n<figure class=\"nb-post-featured-image has-image-ratio-16-9 wp-block-nb-post-featured-image\"><img loading=\"lazy\" decoding=\"async\" width=\"768\" height=\"576\" src=\"https:\/\/beta.bibliotekutvikling.no\/content\/uploads\/sites\/14\/2024\/11\/IMG_2608-768x576.jpg\" class=\"attachment-medium_large size-medium_large wp-post-image\" alt=\"Mennesker ser p\u00e5 roboter som jobber p\u00e5 toppen av AutoStore\" srcset=\"https:\/\/beta.bibliotekutvikling.no\/content\/uploads\/sites\/14\/2024\/11\/IMG_2608-768x576.jpg 768w, https:\/\/beta.bibliotekutvikling.no\/content\/uploads\/sites\/14\/2024\/11\/IMG_2608-300x225.jpg 300w, https:\/\/beta.bibliotekutvikling.no\/content\/uploads\/sites\/14\/2024\/11\/IMG_2608-1024x768.jpg 1024w, https:\/\/beta.bibliotekutvikling.no\/content\/uploads\/sites\/14\/2024\/11\/IMG_2608-1536x1152.jpg 1536w, https:\/\/beta.bibliotekutvikling.no\/content\/uploads\/sites\/14\/2024\/11\/IMG_2608-2048x1536.jpg 2048w\" sizes=\"auto, (min-width: 1200px) 384px, (min-width: 700px) 33vw, 350px\" \/><\/figure>\n\n<div class=\"wp-block-group alignfull is-layout-flow wp-block-group-is-layout-flow\">\n\t<div class=\"nb-post-label wp-block-nb-post-label\">Nyheter<\/div>\n\t<h2 class=\"t2-post-title wp-block-t2-post-title\">Vel overst\u00e5tt ABM-konferanse<\/h2>\n\t<div class=\"nb-post-excerpt wp-block-nb-post-excerpt\">50 deltakere bes\u00f8kte Mo i Rana<\/div>\n\t\n\t\n<\/div>\n\n<\/a>\n<\/div>\n<\/li><li class=\"wp-block-post post-3252 post type-post status-publish format-standard has-post-thumbnail hentry category-nyheter\">\n<div class=\"t2-featured-template-post t2-featured-content is-post-type-post category-nyheter wp-block-t2-featured-template-post\"><a class=\"nb-post-link  wp-block-nb-post-link\" href=\"https:\/\/beta.bibliotekutvikling.no\/abmdig\/2024\/09\/23\/nye-medlemmar-i-radgivande-utval\/\">\n<figure class=\"nb-post-featured-image has-image-ratio-16-9 wp-block-nb-post-featured-image\"><img loading=\"lazy\" decoding=\"async\" width=\"768\" height=\"432\" src=\"https:\/\/beta.bibliotekutvikling.no\/content\/uploads\/sites\/14\/2024\/09\/Mo-5.9.24_alle-tre-edited-768x432.jpg\" class=\"attachment-medium_large size-medium_large wp-post-image\" alt=\"tre medlemmer i r\u00e5dgivende utvalg foran gullvegg\" srcset=\"https:\/\/beta.bibliotekutvikling.no\/content\/uploads\/sites\/14\/2024\/09\/Mo-5.9.24_alle-tre-edited-768x432.jpg 768w, https:\/\/beta.bibliotekutvikling.no\/content\/uploads\/sites\/14\/2024\/09\/Mo-5.9.24_alle-tre-edited-300x169.jpg 300w, https:\/\/beta.bibliotekutvikling.no\/content\/uploads\/sites\/14\/2024\/09\/Mo-5.9.24_alle-tre-edited-1024x576.jpg 1024w, https:\/\/beta.bibliotekutvikling.no\/content\/uploads\/sites\/14\/2024\/09\/Mo-5.9.24_alle-tre-edited-1536x864.jpg 1536w, https:\/\/beta.bibliotekutvikling.no\/content\/uploads\/sites\/14\/2024\/09\/Mo-5.9.24_alle-tre-edited-2048x1152.jpg 2048w\" sizes=\"auto, (min-width: 1200px) 384px, (min-width: 700px) 33vw, 350px\" \/><\/figure>\n\n<div class=\"wp-block-group alignfull is-layout-flow wp-block-group-is-layout-flow\">\n\t<div class=\"nb-post-label wp-block-nb-post-label\">Nyheter<\/div>\n\t<h2 class=\"t2-post-title wp-block-t2-post-title\">Nye medlemmar i r\u00e5dgivande utval<\/h2>\n\t<div class=\"nb-post-excerpt wp-block-nb-post-excerpt\">P\u00e5 bes\u00f8k i Mo i Rana<\/div>\n\t\n\t\n<\/div>\n\n<\/a>\n<\/div>\n<\/li><li class=\"wp-block-post post-3233 post type-post status-publish format-standard has-post-thumbnail hentry category-nyheter\">\n<div class=\"t2-featured-template-post t2-featured-content is-post-type-post category-nyheter wp-block-t2-featured-template-post\"><a class=\"nb-post-link  wp-block-nb-post-link\" href=\"https:\/\/beta.bibliotekutvikling.no\/abmdig\/2024\/09\/07\/vi-soker-ny-kollega\/\">\n<figure class=\"nb-post-featured-image has-image-ratio-16-9 wp-block-nb-post-featured-image\"><img loading=\"lazy\" decoding=\"async\" width=\"768\" height=\"571\" src=\"https:\/\/beta.bibliotekutvikling.no\/content\/uploads\/sites\/14\/2022\/06\/NBR_drone_janingelarsen-768x571.jpg\" class=\"attachment-medium_large size-medium_large wp-post-image\" alt=\"Nasjonalbibliotekets bygg i Mo i Rana\" srcset=\"https:\/\/beta.bibliotekutvikling.no\/content\/uploads\/sites\/14\/2022\/06\/NBR_drone_janingelarsen-768x571.jpg 768w, https:\/\/beta.bibliotekutvikling.no\/content\/uploads\/sites\/14\/2022\/06\/NBR_drone_janingelarsen-300x223.jpg 300w, https:\/\/beta.bibliotekutvikling.no\/content\/uploads\/sites\/14\/2022\/06\/NBR_drone_janingelarsen-1024x761.jpg 1024w, https:\/\/beta.bibliotekutvikling.no\/content\/uploads\/sites\/14\/2022\/06\/NBR_drone_janingelarsen-1536x1142.jpg 1536w, https:\/\/beta.bibliotekutvikling.no\/content\/uploads\/sites\/14\/2022\/06\/NBR_drone_janingelarsen-2048x1523.jpg 2048w\" sizes=\"auto, (min-width: 1200px) 384px, (min-width: 700px) 33vw, 350px\" \/><\/figure>\n\n<div class=\"wp-block-group alignfull is-layout-flow wp-block-group-is-layout-flow\">\n\t<div class=\"nb-post-label wp-block-nb-post-label\">Nyheter<\/div>\n\t<h2 class=\"t2-post-title wp-block-t2-post-title\">Vi s\u00f8ker ny kollega!<\/h2>\n\t<div class=\"nb-post-excerpt wp-block-nb-post-excerpt\">Stilling ved Senter for kulturarvdigitalisering<\/div>\n\t\n\t\n<\/div>\n\n<\/a>\n<\/div>\n<\/li><li class=\"wp-block-post post-3091 post type-post status-publish format-standard has-post-thumbnail hentry category-nyheter\">\n<div class=\"t2-featured-template-post t2-featured-content is-post-type-post category-nyheter wp-block-t2-featured-template-post\"><a class=\"nb-post-link  wp-block-nb-post-link\" href=\"https:\/\/beta.bibliotekutvikling.no\/abmdig\/2024\/07\/03\/foretrekte-digitale-format-i-nb\/\">\n<figure class=\"nb-post-featured-image has-image-ratio-16-9 wp-block-nb-post-featured-image\"><img loading=\"lazy\" decoding=\"async\" width=\"768\" height=\"512\" src=\"https:\/\/beta.bibliotekutvikling.no\/content\/uploads\/sites\/14\/2020\/08\/20160923-tape-011-768x512.jpg\" class=\"attachment-medium_large size-medium_large wp-post-image\" alt=\"Digitalt sikringsmagasin\" srcset=\"https:\/\/beta.bibliotekutvikling.no\/content\/uploads\/sites\/14\/2020\/08\/20160923-tape-011-768x512.jpg 768w, https:\/\/beta.bibliotekutvikling.no\/content\/uploads\/sites\/14\/2020\/08\/20160923-tape-011-300x200.jpg 300w, https:\/\/beta.bibliotekutvikling.no\/content\/uploads\/sites\/14\/2020\/08\/20160923-tape-011-1024x683.jpg 1024w, https:\/\/beta.bibliotekutvikling.no\/content\/uploads\/sites\/14\/2020\/08\/20160923-tape-011-1536x1025.jpg 1536w, https:\/\/beta.bibliotekutvikling.no\/content\/uploads\/sites\/14\/2020\/08\/20160923-tape-011.jpg 1920w\" sizes=\"auto, (min-width: 1200px) 384px, (min-width: 700px) 33vw, 350px\" \/><\/figure>\n\n<div class=\"wp-block-group alignfull is-layout-flow wp-block-group-is-layout-flow\">\n\t<div class=\"nb-post-label wp-block-nb-post-label\">Nyheter<\/div>\n\t<h2 class=\"t2-post-title wp-block-t2-post-title\">F\u00f8retrekte digitale format i NB<\/h2>\n\t<div class=\"nb-post-excerpt wp-block-nb-post-excerpt\">Liste er utarbeidd<\/div>\n\t\n\t\n<\/div>\n\n<\/a>\n<\/div>\n<\/li><li class=\"wp-block-post post-3073 post type-post status-publish format-standard has-post-thumbnail hentry category-arrangement category-nyheter\">\n<div class=\"t2-featured-template-post t2-featured-content is-post-type-post category-arrangement category-nyheter wp-block-t2-featured-template-post\"><a class=\"nb-post-link  wp-block-nb-post-link\" href=\"https:\/\/beta.bibliotekutvikling.no\/abmdig\/2024\/06\/03\/abm-konferansen-2024\/\">\n<figure class=\"nb-post-featured-image has-image-ratio-16-9 wp-block-nb-post-featured-image\"><img loading=\"lazy\" decoding=\"async\" width=\"768\" height=\"576\" src=\"https:\/\/beta.bibliotekutvikling.no\/content\/uploads\/sites\/14\/2023\/11\/snuhammer-768x576.jpg\" class=\"attachment-medium_large size-medium_large wp-post-image\" alt=\"Omvisning i stort snuarel i fjellmagasin\" srcset=\"https:\/\/beta.bibliotekutvikling.no\/content\/uploads\/sites\/14\/2023\/11\/snuhammer-768x576.jpg 768w, https:\/\/beta.bibliotekutvikling.no\/content\/uploads\/sites\/14\/2023\/11\/snuhammer-300x225.jpg 300w, https:\/\/beta.bibliotekutvikling.no\/content\/uploads\/sites\/14\/2023\/11\/snuhammer-1024x768.jpg 1024w, https:\/\/beta.bibliotekutvikling.no\/content\/uploads\/sites\/14\/2023\/11\/snuhammer-1536x1152.jpg 1536w, https:\/\/beta.bibliotekutvikling.no\/content\/uploads\/sites\/14\/2023\/11\/snuhammer-2048x1536.jpg 2048w\" sizes=\"auto, (min-width: 1200px) 384px, (min-width: 700px) 33vw, 350px\" \/><\/figure>\n\n<div class=\"wp-block-group alignfull is-layout-flow wp-block-group-is-layout-flow\">\n\t<div class=\"nb-post-label wp-block-nb-post-label\">Arrangement<\/div>\n\t<h2 class=\"t2-post-title wp-block-t2-post-title\">ABM-konferansen 2024<\/h2>\n\t<div class=\"nb-post-excerpt wp-block-nb-post-excerpt\">Mo i Rana 1.-2. oktober. <\/div>\n\t\n\t\n<\/div>\n\n<\/a>\n<\/div>\n<\/li><li class=\"wp-block-post post-3047 post type-post status-publish format-standard has-post-thumbnail hentry category-nyheter\">\n<div class=\"t2-featured-template-post t2-featured-content is-post-type-post category-nyheter wp-block-t2-featured-template-post\"><a class=\"nb-post-link  wp-block-nb-post-link\" href=\"https:\/\/beta.bibliotekutvikling.no\/abmdig\/2024\/05\/10\/pressefoto-fra-agder\/\">\n<figure class=\"nb-post-featured-image has-image-ratio-16-9 wp-block-nb-post-featured-image\"><img loading=\"lazy\" decoding=\"async\" width=\"768\" height=\"576\" src=\"https:\/\/beta.bibliotekutvikling.no\/content\/uploads\/sites\/14\/2024\/05\/Agderposten-fotoarkiv-768x576.jpg\" class=\"attachment-medium_large size-medium_large wp-post-image\" alt=\"Arkivskap med skuffer med konvolutter og hendene til noen som ser i skuff\" srcset=\"https:\/\/beta.bibliotekutvikling.no\/content\/uploads\/sites\/14\/2024\/05\/Agderposten-fotoarkiv-768x576.jpg 768w, https:\/\/beta.bibliotekutvikling.no\/content\/uploads\/sites\/14\/2024\/05\/Agderposten-fotoarkiv-300x225.jpg 300w, https:\/\/beta.bibliotekutvikling.no\/content\/uploads\/sites\/14\/2024\/05\/Agderposten-fotoarkiv-1024x768.jpg 1024w, https:\/\/beta.bibliotekutvikling.no\/content\/uploads\/sites\/14\/2024\/05\/Agderposten-fotoarkiv-1536x1152.jpg 1536w, https:\/\/beta.bibliotekutvikling.no\/content\/uploads\/sites\/14\/2024\/05\/Agderposten-fotoarkiv-2048x1536.jpg 2048w\" sizes=\"auto, (min-width: 1200px) 384px, (min-width: 700px) 33vw, 350px\" \/><\/figure>\n\n<div class=\"wp-block-group alignfull is-layout-flow wp-block-group-is-layout-flow\">\n\t<div class=\"nb-post-label wp-block-nb-post-label\">Nyheter<\/div>\n\t<h2 class=\"t2-post-title wp-block-t2-post-title\">Pressefoto fra Agder<\/h2>\n\t<div class=\"nb-post-excerpt wp-block-nb-post-excerpt\">Prosjekt ved Kuben der NB bidrar med digitalisering<\/div>\n\t\n\t\n<\/div>\n\n<\/a>\n<\/div>\n<\/li><li class=\"wp-block-post post-3020 post type-post status-publish format-standard has-post-thumbnail hentry category-nyheter\">\n<div class=\"t2-featured-template-post t2-featured-content is-post-type-post category-nyheter wp-block-t2-featured-template-post\"><a class=\"nb-post-link  wp-block-nb-post-link\" href=\"https:\/\/beta.bibliotekutvikling.no\/abmdig\/2024\/04\/03\/kartlegging-av-foto-i-abm-sektoren\/\">\n<figure class=\"nb-post-featured-image has-image-ratio-16-9 wp-block-nb-post-featured-image\"><img loading=\"lazy\" decoding=\"async\" width=\"768\" height=\"512\" src=\"https:\/\/beta.bibliotekutvikling.no\/content\/uploads\/sites\/14\/2020\/08\/MiA_leveranse_015_web-768x512.jpg\" class=\"attachment-medium_large size-medium_large wp-post-image\" alt=\"Fotoarkiv\" srcset=\"https:\/\/beta.bibliotekutvikling.no\/content\/uploads\/sites\/14\/2020\/08\/MiA_leveranse_015_web-768x512.jpg 768w, https:\/\/beta.bibliotekutvikling.no\/content\/uploads\/sites\/14\/2020\/08\/MiA_leveranse_015_web-300x200.jpg 300w, https:\/\/beta.bibliotekutvikling.no\/content\/uploads\/sites\/14\/2020\/08\/MiA_leveranse_015_web-1024x682.jpg 1024w, https:\/\/beta.bibliotekutvikling.no\/content\/uploads\/sites\/14\/2020\/08\/MiA_leveranse_015_web-1536x1024.jpg 1536w, https:\/\/beta.bibliotekutvikling.no\/content\/uploads\/sites\/14\/2020\/08\/MiA_leveranse_015_web.jpg 2000w\" sizes=\"auto, (min-width: 1200px) 384px, (min-width: 700px) 33vw, 350px\" \/><\/figure>\n\n<div class=\"wp-block-group alignfull is-layout-flow wp-block-group-is-layout-flow\">\n\t<div class=\"nb-post-label wp-block-nb-post-label\">Nyheter<\/div>\n\t<h2 class=\"t2-post-title wp-block-t2-post-title\">Kartlegging av foto i ABM-sektoren<\/h2>\n\t<div class=\"nb-post-excerpt wp-block-nb-post-excerpt\">Etterarbeidet er startet, men fortsatt mulig \u00e5 levere<\/div>\n\t\n\t\n<\/div>\n\n<\/a>\n<\/div>\n<\/li><li class=\"wp-block-post post-2957 post type-post status-publish format-standard has-post-thumbnail hentry category-nyheter\">\n<div class=\"t2-featured-template-post t2-featured-content is-post-type-post category-nyheter wp-block-t2-featured-template-post\"><a class=\"nb-post-link  wp-block-nb-post-link\" href=\"https:\/\/beta.bibliotekutvikling.no\/abmdig\/2024\/04\/03\/vi-ses-pa-konferanse\/\">\n<figure class=\"nb-post-featured-image has-image-ratio-16-9 wp-block-nb-post-featured-image\"><img loading=\"lazy\" decoding=\"async\" width=\"768\" height=\"576\" src=\"https:\/\/beta.bibliotekutvikling.no\/content\/uploads\/sites\/14\/2022\/03\/museumsmote-768x576.jpg\" class=\"attachment-medium_large size-medium_large wp-post-image\" alt=\"Representanter fra Senter for kulturarvdigitalisering p\u00e5 Museumsm\u00f8tet 2022\" srcset=\"https:\/\/beta.bibliotekutvikling.no\/content\/uploads\/sites\/14\/2022\/03\/museumsmote-768x576.jpg 768w, https:\/\/beta.bibliotekutvikling.no\/content\/uploads\/sites\/14\/2022\/03\/museumsmote-300x225.jpg 300w, https:\/\/beta.bibliotekutvikling.no\/content\/uploads\/sites\/14\/2022\/03\/museumsmote-1024x768.jpg 1024w, https:\/\/beta.bibliotekutvikling.no\/content\/uploads\/sites\/14\/2022\/03\/museumsmote-1536x1152.jpg 1536w, https:\/\/beta.bibliotekutvikling.no\/content\/uploads\/sites\/14\/2022\/03\/museumsmote-2048x1536.jpg 2048w\" sizes=\"auto, (min-width: 1200px) 384px, (min-width: 700px) 33vw, 350px\" \/><\/figure>\n\n<div class=\"wp-block-group alignfull is-layout-flow wp-block-group-is-layout-flow\">\n\t<div class=\"nb-post-label wp-block-nb-post-label\">Nyheter<\/div>\n\t<h2 class=\"t2-post-title wp-block-t2-post-title\">Vi ses p\u00e5 konferanse!<\/h2>\n\t<div class=\"nb-post-excerpt wp-block-nb-post-excerpt\">Sl\u00e5 av en prat p\u00e5 Arkivm\u00f8tet, Bibliotekm\u00f8tet og Museumsm\u00f8tet i april<\/div>\n\t\n\t\n<\/div>\n\n<\/a>\n<\/div>\n<\/li><li class=\"wp-block-post post-2914 post type-post status-publish format-standard has-post-thumbnail hentry category-nyheter\">\n<div class=\"t2-featured-template-post t2-featured-content is-post-type-post category-nyheter wp-block-t2-featured-template-post\"><a class=\"nb-post-link  wp-block-nb-post-link\" href=\"https:\/\/beta.bibliotekutvikling.no\/abmdig\/2023\/12\/01\/radgivende-utvalg-pa-gjovik\/\">\n<figure class=\"nb-post-featured-image has-image-ratio-16-9 wp-block-nb-post-featured-image\"><img loading=\"lazy\" decoding=\"async\" width=\"768\" height=\"1024\" src=\"https:\/\/beta.bibliotekutvikling.no\/content\/uploads\/sites\/14\/2023\/12\/kapp-melkefabrikk-768x1024.jpg\" class=\"attachment-medium_large size-medium_large wp-post-image\" alt=\"Skilt med informasjon om Kapp Melkefabrikk\" srcset=\"https:\/\/beta.bibliotekutvikling.no\/content\/uploads\/sites\/14\/2023\/12\/kapp-melkefabrikk-768x1024.jpg 768w, https:\/\/beta.bibliotekutvikling.no\/content\/uploads\/sites\/14\/2023\/12\/kapp-melkefabrikk-225x300.jpg 225w, https:\/\/beta.bibliotekutvikling.no\/content\/uploads\/sites\/14\/2023\/12\/kapp-melkefabrikk-1152x1536.jpg 1152w, https:\/\/beta.bibliotekutvikling.no\/content\/uploads\/sites\/14\/2023\/12\/kapp-melkefabrikk.jpg 1500w\" sizes=\"auto, (min-width: 1200px) 384px, (min-width: 700px) 33vw, 350px\" \/><\/figure>\n\n<div class=\"wp-block-group alignfull is-layout-flow wp-block-group-is-layout-flow\">\n\t<div class=\"nb-post-label wp-block-nb-post-label\">Nyheter<\/div>\n\t<h2 class=\"t2-post-title wp-block-t2-post-title\">R\u00e5dgivende utvalg p\u00e5 Gj\u00f8vik<\/h2>\n\t<div class=\"nb-post-excerpt wp-block-nb-post-excerpt\">M\u00f8te og bes\u00f8k hos Mj\u00f8smuseet<\/div>\n\t\n\t\n<\/div>\n\n<\/a>\n<\/div>\n<\/li><li class=\"wp-block-post post-2816 post type-post status-publish format-standard has-post-thumbnail hentry category-nyheter\">\n<div class=\"t2-featured-template-post t2-featured-content is-post-type-post category-nyheter wp-block-t2-featured-template-post\"><a class=\"nb-post-link  wp-block-nb-post-link\" href=\"https:\/\/beta.bibliotekutvikling.no\/abmdig\/2023\/11\/23\/fornoyde-deltakere-pa-arets-abm-konferanse\/\">\n<figure class=\"nb-post-featured-image has-image-ratio-16-9 wp-block-nb-post-featured-image\"><img loading=\"lazy\" decoding=\"async\" width=\"768\" height=\"185\" src=\"https:\/\/beta.bibliotekutvikling.no\/content\/uploads\/sites\/14\/2023\/11\/ABM_konferanse23-visuelt-referat-768x185.jpg\" class=\"attachment-medium_large size-medium_large wp-post-image\" alt=\"Et tegnet referat fra ABM-konferansen 2023\" srcset=\"https:\/\/beta.bibliotekutvikling.no\/content\/uploads\/sites\/14\/2023\/11\/ABM_konferanse23-visuelt-referat-768x185.jpg 768w, https:\/\/beta.bibliotekutvikling.no\/content\/uploads\/sites\/14\/2023\/11\/ABM_konferanse23-visuelt-referat-300x72.jpg 300w, https:\/\/beta.bibliotekutvikling.no\/content\/uploads\/sites\/14\/2023\/11\/ABM_konferanse23-visuelt-referat-1024x246.jpg 1024w, https:\/\/beta.bibliotekutvikling.no\/content\/uploads\/sites\/14\/2023\/11\/ABM_konferanse23-visuelt-referat-1536x369.jpg 1536w, https:\/\/beta.bibliotekutvikling.no\/content\/uploads\/sites\/14\/2023\/11\/ABM_konferanse23-visuelt-referat-2048x492.jpg 2048w\" sizes=\"auto, (min-width: 1200px) 384px, (min-width: 700px) 33vw, 350px\" \/><\/figure>\n\n<div class=\"wp-block-group alignfull is-layout-flow wp-block-group-is-layout-flow\">\n\t<div class=\"nb-post-label wp-block-nb-post-label\">Nyheter<\/div>\n\t<h2 class=\"t2-post-title wp-block-t2-post-title\">Forn\u00f8yde deltakere p\u00e5 \u00e5rets ABM-konferanse<\/h2>\n\t<div class=\"nb-post-excerpt wp-block-nb-post-excerpt\">I Mo i Rana i september<\/div>\n\t\n\t\n<\/div>\n\n<\/a>\n<\/div>\n<\/li><li class=\"wp-block-post post-2762 post type-post status-publish format-standard has-post-thumbnail hentry category-nyheter\">\n<div class=\"t2-featured-template-post t2-featured-content is-post-type-post category-nyheter wp-block-t2-featured-template-post\"><a class=\"nb-post-link  wp-block-nb-post-link\" href=\"https:\/\/beta.bibliotekutvikling.no\/abmdig\/2023\/09\/20\/fra-finnmark-til-agder\/\">\n<figure class=\"nb-post-featured-image has-image-ratio-16-9 wp-block-nb-post-featured-image\"><img loading=\"lazy\" decoding=\"async\" width=\"768\" height=\"576\" src=\"https:\/\/beta.bibliotekutvikling.no\/content\/uploads\/sites\/14\/2023\/09\/Vadso_utenfor-fylkesbiblioteket-768x576.jpg\" class=\"attachment-medium_large size-medium_large wp-post-image\" alt=\"Vads\u00f8 ved sj\u00f8kanten, bil og gress\" srcset=\"https:\/\/beta.bibliotekutvikling.no\/content\/uploads\/sites\/14\/2023\/09\/Vadso_utenfor-fylkesbiblioteket-768x576.jpg 768w, https:\/\/beta.bibliotekutvikling.no\/content\/uploads\/sites\/14\/2023\/09\/Vadso_utenfor-fylkesbiblioteket-300x225.jpg 300w, https:\/\/beta.bibliotekutvikling.no\/content\/uploads\/sites\/14\/2023\/09\/Vadso_utenfor-fylkesbiblioteket-1024x768.jpg 1024w, https:\/\/beta.bibliotekutvikling.no\/content\/uploads\/sites\/14\/2023\/09\/Vadso_utenfor-fylkesbiblioteket-1536x1152.jpg 1536w, https:\/\/beta.bibliotekutvikling.no\/content\/uploads\/sites\/14\/2023\/09\/Vadso_utenfor-fylkesbiblioteket-2048x1536.jpg 2048w\" sizes=\"auto, (min-width: 1200px) 384px, (min-width: 700px) 33vw, 350px\" \/><\/figure>\n\n<div class=\"wp-block-group alignfull is-layout-flow wp-block-group-is-layout-flow\">\n\t<div class=\"nb-post-label wp-block-nb-post-label\">Nyheter<\/div>\n\t<h2 class=\"t2-post-title wp-block-t2-post-title\">Fra Finnmark til Agder<\/h2>\n\t<div class=\"nb-post-excerpt wp-block-nb-post-excerpt\">Vi bes\u00f8ker sektoren<\/div>\n\t\n\t\n<\/div>\n\n<\/a>\n<\/div>\n<\/li><li class=\"wp-block-post post-2631 post type-post status-publish format-standard has-post-thumbnail hentry category-nyheter\">\n<div class=\"t2-featured-template-post t2-featured-content is-post-type-post category-nyheter wp-block-t2-featured-template-post\"><a class=\"nb-post-link  wp-block-nb-post-link\" href=\"https:\/\/beta.bibliotekutvikling.no\/abmdig\/2023\/07\/21\/kartleggingsskjema-for-foto-er-sendt-ut\/\">\n<figure class=\"nb-post-featured-image has-image-ratio-16-9 wp-block-nb-post-featured-image\"><img loading=\"lazy\" decoding=\"async\" width=\"768\" height=\"512\" src=\"https:\/\/beta.bibliotekutvikling.no\/content\/uploads\/sites\/14\/2023\/07\/120mm-768x512.jpg\" class=\"attachment-medium_large size-medium_large wp-post-image\" alt=\"\" srcset=\"https:\/\/beta.bibliotekutvikling.no\/content\/uploads\/sites\/14\/2023\/07\/120mm-768x512.jpg 768w, https:\/\/beta.bibliotekutvikling.no\/content\/uploads\/sites\/14\/2023\/07\/120mm-300x200.jpg 300w, https:\/\/beta.bibliotekutvikling.no\/content\/uploads\/sites\/14\/2023\/07\/120mm-1024x683.jpg 1024w, https:\/\/beta.bibliotekutvikling.no\/content\/uploads\/sites\/14\/2023\/07\/120mm-1536x1024.jpg 1536w, https:\/\/beta.bibliotekutvikling.no\/content\/uploads\/sites\/14\/2023\/07\/120mm-2048x1366.jpg 2048w\" sizes=\"auto, (min-width: 1200px) 384px, (min-width: 700px) 33vw, 350px\" \/><\/figure>\n\n<div class=\"wp-block-group alignfull is-layout-flow wp-block-group-is-layout-flow\">\n\t<div class=\"nb-post-label wp-block-nb-post-label\">Nyheter<\/div>\n\t<h2 class=\"t2-post-title wp-block-t2-post-title\">Kartleggingsskjema for foto er sendt ut!<\/h2>\n\t<div class=\"nb-post-excerpt wp-block-nb-post-excerpt\">Svarfrist 13. oktober 23<\/div>\n\t\n\t\n<\/div>\n\n<\/a>\n<\/div>\n<\/li><li class=\"wp-block-post post-2619 post type-post status-publish format-standard has-post-thumbnail hentry category-nyheter\">\n<div class=\"t2-featured-template-post t2-featured-content is-post-type-post category-nyheter wp-block-t2-featured-template-post\"><a class=\"nb-post-link  wp-block-nb-post-link\" href=\"https:\/\/beta.bibliotekutvikling.no\/abmdig\/2023\/06\/16\/ny-nettside-har-samlet-25-000-kunnskapsdokumenter\/\">\n<figure class=\"nb-post-featured-image has-image-ratio-16-9 wp-block-nb-post-featured-image\"><img loading=\"lazy\" decoding=\"async\" width=\"538\" height=\"368\" src=\"https:\/\/beta.bibliotekutvikling.no\/content\/uploads\/sites\/14\/2023\/06\/Kudos-skjermdump.jpg\" class=\"attachment-medium_large size-medium_large wp-post-image\" alt=\"Skjermbilde fra nettstedet kudos.dfo.no\" srcset=\"https:\/\/beta.bibliotekutvikling.no\/content\/uploads\/sites\/14\/2023\/06\/Kudos-skjermdump.jpg 538w, https:\/\/beta.bibliotekutvikling.no\/content\/uploads\/sites\/14\/2023\/06\/Kudos-skjermdump-300x205.jpg 300w\" sizes=\"auto, (min-width: 1200px) 384px, (min-width: 700px) 33vw, 350px\" \/><\/figure>\n\n<div class=\"wp-block-group alignfull is-layout-flow wp-block-group-is-layout-flow\">\n\t<div class=\"nb-post-label wp-block-nb-post-label\">Nyheter<\/div>\n\t<h2 class=\"t2-post-title wp-block-t2-post-title\"><strong>Ny nettside har samlet 25\u00a0000 kunnskapsdokumenter<\/strong><\/h2>\n\t<div class=\"nb-post-excerpt wp-block-nb-post-excerpt\">16.06.2023<\/div>\n\t\n\t\n<\/div>\n\n<\/a>\n<\/div>\n<\/li><li class=\"wp-block-post post-2597 post type-post status-publish format-standard has-post-thumbnail hentry category-arrangement\">\n<div class=\"t2-featured-template-post t2-featured-content is-post-type-post category-arrangement wp-block-t2-featured-template-post\"><a class=\"nb-post-link  wp-block-nb-post-link\" href=\"https:\/\/beta.bibliotekutvikling.no\/abmdig\/2023\/06\/14\/abm-konferanse-2023\/\">\n<figure class=\"nb-post-featured-image has-image-ratio-16-9 wp-block-nb-post-featured-image\"><img loading=\"lazy\" decoding=\"async\" width=\"768\" height=\"483\" src=\"https:\/\/beta.bibliotekutvikling.no\/content\/uploads\/sites\/14\/2023\/06\/MG_3270fot\uf022-Karolina-Gorzelanczyk-768x483.jpg\" class=\"attachment-medium_large size-medium_large wp-post-image\" alt=\"Deltakere i salen p\u00e5 ABM-konferansen 2022\" srcset=\"https:\/\/beta.bibliotekutvikling.no\/content\/uploads\/sites\/14\/2023\/06\/MG_3270fot\uf022-Karolina-Gorzelanczyk-768x483.jpg 768w, https:\/\/beta.bibliotekutvikling.no\/content\/uploads\/sites\/14\/2023\/06\/MG_3270fot\uf022-Karolina-Gorzelanczyk-300x189.jpg 300w, https:\/\/beta.bibliotekutvikling.no\/content\/uploads\/sites\/14\/2023\/06\/MG_3270fot\uf022-Karolina-Gorzelanczyk-1024x645.jpg 1024w, https:\/\/beta.bibliotekutvikling.no\/content\/uploads\/sites\/14\/2023\/06\/MG_3270fot\uf022-Karolina-Gorzelanczyk-1536x967.jpg 1536w, https:\/\/beta.bibliotekutvikling.no\/content\/uploads\/sites\/14\/2023\/06\/MG_3270fot\uf022-Karolina-Gorzelanczyk-2048x1289.jpg 2048w\" sizes=\"auto, (min-width: 1200px) 384px, (min-width: 700px) 33vw, 350px\" \/><\/figure>\n\n<div class=\"wp-block-group alignfull is-layout-flow wp-block-group-is-layout-flow\">\n\t<div class=\"nb-post-label wp-block-nb-post-label\">Arrangement<\/div>\n\t<h2 class=\"t2-post-title wp-block-t2-post-title\">ABM-konferanse 2023<\/h2>\n\t<div class=\"nb-post-excerpt wp-block-nb-post-excerpt\">26.-27. september i Mo i Rana<\/div>\n\t\n\t\n<\/div>\n\n<\/a>\n<\/div>\n<\/li><li class=\"wp-block-post post-2498 post type-post status-publish format-standard has-post-thumbnail hentry category-nyheter\">\n<div class=\"t2-featured-template-post t2-featured-content is-post-type-post category-nyheter wp-block-t2-featured-template-post\"><a class=\"nb-post-link  wp-block-nb-post-link\" href=\"https:\/\/beta.bibliotekutvikling.no\/abmdig\/2023\/05\/22\/vil-de-ha-besok\/\">\n<figure class=\"nb-post-featured-image has-image-ratio-16-9 wp-block-nb-post-featured-image\"><img loading=\"lazy\" decoding=\"async\" width=\"768\" height=\"470\" src=\"https:\/\/beta.bibliotekutvikling.no\/content\/uploads\/sites\/14\/2023\/05\/mittet_fly-sjofly-kystlandskap-768x470.jpeg\" class=\"attachment-medium_large size-medium_large wp-post-image\" alt=\"foto av fly-sjofly-kystlandskap\" srcset=\"https:\/\/beta.bibliotekutvikling.no\/content\/uploads\/sites\/14\/2023\/05\/mittet_fly-sjofly-kystlandskap-768x470.jpeg 768w, https:\/\/beta.bibliotekutvikling.no\/content\/uploads\/sites\/14\/2023\/05\/mittet_fly-sjofly-kystlandskap-300x184.jpeg 300w, https:\/\/beta.bibliotekutvikling.no\/content\/uploads\/sites\/14\/2023\/05\/mittet_fly-sjofly-kystlandskap-1024x627.jpeg 1024w, https:\/\/beta.bibliotekutvikling.no\/content\/uploads\/sites\/14\/2023\/05\/mittet_fly-sjofly-kystlandskap-1536x940.jpeg 1536w, https:\/\/beta.bibliotekutvikling.no\/content\/uploads\/sites\/14\/2023\/05\/mittet_fly-sjofly-kystlandskap-2048x1254.jpeg 2048w\" sizes=\"auto, (min-width: 1200px) 384px, (min-width: 700px) 33vw, 350px\" \/><\/figure>\n\n<div class=\"wp-block-group alignfull is-layout-flow wp-block-group-is-layout-flow\">\n\t<div class=\"nb-post-label wp-block-nb-post-label\">Nyheter<\/div>\n\t<h2 class=\"t2-post-title wp-block-t2-post-title\">Vil de ha bes\u00f8k?<\/h2>\n\t<div class=\"nb-post-excerpt wp-block-nb-post-excerpt\">22.05.2023<\/div>\n\t\n\t\n<\/div>\n\n<\/a>\n<\/div>\n<\/li><li class=\"wp-block-post post-2301 post type-post status-publish format-standard has-post-thumbnail hentry category-nyheter\">\n<div class=\"t2-featured-template-post t2-featured-content is-post-type-post category-nyheter wp-block-t2-featured-template-post\"><a class=\"nb-post-link  wp-block-nb-post-link\" href=\"https:\/\/beta.bibliotekutvikling.no\/abmdig\/2023\/01\/31\/folgene-av-statsbudsjettet-for-nasjonalbiblioteket-i-2023\/\">\n<figure class=\"nb-post-featured-image has-image-ratio-16-9 wp-block-nb-post-featured-image\"><img loading=\"lazy\" decoding=\"async\" width=\"768\" height=\"512\" src=\"https:\/\/beta.bibliotekutvikling.no\/content\/uploads\/sites\/14\/2023\/01\/Nasjonalbiblioteket_Oslo_eksterior_Foto-Gorm-K.-Gaare-768x512.jpg\" class=\"attachment-medium_large size-medium_large wp-post-image\" alt=\"Nasjonalbibliotekets bygg p\u00e5 Solli plass\" srcset=\"https:\/\/beta.bibliotekutvikling.no\/content\/uploads\/sites\/14\/2023\/01\/Nasjonalbiblioteket_Oslo_eksterior_Foto-Gorm-K.-Gaare-768x512.jpg 768w, https:\/\/beta.bibliotekutvikling.no\/content\/uploads\/sites\/14\/2023\/01\/Nasjonalbiblioteket_Oslo_eksterior_Foto-Gorm-K.-Gaare-300x200.jpg 300w, https:\/\/beta.bibliotekutvikling.no\/content\/uploads\/sites\/14\/2023\/01\/Nasjonalbiblioteket_Oslo_eksterior_Foto-Gorm-K.-Gaare-1024x683.jpg 1024w, https:\/\/beta.bibliotekutvikling.no\/content\/uploads\/sites\/14\/2023\/01\/Nasjonalbiblioteket_Oslo_eksterior_Foto-Gorm-K.-Gaare-1536x1024.jpg 1536w\" sizes=\"auto, (min-width: 1200px) 384px, (min-width: 700px) 33vw, 350px\" \/><\/figure>\n\n<div class=\"wp-block-group alignfull is-layout-flow wp-block-group-is-layout-flow\">\n\t<div class=\"nb-post-label wp-block-nb-post-label\">Nyheter<\/div>\n\t<h2 class=\"t2-post-title wp-block-t2-post-title\">F\u00f8lgene av statsbudsjettet for Nasjonalbiblioteket i 2023<\/h2>\n\t<div class=\"nb-post-excerpt wp-block-nb-post-excerpt\">31.01.2023<\/div>\n\t\n\t\n<\/div>\n\n<\/a>\n<\/div>\n<\/li><li class=\"wp-block-post post-2076 post type-post status-publish format-standard has-post-thumbnail hentry category-nyheter\">\n<div class=\"t2-featured-template-post t2-featured-content is-post-type-post category-nyheter wp-block-t2-featured-template-post\"><a class=\"nb-post-link  wp-block-nb-post-link\" href=\"https:\/\/beta.bibliotekutvikling.no\/abmdig\/2022\/10\/25\/rogalandsfilm-sendt-til-digitalisering\/\">\n<figure class=\"nb-post-featured-image has-image-ratio-16-9 wp-block-nb-post-featured-image\"><img loading=\"lazy\" decoding=\"async\" width=\"697\" height=\"394\" src=\"https:\/\/beta.bibliotekutvikling.no\/content\/uploads\/sites\/14\/2022\/10\/Rogaland-NRK-Madli.png\" class=\"attachment-medium_large size-medium_large wp-post-image\" alt=\"Madli Hjermann fra Museumstjenesten i Rogaland intervju NRK\" srcset=\"https:\/\/beta.bibliotekutvikling.no\/content\/uploads\/sites\/14\/2022\/10\/Rogaland-NRK-Madli.png 697w, https:\/\/beta.bibliotekutvikling.no\/content\/uploads\/sites\/14\/2022\/10\/Rogaland-NRK-Madli-300x170.png 300w\" sizes=\"auto, (min-width: 1200px) 384px, (min-width: 700px) 33vw, 350px\" \/><\/figure>\n\n<div class=\"wp-block-group alignfull is-layout-flow wp-block-group-is-layout-flow\">\n\t<div class=\"nb-post-label wp-block-nb-post-label\">Nyheter<\/div>\n\t<h2 class=\"t2-post-title wp-block-t2-post-title\">Rogalandsfilm sendt til digitalisering<\/h2>\n\t<div class=\"nb-post-excerpt wp-block-nb-post-excerpt\">25.10.2022<\/div>\n\t\n\t\n<\/div>\n\n<\/a>\n<\/div>\n<\/li><li class=\"wp-block-post post-2050 post type-post status-publish format-standard has-post-thumbnail hentry category-nyheter\">\n<div class=\"t2-featured-template-post t2-featured-content is-post-type-post category-nyheter wp-block-t2-featured-template-post\"><a class=\"nb-post-link  wp-block-nb-post-link\" href=\"https:\/\/beta.bibliotekutvikling.no\/abmdig\/2022\/08\/26\/digitalisering-av-tidsskrift\/\">\n<figure class=\"nb-post-featured-image has-image-ratio-16-9 wp-block-nb-post-featured-image\"><img loading=\"lazy\" decoding=\"async\" width=\"768\" height=\"576\" src=\"https:\/\/beta.bibliotekutvikling.no\/content\/uploads\/sites\/14\/2022\/08\/Tidsskrift-digi_V_red-768x576.jpg\" class=\"attachment-medium_large size-medium_large wp-post-image\" alt=\"en skanner for digitalisering av tidsskrift\" srcset=\"https:\/\/beta.bibliotekutvikling.no\/content\/uploads\/sites\/14\/2022\/08\/Tidsskrift-digi_V_red-768x576.jpg 768w, https:\/\/beta.bibliotekutvikling.no\/content\/uploads\/sites\/14\/2022\/08\/Tidsskrift-digi_V_red-300x225.jpg 300w, https:\/\/beta.bibliotekutvikling.no\/content\/uploads\/sites\/14\/2022\/08\/Tidsskrift-digi_V_red-1024x768.jpg 1024w, https:\/\/beta.bibliotekutvikling.no\/content\/uploads\/sites\/14\/2022\/08\/Tidsskrift-digi_V_red-1536x1152.jpg 1536w, https:\/\/beta.bibliotekutvikling.no\/content\/uploads\/sites\/14\/2022\/08\/Tidsskrift-digi_V_red-2048x1536.jpg 2048w\" sizes=\"auto, (min-width: 1200px) 384px, (min-width: 700px) 33vw, 350px\" \/><\/figure>\n\n<div class=\"wp-block-group alignfull is-layout-flow wp-block-group-is-layout-flow\">\n\t<div class=\"nb-post-label wp-block-nb-post-label\">Nyheter<\/div>\n\t<h2 class=\"t2-post-title wp-block-t2-post-title\">Digitalisering av tidsskrift<\/h2>\n\t<div class=\"nb-post-excerpt wp-block-nb-post-excerpt\">26.08.2022<\/div>\n\t\n\t\n<\/div>\n\n<\/a>\n<\/div>\n<\/li><li class=\"wp-block-post post-1979 post type-post status-publish format-standard has-post-thumbnail hentry category-nyheter\">\n<div class=\"t2-featured-template-post t2-featured-content is-post-type-post category-nyheter wp-block-t2-featured-template-post\"><a class=\"nb-post-link  wp-block-nb-post-link\" href=\"https:\/\/beta.bibliotekutvikling.no\/abmdig\/2022\/06\/07\/klargjoring-av-foto\/\">\n<figure class=\"nb-post-featured-image has-image-ratio-16-9 wp-block-nb-post-featured-image\"><img loading=\"lazy\" decoding=\"async\" width=\"768\" height=\"512\" src=\"https:\/\/beta.bibliotekutvikling.no\/content\/uploads\/sites\/14\/2022\/05\/Fotoklargjoring-Moss-Dagblad-768x512.jpg\" class=\"attachment-medium_large size-medium_large wp-post-image\" alt=\"Klargj\u00f8ring av fotosamling for digitalisering\" srcset=\"https:\/\/beta.bibliotekutvikling.no\/content\/uploads\/sites\/14\/2022\/05\/Fotoklargjoring-Moss-Dagblad-768x512.jpg 768w, https:\/\/beta.bibliotekutvikling.no\/content\/uploads\/sites\/14\/2022\/05\/Fotoklargjoring-Moss-Dagblad-300x200.jpg 300w, https:\/\/beta.bibliotekutvikling.no\/content\/uploads\/sites\/14\/2022\/05\/Fotoklargjoring-Moss-Dagblad-1024x683.jpg 1024w, https:\/\/beta.bibliotekutvikling.no\/content\/uploads\/sites\/14\/2022\/05\/Fotoklargjoring-Moss-Dagblad-1536x1024.jpg 1536w, https:\/\/beta.bibliotekutvikling.no\/content\/uploads\/sites\/14\/2022\/05\/Fotoklargjoring-Moss-Dagblad-2048x1365.jpg 2048w\" sizes=\"auto, (min-width: 1200px) 384px, (min-width: 700px) 33vw, 350px\" \/><\/figure>\n\n<div class=\"wp-block-group alignfull is-layout-flow wp-block-group-is-layout-flow\">\n\t<div class=\"nb-post-label wp-block-nb-post-label\">Nyheter<\/div>\n\t<h2 class=\"t2-post-title wp-block-t2-post-title\">Klargj\u00f8ring av foto<\/h2>\n\t<div class=\"nb-post-excerpt wp-block-nb-post-excerpt\">07.06.2022<\/div>\n\t\n\t\n<\/div>\n\n<\/a>\n<\/div>\n<\/li><li class=\"wp-block-post post-1987 post type-post status-publish format-standard has-post-thumbnail hentry category-nyheter\">\n<div class=\"t2-featured-template-post t2-featured-content is-post-type-post category-nyheter wp-block-t2-featured-template-post\"><a class=\"nb-post-link  wp-block-nb-post-link\" href=\"https:\/\/beta.bibliotekutvikling.no\/abmdig\/2022\/06\/02\/velkommen-til-abm-konferanse\/\">\n<figure class=\"nb-post-featured-image has-image-ratio-16-9 wp-block-nb-post-featured-image\"><img loading=\"lazy\" decoding=\"async\" width=\"768\" height=\"571\" src=\"https:\/\/beta.bibliotekutvikling.no\/content\/uploads\/sites\/14\/2022\/06\/NBR_drone_janingelarsen-768x571.jpg\" class=\"attachment-medium_large size-medium_large wp-post-image\" alt=\"Nasjonalbibliotekets bygg i Mo i Rana\" srcset=\"https:\/\/beta.bibliotekutvikling.no\/content\/uploads\/sites\/14\/2022\/06\/NBR_drone_janingelarsen-768x571.jpg 768w, https:\/\/beta.bibliotekutvikling.no\/content\/uploads\/sites\/14\/2022\/06\/NBR_drone_janingelarsen-300x223.jpg 300w, https:\/\/beta.bibliotekutvikling.no\/content\/uploads\/sites\/14\/2022\/06\/NBR_drone_janingelarsen-1024x761.jpg 1024w, https:\/\/beta.bibliotekutvikling.no\/content\/uploads\/sites\/14\/2022\/06\/NBR_drone_janingelarsen-1536x1142.jpg 1536w, https:\/\/beta.bibliotekutvikling.no\/content\/uploads\/sites\/14\/2022\/06\/NBR_drone_janingelarsen-2048x1523.jpg 2048w\" sizes=\"auto, (min-width: 1200px) 384px, (min-width: 700px) 33vw, 350px\" \/><\/figure>\n\n<div class=\"wp-block-group alignfull is-layout-flow wp-block-group-is-layout-flow\">\n\t<div class=\"nb-post-label wp-block-nb-post-label\">Nyheter<\/div>\n\t<h2 class=\"t2-post-title wp-block-t2-post-title\">Velkommen til ABM-konferanse<\/h2>\n\t<div class=\"nb-post-excerpt wp-block-nb-post-excerpt\">02.06.2022<\/div>\n\t\n\t\n<\/div>\n\n<\/a>\n<\/div>\n<\/li><li class=\"wp-block-post post-1970 post type-post status-publish format-standard has-post-thumbnail hentry category-nyheter\">\n<div class=\"t2-featured-template-post t2-featured-content is-post-type-post category-nyheter wp-block-t2-featured-template-post\"><a class=\"nb-post-link  wp-block-nb-post-link\" href=\"https:\/\/beta.bibliotekutvikling.no\/abmdig\/2022\/04\/10\/innforing-i-reglane-for-korrekt-bruk-av-bilete-pa-nettet\/\">\n<figure class=\"nb-post-featured-image has-image-ratio-16-9 wp-block-nb-post-featured-image\"><img loading=\"lazy\" decoding=\"async\" width=\"768\" height=\"573\" src=\"https:\/\/beta.bibliotekutvikling.no\/content\/uploads\/sites\/14\/2022\/03\/Anders-Beer-Wilse-_-Knut-og-Marie-Hamsun-768x573.jpg\" class=\"attachment-medium_large size-medium_large wp-post-image\" alt=\"Knut og Marie Hamsun p\u00e5 bilde av Anders Beer Wilse\" srcset=\"https:\/\/beta.bibliotekutvikling.no\/content\/uploads\/sites\/14\/2022\/03\/Anders-Beer-Wilse-_-Knut-og-Marie-Hamsun-768x573.jpg 768w, https:\/\/beta.bibliotekutvikling.no\/content\/uploads\/sites\/14\/2022\/03\/Anders-Beer-Wilse-_-Knut-og-Marie-Hamsun-300x224.jpg 300w, https:\/\/beta.bibliotekutvikling.no\/content\/uploads\/sites\/14\/2022\/03\/Anders-Beer-Wilse-_-Knut-og-Marie-Hamsun-1024x764.jpg 1024w, https:\/\/beta.bibliotekutvikling.no\/content\/uploads\/sites\/14\/2022\/03\/Anders-Beer-Wilse-_-Knut-og-Marie-Hamsun-1536x1146.jpg 1536w, https:\/\/beta.bibliotekutvikling.no\/content\/uploads\/sites\/14\/2022\/03\/Anders-Beer-Wilse-_-Knut-og-Marie-Hamsun-2048x1529.jpg 2048w\" sizes=\"auto, (min-width: 1200px) 384px, (min-width: 700px) 33vw, 350px\" \/><\/figure>\n\n<div class=\"wp-block-group alignfull is-layout-flow wp-block-group-is-layout-flow\">\n\t<div class=\"nb-post-label wp-block-nb-post-label\">Nyheter<\/div>\n\t<h2 class=\"t2-post-title wp-block-t2-post-title\">Innf\u00f8ring i reglane for korrekt bruk av bilete p\u00e5 nettet<\/h2>\n\t<div class=\"nb-post-excerpt wp-block-nb-post-excerpt\">10.04.2022<\/div>\n\t\n\t\n<\/div>\n\n<\/a>\n<\/div>\n<\/li><li class=\"wp-block-post post-1948 post type-post status-publish format-standard has-post-thumbnail hentry category-nyheter\">\n<div class=\"t2-featured-template-post t2-featured-content is-post-type-post category-nyheter wp-block-t2-featured-template-post\"><a class=\"nb-post-link  wp-block-nb-post-link\" href=\"https:\/\/beta.bibliotekutvikling.no\/abmdig\/2022\/03\/28\/apning-av-ny-lesesal-hos-arbark\/\">\n<figure class=\"nb-post-featured-image has-image-ratio-16-9 wp-block-nb-post-featured-image\"><img loading=\"lazy\" decoding=\"async\" width=\"768\" height=\"576\" src=\"https:\/\/beta.bibliotekutvikling.no\/content\/uploads\/sites\/14\/2022\/03\/arbark-lesesalapning-III-768x576.jpg\" class=\"attachment-medium_large size-medium_large wp-post-image\" alt=\"LO-leder Peggy Hessen F\u00f8lsvik ved \u00e5pning av ny lesesal ved ARBARK\" srcset=\"https:\/\/beta.bibliotekutvikling.no\/content\/uploads\/sites\/14\/2022\/03\/arbark-lesesalapning-III-768x576.jpg 768w, https:\/\/beta.bibliotekutvikling.no\/content\/uploads\/sites\/14\/2022\/03\/arbark-lesesalapning-III-300x225.jpg 300w, https:\/\/beta.bibliotekutvikling.no\/content\/uploads\/sites\/14\/2022\/03\/arbark-lesesalapning-III-1024x768.jpg 1024w, https:\/\/beta.bibliotekutvikling.no\/content\/uploads\/sites\/14\/2022\/03\/arbark-lesesalapning-III-1536x1152.jpg 1536w, https:\/\/beta.bibliotekutvikling.no\/content\/uploads\/sites\/14\/2022\/03\/arbark-lesesalapning-III-2048x1536.jpg 2048w\" sizes=\"auto, (min-width: 1200px) 384px, (min-width: 700px) 33vw, 350px\" \/><\/figure>\n\n<div class=\"wp-block-group alignfull is-layout-flow wp-block-group-is-layout-flow\">\n\t<div class=\"nb-post-label wp-block-nb-post-label\">Nyheter<\/div>\n\t<h2 class=\"t2-post-title wp-block-t2-post-title\">Ny lesesal hos Arbark<\/h2>\n\t<div class=\"nb-post-excerpt wp-block-nb-post-excerpt\">28.03.2022<\/div>\n\t\n\t\n<\/div>\n\n<\/a>\n<\/div>\n<\/li><\/ul>\n\n<nav class=\"wp-block-query-pagination is-content-justification-center is-layout-flex wp-container-core-query-pagination-is-layout-a89b3969 wp-block-query-pagination-is-layout-flex\" aria-label=\"Sideinndeling\">\n\n\n<div class=\"wp-block-query-pagination-numbers\"><span aria-current=\"page\" class=\"page-numbers current\">1<\/span>\n<a class=\"page-numbers\" href=\"?query-1-page=2\">2<\/a><\/div>\n\n<a href=\"\/abmdig\/wp-json\/wp\/v2\/pages\/605?query-1-page=2\" class=\"wp-block-query-pagination-next\"><span class=\"label\" aria-hidden=\"true\">\n\t\t\t\t\t\t\tNeste\n\t\t\t\t\t\t<\/span>\n\t\t\t\t\t\t<span class=\"screen-reader-text\">\n\t\t\t\t\t\t\tNeste\n\t\t\t\t\t\t<\/span><svg xmlns=\"http:\/\/www.w3.org\/2000\/svg\" viewBox=\"0 0 24 24\" height=\"24\" width=\"24\" class=\"t2-icon t2-icon-arrow_forward\" aria-hidden=\"true\" focusable=\"false\"><path d=\"M5 13h11.17l-4.88 4.88c-.39.39-.39 1.03 0 1.42.39.39 1.02.39 1.41 0l6.59-6.59c.39-.39.39-1.02 0-1.41l-6.58-6.6c-.39-.39-1.02-.39-1.41 0-.39.39-.39 1.02 0 1.41L16.17 11H5c-.55 0-1 .45-1 1s.45 1 1 1z\" fill=\"currentColor\" \/><\/svg><\/a>\n<\/nav><\/div>\n","protected":false},"excerpt":{"rendered":"","protected":false},"author":5117,"featured_media":0,"parent":0,"menu_order":0,"comment_status":"closed","ping_status":"closed","template":"","meta":{"nb_hide_title":false,"sub_navigation_option":"","sub_navigation_custom_items":null,"footnotes":""},"class_list":["post-605","page","type-page","status-publish","hentry"],"yoast_head":"<!-- This site is optimized with the Yoast SEO Premium plugin v27.1 (Yoast SEO v27.1.1) - https:\/\/yoast.com\/product\/yoast-seo-premium-wordpress\/ -->\n<title>Nyheter - Kulturarvdigitalisering<\/title>\n<meta name=\"robots\" content=\"index, follow, max-snippet:-1, max-image-preview:large, max-video-preview:-1\" \/>\n<link rel=\"canonical\" href=\"https:\/\/beta.bibliotekutvikling.no\/abmdig\/nyheter-fra-senter-for-kulturarvdigitalisering\/\" \/>\n<link rel=\"next\" href=\"https:\/\/beta.bibliotekutvikling.no\/abmdig\/nyheter-fra-senter-for-kulturarvdigitalisering\/605?query-1-page=2\" \/>\n<meta property=\"og:locale\" content=\"nb_NO\" \/>\n<meta property=\"og:type\" content=\"article\" \/>\n<meta property=\"og:title\" content=\"Nyheter\" \/>\n<meta property=\"og:url\" content=\"https:\/\/beta.bibliotekutvikling.no\/abmdig\/nyheter-fra-senter-for-kulturarvdigitalisering\/\" \/>\n<meta property=\"og:site_name\" content=\"Kulturarvdigitalisering\" \/>\n<meta property=\"article:modified_time\" content=\"2022-12-01T10:16:45+00:00\" \/>\n<meta name=\"twitter:card\" content=\"summary_large_image\" \/>\n<script type=\"application\/ld+json\" class=\"yoast-schema-graph\">{\"@context\":\"https:\/\/schema.org\",\"@graph\":[{\"@type\":\"WebPage\",\"@id\":\"https:\/\/beta.bibliotekutvikling.no\/abmdig\/nyheter-fra-senter-for-kulturarvdigitalisering\/\",\"url\":\"https:\/\/beta.bibliotekutvikling.no\/abmdig\/nyheter-fra-senter-for-kulturarvdigitalisering\/\",\"name\":\"Nyheter - Kulturarvdigitalisering\",\"isPartOf\":{\"@id\":\"https:\/\/beta.bibliotekutvikling.no\/abmdig\/#website\"},\"datePublished\":\"2020-05-27T08:45:22+00:00\",\"dateModified\":\"2022-12-01T10:16:45+00:00\",\"breadcrumb\":{\"@id\":\"https:\/\/beta.bibliotekutvikling.no\/abmdig\/nyheter-fra-senter-for-kulturarvdigitalisering\/#breadcrumb\"},\"inLanguage\":\"nb-NO\",\"potentialAction\":[{\"@type\":\"ReadAction\",\"target\":[\"https:\/\/beta.bibliotekutvikling.no\/abmdig\/nyheter-fra-senter-for-kulturarvdigitalisering\/\"]}]},{\"@type\":\"BreadcrumbList\",\"@id\":\"https:\/\/beta.bibliotekutvikling.no\/abmdig\/nyheter-fra-senter-for-kulturarvdigitalisering\/#breadcrumb\",\"itemListElement\":[{\"@type\":\"ListItem\",\"position\":1,\"name\":\"Hjem\",\"item\":\"https:\/\/beta.bibliotekutvikling.no\/abmdig\/\"},{\"@type\":\"ListItem\",\"position\":2,\"name\":\"Nyheter\"}]},{\"@type\":\"WebSite\",\"@id\":\"https:\/\/beta.bibliotekutvikling.no\/abmdig\/#website\",\"url\":\"https:\/\/beta.bibliotekutvikling.no\/abmdig\/\",\"name\":\"Nasjonalbiblioteket | Kulturarvdigitalisering\",\"description\":\"\",\"potentialAction\":[{\"@type\":\"SearchAction\",\"target\":{\"@type\":\"EntryPoint\",\"urlTemplate\":\"https:\/\/beta.bibliotekutvikling.no\/abmdig\/?s={search_term_string}\"},\"query-input\":{\"@type\":\"PropertyValueSpecification\",\"valueRequired\":true,\"valueName\":\"search_term_string\"}}],\"inLanguage\":\"nb-NO\"}]}<\/script>\n<!-- \/ Yoast SEO Premium plugin. -->","yoast_head_json":{"title":"Nyheter - Kulturarvdigitalisering","robots":{"index":"index","follow":"follow","max-snippet":"max-snippet:-1","max-image-preview":"max-image-preview:large","max-video-preview":"max-video-preview:-1"},"canonical":"https:\/\/beta.bibliotekutvikling.no\/abmdig\/nyheter-fra-senter-for-kulturarvdigitalisering\/","next":"https:\/\/beta.bibliotekutvikling.no\/abmdig\/nyheter-fra-senter-for-kulturarvdigitalisering\/605?query-1-page=2","og_locale":"nb_NO","og_type":"article","og_title":"Nyheter","og_url":"https:\/\/beta.bibliotekutvikling.no\/abmdig\/nyheter-fra-senter-for-kulturarvdigitalisering\/","og_site_name":"Kulturarvdigitalisering","article_modified_time":"2022-12-01T10:16:45+00:00","twitter_card":"summary_large_image","schema":{"@context":"https:\/\/schema.org","@graph":[{"@type":"WebPage","@id":"https:\/\/beta.bibliotekutvikling.no\/abmdig\/nyheter-fra-senter-for-kulturarvdigitalisering\/","url":"https:\/\/beta.bibliotekutvikling.no\/abmdig\/nyheter-fra-senter-for-kulturarvdigitalisering\/","name":"Nyheter - Kulturarvdigitalisering","isPartOf":{"@id":"https:\/\/beta.bibliotekutvikling.no\/abmdig\/#website"},"datePublished":"2020-05-27T08:45:22+00:00","dateModified":"2022-12-01T10:16:45+00:00","breadcrumb":{"@id":"https:\/\/beta.bibliotekutvikling.no\/abmdig\/nyheter-fra-senter-for-kulturarvdigitalisering\/#breadcrumb"},"inLanguage":"nb-NO","potentialAction":[{"@type":"ReadAction","target":["https:\/\/beta.bibliotekutvikling.no\/abmdig\/nyheter-fra-senter-for-kulturarvdigitalisering\/"]}]},{"@type":"BreadcrumbList","@id":"https:\/\/beta.bibliotekutvikling.no\/abmdig\/nyheter-fra-senter-for-kulturarvdigitalisering\/#breadcrumb","itemListElement":[{"@type":"ListItem","position":1,"name":"Hjem","item":"https:\/\/beta.bibliotekutvikling.no\/abmdig\/"},{"@type":"ListItem","position":2,"name":"Nyheter"}]},{"@type":"WebSite","@id":"https:\/\/beta.bibliotekutvikling.no\/abmdig\/#website","url":"https:\/\/beta.bibliotekutvikling.no\/abmdig\/","name":"Nasjonalbiblioteket | Kulturarvdigitalisering","description":"","potentialAction":[{"@type":"SearchAction","target":{"@type":"EntryPoint","urlTemplate":"https:\/\/beta.bibliotekutvikling.no\/abmdig\/?s={search_term_string}"},"query-input":{"@type":"PropertyValueSpecification","valueRequired":true,"valueName":"search_term_string"}}],"inLanguage":"nb-NO"}]}},"_links":{"self":[{"href":"https:\/\/beta.bibliotekutvikling.no\/abmdig\/wp-json\/wp\/v2\/pages\/605","targetHints":{"allow":["GET"]}}],"collection":[{"href":"https:\/\/beta.bibliotekutvikling.no\/abmdig\/wp-json\/wp\/v2\/pages"}],"about":[{"href":"https:\/\/beta.bibliotekutvikling.no\/abmdig\/wp-json\/wp\/v2\/types\/page"}],"author":[{"embeddable":true,"href":"https:\/\/beta.bibliotekutvikling.no\/abmdig\/wp-json\/wp\/v2\/users\/5117"}],"replies":[{"embeddable":true,"href":"https:\/\/beta.bibliotekutvikling.no\/abmdig\/wp-json\/wp\/v2\/comments?post=605"}],"version-history":[{"count":5,"href":"https:\/\/beta.bibliotekutvikling.no\/abmdig\/wp-json\/wp\/v2\/pages\/605\/revisions"}],"predecessor-version":[{"id":2136,"href":"https:\/\/beta.bibliotekutvikling.no\/abmdig\/wp-json\/wp\/v2\/pages\/605\/revisions\/2136"}],"wp:attachment":[{"href":"https:\/\/beta.bibliotekutvikling.no\/abmdig\/wp-json\/wp\/v2\/media?parent=605"}],"curies":[{"name":"wp","href":"https:\/\/api.w.org\/{rel}","templated":true}]}}