{"id":1251,"date":"2022-10-03T13:35:01","date_gmt":"2022-10-03T11:35:01","guid":{"rendered":"https:\/\/www.nb.no\/dfb\/?page_id=1251"},"modified":"2023-10-12T12:18:30","modified_gmt":"2023-10-12T10:18:30","slug":"ressurser-knyttet-til-sprakkafe","status":"publish","type":"page","link":"https:\/\/beta.bibliotekutvikling.no\/dfb\/vare-tilbud\/sprakkafe\/ressurser-knyttet-til-sprakkafe\/","title":{"rendered":"Informasjonsmateriell, brosjyrer og artikler om spr\u00e5kkaf\u00e9"},"content":{"rendered":"\n<h2 class=\"wp-block-heading has-text-align-left has-background-background-color has-background\" id=\"h-brosjyrer-og-informasjonsmateriell\">Brosjyrer og informasjonsmateriell<\/h2>\n\n\n\n<figure class=\"wp-block-image size-large\"><img loading=\"lazy\" decoding=\"async\" width=\"1024\" height=\"711\" src=\"https:\/\/www.nb.no\/content\/uploads\/sites\/25\/2022\/10\/a-motes-gjennom-litteraturen-1024x711.png\" alt=\"\" class=\"wp-image-1269\" srcset=\"https:\/\/beta.bibliotekutvikling.no\/content\/uploads\/sites\/17\/2022\/10\/a-motes-gjennom-litteraturen-1024x711.png 1024w, https:\/\/beta.bibliotekutvikling.no\/content\/uploads\/sites\/17\/2022\/10\/a-motes-gjennom-litteraturen-300x208.png 300w, https:\/\/beta.bibliotekutvikling.no\/content\/uploads\/sites\/17\/2022\/10\/a-motes-gjennom-litteraturen-768x533.png 768w, https:\/\/beta.bibliotekutvikling.no\/content\/uploads\/sites\/17\/2022\/10\/a-motes-gjennom-litteraturen-600x416.png 600w, https:\/\/beta.bibliotekutvikling.no\/content\/uploads\/sites\/17\/2022\/10\/a-motes-gjennom-litteraturen.png 1124w\" sizes=\"auto, (max-width: 1024px) 100vw, 1024px\" \/><\/figure>\n\n\n<ul class=\"t2-link-list has-3-items has-1-columns wp-block-t2-link-list\">\n\t<li class=\"t2-link-list-item wp-block-t2-link-list-item\">\n\t\t<a\n\t\t\thref=\"\/content\/uploads\/sites\/17\/2022\/09\/aa_motes_gjennom_litteraturen_haandbok.pdf\"\n\t\t\tclass=\"t2-link-list-item__link t2-link-list__icon--right\"\n\t\t\trel=\"noreferrer noopener\" target=\"_blank\"\t\t>\n\t\t\t<span class=\"t2-link-list-item__icon\"><span class=\"t2-link-list-item__icon-box\"><\/span><svg xmlns=\"http:\/\/www.w3.org\/2000\/svg\" viewBox=\"0 0 24 24\" height=\"24\" width=\"24\" class=\"t2-icon t2-icon-external\" aria-hidden=\"true\" focusable=\"false\"><path d=\"M19 19H5V5h7V3H3v18h18v-9h-2v7zM14 3v2h3.6l-9.8 9.8 1.4 1.4L19 6.4V10h2V3h-7z\"\/><\/svg><\/span>\t\t\t<div class=\"t2-link-list-item__content\">\n\n\t\t\t\t\n\t\t\t\t<span id=\"link-list-item-text\" class=\"t2-link-list-item__text\">\n\t\t\t\t\t\u00c5 m\u00f8tes gjennom litteraturen \u2013 en h\u00e5ndbok i spr\u00e5kkafeer\t\t\t\t<\/span>\n\t\t\t\t<span id=\"link-list-item-description\" class=\"t2-link-list-item__description\">Av Veronika Salinas for Leser s\u00f8ker bok <\/span>\t\t\t<\/div>\n\t\t<\/a>\n\t<\/li>\n\t\n\n\t<li class=\"t2-link-list-item wp-block-t2-link-list-item\">\n\t\t<a\n\t\t\thref=\"\/content\/uploads\/sites\/17\/2022\/09\/idehefte_spraakkafe_toyenbibliotek2016.pdf\"\n\t\t\tclass=\"t2-link-list-item__link t2-link-list__icon--right\"\n\t\t\trel=\"noreferrer noopener\" target=\"_blank\"\t\t>\n\t\t\t<span class=\"t2-link-list-item__icon\"><span class=\"t2-link-list-item__icon-box\"><\/span><svg xmlns=\"http:\/\/www.w3.org\/2000\/svg\" viewBox=\"0 0 24 24\" height=\"24\" width=\"24\" class=\"t2-icon t2-icon-external\" aria-hidden=\"true\" focusable=\"false\"><path d=\"M19 19H5V5h7V3H3v18h18v-9h-2v7zM14 3v2h3.6l-9.8 9.8 1.4 1.4L19 6.4V10h2V3h-7z\"\/><\/svg><\/span>\t\t\t<div class=\"t2-link-list-item__content\">\n\n\t\t\t\t\n\t\t\t\t<span id=\"link-list-item-text-1\" class=\"t2-link-list-item__text\">\n\t\t\t\t\tIdehefte til bruk i spr\u00e5kkafeer\t\t\t\t<\/span>\n\t\t\t\t<span id=\"link-list-item-description-1\" class=\"t2-link-list-item__description\">Av Ingeborg Margrete Andersen. T\u00f8yen bibliotek 2016<\/span>\t\t\t<\/div>\n\t\t<\/a>\n\t<\/li>\n\t\n\n\t<li class=\"t2-link-list-item wp-block-t2-link-list-item\">\n\t\t<a\n\t\t\thref=\"\/content\/uploads\/sites\/17\/2022\/09\/slabberas-2017.pdf\"\n\t\t\tclass=\"t2-link-list-item__link t2-link-list__icon--right\"\n\t\t\trel=\"noreferrer noopener\" target=\"_blank\"\t\t>\n\t\t\t<span class=\"t2-link-list-item__icon\"><span class=\"t2-link-list-item__icon-box\"><\/span><svg xmlns=\"http:\/\/www.w3.org\/2000\/svg\" viewBox=\"0 0 24 24\" height=\"24\" width=\"24\" class=\"t2-icon t2-icon-external\" aria-hidden=\"true\" focusable=\"false\"><path d=\"M19 19H5V5h7V3H3v18h18v-9h-2v7zM14 3v2h3.6l-9.8 9.8 1.4 1.4L19 6.4V10h2V3h-7z\"\/><\/svg><\/span>\t\t\t<div class=\"t2-link-list-item__content\">\n\n\t\t\t\t\n\t\t\t\t<span id=\"link-list-item-text-2\" class=\"t2-link-list-item__text\">\n\t\t\t\t\tSlabberas\t\t\t\t<\/span>\n\t\t\t\t<span id=\"link-list-item-description-2\" class=\"t2-link-list-item__description\">Brosjyrer laget etter nasjonal konferanse om spr\u00e5kkaf\u00e9er. 2017<\/span>\t\t\t<\/div>\n\t\t<\/a>\n\t<\/li>\n\t\n<\/ul>\n\n\n<h2 class=\"wp-block-heading\" id=\"h-artikler-og-rapporter\">Artikler og rapporter <\/h2>\n\n\n<ul class=\"t2-link-list has-6-items has-1-columns wp-block-t2-link-list\">\n\t<li class=\"t2-link-list-item wp-block-t2-link-list-item\">\n\t\t<a\n\t\t\thref=\"\/content\/uploads\/sites\/17\/2022\/09\/rapportsprakkafe_flerkult.pdf\"\n\t\t\tclass=\"t2-link-list-item__link t2-link-list__icon--right\"\n\t\t\t\t\t>\n\t\t\t<span class=\"t2-link-list-item__icon\"><span class=\"t2-link-list-item__icon-box\"><\/span><svg xmlns=\"http:\/\/www.w3.org\/2000\/svg\" viewBox=\"0 0 24 24\" height=\"24\" width=\"24\" class=\"t2-icon t2-icon-external\" aria-hidden=\"true\" focusable=\"false\"><path d=\"M19 19H5V5h7V3H3v18h18v-9h-2v7zM14 3v2h3.6l-9.8 9.8 1.4 1.4L19 6.4V10h2V3h-7z\"\/><\/svg><\/span>\t\t\t<div class=\"t2-link-list-item__content\">\n\n\t\t\t\t\n\t\t\t\t<span id=\"link-list-item-text-3\" class=\"t2-link-list-item__text\">\n\t\t\t\t\tSp\u00f8rreunders\u00f8kelse om spr\u00e5kkafeer foretatt i 2018 av FlerKult\u00a0\t\t\t\t<\/span>\n\t\t\t\t\t\t\t<\/div>\n\t\t<\/a>\n\t<\/li>\n\t\n\n\t<li class=\"t2-link-list-item wp-block-t2-link-list-item\">\n\t\t<a\n\t\t\thref=\"\/content\/uploads\/sites\/17\/2022\/10\/prat_les_klikk.pdf\"\n\t\t\tclass=\"t2-link-list-item__link t2-link-list__icon--right\"\n\t\t\t\t\t>\n\t\t\t<span class=\"t2-link-list-item__icon\"><span class=\"t2-link-list-item__icon-box\"><\/span><svg xmlns=\"http:\/\/www.w3.org\/2000\/svg\" viewBox=\"0 0 24 24\" height=\"24\" width=\"24\" class=\"t2-icon t2-icon-external\" aria-hidden=\"true\" focusable=\"false\"><path d=\"M19 19H5V5h7V3H3v18h18v-9h-2v7zM14 3v2h3.6l-9.8 9.8 1.4 1.4L19 6.4V10h2V3h-7z\"\/><\/svg><\/span>\t\t\t<div class=\"t2-link-list-item__content\">\n\n\t\t\t\t\n\t\t\t\t<span id=\"link-list-item-text-4\" class=\"t2-link-list-item__text\">\n\t\t\t\t\tPrat, les, klikk &#8211; Biblioteket som integreringsarena \/\u00a0 Folkebibliotekene i Oslo, Bergen, Trondheim, Stavanger og Kristiansand\u00a0\t\t\t\t<\/span>\n\t\t\t\t\t\t\t<\/div>\n\t\t<\/a>\n\t<\/li>\n\t\n\n\t<li class=\"t2-link-list-item wp-block-t2-link-list-item\">\n\t\t<a\n\t\t\thref=\"https:\/\/bokogbibliotek.no\/nr-3-2015\/sprakkafe-et-nytt-bibliotektilbud-145\/\"\n\t\t\tclass=\"t2-link-list-item__link t2-link-list__icon--right\"\n\t\t\t\t\t>\n\t\t\t<span class=\"t2-link-list-item__icon\"><span class=\"t2-link-list-item__icon-box\"><\/span><svg xmlns=\"http:\/\/www.w3.org\/2000\/svg\" viewBox=\"0 0 24 24\" height=\"24\" width=\"24\" class=\"t2-icon t2-icon-external\" aria-hidden=\"true\" focusable=\"false\"><path d=\"M19 19H5V5h7V3H3v18h18v-9h-2v7zM14 3v2h3.6l-9.8 9.8 1.4 1.4L19 6.4V10h2V3h-7z\"\/><\/svg><\/span>\t\t\t<div class=\"t2-link-list-item__content\">\n\n\t\t\t\t\n\t\t\t\t<span id=\"link-list-item-text-5\" class=\"t2-link-list-item__text\">\n\t\t\t\t\tSpr\u00e5kkaf\u00e9 &#8211; et nytt bibliotektilbud. Artikkel i Bok og bibliotek nr. 3. 2015\t\t\t\t<\/span>\n\t\t\t\t\t\t\t<\/div>\n\t\t<\/a>\n\t<\/li>\n\t\n\n\t<li class=\"t2-link-list-item wp-block-t2-link-list-item\">\n\t\t<a\n\t\t\thref=\"https:\/\/bibliotekutvikling.no\/content\/uploads\/sites\/17\/2022\/10\/supporting_immigrants_political_integration.pdf\"\n\t\t\tclass=\"t2-link-list-item__link t2-link-list__icon--right\"\n\t\t\t\t\t>\n\t\t\t<span class=\"t2-link-list-item__icon\"><span class=\"t2-link-list-item__icon-box\"><\/span><svg xmlns=\"http:\/\/www.w3.org\/2000\/svg\" viewBox=\"0 0 24 24\" height=\"24\" width=\"24\" class=\"t2-icon t2-icon-external\" aria-hidden=\"true\" focusable=\"false\"><path d=\"M19 19H5V5h7V3H3v18h18v-9h-2v7zM14 3v2h3.6l-9.8 9.8 1.4 1.4L19 6.4V10h2V3h-7z\"\/><\/svg><\/span>\t\t\t<div class=\"t2-link-list-item__content\">\n\n\t\t\t\t\n\t\t\t\t<span id=\"link-list-item-text-6\" class=\"t2-link-list-item__text\">\n\t\t\t\t\tSupporting immigrants\u2019 political integration through discussion and debate in public libraries \/ Jamie Johnston, Ragnar Audunson\u00a0\t\t\t\t<\/span>\n\t\t\t\t\t\t\t<\/div>\n\t\t<\/a>\n\t<\/li>\n\t\n\n\t<li class=\"t2-link-list-item wp-block-t2-link-list-item\">\n\t\t<a\n\t\t\thref=\"\/content\/uploads\/sites\/17\/2022\/10\/friendship_potential.pdf\"\n\t\t\tclass=\"t2-link-list-item__link t2-link-list__icon--right\"\n\t\t\t\t\t>\n\t\t\t<span class=\"t2-link-list-item__icon\"><span class=\"t2-link-list-item__icon-box\"><\/span><svg xmlns=\"http:\/\/www.w3.org\/2000\/svg\" viewBox=\"0 0 24 24\" height=\"24\" width=\"24\" class=\"t2-icon t2-icon-external\" aria-hidden=\"true\" focusable=\"false\"><path d=\"M19 19H5V5h7V3H3v18h18v-9h-2v7zM14 3v2h3.6l-9.8 9.8 1.4 1.4L19 6.4V10h2V3h-7z\"\/><\/svg><\/span>\t\t\t<div class=\"t2-link-list-item__content\">\n\n\t\t\t\t\n\t\t\t\t<span id=\"link-list-item-text-7\" class=\"t2-link-list-item__text\">\n\t\t\t\t\tFriendship potential : Conversation-based programming and immigrant integration \/ Jamie Johnston\u00a0\t\t\t\t<\/span>\n\t\t\t\t\t\t\t<\/div>\n\t\t<\/a>\n\t<\/li>\n\t\n\n\t<li class=\"t2-link-list-item wp-block-t2-link-list-item\">\n\t\t<a\n\t\t\thref=\"\/content\/uploads\/sites\/17\/2022\/09\/conversation_based_programming.pdf\"\n\t\t\tclass=\"t2-link-list-item__link t2-link-list__icon--right\"\n\t\t\t\t\t>\n\t\t\t<span class=\"t2-link-list-item__icon\"><span class=\"t2-link-list-item__icon-box\"><\/span><svg xmlns=\"http:\/\/www.w3.org\/2000\/svg\" viewBox=\"0 0 24 24\" height=\"24\" width=\"24\" class=\"t2-icon t2-icon-external\" aria-hidden=\"true\" focusable=\"false\"><path d=\"M19 19H5V5h7V3H3v18h18v-9h-2v7zM14 3v2h3.6l-9.8 9.8 1.4 1.4L19 6.4V10h2V3h-7z\"\/><\/svg><\/span>\t\t\t<div class=\"t2-link-list-item__content\">\n\n\t\t\t\t\n\t\t\t\t<span id=\"link-list-item-text-8\" class=\"t2-link-list-item__text\">\n\t\t\t\t\tThe use of conversation-based programming in public libraries to support integration in increasingly multiethnic societies \/ Jamie Johnston\u00a0\t\t\t\t<\/span>\n\t\t\t\t\t\t\t<\/div>\n\t\t<\/a>\n\t<\/li>\n\t\n<\/ul>\n\n\n<h2 class=\"wp-block-heading\" id=\"h-visuell-profil-til-fri-bruk\">Visuell profil til fri bruk <\/h2>\n\n\n\n<figure class=\"wp-block-image size-large\"><img loading=\"lazy\" decoding=\"async\" width=\"1024\" height=\"576\" src=\"https:\/\/www.nb.no\/content\/uploads\/sites\/25\/2022\/09\/sprakkafebanner_web-1024x576.jpg\" alt=\"\" class=\"wp-image-1046\" srcset=\"https:\/\/beta.bibliotekutvikling.no\/content\/uploads\/sites\/17\/2022\/09\/sprakkafebanner_web-1024x576.jpg 1024w, https:\/\/beta.bibliotekutvikling.no\/content\/uploads\/sites\/17\/2022\/09\/sprakkafebanner_web-300x169.jpg 300w, https:\/\/beta.bibliotekutvikling.no\/content\/uploads\/sites\/17\/2022\/09\/sprakkafebanner_web-768x432.jpg 768w, https:\/\/beta.bibliotekutvikling.no\/content\/uploads\/sites\/17\/2022\/09\/sprakkafebanner_web-600x338.jpg 600w, https:\/\/beta.bibliotekutvikling.no\/content\/uploads\/sites\/17\/2022\/09\/sprakkafebanner_web.jpg 1280w\" sizes=\"auto, (max-width: 1024px) 100vw, 1024px\" \/><\/figure>\n\n\n<ul class=\"t2-link-list has-4-items has-1-columns wp-block-t2-link-list\">\n\t<li class=\"t2-link-list-item wp-block-t2-link-list-item\">\n\t\t<a\n\t\t\thref=\"\/content\/uploads\/sites\/17\/2022\/09\/sprakkafe_logo_til_web1.jpg\"\n\t\t\tclass=\"t2-link-list-item__link t2-link-list__icon--right\"\n\t\t\trel=\"noreferrer noopener\" target=\"_blank\"\t\t>\n\t\t\t<span class=\"t2-link-list-item__icon\"><span class=\"t2-link-list-item__icon-box\"><\/span><svg xmlns=\"http:\/\/www.w3.org\/2000\/svg\" viewBox=\"0 0 24 24\" height=\"24\" width=\"24\" class=\"t2-icon t2-icon-external\" aria-hidden=\"true\" focusable=\"false\"><path d=\"M19 19H5V5h7V3H3v18h18v-9h-2v7zM14 3v2h3.6l-9.8 9.8 1.4 1.4L19 6.4V10h2V3h-7z\"\/><\/svg><\/span>\t\t\t<div class=\"t2-link-list-item__content\">\n\n\t\t\t\t\n\t\t\t\t<span id=\"link-list-item-text-9\" class=\"t2-link-list-item__text\">\n\t\t\t\t\tSpr\u00e5kkaf\u00e9- Logo til web horisontal\t\t\t\t<\/span>\n\t\t\t\t\t\t\t<\/div>\n\t\t<\/a>\n\t<\/li>\n\t\n\n\t<li class=\"t2-link-list-item wp-block-t2-link-list-item\">\n\t\t<a\n\t\t\thref=\"\/content\/uploads\/sites\/17\/2022\/09\/sprakkafe_logo_til_web2.jpg\"\n\t\t\tclass=\"t2-link-list-item__link t2-link-list__icon--right\"\n\t\t\trel=\"noreferrer noopener\" target=\"_blank\"\t\t>\n\t\t\t<span class=\"t2-link-list-item__icon\"><span class=\"t2-link-list-item__icon-box\"><\/span><svg xmlns=\"http:\/\/www.w3.org\/2000\/svg\" viewBox=\"0 0 24 24\" height=\"24\" width=\"24\" class=\"t2-icon t2-icon-external\" aria-hidden=\"true\" focusable=\"false\"><path d=\"M19 19H5V5h7V3H3v18h18v-9h-2v7zM14 3v2h3.6l-9.8 9.8 1.4 1.4L19 6.4V10h2V3h-7z\"\/><\/svg><\/span>\t\t\t<div class=\"t2-link-list-item__content\">\n\n\t\t\t\t\n\t\t\t\t<span id=\"link-list-item-text-10\" class=\"t2-link-list-item__text\">\n\t\t\t\t\tSpr\u00e5kkaf\u00e9 &#8211; Logo til web kvadrat\t\t\t\t<\/span>\n\t\t\t\t\t\t\t<\/div>\n\t\t<\/a>\n\t<\/li>\n\t\n\n\t<li class=\"t2-link-list-item wp-block-t2-link-list-item\">\n\t\t<a\n\t\t\thref=\"https:\/\/www.nb.no\/content\/uploads\/sites\/25\/2022\/09\/sprakkafebanner_web.jpg\"\n\t\t\tclass=\"t2-link-list-item__link t2-link-list__icon--right\"\n\t\t\trel=\"noreferrer noopener\" target=\"_blank\"\t\t>\n\t\t\t<span class=\"t2-link-list-item__icon\"><span class=\"t2-link-list-item__icon-box\"><\/span><svg xmlns=\"http:\/\/www.w3.org\/2000\/svg\" viewBox=\"0 0 24 24\" height=\"24\" width=\"24\" class=\"t2-icon t2-icon-external\" aria-hidden=\"true\" focusable=\"false\"><path d=\"M19 19H5V5h7V3H3v18h18v-9h-2v7zM14 3v2h3.6l-9.8 9.8 1.4 1.4L19 6.4V10h2V3h-7z\"\/><\/svg><\/span>\t\t\t<div class=\"t2-link-list-item__content\">\n\n\t\t\t\t\n\t\t\t\t<span id=\"link-list-item-text-11\" class=\"t2-link-list-item__text\">\n\t\t\t\t\tSpr\u00e5kkaf\u00e9 &#8211; Banner web\t\t\t\t<\/span>\n\t\t\t\t\t\t\t<\/div>\n\t\t<\/a>\n\t<\/li>\n\t\n\n\t<li class=\"t2-link-list-item wp-block-t2-link-list-item\">\n\t\t<a\n\t\t\thref=\"\/content\/uploads\/sites\/17\/2022\/09\/sprakkafe_farger_trykk.pdf\"\n\t\t\tclass=\"t2-link-list-item__link t2-link-list__icon--right\"\n\t\t\trel=\"noreferrer noopener\" target=\"_blank\"\t\t>\n\t\t\t<span class=\"t2-link-list-item__icon\"><span class=\"t2-link-list-item__icon-box\"><\/span><svg xmlns=\"http:\/\/www.w3.org\/2000\/svg\" viewBox=\"0 0 24 24\" height=\"24\" width=\"24\" class=\"t2-icon t2-icon-external\" aria-hidden=\"true\" focusable=\"false\"><path d=\"M19 19H5V5h7V3H3v18h18v-9h-2v7zM14 3v2h3.6l-9.8 9.8 1.4 1.4L19 6.4V10h2V3h-7z\"\/><\/svg><\/span>\t\t\t<div class=\"t2-link-list-item__content\">\n\n\t\t\t\t\n\t\t\t\t<span id=\"link-list-item-text-12\" class=\"t2-link-list-item__text\">\n\t\t\t\t\tSpr\u00e5kkaf\u00e9 &#8211; trykk\t\t\t\t<\/span>\n\t\t\t\t\t\t\t<\/div>\n\t\t<\/a>\n\t<\/li>\n\t\n<\/ul>\n\n\n<p><strong>Har du noe infomateriale som andre kan gjenbruke?<\/strong><\/p>\n\n\n\n<p>Send det til oss p\u00e5&nbsp;<a href=\"mailto:dfb@nb.no\">dfb@nb.no<\/a><\/p>\n","protected":false},"excerpt":{"rendered":"","protected":false},"author":830,"featured_media":1046,"parent":726,"menu_order":0,"comment_status":"closed","ping_status":"closed","template":"","meta":{"nb_hide_title":false,"nb_breadcrumb_title_override":"","sub_navigation_option":"","sub_navigation_custom_items":[],"footnotes":""},"class_list":["post-1251","page","type-page","status-publish","has-post-thumbnail","hentry"],"yoast_head":"<!-- This site is optimized with the Yoast SEO Premium plugin v27.1 (Yoast SEO v27.1.1) - https:\/\/yoast.com\/product\/yoast-seo-premium-wordpress\/ -->\n<title>Informasjonsmateriell til spr\u00e5kkaf\u00e9<\/title>\n<meta name=\"description\" content=\"Informasjonsmateriell, brosjyrer og artikler knyttet til det \u00e5 drive spr\u00e5kkaf\u00e9 i biblioteket\" \/>\n<meta name=\"robots\" content=\"index, follow, max-snippet:-1, max-image-preview:large, max-video-preview:-1\" \/>\n<link rel=\"canonical\" href=\"https:\/\/beta.bibliotekutvikling.no\/dfb\/vare-tilbud\/sprakkafe\/ressurser-knyttet-til-sprakkafe\/\" \/>\n<meta property=\"og:locale\" content=\"nb_NO\" \/>\n<meta property=\"og:type\" content=\"article\" \/>\n<meta property=\"og:title\" content=\"Informasjonsmateriell, brosjyrer og artikler om spr\u00e5kkaf\u00e9\" \/>\n<meta property=\"og:description\" content=\"Informasjonsmateriell, brosjyrer og artikler knyttet til det \u00e5 drive spr\u00e5kkaf\u00e9 i biblioteket\" \/>\n<meta property=\"og:url\" content=\"https:\/\/beta.bibliotekutvikling.no\/dfb\/vare-tilbud\/sprakkafe\/ressurser-knyttet-til-sprakkafe\/\" \/>\n<meta property=\"og:site_name\" content=\"Det flerspr\u00e5klige bibliotek\" \/>\n<meta property=\"article:publisher\" content=\"https:\/\/www.facebook.com\/profile.php?id=100066429046602\" \/>\n<meta property=\"article:modified_time\" content=\"2023-10-12T10:18:30+00:00\" \/>\n<meta property=\"og:image\" content=\"https:\/\/beta.bibliotekutvikling.no\/content\/uploads\/sites\/17\/2022\/09\/sprakkafebanner_web.jpg\" \/>\n\t<meta property=\"og:image:width\" content=\"1280\" \/>\n\t<meta property=\"og:image:height\" content=\"720\" \/>\n\t<meta property=\"og:image:type\" content=\"image\/jpeg\" \/>\n<meta name=\"twitter:card\" content=\"summary_large_image\" \/>\n<script type=\"application\/ld+json\" class=\"yoast-schema-graph\">{\"@context\":\"https:\/\/schema.org\",\"@graph\":[{\"@type\":\"WebPage\",\"@id\":\"https:\/\/beta.bibliotekutvikling.no\/dfb\/vare-tilbud\/sprakkafe\/ressurser-knyttet-til-sprakkafe\/\",\"url\":\"https:\/\/beta.bibliotekutvikling.no\/dfb\/vare-tilbud\/sprakkafe\/ressurser-knyttet-til-sprakkafe\/\",\"name\":\"Informasjonsmateriell til spr\u00e5kkaf\u00e9\",\"isPartOf\":{\"@id\":\"https:\/\/beta.bibliotekutvikling.no\/dfb\/#website\"},\"primaryImageOfPage\":{\"@id\":\"https:\/\/beta.bibliotekutvikling.no\/dfb\/vare-tilbud\/sprakkafe\/ressurser-knyttet-til-sprakkafe\/#primaryimage\"},\"image\":{\"@id\":\"https:\/\/beta.bibliotekutvikling.no\/dfb\/vare-tilbud\/sprakkafe\/ressurser-knyttet-til-sprakkafe\/#primaryimage\"},\"thumbnailUrl\":\"https:\/\/beta.bibliotekutvikling.no\/content\/uploads\/sites\/17\/2022\/09\/sprakkafebanner_web.jpg\",\"datePublished\":\"2022-10-03T11:35:01+00:00\",\"dateModified\":\"2023-10-12T10:18:30+00:00\",\"description\":\"Informasjonsmateriell, brosjyrer og artikler knyttet til det \u00e5 drive spr\u00e5kkaf\u00e9 i biblioteket\",\"breadcrumb\":{\"@id\":\"https:\/\/beta.bibliotekutvikling.no\/dfb\/vare-tilbud\/sprakkafe\/ressurser-knyttet-til-sprakkafe\/#breadcrumb\"},\"inLanguage\":\"nb-NO\",\"potentialAction\":[{\"@type\":\"ReadAction\",\"target\":[\"https:\/\/beta.bibliotekutvikling.no\/dfb\/vare-tilbud\/sprakkafe\/ressurser-knyttet-til-sprakkafe\/\"]}]},{\"@type\":\"ImageObject\",\"inLanguage\":\"nb-NO\",\"@id\":\"https:\/\/beta.bibliotekutvikling.no\/dfb\/vare-tilbud\/sprakkafe\/ressurser-knyttet-til-sprakkafe\/#primaryimage\",\"url\":\"https:\/\/beta.bibliotekutvikling.no\/content\/uploads\/sites\/17\/2022\/09\/sprakkafebanner_web.jpg\",\"contentUrl\":\"https:\/\/beta.bibliotekutvikling.no\/content\/uploads\/sites\/17\/2022\/09\/sprakkafebanner_web.jpg\",\"width\":1280,\"height\":720},{\"@type\":\"BreadcrumbList\",\"@id\":\"https:\/\/beta.bibliotekutvikling.no\/dfb\/vare-tilbud\/sprakkafe\/ressurser-knyttet-til-sprakkafe\/#breadcrumb\",\"itemListElement\":[{\"@type\":\"ListItem\",\"position\":1,\"name\":\"Hjem\",\"item\":\"https:\/\/beta.bibliotekutvikling.no\/dfb\/\"},{\"@type\":\"ListItem\",\"position\":2,\"name\":\"Tilbud\",\"item\":\"https:\/\/beta.bibliotekutvikling.no\/dfb\/vare-tilbud\/\"},{\"@type\":\"ListItem\",\"position\":3,\"name\":\"Spr\u00e5kkaf\u00e9\",\"item\":\"https:\/\/beta.bibliotekutvikling.no\/dfb\/vare-tilbud\/sprakkafe\/\"},{\"@type\":\"ListItem\",\"position\":4,\"name\":\"Informasjonsmateriell, brosjyrer og artikler om spr\u00e5kkaf\u00e9\"}]},{\"@type\":\"WebSite\",\"@id\":\"https:\/\/beta.bibliotekutvikling.no\/dfb\/#website\",\"url\":\"https:\/\/beta.bibliotekutvikling.no\/dfb\/\",\"name\":\"Det flerspr\u00e5klige bibliotek\",\"description\":\"\",\"publisher\":{\"@id\":\"https:\/\/beta.bibliotekutvikling.no\/dfb\/#organization\"},\"potentialAction\":[{\"@type\":\"SearchAction\",\"target\":{\"@type\":\"EntryPoint\",\"urlTemplate\":\"https:\/\/beta.bibliotekutvikling.no\/dfb\/?s={search_term_string}\"},\"query-input\":{\"@type\":\"PropertyValueSpecification\",\"valueRequired\":true,\"valueName\":\"search_term_string\"}}],\"inLanguage\":\"nb-NO\"},{\"@type\":\"Organization\",\"@id\":\"https:\/\/beta.bibliotekutvikling.no\/dfb\/#organization\",\"name\":\"Det flerspr\u00e5klige bibliotek\",\"url\":\"https:\/\/beta.bibliotekutvikling.no\/dfb\/\",\"logo\":{\"@type\":\"ImageObject\",\"inLanguage\":\"nb-NO\",\"@id\":\"https:\/\/beta.bibliotekutvikling.no\/dfb\/#\/schema\/logo\/image\/\",\"url\":\"https:\/\/bibliotekutvikling.no\/content\/uploads\/sites\/17\/2022\/09\/dfb.svg\",\"contentUrl\":\"https:\/\/bibliotekutvikling.no\/content\/uploads\/sites\/17\/2022\/09\/dfb.svg\",\"width\":143,\"height\":65,\"caption\":\"Det flerspr\u00e5klige bibliotek\"},\"image\":{\"@id\":\"https:\/\/beta.bibliotekutvikling.no\/dfb\/#\/schema\/logo\/image\/\"},\"sameAs\":[\"https:\/\/www.facebook.com\/profile.php?id=100066429046602\"]}]}<\/script>\n<!-- \/ Yoast SEO Premium plugin. -->","yoast_head_json":{"title":"Informasjonsmateriell til spr\u00e5kkaf\u00e9","description":"Informasjonsmateriell, brosjyrer og artikler knyttet til det \u00e5 drive spr\u00e5kkaf\u00e9 i biblioteket","robots":{"index":"index","follow":"follow","max-snippet":"max-snippet:-1","max-image-preview":"max-image-preview:large","max-video-preview":"max-video-preview:-1"},"canonical":"https:\/\/beta.bibliotekutvikling.no\/dfb\/vare-tilbud\/sprakkafe\/ressurser-knyttet-til-sprakkafe\/","og_locale":"nb_NO","og_type":"article","og_title":"Informasjonsmateriell, brosjyrer og artikler om spr\u00e5kkaf\u00e9","og_description":"Informasjonsmateriell, brosjyrer og artikler knyttet til det \u00e5 drive spr\u00e5kkaf\u00e9 i biblioteket","og_url":"https:\/\/beta.bibliotekutvikling.no\/dfb\/vare-tilbud\/sprakkafe\/ressurser-knyttet-til-sprakkafe\/","og_site_name":"Det flerspr\u00e5klige bibliotek","article_publisher":"https:\/\/www.facebook.com\/profile.php?id=100066429046602","article_modified_time":"2023-10-12T10:18:30+00:00","og_image":[{"width":1280,"height":720,"url":"https:\/\/beta.bibliotekutvikling.no\/content\/uploads\/sites\/17\/2022\/09\/sprakkafebanner_web.jpg","type":"image\/jpeg"}],"twitter_card":"summary_large_image","schema":{"@context":"https:\/\/schema.org","@graph":[{"@type":"WebPage","@id":"https:\/\/beta.bibliotekutvikling.no\/dfb\/vare-tilbud\/sprakkafe\/ressurser-knyttet-til-sprakkafe\/","url":"https:\/\/beta.bibliotekutvikling.no\/dfb\/vare-tilbud\/sprakkafe\/ressurser-knyttet-til-sprakkafe\/","name":"Informasjonsmateriell til spr\u00e5kkaf\u00e9","isPartOf":{"@id":"https:\/\/beta.bibliotekutvikling.no\/dfb\/#website"},"primaryImageOfPage":{"@id":"https:\/\/beta.bibliotekutvikling.no\/dfb\/vare-tilbud\/sprakkafe\/ressurser-knyttet-til-sprakkafe\/#primaryimage"},"image":{"@id":"https:\/\/beta.bibliotekutvikling.no\/dfb\/vare-tilbud\/sprakkafe\/ressurser-knyttet-til-sprakkafe\/#primaryimage"},"thumbnailUrl":"https:\/\/beta.bibliotekutvikling.no\/content\/uploads\/sites\/17\/2022\/09\/sprakkafebanner_web.jpg","datePublished":"2022-10-03T11:35:01+00:00","dateModified":"2023-10-12T10:18:30+00:00","description":"Informasjonsmateriell, brosjyrer og artikler knyttet til det \u00e5 drive spr\u00e5kkaf\u00e9 i biblioteket","breadcrumb":{"@id":"https:\/\/beta.bibliotekutvikling.no\/dfb\/vare-tilbud\/sprakkafe\/ressurser-knyttet-til-sprakkafe\/#breadcrumb"},"inLanguage":"nb-NO","potentialAction":[{"@type":"ReadAction","target":["https:\/\/beta.bibliotekutvikling.no\/dfb\/vare-tilbud\/sprakkafe\/ressurser-knyttet-til-sprakkafe\/"]}]},{"@type":"ImageObject","inLanguage":"nb-NO","@id":"https:\/\/beta.bibliotekutvikling.no\/dfb\/vare-tilbud\/sprakkafe\/ressurser-knyttet-til-sprakkafe\/#primaryimage","url":"https:\/\/beta.bibliotekutvikling.no\/content\/uploads\/sites\/17\/2022\/09\/sprakkafebanner_web.jpg","contentUrl":"https:\/\/beta.bibliotekutvikling.no\/content\/uploads\/sites\/17\/2022\/09\/sprakkafebanner_web.jpg","width":1280,"height":720},{"@type":"BreadcrumbList","@id":"https:\/\/beta.bibliotekutvikling.no\/dfb\/vare-tilbud\/sprakkafe\/ressurser-knyttet-til-sprakkafe\/#breadcrumb","itemListElement":[{"@type":"ListItem","position":1,"name":"Hjem","item":"https:\/\/beta.bibliotekutvikling.no\/dfb\/"},{"@type":"ListItem","position":2,"name":"Tilbud","item":"https:\/\/beta.bibliotekutvikling.no\/dfb\/vare-tilbud\/"},{"@type":"ListItem","position":3,"name":"Spr\u00e5kkaf\u00e9","item":"https:\/\/beta.bibliotekutvikling.no\/dfb\/vare-tilbud\/sprakkafe\/"},{"@type":"ListItem","position":4,"name":"Informasjonsmateriell, brosjyrer og artikler om spr\u00e5kkaf\u00e9"}]},{"@type":"WebSite","@id":"https:\/\/beta.bibliotekutvikling.no\/dfb\/#website","url":"https:\/\/beta.bibliotekutvikling.no\/dfb\/","name":"Det flerspr\u00e5klige bibliotek","description":"","publisher":{"@id":"https:\/\/beta.bibliotekutvikling.no\/dfb\/#organization"},"potentialAction":[{"@type":"SearchAction","target":{"@type":"EntryPoint","urlTemplate":"https:\/\/beta.bibliotekutvikling.no\/dfb\/?s={search_term_string}"},"query-input":{"@type":"PropertyValueSpecification","valueRequired":true,"valueName":"search_term_string"}}],"inLanguage":"nb-NO"},{"@type":"Organization","@id":"https:\/\/beta.bibliotekutvikling.no\/dfb\/#organization","name":"Det flerspr\u00e5klige bibliotek","url":"https:\/\/beta.bibliotekutvikling.no\/dfb\/","logo":{"@type":"ImageObject","inLanguage":"nb-NO","@id":"https:\/\/beta.bibliotekutvikling.no\/dfb\/#\/schema\/logo\/image\/","url":"https:\/\/bibliotekutvikling.no\/content\/uploads\/sites\/17\/2022\/09\/dfb.svg","contentUrl":"https:\/\/bibliotekutvikling.no\/content\/uploads\/sites\/17\/2022\/09\/dfb.svg","width":143,"height":65,"caption":"Det flerspr\u00e5klige bibliotek"},"image":{"@id":"https:\/\/beta.bibliotekutvikling.no\/dfb\/#\/schema\/logo\/image\/"},"sameAs":["https:\/\/www.facebook.com\/profile.php?id=100066429046602"]}]}},"_links":{"self":[{"href":"https:\/\/beta.bibliotekutvikling.no\/dfb\/wp-json\/wp\/v2\/pages\/1251","targetHints":{"allow":["GET"]}}],"collection":[{"href":"https:\/\/beta.bibliotekutvikling.no\/dfb\/wp-json\/wp\/v2\/pages"}],"about":[{"href":"https:\/\/beta.bibliotekutvikling.no\/dfb\/wp-json\/wp\/v2\/types\/page"}],"author":[{"embeddable":true,"href":"https:\/\/beta.bibliotekutvikling.no\/dfb\/wp-json\/wp\/v2\/users\/830"}],"replies":[{"embeddable":true,"href":"https:\/\/beta.bibliotekutvikling.no\/dfb\/wp-json\/wp\/v2\/comments?post=1251"}],"version-history":[{"count":5,"href":"https:\/\/beta.bibliotekutvikling.no\/dfb\/wp-json\/wp\/v2\/pages\/1251\/revisions"}],"predecessor-version":[{"id":2618,"href":"https:\/\/beta.bibliotekutvikling.no\/dfb\/wp-json\/wp\/v2\/pages\/1251\/revisions\/2618"}],"up":[{"embeddable":true,"href":"https:\/\/beta.bibliotekutvikling.no\/dfb\/wp-json\/wp\/v2\/pages\/726"}],"wp:featuredmedia":[{"embeddable":true,"href":"https:\/\/beta.bibliotekutvikling.no\/dfb\/wp-json\/wp\/v2\/media\/1046"}],"wp:attachment":[{"href":"https:\/\/beta.bibliotekutvikling.no\/dfb\/wp-json\/wp\/v2\/media?parent=1251"}],"curies":[{"name":"wp","href":"https:\/\/api.w.org\/{rel}","templated":true}]}}