{"id":252,"date":"2022-09-22T09:33:45","date_gmt":"2022-09-22T07:33:45","guid":{"rendered":"https:\/\/www.nb.no\/dfb\/?page_id=252"},"modified":"2025-07-01T09:55:29","modified_gmt":"2025-07-01T07:55:29","slug":"vare-tilbud","status":"publish","type":"page","link":"https:\/\/beta.bibliotekutvikling.no\/dfb\/vare-tilbud\/","title":{"rendered":"Tilbud"},"content":{"rendered":"\n<p>Vi har b\u00f8ker p\u00e5 70&nbsp;spr\u00e5k til utl\u00e5n for bibliotek. I tillegg tilbyr vi bokpakker og felleskj\u00f8p, og ressurser som spill, brosjyrer og utstillinger. <\/p>\n\n\n<div class=\"t2-featured-content-layout alignwide alignwide wp-block-t2-featured-content-layout\" role=\"list\">\n<div class=\"t2-featured-single-post t2-featured-content is-post-type-page wp-block-t2-featured-single-post\" role=\"listitem\"><a class=\"nb-post-link  wp-block-nb-post-link\" href=\"https:\/\/beta.bibliotekutvikling.no\/dfb\/vare-tilbud\/ordlose-boker\/\">\n<figure class=\"nb-post-featured-image has-image-ratio-16-9 wp-block-nb-post-featured-image\">\n\t\t\t<svg viewBox=\"0 0 320 180\" width=\"320px\" height=\"180px\" xmlns=\"http:\/\/www.w3.org\/2000\/svg\" aria-hidden=\"true\">\n\t\t\t\t<text x=\"160\" y=\"152.185\">O<\/text>\n\t\t\t<\/svg>\n\t\t\t<\/figure>\n\n<div class=\"wp-block-group alignfull is-layout-flow wp-block-group-is-layout-flow\">\n\t\n\t<h2 class=\"t2-post-title wp-block-t2-post-title\">Ordl\u00f8se b\u00f8ker<\/h2>\n\t<div class=\"nb-post-excerpt wp-block-nb-post-excerpt\">Vi har en samling av b\u00f8ker med bilder og uten tekst<\/div>\n<\/div>\n\n<\/a>\n<\/div>\n\n<div class=\"t2-featured-single-post t2-featured-content is-post-type-page wp-block-t2-featured-single-post t2-featured-content-layout-col-4\" role=\"listitem\"><a class=\"nb-post-link  wp-block-nb-post-link\" href=\"https:\/\/beta.bibliotekutvikling.no\/dfb\/lan-en-bokpakke\/\">\n<figure class=\"nb-post-featured-image has-image-ratio-16-9 wp-block-nb-post-featured-image\"><img loading=\"lazy\" decoding=\"async\" width=\"768\" height=\"432\" src=\"https:\/\/beta.bibliotekutvikling.no\/content\/uploads\/sites\/17\/2022\/10\/Banner_DFB-lysere-768x432.jpg\" class=\"attachment-medium_large size-medium_large wp-post-image\" alt=\"\" srcset=\"https:\/\/beta.bibliotekutvikling.no\/content\/uploads\/sites\/17\/2022\/10\/Banner_DFB-lysere-768x432.jpg 768w, https:\/\/beta.bibliotekutvikling.no\/content\/uploads\/sites\/17\/2022\/10\/Banner_DFB-lysere-300x169.jpg 300w, https:\/\/beta.bibliotekutvikling.no\/content\/uploads\/sites\/17\/2022\/10\/Banner_DFB-lysere-1024x576.jpg 1024w, https:\/\/beta.bibliotekutvikling.no\/content\/uploads\/sites\/17\/2022\/10\/Banner_DFB-lysere-1536x864.jpg 1536w, https:\/\/beta.bibliotekutvikling.no\/content\/uploads\/sites\/17\/2022\/10\/Banner_DFB-lysere-600x338.jpg 600w, https:\/\/beta.bibliotekutvikling.no\/content\/uploads\/sites\/17\/2022\/10\/Banner_DFB-lysere.jpg 1920w\" sizes=\"auto, (min-width: 1200px) 384px, (min-width: 700px) 33vw, 350px\" \/><\/figure>\n\n<div class=\"wp-block-group alignfull is-layout-flow wp-block-group-is-layout-flow\">\n\t\n\t<h2 class=\"t2-post-title wp-block-t2-post-title\">L\u00e5n en bokpakke<\/h2>\n\t<div class=\"nb-post-excerpt wp-block-nb-post-excerpt\">Vi h\u00e5ndplukker en eske med b\u00f8ker, film, lydb\u00f8ker og spr\u00e5kkurs ut fra det enkelte biblioteks behov. Bokpakker kan bare l\u00e5nes av bibliotek i Norge<\/div>\n<\/div>\n\n<\/a>\n<\/div>\n\n<div class=\"t2-featured-single-post t2-featured-content is-post-type-page wp-block-t2-featured-single-post t2-featured-content-layout-col-4\" role=\"listitem\"><a class=\"nb-post-link  wp-block-nb-post-link\" href=\"https:\/\/beta.bibliotekutvikling.no\/dfb\/vare-tilbud\/felleskjop\/\">\n<figure class=\"nb-post-featured-image has-image-ratio-16-9 wp-block-nb-post-featured-image\"><img loading=\"lazy\" decoding=\"async\" width=\"768\" height=\"432\" src=\"https:\/\/beta.bibliotekutvikling.no\/content\/uploads\/sites\/17\/2022\/10\/Banner_DFB-lysere-768x432.jpg\" class=\"attachment-medium_large size-medium_large wp-post-image\" alt=\"\" srcset=\"https:\/\/beta.bibliotekutvikling.no\/content\/uploads\/sites\/17\/2022\/10\/Banner_DFB-lysere-768x432.jpg 768w, https:\/\/beta.bibliotekutvikling.no\/content\/uploads\/sites\/17\/2022\/10\/Banner_DFB-lysere-300x169.jpg 300w, https:\/\/beta.bibliotekutvikling.no\/content\/uploads\/sites\/17\/2022\/10\/Banner_DFB-lysere-1024x576.jpg 1024w, https:\/\/beta.bibliotekutvikling.no\/content\/uploads\/sites\/17\/2022\/10\/Banner_DFB-lysere-1536x864.jpg 1536w, https:\/\/beta.bibliotekutvikling.no\/content\/uploads\/sites\/17\/2022\/10\/Banner_DFB-lysere-600x338.jpg 600w, https:\/\/beta.bibliotekutvikling.no\/content\/uploads\/sites\/17\/2022\/10\/Banner_DFB-lysere.jpg 1920w\" sizes=\"auto, (min-width: 1200px) 384px, (min-width: 700px) 33vw, 350px\" \/><\/figure>\n\n<div class=\"wp-block-group alignfull is-layout-flow wp-block-group-is-layout-flow\">\n\t\n\t<h2 class=\"t2-post-title wp-block-t2-post-title\">Felleskj\u00f8p<\/h2>\n\t<div class=\"nb-post-excerpt wp-block-nb-post-excerpt\">Felleskj\u00f8pet er for bibliotek som vil bygge opp egne flerspr\u00e5klige samlinger. Du kan bestille ferdige pakker med b\u00f8ker, og mottar dem i l\u00f8pet av \u00e5ret &#8211; ferdig katalogisert.<\/div>\n<\/div>\n\n<\/a>\n<\/div>\n\n<div class=\"t2-featured-single-post t2-featured-content is-post-type-page wp-block-t2-featured-single-post t2-featured-content-layout-col-4\" role=\"listitem\"><a class=\"nb-post-link  wp-block-nb-post-link\" href=\"https:\/\/beta.bibliotekutvikling.no\/dfb\/vare-tilbud\/morsmalsdagen\/\">\n<figure class=\"nb-post-featured-image has-image-ratio-16-9 wp-block-nb-post-featured-image\"><img loading=\"lazy\" decoding=\"async\" width=\"768\" height=\"432\" src=\"https:\/\/beta.bibliotekutvikling.no\/content\/uploads\/sites\/17\/2022\/09\/morsmal_twitter_info1-768x432.png\" class=\"attachment-medium_large size-medium_large wp-post-image\" alt=\"\" srcset=\"https:\/\/beta.bibliotekutvikling.no\/content\/uploads\/sites\/17\/2022\/09\/morsmal_twitter_info1-768x432.png 768w, https:\/\/beta.bibliotekutvikling.no\/content\/uploads\/sites\/17\/2022\/09\/morsmal_twitter_info1-300x169.png 300w, https:\/\/beta.bibliotekutvikling.no\/content\/uploads\/sites\/17\/2022\/09\/morsmal_twitter_info1-1024x576.png 1024w, https:\/\/beta.bibliotekutvikling.no\/content\/uploads\/sites\/17\/2022\/09\/morsmal_twitter_info1-600x338.png 600w, https:\/\/beta.bibliotekutvikling.no\/content\/uploads\/sites\/17\/2022\/09\/morsmal_twitter_info1.png 1200w\" sizes=\"auto, (min-width: 1200px) 384px, (min-width: 700px) 33vw, 350px\" \/><\/figure>\n\n<div class=\"wp-block-group alignfull is-layout-flow wp-block-group-is-layout-flow\">\n\t\n\t<h2 class=\"t2-post-title wp-block-t2-post-title\">Feiring av Morsm\u00e5lsdagen<\/h2>\n\t<div class=\"nb-post-excerpt wp-block-nb-post-excerpt\">Morsm\u00e5lsdagen er en flott anledning til \u00e5 synliggj\u00f8re de spr\u00e5klige ressursene i lokalmilj\u00f8et. Her finner du tips til markering og noen ressurser til nedlastning<\/div>\n<\/div>\n\n<\/a>\n<\/div>\n\n<div class=\"t2-featured-single-post t2-featured-content is-post-type-page wp-block-t2-featured-single-post\" role=\"listitem\"><a class=\"nb-post-link  wp-block-nb-post-link\" href=\"https:\/\/beta.bibliotekutvikling.no\/dfb\/vare-tilbud\/verdensbiblioteket\/\">\n<figure class=\"nb-post-featured-image has-image-ratio-16-9 wp-block-nb-post-featured-image\"><img loading=\"lazy\" decoding=\"async\" width=\"768\" height=\"432\" src=\"https:\/\/beta.bibliotekutvikling.no\/content\/uploads\/sites\/17\/2022\/09\/Bild-med-logo-norsk-scaled-1-e1664528761773-768x432.jpg\" class=\"attachment-medium_large size-medium_large wp-post-image\" alt=\"\" srcset=\"https:\/\/beta.bibliotekutvikling.no\/content\/uploads\/sites\/17\/2022\/09\/Bild-med-logo-norsk-scaled-1-e1664528761773-768x432.jpg 768w, https:\/\/beta.bibliotekutvikling.no\/content\/uploads\/sites\/17\/2022\/09\/Bild-med-logo-norsk-scaled-1-e1664528761773-300x169.jpg 300w, https:\/\/beta.bibliotekutvikling.no\/content\/uploads\/sites\/17\/2022\/09\/Bild-med-logo-norsk-scaled-1-e1664528761773-1024x576.jpg 1024w, https:\/\/beta.bibliotekutvikling.no\/content\/uploads\/sites\/17\/2022\/09\/Bild-med-logo-norsk-scaled-1-e1664528761773-1536x864.jpg 1536w, https:\/\/beta.bibliotekutvikling.no\/content\/uploads\/sites\/17\/2022\/09\/Bild-med-logo-norsk-scaled-1-e1664528761773-2048x1152.jpg 2048w, https:\/\/beta.bibliotekutvikling.no\/content\/uploads\/sites\/17\/2022\/09\/Bild-med-logo-norsk-scaled-1-e1664528761773-600x338.jpg 600w\" sizes=\"auto, (min-width: 1200px) 384px, (min-width: 700px) 33vw, 350px\" \/><\/figure>\n\n<div class=\"wp-block-group alignfull is-layout-flow wp-block-group-is-layout-flow\">\n\t\n\t<h2 class=\"t2-post-title wp-block-t2-post-title\">Verdensbiblioteket<\/h2>\n\t<div class=\"nb-post-excerpt wp-block-nb-post-excerpt\">Verdensbiblioteket er en nettside som inneholder e-b\u00f8ker og e-lydb\u00f8ker p\u00e5 flere spr\u00e5k<\/div>\n<\/div>\n\n<\/a>\n<\/div>\n\n<div class=\"t2-featured-single-post t2-featured-content is-post-type-page wp-block-t2-featured-single-post\" role=\"listitem\"><a class=\"nb-post-link  wp-block-nb-post-link\" href=\"https:\/\/beta.bibliotekutvikling.no\/dfb\/vare-tilbud\/lan-vandreutstillingen-ja-vi-elsker-ski\/\">\n<figure class=\"nb-post-featured-image has-image-ratio-16-9 wp-block-nb-post-featured-image\"><img loading=\"lazy\" decoding=\"async\" width=\"543\" height=\"304\" src=\"https:\/\/beta.bibliotekutvikling.no\/content\/uploads\/sites\/17\/2022\/09\/ski-utstillingen-bilde-20-DFB-2.jpg\" class=\"attachment-medium_large size-medium_large wp-post-image\" alt=\"\" srcset=\"https:\/\/beta.bibliotekutvikling.no\/content\/uploads\/sites\/17\/2022\/09\/ski-utstillingen-bilde-20-DFB-2.jpg 543w, https:\/\/beta.bibliotekutvikling.no\/content\/uploads\/sites\/17\/2022\/09\/ski-utstillingen-bilde-20-DFB-2-300x168.jpg 300w\" sizes=\"auto, (min-width: 1200px) 384px, (min-width: 700px) 33vw, 350px\" \/><\/figure>\n\n<div class=\"wp-block-group alignfull is-layout-flow wp-block-group-is-layout-flow\">\n\t\n\t<h2 class=\"t2-post-title wp-block-t2-post-title\">L\u00e5n vandreutstillingen &laquo;Ja vi elsker ski&raquo;<\/h2>\n\t\n<\/div>\n\n<\/a>\n<\/div>\n\n<div class=\"t2-featured-single-post t2-featured-content is-post-type-page wp-block-t2-featured-single-post t2-featured-content-layout-col-4\" role=\"listitem\"><a class=\"nb-post-link  wp-block-nb-post-link\" href=\"https:\/\/beta.bibliotekutvikling.no\/dfb\/vare-tilbud\/brosjyrer-plakater-og-skilt\/\">\n<figure class=\"nb-post-featured-image has-image-ratio-16-9 wp-block-nb-post-featured-image\"><img loading=\"lazy\" decoding=\"async\" width=\"768\" height=\"432\" src=\"https:\/\/beta.bibliotekutvikling.no\/content\/uploads\/sites\/17\/2022\/09\/God-jul-brosjyre-e1664548239806-768x432.png\" class=\"attachment-medium_large size-medium_large wp-post-image\" alt=\"\" srcset=\"https:\/\/beta.bibliotekutvikling.no\/content\/uploads\/sites\/17\/2022\/09\/God-jul-brosjyre-e1664548239806-768x432.png 768w, https:\/\/beta.bibliotekutvikling.no\/content\/uploads\/sites\/17\/2022\/09\/God-jul-brosjyre-e1664548239806-300x169.png 300w, https:\/\/beta.bibliotekutvikling.no\/content\/uploads\/sites\/17\/2022\/09\/God-jul-brosjyre-e1664548239806-600x337.png 600w, https:\/\/beta.bibliotekutvikling.no\/content\/uploads\/sites\/17\/2022\/09\/God-jul-brosjyre-e1664548239806.png 831w\" sizes=\"auto, (min-width: 1200px) 384px, (min-width: 700px) 33vw, 350px\" \/><\/figure>\n\n<div class=\"wp-block-group alignfull is-layout-flow wp-block-group-is-layout-flow\">\n\t\n\t<h2 class=\"t2-post-title wp-block-t2-post-title\">Brosjyrer, plakater og skilt<\/h2>\n\t<div class=\"nb-post-excerpt wp-block-nb-post-excerpt\">Last ned eller f\u00e5 tilsendt. Alt materiale er gratis og sendes fraktfritt.<\/div>\n<\/div>\n\n<\/a>\n<\/div>\n\n<div class=\"t2-featured-single-post t2-featured-content is-post-type-page wp-block-t2-featured-single-post\" role=\"listitem\"><a class=\"nb-post-link  wp-block-nb-post-link\" href=\"https:\/\/beta.bibliotekutvikling.no\/dfb\/vare-tilbud\/sprakkafe\/\">\n<figure class=\"nb-post-featured-image has-image-ratio-16-9 wp-block-nb-post-featured-image\"><img loading=\"lazy\" decoding=\"async\" width=\"768\" height=\"432\" src=\"https:\/\/beta.bibliotekutvikling.no\/content\/uploads\/sites\/17\/2022\/09\/Illustrasjon_Sprakkafe-6-e1664528955192-768x432.jpg\" class=\"attachment-medium_large size-medium_large wp-post-image\" alt=\"\" srcset=\"https:\/\/beta.bibliotekutvikling.no\/content\/uploads\/sites\/17\/2022\/09\/Illustrasjon_Sprakkafe-6-e1664528955192-768x432.jpg 768w, https:\/\/beta.bibliotekutvikling.no\/content\/uploads\/sites\/17\/2022\/09\/Illustrasjon_Sprakkafe-6-e1664528955192-300x169.jpg 300w, https:\/\/beta.bibliotekutvikling.no\/content\/uploads\/sites\/17\/2022\/09\/Illustrasjon_Sprakkafe-6-e1664528955192-1024x576.jpg 1024w, https:\/\/beta.bibliotekutvikling.no\/content\/uploads\/sites\/17\/2022\/09\/Illustrasjon_Sprakkafe-6-e1664528955192-1536x864.jpg 1536w, https:\/\/beta.bibliotekutvikling.no\/content\/uploads\/sites\/17\/2022\/09\/Illustrasjon_Sprakkafe-6-e1664528955192-600x338.jpg 600w, https:\/\/beta.bibliotekutvikling.no\/content\/uploads\/sites\/17\/2022\/09\/Illustrasjon_Sprakkafe-6-e1664528955192.jpg 2000w\" sizes=\"auto, (min-width: 1200px) 384px, (min-width: 700px) 33vw, 350px\" \/><\/figure>\n\n<div class=\"wp-block-group alignfull is-layout-flow wp-block-group-is-layout-flow\">\n\t\n\t<h2 class=\"t2-post-title wp-block-t2-post-title\">Spr\u00e5kkaf\u00e9<\/h2>\n\t<div class=\"nb-post-excerpt wp-block-nb-post-excerpt\">Ressurser for deg som vil holde spr\u00e5kkaf\u00e9 for f\u00f8rste gang, eller som vil videreutvikle tilbudet ditt.<\/div>\n<\/div>\n\n<\/a>\n<\/div>\n\n<div class=\"t2-featured-single-post t2-featured-content is-post-type-page wp-block-t2-featured-single-post\" role=\"listitem\"><a class=\"nb-post-link  wp-block-nb-post-link\" href=\"https:\/\/beta.bibliotekutvikling.no\/dfb\/vare-tilbud\/lan-vandreutstilling-om-arabisk-mat\/\">\n<figure class=\"nb-post-featured-image has-image-ratio-16-9 wp-block-nb-post-featured-image\"><img loading=\"lazy\" decoding=\"async\" width=\"768\" height=\"432\" src=\"https:\/\/beta.bibliotekutvikling.no\/content\/uploads\/sites\/17\/2022\/09\/eksempler-pa-oppskriftskort-DFB-scaled-e1664549142984-768x432.jpg\" class=\"attachment-medium_large size-medium_large wp-post-image\" alt=\"\" srcset=\"https:\/\/beta.bibliotekutvikling.no\/content\/uploads\/sites\/17\/2022\/09\/eksempler-pa-oppskriftskort-DFB-scaled-e1664549142984-768x432.jpg 768w, https:\/\/beta.bibliotekutvikling.no\/content\/uploads\/sites\/17\/2022\/09\/eksempler-pa-oppskriftskort-DFB-scaled-e1664549142984-300x169.jpg 300w, https:\/\/beta.bibliotekutvikling.no\/content\/uploads\/sites\/17\/2022\/09\/eksempler-pa-oppskriftskort-DFB-scaled-e1664549142984-1024x576.jpg 1024w, https:\/\/beta.bibliotekutvikling.no\/content\/uploads\/sites\/17\/2022\/09\/eksempler-pa-oppskriftskort-DFB-scaled-e1664549142984-1536x864.jpg 1536w, https:\/\/beta.bibliotekutvikling.no\/content\/uploads\/sites\/17\/2022\/09\/eksempler-pa-oppskriftskort-DFB-scaled-e1664549142984-2048x1152.jpg 2048w, https:\/\/beta.bibliotekutvikling.no\/content\/uploads\/sites\/17\/2022\/09\/eksempler-pa-oppskriftskort-DFB-scaled-e1664549142984-600x338.jpg 600w\" sizes=\"auto, (min-width: 1200px) 384px, (min-width: 700px) 33vw, 350px\" \/><\/figure>\n\n<div class=\"wp-block-group alignfull is-layout-flow wp-block-group-is-layout-flow\">\n\t\n\t<h2 class=\"t2-post-title wp-block-t2-post-title\">Vandreutstilling om arabisk mat<\/h2>\n\t<div class=\"nb-post-excerpt wp-block-nb-post-excerpt\">L\u00e5n en vandreutstilling som enkelt kan stilles ut i ditt bibliotek.  <\/div>\n<\/div>\n\n<\/a>\n<\/div>\n\n<div class=\"t2-featured-single-post t2-featured-content is-post-type-page wp-block-t2-featured-single-post\" role=\"listitem\"><a class=\"nb-post-link  wp-block-nb-post-link\" href=\"https:\/\/beta.bibliotekutvikling.no\/dfb\/vare-tilbud\/sprakkafe\/bokpakke-til-bruk-pa-sprakkafe\/\">\n<figure class=\"nb-post-featured-image has-image-ratio-16-9 wp-block-nb-post-featured-image\"><img loading=\"lazy\" decoding=\"async\" width=\"768\" height=\"432\" src=\"https:\/\/beta.bibliotekutvikling.no\/content\/uploads\/sites\/17\/2022\/09\/bilde_bokpakke-scaled-e1664800610284-768x432.jpg\" class=\"attachment-medium_large size-medium_large wp-post-image\" alt=\"\" srcset=\"https:\/\/beta.bibliotekutvikling.no\/content\/uploads\/sites\/17\/2022\/09\/bilde_bokpakke-scaled-e1664800610284-768x432.jpg 768w, https:\/\/beta.bibliotekutvikling.no\/content\/uploads\/sites\/17\/2022\/09\/bilde_bokpakke-scaled-e1664800610284-300x169.jpg 300w, https:\/\/beta.bibliotekutvikling.no\/content\/uploads\/sites\/17\/2022\/09\/bilde_bokpakke-scaled-e1664800610284-1024x576.jpg 1024w, https:\/\/beta.bibliotekutvikling.no\/content\/uploads\/sites\/17\/2022\/09\/bilde_bokpakke-scaled-e1664800610284-1536x864.jpg 1536w, https:\/\/beta.bibliotekutvikling.no\/content\/uploads\/sites\/17\/2022\/09\/bilde_bokpakke-scaled-e1664800610284-2048x1152.jpg 2048w, https:\/\/beta.bibliotekutvikling.no\/content\/uploads\/sites\/17\/2022\/09\/bilde_bokpakke-scaled-e1664800610284-600x338.jpg 600w\" sizes=\"auto, (min-width: 1200px) 384px, (min-width: 700px) 33vw, 350px\" \/><\/figure>\n\n<div class=\"wp-block-group alignfull is-layout-flow wp-block-group-is-layout-flow\">\n\t\n\t<h2 class=\"t2-post-title wp-block-t2-post-title\">Bokpakke til bruk p\u00e5 spr\u00e5kkaf\u00e9<\/h2>\n\t<div class=\"nb-post-excerpt wp-block-nb-post-excerpt\">Det flerspr\u00e5klige bibliotek har utarbeidet en enkel bokpakke som kan brukes p\u00e5 spr\u00e5kkaf\u00e9 og som passer for alle niv\u00e5er.<\/div>\n<\/div>\n\n<\/a>\n<\/div>\n\n<div class=\"t2-featured-single-post t2-featured-content is-post-type-page wp-block-t2-featured-single-post\" role=\"listitem\"><a class=\"nb-post-link  wp-block-nb-post-link\" href=\"https:\/\/beta.bibliotekutvikling.no\/dfb\/vare-tilbud\/lan-en-eventyrpose\/\">\n<figure class=\"nb-post-featured-image has-image-ratio-16-9 wp-block-nb-post-featured-image\"><img loading=\"lazy\" decoding=\"async\" width=\"768\" height=\"432\" src=\"https:\/\/beta.bibliotekutvikling.no\/content\/uploads\/sites\/17\/2022\/10\/Eventyrposen-foto-Tonje-Sivertsen-e1667229448535-768x432.jpg\" class=\"attachment-medium_large size-medium_large wp-post-image\" alt=\"\" srcset=\"https:\/\/beta.bibliotekutvikling.no\/content\/uploads\/sites\/17\/2022\/10\/Eventyrposen-foto-Tonje-Sivertsen-e1667229448535-768x432.jpg 768w, https:\/\/beta.bibliotekutvikling.no\/content\/uploads\/sites\/17\/2022\/10\/Eventyrposen-foto-Tonje-Sivertsen-e1667229448535-300x169.jpg 300w, https:\/\/beta.bibliotekutvikling.no\/content\/uploads\/sites\/17\/2022\/10\/Eventyrposen-foto-Tonje-Sivertsen-e1667229448535-1024x576.jpg 1024w, https:\/\/beta.bibliotekutvikling.no\/content\/uploads\/sites\/17\/2022\/10\/Eventyrposen-foto-Tonje-Sivertsen-e1667229448535-600x338.jpg 600w, https:\/\/beta.bibliotekutvikling.no\/content\/uploads\/sites\/17\/2022\/10\/Eventyrposen-foto-Tonje-Sivertsen-e1667229448535.jpg 1200w\" sizes=\"auto, (min-width: 1200px) 384px, (min-width: 700px) 33vw, 350px\" \/><\/figure>\n\n<div class=\"wp-block-group alignfull is-layout-flow wp-block-group-is-layout-flow\">\n\t\n\t<h2 class=\"t2-post-title wp-block-t2-post-title\">L\u00e5n en eventyrpose<\/h2>\n\t\n<\/div>\n\n<\/a>\n<\/div>\n\n<div class=\"t2-featured-single-post t2-featured-content is-post-type-page wp-block-t2-featured-single-post\" role=\"listitem\"><a class=\"nb-post-link  wp-block-nb-post-link\" href=\"https:\/\/beta.bibliotekutvikling.no\/dfb\/vare-tilbud\/lan-et-sprakspill\/\">\n<figure class=\"nb-post-featured-image has-image-ratio-16-9 wp-block-nb-post-featured-image\"><img loading=\"lazy\" decoding=\"async\" width=\"747\" height=\"420\" src=\"https:\/\/beta.bibliotekutvikling.no\/content\/uploads\/sites\/17\/2022\/09\/newamigos_spillet-e1664549037839.jpg\" class=\"attachment-medium_large size-medium_large wp-post-image\" alt=\"\" srcset=\"https:\/\/beta.bibliotekutvikling.no\/content\/uploads\/sites\/17\/2022\/09\/newamigos_spillet-e1664549037839.jpg 747w, https:\/\/beta.bibliotekutvikling.no\/content\/uploads\/sites\/17\/2022\/09\/newamigos_spillet-e1664549037839-300x169.jpg 300w, https:\/\/beta.bibliotekutvikling.no\/content\/uploads\/sites\/17\/2022\/09\/newamigos_spillet-e1664549037839-600x337.jpg 600w\" sizes=\"auto, (min-width: 1200px) 384px, (min-width: 700px) 33vw, 350px\" \/><\/figure>\n\n<div class=\"wp-block-group alignfull is-layout-flow wp-block-group-is-layout-flow\">\n\t\n\t<h2 class=\"t2-post-title wp-block-t2-post-title\">L\u00e5n et spr\u00e5kspill<\/h2>\n\t\n<\/div>\n\n<\/a>\n<\/div>\n\n<div class=\"t2-featured-single-post t2-featured-content is-post-type-page wp-block-t2-featured-single-post\" role=\"listitem\"><a class=\"nb-post-link  wp-block-nb-post-link\" href=\"https:\/\/beta.bibliotekutvikling.no\/dfb\/vare-tilbud\/lan-penpal\/\">\n<figure class=\"nb-post-featured-image has-image-ratio-16-9 wp-block-nb-post-featured-image\"><img loading=\"lazy\" decoding=\"async\" width=\"768\" height=\"432\" src=\"https:\/\/beta.bibliotekutvikling.no\/content\/uploads\/sites\/17\/2022\/09\/mantra_boker_samling-e1664549271215-768x432.jpeg\" class=\"attachment-medium_large size-medium_large wp-post-image\" alt=\"\" srcset=\"https:\/\/beta.bibliotekutvikling.no\/content\/uploads\/sites\/17\/2022\/09\/mantra_boker_samling-e1664549271215-768x432.jpeg 768w, https:\/\/beta.bibliotekutvikling.no\/content\/uploads\/sites\/17\/2022\/09\/mantra_boker_samling-e1664549271215-300x169.jpeg 300w, https:\/\/beta.bibliotekutvikling.no\/content\/uploads\/sites\/17\/2022\/09\/mantra_boker_samling-e1664549271215-1024x576.jpeg 1024w, https:\/\/beta.bibliotekutvikling.no\/content\/uploads\/sites\/17\/2022\/09\/mantra_boker_samling-e1664549271215-600x337.jpeg 600w, https:\/\/beta.bibliotekutvikling.no\/content\/uploads\/sites\/17\/2022\/09\/mantra_boker_samling-e1664549271215.jpeg 1480w\" sizes=\"auto, (min-width: 1200px) 384px, (min-width: 700px) 33vw, 350px\" \/><\/figure>\n\n<div class=\"wp-block-group alignfull is-layout-flow wp-block-group-is-layout-flow\">\n\t\n\t<h2 class=\"t2-post-title wp-block-t2-post-title\">L\u00e5n den snakkende pennen PENpal<\/h2>\n\t\n<\/div>\n\n<\/a>\n<\/div>\n\n<div class=\"t2-featured-single-post t2-featured-content is-post-type-page wp-block-t2-featured-single-post\" role=\"listitem\"><a class=\"nb-post-link  wp-block-nb-post-link\" href=\"https:\/\/beta.bibliotekutvikling.no\/dfb\/vare-tilbud\/bestill-en-foreleser-fra-det-flerspraklige-bibliotek\/\">\n<figure class=\"nb-post-featured-image has-image-ratio-16-9 wp-block-nb-post-featured-image\"><img loading=\"lazy\" decoding=\"async\" width=\"768\" height=\"432\" src=\"https:\/\/beta.bibliotekutvikling.no\/content\/uploads\/sites\/17\/2022\/09\/shutterstock_439214011-foredrag-illustrasjon-scaled-e1664529073533-768x432.jpg\" class=\"attachment-medium_large size-medium_large wp-post-image\" alt=\"\" srcset=\"https:\/\/beta.bibliotekutvikling.no\/content\/uploads\/sites\/17\/2022\/09\/shutterstock_439214011-foredrag-illustrasjon-scaled-e1664529073533-768x432.jpg 768w, https:\/\/beta.bibliotekutvikling.no\/content\/uploads\/sites\/17\/2022\/09\/shutterstock_439214011-foredrag-illustrasjon-scaled-e1664529073533-300x169.jpg 300w, https:\/\/beta.bibliotekutvikling.no\/content\/uploads\/sites\/17\/2022\/09\/shutterstock_439214011-foredrag-illustrasjon-scaled-e1664529073533-1024x576.jpg 1024w, https:\/\/beta.bibliotekutvikling.no\/content\/uploads\/sites\/17\/2022\/09\/shutterstock_439214011-foredrag-illustrasjon-scaled-e1664529073533-1536x864.jpg 1536w, https:\/\/beta.bibliotekutvikling.no\/content\/uploads\/sites\/17\/2022\/09\/shutterstock_439214011-foredrag-illustrasjon-scaled-e1664529073533-2048x1152.jpg 2048w, https:\/\/beta.bibliotekutvikling.no\/content\/uploads\/sites\/17\/2022\/09\/shutterstock_439214011-foredrag-illustrasjon-scaled-e1664529073533-600x338.jpg 600w\" sizes=\"auto, (min-width: 1200px) 384px, (min-width: 700px) 33vw, 350px\" \/><\/figure>\n\n<div class=\"wp-block-group alignfull is-layout-flow wp-block-group-is-layout-flow\">\n\t\n\t<h2 class=\"t2-post-title wp-block-t2-post-title\">Bestill en foreleser fra Det flerspr\u00e5klige bibliotek<\/h2>\n\t\n<\/div>\n\n<\/a>\n<\/div>\n\n<div class=\"t2-featured-single-post t2-featured-content is-post-type-page wp-block-t2-featured-single-post\" role=\"listitem\"><a class=\"nb-post-link  wp-block-nb-post-link\" href=\"https:\/\/beta.bibliotekutvikling.no\/dfb\/vare-tilbud\/lan-penpal-multimediaboks\/\">\n<figure class=\"nb-post-featured-image has-image-ratio-16-9 wp-block-nb-post-featured-image\"><img loading=\"lazy\" decoding=\"async\" width=\"768\" height=\"431\" src=\"https:\/\/beta.bibliotekutvikling.no\/content\/uploads\/sites\/17\/2022\/10\/Multimediaboks-med-penpal-foto-Tonje-Sivertsen-e1667229603484-768x431.jpg\" class=\"attachment-medium_large size-medium_large wp-post-image\" alt=\"\" srcset=\"https:\/\/beta.bibliotekutvikling.no\/content\/uploads\/sites\/17\/2022\/10\/Multimediaboks-med-penpal-foto-Tonje-Sivertsen-e1667229603484-768x431.jpg 768w, https:\/\/beta.bibliotekutvikling.no\/content\/uploads\/sites\/17\/2022\/10\/Multimediaboks-med-penpal-foto-Tonje-Sivertsen-e1667229603484-300x168.jpg 300w, https:\/\/beta.bibliotekutvikling.no\/content\/uploads\/sites\/17\/2022\/10\/Multimediaboks-med-penpal-foto-Tonje-Sivertsen-e1667229603484-1024x575.jpg 1024w, https:\/\/beta.bibliotekutvikling.no\/content\/uploads\/sites\/17\/2022\/10\/Multimediaboks-med-penpal-foto-Tonje-Sivertsen-e1667229603484-600x337.jpg 600w, https:\/\/beta.bibliotekutvikling.no\/content\/uploads\/sites\/17\/2022\/10\/Multimediaboks-med-penpal-foto-Tonje-Sivertsen-e1667229603484.jpg 1197w\" sizes=\"auto, (min-width: 1200px) 384px, (min-width: 700px) 33vw, 350px\" \/><\/figure>\n\n<div class=\"wp-block-group alignfull is-layout-flow wp-block-group-is-layout-flow\">\n\t\n\t<h2 class=\"t2-post-title wp-block-t2-post-title\">L\u00e5n PENpal multimediaboks<\/h2>\n\t\n<\/div>\n\n<\/a>\n<\/div>\n\n<div class=\"t2-featured-single-post t2-featured-content is-post-type-page wp-block-t2-featured-single-post\" role=\"listitem\"><a class=\"nb-post-link  wp-block-nb-post-link\" href=\"https:\/\/beta.bibliotekutvikling.no\/dfb\/vare-tilbud\/flerkulturelt-bibliotekmote\/\">\n<figure class=\"nb-post-featured-image has-image-ratio-16-9 wp-block-nb-post-featured-image\"><img loading=\"lazy\" decoding=\"async\" width=\"768\" height=\"432\" src=\"https:\/\/beta.bibliotekutvikling.no\/content\/uploads\/sites\/17\/2022\/10\/ord_og_bilder-scaled-e1664795721906-768x432.jpg\" class=\"attachment-medium_large size-medium_large wp-post-image\" alt=\"\" srcset=\"https:\/\/beta.bibliotekutvikling.no\/content\/uploads\/sites\/17\/2022\/10\/ord_og_bilder-scaled-e1664795721906-768x432.jpg 768w, https:\/\/beta.bibliotekutvikling.no\/content\/uploads\/sites\/17\/2022\/10\/ord_og_bilder-scaled-e1664795721906-300x169.jpg 300w, https:\/\/beta.bibliotekutvikling.no\/content\/uploads\/sites\/17\/2022\/10\/ord_og_bilder-scaled-e1664795721906-1024x576.jpg 1024w, https:\/\/beta.bibliotekutvikling.no\/content\/uploads\/sites\/17\/2022\/10\/ord_og_bilder-scaled-e1664795721906-1536x864.jpg 1536w, https:\/\/beta.bibliotekutvikling.no\/content\/uploads\/sites\/17\/2022\/10\/ord_og_bilder-scaled-e1664795721906-2048x1152.jpg 2048w, https:\/\/beta.bibliotekutvikling.no\/content\/uploads\/sites\/17\/2022\/10\/ord_og_bilder-scaled-e1664795721906-600x338.jpg 600w\" sizes=\"auto, (min-width: 1200px) 384px, (min-width: 700px) 33vw, 350px\" \/><\/figure>\n\n<div class=\"wp-block-group alignfull is-layout-flow wp-block-group-is-layout-flow\">\n\t\n\t<h2 class=\"t2-post-title wp-block-t2-post-title\">Flerkulturelt bibliotekm\u00f8te<\/h2>\n\t<div class=\"nb-post-excerpt wp-block-nb-post-excerpt\">Det flerspr\u00e5klige bibliotek arrangerer hvert \u00e5r et \u00e5pent m\u00f8te med flerkulturelt\u00a0tema.\u00a0M\u00f8tene finner sted p\u00e5 v\u00e5ren.<\/div>\n<\/div>\n\n<\/a>\n<\/div>\n<\/div>","protected":false},"excerpt":{"rendered":"","protected":false},"author":1,"featured_media":0,"parent":0,"menu_order":0,"comment_status":"closed","ping_status":"closed","template":"","meta":{"nb_hide_title":false,"nb_breadcrumb_title_override":"","sub_navigation_option":"","sub_navigation_custom_items":[],"footnotes":""},"class_list":["post-252","page","type-page","status-publish","hentry"],"yoast_head":"<!-- This site is optimized with the Yoast SEO Premium plugin v27.1 (Yoast SEO v27.1.1) - https:\/\/yoast.com\/product\/yoast-seo-premium-wordpress\/ -->\n<title>Tilbud - Det flerspr\u00e5klige bibliotek<\/title>\n<meta name=\"robots\" content=\"index, follow, max-snippet:-1, max-image-preview:large, max-video-preview:-1\" \/>\n<link rel=\"canonical\" href=\"https:\/\/beta.bibliotekutvikling.no\/dfb\/vare-tilbud\/\" \/>\n<meta property=\"og:locale\" content=\"nb_NO\" \/>\n<meta property=\"og:type\" content=\"article\" \/>\n<meta property=\"og:title\" content=\"Tilbud\" \/>\n<meta property=\"og:url\" content=\"https:\/\/beta.bibliotekutvikling.no\/dfb\/vare-tilbud\/\" \/>\n<meta property=\"og:site_name\" content=\"Det flerspr\u00e5klige bibliotek\" \/>\n<meta property=\"article:publisher\" content=\"https:\/\/www.facebook.com\/profile.php?id=100066429046602\" \/>\n<meta property=\"article:modified_time\" content=\"2025-07-01T07:55:29+00:00\" \/>\n<meta name=\"twitter:card\" content=\"summary_large_image\" \/>\n<meta name=\"twitter:label1\" content=\"Ansl. lesetid\" \/>\n\t<meta name=\"twitter:data1\" content=\"1 minutt\" \/>\n<script type=\"application\/ld+json\" class=\"yoast-schema-graph\">{\"@context\":\"https:\/\/schema.org\",\"@graph\":[{\"@type\":\"WebPage\",\"@id\":\"https:\/\/beta.bibliotekutvikling.no\/dfb\/vare-tilbud\/\",\"url\":\"https:\/\/beta.bibliotekutvikling.no\/dfb\/vare-tilbud\/\",\"name\":\"Tilbud - Det flerspr\u00e5klige bibliotek\",\"isPartOf\":{\"@id\":\"https:\/\/beta.bibliotekutvikling.no\/dfb\/#website\"},\"datePublished\":\"2022-09-22T07:33:45+00:00\",\"dateModified\":\"2025-07-01T07:55:29+00:00\",\"breadcrumb\":{\"@id\":\"https:\/\/beta.bibliotekutvikling.no\/dfb\/vare-tilbud\/#breadcrumb\"},\"inLanguage\":\"nb-NO\",\"potentialAction\":[{\"@type\":\"ReadAction\",\"target\":[\"https:\/\/beta.bibliotekutvikling.no\/dfb\/vare-tilbud\/\"]}]},{\"@type\":\"BreadcrumbList\",\"@id\":\"https:\/\/beta.bibliotekutvikling.no\/dfb\/vare-tilbud\/#breadcrumb\",\"itemListElement\":[{\"@type\":\"ListItem\",\"position\":1,\"name\":\"Hjem\",\"item\":\"https:\/\/beta.bibliotekutvikling.no\/dfb\/\"},{\"@type\":\"ListItem\",\"position\":2,\"name\":\"Tilbud\"}]},{\"@type\":\"WebSite\",\"@id\":\"https:\/\/beta.bibliotekutvikling.no\/dfb\/#website\",\"url\":\"https:\/\/beta.bibliotekutvikling.no\/dfb\/\",\"name\":\"Det flerspr\u00e5klige bibliotek\",\"description\":\"\",\"publisher\":{\"@id\":\"https:\/\/beta.bibliotekutvikling.no\/dfb\/#organization\"},\"potentialAction\":[{\"@type\":\"SearchAction\",\"target\":{\"@type\":\"EntryPoint\",\"urlTemplate\":\"https:\/\/beta.bibliotekutvikling.no\/dfb\/?s={search_term_string}\"},\"query-input\":{\"@type\":\"PropertyValueSpecification\",\"valueRequired\":true,\"valueName\":\"search_term_string\"}}],\"inLanguage\":\"nb-NO\"},{\"@type\":\"Organization\",\"@id\":\"https:\/\/beta.bibliotekutvikling.no\/dfb\/#organization\",\"name\":\"Det flerspr\u00e5klige bibliotek\",\"url\":\"https:\/\/beta.bibliotekutvikling.no\/dfb\/\",\"logo\":{\"@type\":\"ImageObject\",\"inLanguage\":\"nb-NO\",\"@id\":\"https:\/\/beta.bibliotekutvikling.no\/dfb\/#\/schema\/logo\/image\/\",\"url\":\"https:\/\/bibliotekutvikling.no\/content\/uploads\/sites\/17\/2022\/09\/dfb.svg\",\"contentUrl\":\"https:\/\/bibliotekutvikling.no\/content\/uploads\/sites\/17\/2022\/09\/dfb.svg\",\"width\":143,\"height\":65,\"caption\":\"Det flerspr\u00e5klige bibliotek\"},\"image\":{\"@id\":\"https:\/\/beta.bibliotekutvikling.no\/dfb\/#\/schema\/logo\/image\/\"},\"sameAs\":[\"https:\/\/www.facebook.com\/profile.php?id=100066429046602\"]}]}<\/script>\n<!-- \/ Yoast SEO Premium plugin. -->","yoast_head_json":{"title":"Tilbud - Det flerspr\u00e5klige bibliotek","robots":{"index":"index","follow":"follow","max-snippet":"max-snippet:-1","max-image-preview":"max-image-preview:large","max-video-preview":"max-video-preview:-1"},"canonical":"https:\/\/beta.bibliotekutvikling.no\/dfb\/vare-tilbud\/","og_locale":"nb_NO","og_type":"article","og_title":"Tilbud","og_url":"https:\/\/beta.bibliotekutvikling.no\/dfb\/vare-tilbud\/","og_site_name":"Det flerspr\u00e5klige bibliotek","article_publisher":"https:\/\/www.facebook.com\/profile.php?id=100066429046602","article_modified_time":"2025-07-01T07:55:29+00:00","twitter_card":"summary_large_image","twitter_misc":{"Ansl. lesetid":"1 minutt"},"schema":{"@context":"https:\/\/schema.org","@graph":[{"@type":"WebPage","@id":"https:\/\/beta.bibliotekutvikling.no\/dfb\/vare-tilbud\/","url":"https:\/\/beta.bibliotekutvikling.no\/dfb\/vare-tilbud\/","name":"Tilbud - Det flerspr\u00e5klige bibliotek","isPartOf":{"@id":"https:\/\/beta.bibliotekutvikling.no\/dfb\/#website"},"datePublished":"2022-09-22T07:33:45+00:00","dateModified":"2025-07-01T07:55:29+00:00","breadcrumb":{"@id":"https:\/\/beta.bibliotekutvikling.no\/dfb\/vare-tilbud\/#breadcrumb"},"inLanguage":"nb-NO","potentialAction":[{"@type":"ReadAction","target":["https:\/\/beta.bibliotekutvikling.no\/dfb\/vare-tilbud\/"]}]},{"@type":"BreadcrumbList","@id":"https:\/\/beta.bibliotekutvikling.no\/dfb\/vare-tilbud\/#breadcrumb","itemListElement":[{"@type":"ListItem","position":1,"name":"Hjem","item":"https:\/\/beta.bibliotekutvikling.no\/dfb\/"},{"@type":"ListItem","position":2,"name":"Tilbud"}]},{"@type":"WebSite","@id":"https:\/\/beta.bibliotekutvikling.no\/dfb\/#website","url":"https:\/\/beta.bibliotekutvikling.no\/dfb\/","name":"Det flerspr\u00e5klige bibliotek","description":"","publisher":{"@id":"https:\/\/beta.bibliotekutvikling.no\/dfb\/#organization"},"potentialAction":[{"@type":"SearchAction","target":{"@type":"EntryPoint","urlTemplate":"https:\/\/beta.bibliotekutvikling.no\/dfb\/?s={search_term_string}"},"query-input":{"@type":"PropertyValueSpecification","valueRequired":true,"valueName":"search_term_string"}}],"inLanguage":"nb-NO"},{"@type":"Organization","@id":"https:\/\/beta.bibliotekutvikling.no\/dfb\/#organization","name":"Det flerspr\u00e5klige bibliotek","url":"https:\/\/beta.bibliotekutvikling.no\/dfb\/","logo":{"@type":"ImageObject","inLanguage":"nb-NO","@id":"https:\/\/beta.bibliotekutvikling.no\/dfb\/#\/schema\/logo\/image\/","url":"https:\/\/bibliotekutvikling.no\/content\/uploads\/sites\/17\/2022\/09\/dfb.svg","contentUrl":"https:\/\/bibliotekutvikling.no\/content\/uploads\/sites\/17\/2022\/09\/dfb.svg","width":143,"height":65,"caption":"Det flerspr\u00e5klige bibliotek"},"image":{"@id":"https:\/\/beta.bibliotekutvikling.no\/dfb\/#\/schema\/logo\/image\/"},"sameAs":["https:\/\/www.facebook.com\/profile.php?id=100066429046602"]}]}},"_links":{"self":[{"href":"https:\/\/beta.bibliotekutvikling.no\/dfb\/wp-json\/wp\/v2\/pages\/252","targetHints":{"allow":["GET"]}}],"collection":[{"href":"https:\/\/beta.bibliotekutvikling.no\/dfb\/wp-json\/wp\/v2\/pages"}],"about":[{"href":"https:\/\/beta.bibliotekutvikling.no\/dfb\/wp-json\/wp\/v2\/types\/page"}],"author":[{"embeddable":true,"href":"https:\/\/beta.bibliotekutvikling.no\/dfb\/wp-json\/wp\/v2\/users\/1"}],"replies":[{"embeddable":true,"href":"https:\/\/beta.bibliotekutvikling.no\/dfb\/wp-json\/wp\/v2\/comments?post=252"}],"version-history":[{"count":5,"href":"https:\/\/beta.bibliotekutvikling.no\/dfb\/wp-json\/wp\/v2\/pages\/252\/revisions"}],"predecessor-version":[{"id":3826,"href":"https:\/\/beta.bibliotekutvikling.no\/dfb\/wp-json\/wp\/v2\/pages\/252\/revisions\/3826"}],"wp:attachment":[{"href":"https:\/\/beta.bibliotekutvikling.no\/dfb\/wp-json\/wp\/v2\/media?parent=252"}],"curies":[{"name":"wp","href":"https:\/\/api.w.org\/{rel}","templated":true}]}}