{"id":561,"date":"2022-09-26T13:19:33","date_gmt":"2022-09-26T11:19:33","guid":{"rendered":"https:\/\/www.nb.no\/dfb\/?page_id=561"},"modified":"2022-12-16T10:34:34","modified_gmt":"2022-12-16T09:34:34","slug":"lan-penpal-multimediaboks","status":"publish","type":"page","link":"https:\/\/beta.bibliotekutvikling.no\/dfb\/vare-tilbud\/lan-penpal-multimediaboks\/","title":{"rendered":"L\u00e5n PENpal multimediaboks"},"content":{"rendered":"\n<figure class=\"wp-block-image alignwide size-full\"><img loading=\"lazy\" decoding=\"async\" width=\"1197\" height=\"672\" src=\"https:\/\/bibliotekutvikling.no\/content\/uploads\/sites\/17\/2022\/10\/Multimediaboks-med-penpal-foto-Tonje-Sivertsen-e1667229603484.jpg\" alt=\"\" class=\"wp-image-1536\" srcset=\"https:\/\/beta.bibliotekutvikling.no\/content\/uploads\/sites\/17\/2022\/10\/Multimediaboks-med-penpal-foto-Tonje-Sivertsen-e1667229603484.jpg 1197w, https:\/\/beta.bibliotekutvikling.no\/content\/uploads\/sites\/17\/2022\/10\/Multimediaboks-med-penpal-foto-Tonje-Sivertsen-e1667229603484-300x168.jpg 300w, https:\/\/beta.bibliotekutvikling.no\/content\/uploads\/sites\/17\/2022\/10\/Multimediaboks-med-penpal-foto-Tonje-Sivertsen-e1667229603484-1024x575.jpg 1024w, https:\/\/beta.bibliotekutvikling.no\/content\/uploads\/sites\/17\/2022\/10\/Multimediaboks-med-penpal-foto-Tonje-Sivertsen-e1667229603484-768x431.jpg 768w, https:\/\/beta.bibliotekutvikling.no\/content\/uploads\/sites\/17\/2022\/10\/Multimediaboks-med-penpal-foto-Tonje-Sivertsen-e1667229603484-600x337.jpg 600w\" sizes=\"auto, (max-width: 1197px) 100vw, 1197px\" \/><figcaption class=\"wp-element-caption\">Innholdet i PenPal multimediaboks<\/figcaption><\/figure>\n\n\n\n<p>L\u00e5n en&nbsp;boks med den snakkende pennen PENpal, bildeordboka &laquo;Min tospr\u00e5klige snakkende ordbok&raquo; og eventyret &laquo;G\u00e5sa som la gullegg&raquo;.<\/p>\n\n\n\n<p>N\u00e5r du holder\u00a0PENpal\u00a0mot en bokside som er tilrettelagt for det, spiller den av lyd.\u00a0Lyden kan for eksempel v\u00e6re opplesning av teksten p\u00e5 siden, sp\u00f8rsm\u00e5l til teksten eller lydeffekter.<\/p>\n\n\n\n<p>Vi har satt sammen en boks som inkluderer 1 PENpal,&nbsp; 11 utgaver av &laquo;Min tospr\u00e5klige snakkende ordbok&raquo; og 7 utgaver av eventyret &laquo;G\u00e5sa som la gullegg&raquo;.<\/p>\n\n\n\n<div class=\"wp-block-buttons is-layout-flex wp-block-buttons-is-layout-flex\">\n<div class=\"wp-block-button\"><a class=\"wp-block-button__link wp-element-button\" href=\"https:\/\/dfb.bib.no\/cgi-bin\/m2?tnr=1855758\">Se i katalogen og bestill   <\/a><\/div>\n<\/div>\n\n\n\n<p>PENpal leser de 650 ordene i &laquo;Min tospr\u00e5klige snakkende ordbok&raquo; p\u00e5 norsk, arabisk, persisk, polsk, russisk, somali, sorani, tamil, thai, tyrkisk, urdu og vietnamesisk. Ved bruk av teksten i ordboka og ved \u00e5 h\u00f8re uttalen kan du raskt bygge opp et vokabular av hverdagsord. Pennen og boka kan ogs\u00e5 fungere til morsm\u00e5lsoppl\u00e6ring.<\/p>\n\n\n\n<p>I eventyret &laquo;G\u00e5sa som la gullegg&raquo; kan du h\u00f8re fortellingen bli lest p\u00e5 norsk sammen med arabisk, persisk, polsk, russisk, somali, sorani og urdu. PENpal har ogs\u00e5 lydfiler med eksempler p\u00e5 hvordan ordene brukes i en setning.<\/p>\n\n\n\n<p>PENpal er en morsom m\u00e5te \u00e5 l\u00e6re norsk p\u00e5, og boksen passer b\u00e5de for voksne og barn.For PENpal gjelder egne\u00a0<a href=\"https:\/\/bibliotekutvikling.no\/dfb\/om-oss\/utlansreglement\/#erstatningssatser\">erstatningssatser<\/a>.<\/p>\n","protected":false},"excerpt":{"rendered":"","protected":false},"author":830,"featured_media":1536,"parent":252,"menu_order":0,"comment_status":"closed","ping_status":"closed","template":"","meta":{"nb_hide_title":false,"nb_breadcrumb_title_override":"","sub_navigation_option":"","sub_navigation_custom_items":[],"footnotes":""},"class_list":["post-561","page","type-page","status-publish","has-post-thumbnail","hentry"],"yoast_head":"<!-- This site is optimized with the Yoast SEO Premium plugin v27.1 (Yoast SEO v27.1.1) - https:\/\/yoast.com\/product\/yoast-seo-premium-wordpress\/ -->\n<title>L\u00e5n PENpal multimediaboks - Det flerspr\u00e5klige bibliotek<\/title>\n<meta name=\"robots\" content=\"index, follow, max-snippet:-1, max-image-preview:large, max-video-preview:-1\" \/>\n<link rel=\"canonical\" href=\"https:\/\/beta.bibliotekutvikling.no\/dfb\/vare-tilbud\/lan-penpal-multimediaboks\/\" \/>\n<meta property=\"og:locale\" content=\"nb_NO\" \/>\n<meta property=\"og:type\" content=\"article\" \/>\n<meta property=\"og:title\" content=\"L\u00e5n PENpal multimediaboks\" \/>\n<meta property=\"og:url\" content=\"https:\/\/beta.bibliotekutvikling.no\/dfb\/vare-tilbud\/lan-penpal-multimediaboks\/\" \/>\n<meta property=\"og:site_name\" content=\"Det flerspr\u00e5klige bibliotek\" \/>\n<meta property=\"article:publisher\" content=\"https:\/\/www.facebook.com\/profile.php?id=100066429046602\" \/>\n<meta property=\"article:modified_time\" content=\"2022-12-16T09:34:34+00:00\" \/>\n<meta property=\"og:image\" content=\"https:\/\/beta.bibliotekutvikling.no\/content\/uploads\/sites\/17\/2022\/10\/Multimediaboks-med-penpal-foto-Tonje-Sivertsen-e1667229603484.jpg\" \/>\n\t<meta property=\"og:image:width\" content=\"1197\" \/>\n\t<meta property=\"og:image:height\" content=\"672\" \/>\n\t<meta property=\"og:image:type\" content=\"image\/jpeg\" \/>\n<meta name=\"twitter:card\" content=\"summary_large_image\" \/>\n<meta name=\"twitter:label1\" content=\"Ansl. lesetid\" \/>\n\t<meta name=\"twitter:data1\" content=\"1 minutt\" \/>\n<script type=\"application\/ld+json\" class=\"yoast-schema-graph\">{\"@context\":\"https:\/\/schema.org\",\"@graph\":[{\"@type\":\"WebPage\",\"@id\":\"https:\/\/beta.bibliotekutvikling.no\/dfb\/vare-tilbud\/lan-penpal-multimediaboks\/\",\"url\":\"https:\/\/beta.bibliotekutvikling.no\/dfb\/vare-tilbud\/lan-penpal-multimediaboks\/\",\"name\":\"L\u00e5n PENpal multimediaboks - Det flerspr\u00e5klige bibliotek\",\"isPartOf\":{\"@id\":\"https:\/\/beta.bibliotekutvikling.no\/dfb\/#website\"},\"primaryImageOfPage\":{\"@id\":\"https:\/\/beta.bibliotekutvikling.no\/dfb\/vare-tilbud\/lan-penpal-multimediaboks\/#primaryimage\"},\"image\":{\"@id\":\"https:\/\/beta.bibliotekutvikling.no\/dfb\/vare-tilbud\/lan-penpal-multimediaboks\/#primaryimage\"},\"thumbnailUrl\":\"https:\/\/beta.bibliotekutvikling.no\/content\/uploads\/sites\/17\/2022\/10\/Multimediaboks-med-penpal-foto-Tonje-Sivertsen-e1667229603484.jpg\",\"datePublished\":\"2022-09-26T11:19:33+00:00\",\"dateModified\":\"2022-12-16T09:34:34+00:00\",\"breadcrumb\":{\"@id\":\"https:\/\/beta.bibliotekutvikling.no\/dfb\/vare-tilbud\/lan-penpal-multimediaboks\/#breadcrumb\"},\"inLanguage\":\"nb-NO\",\"potentialAction\":[{\"@type\":\"ReadAction\",\"target\":[\"https:\/\/beta.bibliotekutvikling.no\/dfb\/vare-tilbud\/lan-penpal-multimediaboks\/\"]}]},{\"@type\":\"ImageObject\",\"inLanguage\":\"nb-NO\",\"@id\":\"https:\/\/beta.bibliotekutvikling.no\/dfb\/vare-tilbud\/lan-penpal-multimediaboks\/#primaryimage\",\"url\":\"https:\/\/beta.bibliotekutvikling.no\/content\/uploads\/sites\/17\/2022\/10\/Multimediaboks-med-penpal-foto-Tonje-Sivertsen-e1667229603484.jpg\",\"contentUrl\":\"https:\/\/beta.bibliotekutvikling.no\/content\/uploads\/sites\/17\/2022\/10\/Multimediaboks-med-penpal-foto-Tonje-Sivertsen-e1667229603484.jpg\",\"width\":1197,\"height\":672},{\"@type\":\"BreadcrumbList\",\"@id\":\"https:\/\/beta.bibliotekutvikling.no\/dfb\/vare-tilbud\/lan-penpal-multimediaboks\/#breadcrumb\",\"itemListElement\":[{\"@type\":\"ListItem\",\"position\":1,\"name\":\"Hjem\",\"item\":\"https:\/\/beta.bibliotekutvikling.no\/dfb\/\"},{\"@type\":\"ListItem\",\"position\":2,\"name\":\"Tilbud\",\"item\":\"https:\/\/beta.bibliotekutvikling.no\/dfb\/vare-tilbud\/\"},{\"@type\":\"ListItem\",\"position\":3,\"name\":\"L\u00e5n PENpal multimediaboks\"}]},{\"@type\":\"WebSite\",\"@id\":\"https:\/\/beta.bibliotekutvikling.no\/dfb\/#website\",\"url\":\"https:\/\/beta.bibliotekutvikling.no\/dfb\/\",\"name\":\"Det flerspr\u00e5klige bibliotek\",\"description\":\"\",\"publisher\":{\"@id\":\"https:\/\/beta.bibliotekutvikling.no\/dfb\/#organization\"},\"potentialAction\":[{\"@type\":\"SearchAction\",\"target\":{\"@type\":\"EntryPoint\",\"urlTemplate\":\"https:\/\/beta.bibliotekutvikling.no\/dfb\/?s={search_term_string}\"},\"query-input\":{\"@type\":\"PropertyValueSpecification\",\"valueRequired\":true,\"valueName\":\"search_term_string\"}}],\"inLanguage\":\"nb-NO\"},{\"@type\":\"Organization\",\"@id\":\"https:\/\/beta.bibliotekutvikling.no\/dfb\/#organization\",\"name\":\"Det flerspr\u00e5klige bibliotek\",\"url\":\"https:\/\/beta.bibliotekutvikling.no\/dfb\/\",\"logo\":{\"@type\":\"ImageObject\",\"inLanguage\":\"nb-NO\",\"@id\":\"https:\/\/beta.bibliotekutvikling.no\/dfb\/#\/schema\/logo\/image\/\",\"url\":\"https:\/\/bibliotekutvikling.no\/content\/uploads\/sites\/17\/2022\/09\/dfb.svg\",\"contentUrl\":\"https:\/\/bibliotekutvikling.no\/content\/uploads\/sites\/17\/2022\/09\/dfb.svg\",\"width\":143,\"height\":65,\"caption\":\"Det flerspr\u00e5klige bibliotek\"},\"image\":{\"@id\":\"https:\/\/beta.bibliotekutvikling.no\/dfb\/#\/schema\/logo\/image\/\"},\"sameAs\":[\"https:\/\/www.facebook.com\/profile.php?id=100066429046602\"]}]}<\/script>\n<!-- \/ Yoast SEO Premium plugin. -->","yoast_head_json":{"title":"L\u00e5n PENpal multimediaboks - Det flerspr\u00e5klige bibliotek","robots":{"index":"index","follow":"follow","max-snippet":"max-snippet:-1","max-image-preview":"max-image-preview:large","max-video-preview":"max-video-preview:-1"},"canonical":"https:\/\/beta.bibliotekutvikling.no\/dfb\/vare-tilbud\/lan-penpal-multimediaboks\/","og_locale":"nb_NO","og_type":"article","og_title":"L\u00e5n PENpal multimediaboks","og_url":"https:\/\/beta.bibliotekutvikling.no\/dfb\/vare-tilbud\/lan-penpal-multimediaboks\/","og_site_name":"Det flerspr\u00e5klige bibliotek","article_publisher":"https:\/\/www.facebook.com\/profile.php?id=100066429046602","article_modified_time":"2022-12-16T09:34:34+00:00","og_image":[{"width":1197,"height":672,"url":"https:\/\/beta.bibliotekutvikling.no\/content\/uploads\/sites\/17\/2022\/10\/Multimediaboks-med-penpal-foto-Tonje-Sivertsen-e1667229603484.jpg","type":"image\/jpeg"}],"twitter_card":"summary_large_image","twitter_misc":{"Ansl. lesetid":"1 minutt"},"schema":{"@context":"https:\/\/schema.org","@graph":[{"@type":"WebPage","@id":"https:\/\/beta.bibliotekutvikling.no\/dfb\/vare-tilbud\/lan-penpal-multimediaboks\/","url":"https:\/\/beta.bibliotekutvikling.no\/dfb\/vare-tilbud\/lan-penpal-multimediaboks\/","name":"L\u00e5n PENpal multimediaboks - Det flerspr\u00e5klige bibliotek","isPartOf":{"@id":"https:\/\/beta.bibliotekutvikling.no\/dfb\/#website"},"primaryImageOfPage":{"@id":"https:\/\/beta.bibliotekutvikling.no\/dfb\/vare-tilbud\/lan-penpal-multimediaboks\/#primaryimage"},"image":{"@id":"https:\/\/beta.bibliotekutvikling.no\/dfb\/vare-tilbud\/lan-penpal-multimediaboks\/#primaryimage"},"thumbnailUrl":"https:\/\/beta.bibliotekutvikling.no\/content\/uploads\/sites\/17\/2022\/10\/Multimediaboks-med-penpal-foto-Tonje-Sivertsen-e1667229603484.jpg","datePublished":"2022-09-26T11:19:33+00:00","dateModified":"2022-12-16T09:34:34+00:00","breadcrumb":{"@id":"https:\/\/beta.bibliotekutvikling.no\/dfb\/vare-tilbud\/lan-penpal-multimediaboks\/#breadcrumb"},"inLanguage":"nb-NO","potentialAction":[{"@type":"ReadAction","target":["https:\/\/beta.bibliotekutvikling.no\/dfb\/vare-tilbud\/lan-penpal-multimediaboks\/"]}]},{"@type":"ImageObject","inLanguage":"nb-NO","@id":"https:\/\/beta.bibliotekutvikling.no\/dfb\/vare-tilbud\/lan-penpal-multimediaboks\/#primaryimage","url":"https:\/\/beta.bibliotekutvikling.no\/content\/uploads\/sites\/17\/2022\/10\/Multimediaboks-med-penpal-foto-Tonje-Sivertsen-e1667229603484.jpg","contentUrl":"https:\/\/beta.bibliotekutvikling.no\/content\/uploads\/sites\/17\/2022\/10\/Multimediaboks-med-penpal-foto-Tonje-Sivertsen-e1667229603484.jpg","width":1197,"height":672},{"@type":"BreadcrumbList","@id":"https:\/\/beta.bibliotekutvikling.no\/dfb\/vare-tilbud\/lan-penpal-multimediaboks\/#breadcrumb","itemListElement":[{"@type":"ListItem","position":1,"name":"Hjem","item":"https:\/\/beta.bibliotekutvikling.no\/dfb\/"},{"@type":"ListItem","position":2,"name":"Tilbud","item":"https:\/\/beta.bibliotekutvikling.no\/dfb\/vare-tilbud\/"},{"@type":"ListItem","position":3,"name":"L\u00e5n PENpal multimediaboks"}]},{"@type":"WebSite","@id":"https:\/\/beta.bibliotekutvikling.no\/dfb\/#website","url":"https:\/\/beta.bibliotekutvikling.no\/dfb\/","name":"Det flerspr\u00e5klige bibliotek","description":"","publisher":{"@id":"https:\/\/beta.bibliotekutvikling.no\/dfb\/#organization"},"potentialAction":[{"@type":"SearchAction","target":{"@type":"EntryPoint","urlTemplate":"https:\/\/beta.bibliotekutvikling.no\/dfb\/?s={search_term_string}"},"query-input":{"@type":"PropertyValueSpecification","valueRequired":true,"valueName":"search_term_string"}}],"inLanguage":"nb-NO"},{"@type":"Organization","@id":"https:\/\/beta.bibliotekutvikling.no\/dfb\/#organization","name":"Det flerspr\u00e5klige bibliotek","url":"https:\/\/beta.bibliotekutvikling.no\/dfb\/","logo":{"@type":"ImageObject","inLanguage":"nb-NO","@id":"https:\/\/beta.bibliotekutvikling.no\/dfb\/#\/schema\/logo\/image\/","url":"https:\/\/bibliotekutvikling.no\/content\/uploads\/sites\/17\/2022\/09\/dfb.svg","contentUrl":"https:\/\/bibliotekutvikling.no\/content\/uploads\/sites\/17\/2022\/09\/dfb.svg","width":143,"height":65,"caption":"Det flerspr\u00e5klige bibliotek"},"image":{"@id":"https:\/\/beta.bibliotekutvikling.no\/dfb\/#\/schema\/logo\/image\/"},"sameAs":["https:\/\/www.facebook.com\/profile.php?id=100066429046602"]}]}},"_links":{"self":[{"href":"https:\/\/beta.bibliotekutvikling.no\/dfb\/wp-json\/wp\/v2\/pages\/561","targetHints":{"allow":["GET"]}}],"collection":[{"href":"https:\/\/beta.bibliotekutvikling.no\/dfb\/wp-json\/wp\/v2\/pages"}],"about":[{"href":"https:\/\/beta.bibliotekutvikling.no\/dfb\/wp-json\/wp\/v2\/types\/page"}],"author":[{"embeddable":true,"href":"https:\/\/beta.bibliotekutvikling.no\/dfb\/wp-json\/wp\/v2\/users\/830"}],"replies":[{"embeddable":true,"href":"https:\/\/beta.bibliotekutvikling.no\/dfb\/wp-json\/wp\/v2\/comments?post=561"}],"version-history":[{"count":5,"href":"https:\/\/beta.bibliotekutvikling.no\/dfb\/wp-json\/wp\/v2\/pages\/561\/revisions"}],"predecessor-version":[{"id":1849,"href":"https:\/\/beta.bibliotekutvikling.no\/dfb\/wp-json\/wp\/v2\/pages\/561\/revisions\/1849"}],"up":[{"embeddable":true,"href":"https:\/\/beta.bibliotekutvikling.no\/dfb\/wp-json\/wp\/v2\/pages\/252"}],"wp:featuredmedia":[{"embeddable":true,"href":"https:\/\/beta.bibliotekutvikling.no\/dfb\/wp-json\/wp\/v2\/media\/1536"}],"wp:attachment":[{"href":"https:\/\/beta.bibliotekutvikling.no\/dfb\/wp-json\/wp\/v2\/media?parent=561"}],"curies":[{"name":"wp","href":"https:\/\/api.w.org\/{rel}","templated":true}]}}