{"id":726,"date":"2022-09-26T15:58:49","date_gmt":"2022-09-26T13:58:49","guid":{"rendered":"https:\/\/www.nb.no\/dfb\/?page_id=726"},"modified":"2024-06-26T10:44:04","modified_gmt":"2024-06-26T08:44:04","slug":"sprakkafe","status":"publish","type":"page","link":"https:\/\/beta.bibliotekutvikling.no\/dfb\/vare-tilbud\/sprakkafe\/","title":{"rendered":"Spr\u00e5kkaf\u00e9"},"content":{"rendered":"\n<p>Ressurssider laget av Det flerspr\u00e5klige bibliotek i samarbeid med&nbsp;<a href=\"http:\/\/lesersokerbok.no\/\">Leser S\u00f8ker Bok<\/a>&nbsp;og&nbsp;<a href=\"http:\/\/flerkult.no\/\">NBF-FlerKult<\/a>&nbsp;<\/p>\n\n\n<div class=\"t2-featured-content-layout alignwide alignwide wp-block-t2-featured-content-layout\" role=\"list\">\n<div class=\"t2-featured-single-post t2-featured-content is-post-type-page wp-block-t2-featured-single-post has-background has-primary-50-background-color t2-featured-content-layout-col-8\" role=\"listitem\"><a class=\"nb-post-link  wp-block-nb-post-link\" href=\"https:\/\/beta.bibliotekutvikling.no\/dfb\/vare-tilbud\/sprakkafe\/hva-ma-til-for-a-starte-en-sprakkafe\/\">\n<figure class=\"nb-post-featured-image has-image-ratio-16-9 wp-block-nb-post-featured-image\"><img loading=\"lazy\" decoding=\"async\" width=\"768\" height=\"432\" src=\"https:\/\/beta.bibliotekutvikling.no\/content\/uploads\/sites\/17\/2022\/09\/bilde_spraakkafe-e1664788825360-768x432.png\" class=\"attachment-medium_large size-medium_large wp-post-image\" alt=\"\" srcset=\"https:\/\/beta.bibliotekutvikling.no\/content\/uploads\/sites\/17\/2022\/09\/bilde_spraakkafe-e1664788825360-768x432.png 768w, https:\/\/beta.bibliotekutvikling.no\/content\/uploads\/sites\/17\/2022\/09\/bilde_spraakkafe-e1664788825360-300x169.png 300w, https:\/\/beta.bibliotekutvikling.no\/content\/uploads\/sites\/17\/2022\/09\/bilde_spraakkafe-e1664788825360-1024x576.png 1024w, https:\/\/beta.bibliotekutvikling.no\/content\/uploads\/sites\/17\/2022\/09\/bilde_spraakkafe-e1664788825360-600x337.png 600w, https:\/\/beta.bibliotekutvikling.no\/content\/uploads\/sites\/17\/2022\/09\/bilde_spraakkafe-e1664788825360.png 1247w\" sizes=\"auto, (min-width: 1200px) 792px, (min-width: 700px) 66vw, 350px\" \/><\/figure>\n\n<div class=\"wp-block-group alignfull is-layout-flow wp-block-group-is-layout-flow\">\n\t\n\t<h2 class=\"t2-post-title wp-block-t2-post-title\">Hva m\u00e5 til for \u00e5 starte en spr\u00e5kkaf\u00e9?<\/h2>\n\t<div class=\"nb-post-excerpt wp-block-nb-post-excerpt\">Praktisk informasjon rundt spr\u00e5kkafeer.<\/div>\n<\/div>\n\n<\/a>\n<\/div>\n\n<div class=\"t2-featured-single-post t2-featured-content is-post-type-page wp-block-t2-featured-single-post has-background has-primary-50-background-color t2-featured-content-layout-col-4\" role=\"listitem\"><a class=\"nb-post-link  wp-block-nb-post-link\" href=\"https:\/\/beta.bibliotekutvikling.no\/dfb\/vare-tilbud\/sprakkafe\/samtaler-basert-pa-litteratur\/\">\n<figure class=\"nb-post-featured-image has-image-ratio-16-9 wp-block-nb-post-featured-image\"><img loading=\"lazy\" decoding=\"async\" width=\"768\" height=\"432\" src=\"https:\/\/beta.bibliotekutvikling.no\/content\/uploads\/sites\/17\/2022\/10\/sprakkafe2_kristiansand2019-scaled-e1664794209477-768x432.jpg\" class=\"attachment-medium_large size-medium_large wp-post-image\" alt=\"\" srcset=\"https:\/\/beta.bibliotekutvikling.no\/content\/uploads\/sites\/17\/2022\/10\/sprakkafe2_kristiansand2019-scaled-e1664794209477-768x432.jpg 768w, https:\/\/beta.bibliotekutvikling.no\/content\/uploads\/sites\/17\/2022\/10\/sprakkafe2_kristiansand2019-scaled-e1664794209477-300x169.jpg 300w, https:\/\/beta.bibliotekutvikling.no\/content\/uploads\/sites\/17\/2022\/10\/sprakkafe2_kristiansand2019-scaled-e1664794209477-1024x576.jpg 1024w, https:\/\/beta.bibliotekutvikling.no\/content\/uploads\/sites\/17\/2022\/10\/sprakkafe2_kristiansand2019-scaled-e1664794209477-1536x864.jpg 1536w, https:\/\/beta.bibliotekutvikling.no\/content\/uploads\/sites\/17\/2022\/10\/sprakkafe2_kristiansand2019-scaled-e1664794209477-2048x1152.jpg 2048w, https:\/\/beta.bibliotekutvikling.no\/content\/uploads\/sites\/17\/2022\/10\/sprakkafe2_kristiansand2019-scaled-e1664794209477-600x338.jpg 600w\" sizes=\"auto, (min-width: 1200px) 384px, (min-width: 700px) 33vw, 350px\" \/><\/figure>\n\n<div class=\"wp-block-group alignfull is-layout-flow wp-block-group-is-layout-flow\">\n\t\n\t<h2 class=\"t2-post-title wp-block-t2-post-title\">Spr\u00e5kaf\u00e9 med samtaler basert p\u00e5 litteratur<\/h2>\n\t<div class=\"nb-post-excerpt wp-block-nb-post-excerpt\">Inspirasjon til hva man kan snakke om p\u00e5 spr\u00e5kkaf\u00e9er. <\/div>\n<\/div>\n\n<\/a>\n<\/div>\n\n<div class=\"t2-featured-single-post t2-featured-content is-post-type-page wp-block-t2-featured-single-post has-background has-primary-50-background-color t2-featured-content-layout-col-4\" role=\"listitem\"><a class=\"nb-post-link  wp-block-nb-post-link\" href=\"https:\/\/beta.bibliotekutvikling.no\/dfb\/vare-tilbud\/sprakkafe\/sprakkafe-med-tematiske-samtaler\/\">\n<figure class=\"nb-post-featured-image has-image-ratio-16-9 wp-block-nb-post-featured-image\"><img loading=\"lazy\" decoding=\"async\" width=\"768\" height=\"432\" src=\"https:\/\/beta.bibliotekutvikling.no\/content\/uploads\/sites\/17\/2022\/10\/preparing_food-e1664793476567-768x432.jpeg\" class=\"attachment-medium_large size-medium_large wp-post-image\" alt=\"\" srcset=\"https:\/\/beta.bibliotekutvikling.no\/content\/uploads\/sites\/17\/2022\/10\/preparing_food-e1664793476567-768x432.jpeg 768w, https:\/\/beta.bibliotekutvikling.no\/content\/uploads\/sites\/17\/2022\/10\/preparing_food-e1664793476567-300x169.jpeg 300w, https:\/\/beta.bibliotekutvikling.no\/content\/uploads\/sites\/17\/2022\/10\/preparing_food-e1664793476567-1024x576.jpeg 1024w, https:\/\/beta.bibliotekutvikling.no\/content\/uploads\/sites\/17\/2022\/10\/preparing_food-e1664793476567-600x338.jpeg 600w, https:\/\/beta.bibliotekutvikling.no\/content\/uploads\/sites\/17\/2022\/10\/preparing_food-e1664793476567.jpeg 1280w\" sizes=\"auto, (min-width: 1200px) 384px, (min-width: 700px) 33vw, 350px\" \/><\/figure>\n\n<div class=\"wp-block-group alignfull is-layout-flow wp-block-group-is-layout-flow\">\n\t\n\t<h2 class=\"t2-post-title wp-block-t2-post-title\">Spr\u00e5kkafe med tematiske samtaler<\/h2>\n\t<div class=\"nb-post-excerpt wp-block-nb-post-excerpt\">Inspirasjon til hva man kan snakke om p\u00e5 spr\u00e5kkaf\u00e8er.<\/div>\n<\/div>\n\n<\/a>\n<\/div>\n\n<div class=\"t2-featured-single-post t2-featured-content is-post-type-page wp-block-t2-featured-single-post has-background has-primary-50-background-color\" role=\"listitem\"><a class=\"nb-post-link  wp-block-nb-post-link\" href=\"https:\/\/beta.bibliotekutvikling.no\/dfb\/vare-tilbud\/sprakkafe\/sprakkafe-med-verkstedsbaserte-samtaler\/\">\n<figure class=\"nb-post-featured-image has-image-ratio-16-9 wp-block-nb-post-featured-image\"><img loading=\"lazy\" decoding=\"async\" width=\"768\" height=\"432\" src=\"https:\/\/beta.bibliotekutvikling.no\/content\/uploads\/sites\/17\/2022\/10\/ord_og_bilder-scaled-e1664795721906-768x432.jpg\" class=\"attachment-medium_large size-medium_large wp-post-image\" alt=\"\" srcset=\"https:\/\/beta.bibliotekutvikling.no\/content\/uploads\/sites\/17\/2022\/10\/ord_og_bilder-scaled-e1664795721906-768x432.jpg 768w, https:\/\/beta.bibliotekutvikling.no\/content\/uploads\/sites\/17\/2022\/10\/ord_og_bilder-scaled-e1664795721906-300x169.jpg 300w, https:\/\/beta.bibliotekutvikling.no\/content\/uploads\/sites\/17\/2022\/10\/ord_og_bilder-scaled-e1664795721906-1024x576.jpg 1024w, https:\/\/beta.bibliotekutvikling.no\/content\/uploads\/sites\/17\/2022\/10\/ord_og_bilder-scaled-e1664795721906-1536x864.jpg 1536w, https:\/\/beta.bibliotekutvikling.no\/content\/uploads\/sites\/17\/2022\/10\/ord_og_bilder-scaled-e1664795721906-2048x1152.jpg 2048w, https:\/\/beta.bibliotekutvikling.no\/content\/uploads\/sites\/17\/2022\/10\/ord_og_bilder-scaled-e1664795721906-600x338.jpg 600w\" sizes=\"auto, (min-width: 1200px) 384px, (min-width: 700px) 33vw, 350px\" \/><\/figure>\n\n<div class=\"wp-block-group alignfull is-layout-flow wp-block-group-is-layout-flow\">\n\t\n\t<h2 class=\"t2-post-title wp-block-t2-post-title\">Spr\u00e5kkaf\u00e9 med verkstedsbaserte samtaler<\/h2>\n\t<div class=\"nb-post-excerpt wp-block-nb-post-excerpt\">Inspirasjon til hva man kan snakke om p\u00e5 spr\u00e5kkaf\u00e9en.<\/div>\n<\/div>\n\n<\/a>\n<\/div>\n\n<div class=\"t2-featured-single-post t2-featured-content is-post-type-page wp-block-t2-featured-single-post has-background has-primary-50-background-color t2-featured-content-layout-col-4\" role=\"listitem\"><a class=\"nb-post-link  wp-block-nb-post-link\" href=\"https:\/\/beta.bibliotekutvikling.no\/dfb\/vare-tilbud\/sprakkafe\/sprakkafeer-med-sprakspill\/\">\n<figure class=\"nb-post-featured-image has-image-ratio-16-9 wp-block-nb-post-featured-image\"><img loading=\"lazy\" decoding=\"async\" width=\"768\" height=\"432\" src=\"https:\/\/beta.bibliotekutvikling.no\/content\/uploads\/sites\/17\/2022\/09\/sprakkafe_bruk_av_spill-e1664794054553-768x432.jpg\" class=\"attachment-medium_large size-medium_large wp-post-image\" alt=\"\" srcset=\"https:\/\/beta.bibliotekutvikling.no\/content\/uploads\/sites\/17\/2022\/09\/sprakkafe_bruk_av_spill-e1664794054553-768x432.jpg 768w, https:\/\/beta.bibliotekutvikling.no\/content\/uploads\/sites\/17\/2022\/09\/sprakkafe_bruk_av_spill-e1664794054553-300x169.jpg 300w, https:\/\/beta.bibliotekutvikling.no\/content\/uploads\/sites\/17\/2022\/09\/sprakkafe_bruk_av_spill-e1664794054553-1024x576.jpg 1024w, https:\/\/beta.bibliotekutvikling.no\/content\/uploads\/sites\/17\/2022\/09\/sprakkafe_bruk_av_spill-e1664794054553-1536x864.jpg 1536w, https:\/\/beta.bibliotekutvikling.no\/content\/uploads\/sites\/17\/2022\/09\/sprakkafe_bruk_av_spill-e1664794054553-600x338.jpg 600w, https:\/\/beta.bibliotekutvikling.no\/content\/uploads\/sites\/17\/2022\/09\/sprakkafe_bruk_av_spill-e1664794054553.jpg 2048w\" sizes=\"auto, (min-width: 1200px) 384px, (min-width: 700px) 33vw, 350px\" \/><\/figure>\n\n<div class=\"wp-block-group alignfull is-layout-flow wp-block-group-is-layout-flow\">\n\t\n\t<h2 class=\"t2-post-title wp-block-t2-post-title\">Spr\u00e5kkaf\u00e9 med spr\u00e5kspill<\/h2>\n\t<div class=\"nb-post-excerpt wp-block-nb-post-excerpt\">Inspirasjon til hva man kan snakke om p\u00e5 spr\u00e5kkaf\u00e9en<\/div>\n<\/div>\n\n<\/a>\n<\/div>\n\n<div class=\"t2-featured-single-post t2-featured-content is-post-type-page wp-block-t2-featured-single-post has-background has-primary-50-background-color\" role=\"listitem\"><a class=\"nb-post-link  wp-block-nb-post-link\" href=\"https:\/\/beta.bibliotekutvikling.no\/dfb\/vare-tilbud\/sprakkafe\/bokpakke-til-bruk-pa-sprakkafe\/\">\n<figure class=\"nb-post-featured-image has-image-ratio-16-9 wp-block-nb-post-featured-image\"><img loading=\"lazy\" decoding=\"async\" width=\"768\" height=\"432\" src=\"https:\/\/beta.bibliotekutvikling.no\/content\/uploads\/sites\/17\/2022\/09\/bilde_bokpakke-scaled-e1664800610284-768x432.jpg\" class=\"attachment-medium_large size-medium_large wp-post-image\" alt=\"\" srcset=\"https:\/\/beta.bibliotekutvikling.no\/content\/uploads\/sites\/17\/2022\/09\/bilde_bokpakke-scaled-e1664800610284-768x432.jpg 768w, https:\/\/beta.bibliotekutvikling.no\/content\/uploads\/sites\/17\/2022\/09\/bilde_bokpakke-scaled-e1664800610284-300x169.jpg 300w, https:\/\/beta.bibliotekutvikling.no\/content\/uploads\/sites\/17\/2022\/09\/bilde_bokpakke-scaled-e1664800610284-1024x576.jpg 1024w, https:\/\/beta.bibliotekutvikling.no\/content\/uploads\/sites\/17\/2022\/09\/bilde_bokpakke-scaled-e1664800610284-1536x864.jpg 1536w, https:\/\/beta.bibliotekutvikling.no\/content\/uploads\/sites\/17\/2022\/09\/bilde_bokpakke-scaled-e1664800610284-2048x1152.jpg 2048w, https:\/\/beta.bibliotekutvikling.no\/content\/uploads\/sites\/17\/2022\/09\/bilde_bokpakke-scaled-e1664800610284-600x338.jpg 600w\" sizes=\"auto, (min-width: 1200px) 384px, (min-width: 700px) 33vw, 350px\" \/><\/figure>\n\n<div class=\"wp-block-group alignfull is-layout-flow wp-block-group-is-layout-flow\">\n\t\n\t<h2 class=\"t2-post-title wp-block-t2-post-title\">Bokpakke til bruk p\u00e5 spr\u00e5kkaf\u00e9<\/h2>\n\t<div class=\"nb-post-excerpt wp-block-nb-post-excerpt\">Det flerspr\u00e5klige bibliotek har utarbeidet en enkel bokpakke som kan brukes p\u00e5 spr\u00e5kkaf\u00e9 og som passer for alle niv\u00e5er.<\/div>\n<\/div>\n\n<\/a>\n<\/div>\n\n<div class=\"t2-featured-single-post t2-featured-content is-post-type-page wp-block-t2-featured-single-post has-background has-primary-50-background-color t2-featured-content-layout-col-4\" role=\"listitem\"><a class=\"nb-post-link  wp-block-nb-post-link\" href=\"https:\/\/beta.bibliotekutvikling.no\/dfb\/vare-tilbud\/sprakkafe\/ressurser-knyttet-til-sprakkafe\/\">\n<figure class=\"nb-post-featured-image has-image-ratio-16-9 wp-block-nb-post-featured-image\"><img loading=\"lazy\" decoding=\"async\" width=\"768\" height=\"432\" src=\"https:\/\/beta.bibliotekutvikling.no\/content\/uploads\/sites\/17\/2022\/09\/sprakkafebanner_web-768x432.jpg\" class=\"attachment-medium_large size-medium_large wp-post-image\" alt=\"\" srcset=\"https:\/\/beta.bibliotekutvikling.no\/content\/uploads\/sites\/17\/2022\/09\/sprakkafebanner_web-768x432.jpg 768w, https:\/\/beta.bibliotekutvikling.no\/content\/uploads\/sites\/17\/2022\/09\/sprakkafebanner_web-300x169.jpg 300w, https:\/\/beta.bibliotekutvikling.no\/content\/uploads\/sites\/17\/2022\/09\/sprakkafebanner_web-1024x576.jpg 1024w, https:\/\/beta.bibliotekutvikling.no\/content\/uploads\/sites\/17\/2022\/09\/sprakkafebanner_web-600x338.jpg 600w, https:\/\/beta.bibliotekutvikling.no\/content\/uploads\/sites\/17\/2022\/09\/sprakkafebanner_web.jpg 1280w\" sizes=\"auto, (min-width: 1200px) 384px, (min-width: 700px) 33vw, 350px\" \/><\/figure>\n\n<div class=\"wp-block-group alignfull is-layout-flow wp-block-group-is-layout-flow\">\n\t\n\t<h2 class=\"t2-post-title wp-block-t2-post-title\">Informasjonsmateriell, brosjyrer og artikler om spr\u00e5kkaf\u00e9<\/h2>\n\t\n<\/div>\n\n<\/a>\n<\/div>\n<\/div>\n\n\n<h2 class=\"wp-block-heading\" id=\"h-sporsmal-kommentarer-og-innspill-kan-sendes-til\">Sp\u00f8rsm\u00e5l, kommentarer og innspill kan sendes til:<\/h2>\n\n\n<div class=\"t2-featured-single-post t2-featured-content is-post-type-person wp-block-t2-featured-single-post\"><figure class=\"nb-post-featured-image has-image-ratio-16-9 wp-block-nb-post-featured-image\"><img loading=\"lazy\" decoding=\"async\" width=\"768\" height=\"432\" src=\"https:\/\/beta.bibliotekutvikling.no\/content\/uploads\/sites\/17\/2022\/09\/Ezequiel-Lemoine-utsnitt--e1664529367806-768x432.jpg\" class=\"attachment-medium_large size-medium_large wp-post-image\" alt=\"\" srcset=\"https:\/\/beta.bibliotekutvikling.no\/content\/uploads\/sites\/17\/2022\/09\/Ezequiel-Lemoine-utsnitt--e1664529367806-768x432.jpg 768w, https:\/\/beta.bibliotekutvikling.no\/content\/uploads\/sites\/17\/2022\/09\/Ezequiel-Lemoine-utsnitt--e1664529367806-300x169.jpg 300w, https:\/\/beta.bibliotekutvikling.no\/content\/uploads\/sites\/17\/2022\/09\/Ezequiel-Lemoine-utsnitt--e1664529367806-1024x576.jpg 1024w, https:\/\/beta.bibliotekutvikling.no\/content\/uploads\/sites\/17\/2022\/09\/Ezequiel-Lemoine-utsnitt--e1664529367806-1536x864.jpg 1536w, https:\/\/beta.bibliotekutvikling.no\/content\/uploads\/sites\/17\/2022\/09\/Ezequiel-Lemoine-utsnitt--e1664529367806-600x337.jpg 600w, https:\/\/beta.bibliotekutvikling.no\/content\/uploads\/sites\/17\/2022\/09\/Ezequiel-Lemoine-utsnitt--e1664529367806.jpg 1597w\" sizes=\"auto, (min-width: 1200px) 384px, (min-width: 700px) 33vw, 350px\" \/><\/figure>\n\n\n<div class=\"wp-block-group alignfull is-layout-flow wp-block-group-is-layout-flow\">\n\t<h2 class=\"t2-post-title wp-block-t2-post-title\">Ezequiel Lemoine<\/h2>\n\n\t\n\t<div class=\"wp-block-group alignfull person-card-meta is-layout-flow wp-block-group-is-layout-flow\">\n\t\t\n\t\t<div class=\"nb-post-excerpt wp-block-nb-post-excerpt\">Ansvarlig for samlinger p\u00e5 fransk, engelsk, spansk, amharisk, tigrinja, oromo, swahili, portugisisk, tagalog,  litauisk, tsjekkisk, ungarsk og slovakisk.<\/div>\n\t\t<div class=\"nb-post-meta wp-block-nb-post-meta\"><div data-meta-key=\"people_email\"><a href=\"mailto:ezequiel.lemoine@nb.no\">ezequiel.lemoine@nb.no<\/a><\/div><div data-meta-key=\"people_phone\"><a href=\"tel:23 27 63 72\">23 27 63 72<\/a><\/div><\/div>\n\t<\/div>\n\t\n<\/div>\n\n<\/div>","protected":false},"excerpt":{"rendered":"<p>Ressurser for deg som vil holde spr\u00e5kkaf\u00e9 for f\u00f8rste gang, eller som vil videreutvikle tilbudet ditt.<\/p>\n","protected":false},"author":830,"featured_media":734,"parent":252,"menu_order":0,"comment_status":"closed","ping_status":"closed","template":"","meta":{"nb_hide_title":false,"nb_breadcrumb_title_override":"","sub_navigation_option":"","sub_navigation_custom_items":[],"footnotes":""},"class_list":["post-726","page","type-page","status-publish","has-post-thumbnail","hentry"],"yoast_head":"<!-- This site is optimized with the Yoast SEO Premium plugin v27.1 (Yoast SEO v27.1.1) - https:\/\/yoast.com\/product\/yoast-seo-premium-wordpress\/ -->\n<title>Spr\u00e5kkaf\u00e9 - Det flerspr\u00e5klige bibliotek<\/title>\n<meta name=\"robots\" content=\"index, follow, max-snippet:-1, max-image-preview:large, max-video-preview:-1\" \/>\n<link rel=\"canonical\" href=\"https:\/\/beta.bibliotekutvikling.no\/dfb\/vare-tilbud\/sprakkafe\/\" \/>\n<meta property=\"og:locale\" content=\"nb_NO\" \/>\n<meta property=\"og:type\" content=\"article\" \/>\n<meta property=\"og:title\" content=\"Spr\u00e5kkaf\u00e9\" \/>\n<meta property=\"og:description\" content=\"Ressurser for deg som vil holde spr\u00e5kkaf\u00e9 for f\u00f8rste gang, eller som vil videreutvikle tilbudet ditt.\" \/>\n<meta property=\"og:url\" content=\"https:\/\/beta.bibliotekutvikling.no\/dfb\/vare-tilbud\/sprakkafe\/\" \/>\n<meta property=\"og:site_name\" content=\"Det flerspr\u00e5klige bibliotek\" \/>\n<meta property=\"article:publisher\" content=\"https:\/\/www.facebook.com\/profile.php?id=100066429046602\" \/>\n<meta property=\"article:modified_time\" content=\"2024-06-26T08:44:04+00:00\" \/>\n<meta property=\"og:image\" content=\"https:\/\/beta.bibliotekutvikling.no\/content\/uploads\/sites\/17\/2022\/09\/Illustrasjon_Sprakkafe-6-e1664528955192.jpg\" \/>\n\t<meta property=\"og:image:width\" content=\"2000\" \/>\n\t<meta property=\"og:image:height\" content=\"1125\" \/>\n\t<meta property=\"og:image:type\" content=\"image\/jpeg\" \/>\n<meta name=\"twitter:card\" content=\"summary_large_image\" \/>\n<meta name=\"twitter:label1\" content=\"Ansl. lesetid\" \/>\n\t<meta name=\"twitter:data1\" content=\"1 minutt\" \/>\n<script type=\"application\/ld+json\" class=\"yoast-schema-graph\">{\"@context\":\"https:\/\/schema.org\",\"@graph\":[{\"@type\":\"WebPage\",\"@id\":\"https:\/\/beta.bibliotekutvikling.no\/dfb\/vare-tilbud\/sprakkafe\/\",\"url\":\"https:\/\/beta.bibliotekutvikling.no\/dfb\/vare-tilbud\/sprakkafe\/\",\"name\":\"Spr\u00e5kkaf\u00e9 - Det flerspr\u00e5klige bibliotek\",\"isPartOf\":{\"@id\":\"https:\/\/beta.bibliotekutvikling.no\/dfb\/#website\"},\"primaryImageOfPage\":{\"@id\":\"https:\/\/beta.bibliotekutvikling.no\/dfb\/vare-tilbud\/sprakkafe\/#primaryimage\"},\"image\":{\"@id\":\"https:\/\/beta.bibliotekutvikling.no\/dfb\/vare-tilbud\/sprakkafe\/#primaryimage\"},\"thumbnailUrl\":\"https:\/\/beta.bibliotekutvikling.no\/content\/uploads\/sites\/17\/2022\/09\/Illustrasjon_Sprakkafe-6-e1664528955192.jpg\",\"datePublished\":\"2022-09-26T13:58:49+00:00\",\"dateModified\":\"2024-06-26T08:44:04+00:00\",\"breadcrumb\":{\"@id\":\"https:\/\/beta.bibliotekutvikling.no\/dfb\/vare-tilbud\/sprakkafe\/#breadcrumb\"},\"inLanguage\":\"nb-NO\",\"potentialAction\":[{\"@type\":\"ReadAction\",\"target\":[\"https:\/\/beta.bibliotekutvikling.no\/dfb\/vare-tilbud\/sprakkafe\/\"]}]},{\"@type\":\"ImageObject\",\"inLanguage\":\"nb-NO\",\"@id\":\"https:\/\/beta.bibliotekutvikling.no\/dfb\/vare-tilbud\/sprakkafe\/#primaryimage\",\"url\":\"https:\/\/beta.bibliotekutvikling.no\/content\/uploads\/sites\/17\/2022\/09\/Illustrasjon_Sprakkafe-6-e1664528955192.jpg\",\"contentUrl\":\"https:\/\/beta.bibliotekutvikling.no\/content\/uploads\/sites\/17\/2022\/09\/Illustrasjon_Sprakkafe-6-e1664528955192.jpg\",\"width\":2000,\"height\":1125},{\"@type\":\"BreadcrumbList\",\"@id\":\"https:\/\/beta.bibliotekutvikling.no\/dfb\/vare-tilbud\/sprakkafe\/#breadcrumb\",\"itemListElement\":[{\"@type\":\"ListItem\",\"position\":1,\"name\":\"Hjem\",\"item\":\"https:\/\/beta.bibliotekutvikling.no\/dfb\/\"},{\"@type\":\"ListItem\",\"position\":2,\"name\":\"Tilbud\",\"item\":\"https:\/\/beta.bibliotekutvikling.no\/dfb\/vare-tilbud\/\"},{\"@type\":\"ListItem\",\"position\":3,\"name\":\"Spr\u00e5kkaf\u00e9\"}]},{\"@type\":\"WebSite\",\"@id\":\"https:\/\/beta.bibliotekutvikling.no\/dfb\/#website\",\"url\":\"https:\/\/beta.bibliotekutvikling.no\/dfb\/\",\"name\":\"Det flerspr\u00e5klige bibliotek\",\"description\":\"\",\"publisher\":{\"@id\":\"https:\/\/beta.bibliotekutvikling.no\/dfb\/#organization\"},\"potentialAction\":[{\"@type\":\"SearchAction\",\"target\":{\"@type\":\"EntryPoint\",\"urlTemplate\":\"https:\/\/beta.bibliotekutvikling.no\/dfb\/?s={search_term_string}\"},\"query-input\":{\"@type\":\"PropertyValueSpecification\",\"valueRequired\":true,\"valueName\":\"search_term_string\"}}],\"inLanguage\":\"nb-NO\"},{\"@type\":\"Organization\",\"@id\":\"https:\/\/beta.bibliotekutvikling.no\/dfb\/#organization\",\"name\":\"Det flerspr\u00e5klige bibliotek\",\"url\":\"https:\/\/beta.bibliotekutvikling.no\/dfb\/\",\"logo\":{\"@type\":\"ImageObject\",\"inLanguage\":\"nb-NO\",\"@id\":\"https:\/\/beta.bibliotekutvikling.no\/dfb\/#\/schema\/logo\/image\/\",\"url\":\"https:\/\/bibliotekutvikling.no\/content\/uploads\/sites\/17\/2022\/09\/dfb.svg\",\"contentUrl\":\"https:\/\/bibliotekutvikling.no\/content\/uploads\/sites\/17\/2022\/09\/dfb.svg\",\"width\":143,\"height\":65,\"caption\":\"Det flerspr\u00e5klige bibliotek\"},\"image\":{\"@id\":\"https:\/\/beta.bibliotekutvikling.no\/dfb\/#\/schema\/logo\/image\/\"},\"sameAs\":[\"https:\/\/www.facebook.com\/profile.php?id=100066429046602\"]}]}<\/script>\n<!-- \/ Yoast SEO Premium plugin. -->","yoast_head_json":{"title":"Spr\u00e5kkaf\u00e9 - Det flerspr\u00e5klige bibliotek","robots":{"index":"index","follow":"follow","max-snippet":"max-snippet:-1","max-image-preview":"max-image-preview:large","max-video-preview":"max-video-preview:-1"},"canonical":"https:\/\/beta.bibliotekutvikling.no\/dfb\/vare-tilbud\/sprakkafe\/","og_locale":"nb_NO","og_type":"article","og_title":"Spr\u00e5kkaf\u00e9","og_description":"Ressurser for deg som vil holde spr\u00e5kkaf\u00e9 for f\u00f8rste gang, eller som vil videreutvikle tilbudet ditt.","og_url":"https:\/\/beta.bibliotekutvikling.no\/dfb\/vare-tilbud\/sprakkafe\/","og_site_name":"Det flerspr\u00e5klige bibliotek","article_publisher":"https:\/\/www.facebook.com\/profile.php?id=100066429046602","article_modified_time":"2024-06-26T08:44:04+00:00","og_image":[{"width":2000,"height":1125,"url":"https:\/\/beta.bibliotekutvikling.no\/content\/uploads\/sites\/17\/2022\/09\/Illustrasjon_Sprakkafe-6-e1664528955192.jpg","type":"image\/jpeg"}],"twitter_card":"summary_large_image","twitter_misc":{"Ansl. lesetid":"1 minutt"},"schema":{"@context":"https:\/\/schema.org","@graph":[{"@type":"WebPage","@id":"https:\/\/beta.bibliotekutvikling.no\/dfb\/vare-tilbud\/sprakkafe\/","url":"https:\/\/beta.bibliotekutvikling.no\/dfb\/vare-tilbud\/sprakkafe\/","name":"Spr\u00e5kkaf\u00e9 - Det flerspr\u00e5klige bibliotek","isPartOf":{"@id":"https:\/\/beta.bibliotekutvikling.no\/dfb\/#website"},"primaryImageOfPage":{"@id":"https:\/\/beta.bibliotekutvikling.no\/dfb\/vare-tilbud\/sprakkafe\/#primaryimage"},"image":{"@id":"https:\/\/beta.bibliotekutvikling.no\/dfb\/vare-tilbud\/sprakkafe\/#primaryimage"},"thumbnailUrl":"https:\/\/beta.bibliotekutvikling.no\/content\/uploads\/sites\/17\/2022\/09\/Illustrasjon_Sprakkafe-6-e1664528955192.jpg","datePublished":"2022-09-26T13:58:49+00:00","dateModified":"2024-06-26T08:44:04+00:00","breadcrumb":{"@id":"https:\/\/beta.bibliotekutvikling.no\/dfb\/vare-tilbud\/sprakkafe\/#breadcrumb"},"inLanguage":"nb-NO","potentialAction":[{"@type":"ReadAction","target":["https:\/\/beta.bibliotekutvikling.no\/dfb\/vare-tilbud\/sprakkafe\/"]}]},{"@type":"ImageObject","inLanguage":"nb-NO","@id":"https:\/\/beta.bibliotekutvikling.no\/dfb\/vare-tilbud\/sprakkafe\/#primaryimage","url":"https:\/\/beta.bibliotekutvikling.no\/content\/uploads\/sites\/17\/2022\/09\/Illustrasjon_Sprakkafe-6-e1664528955192.jpg","contentUrl":"https:\/\/beta.bibliotekutvikling.no\/content\/uploads\/sites\/17\/2022\/09\/Illustrasjon_Sprakkafe-6-e1664528955192.jpg","width":2000,"height":1125},{"@type":"BreadcrumbList","@id":"https:\/\/beta.bibliotekutvikling.no\/dfb\/vare-tilbud\/sprakkafe\/#breadcrumb","itemListElement":[{"@type":"ListItem","position":1,"name":"Hjem","item":"https:\/\/beta.bibliotekutvikling.no\/dfb\/"},{"@type":"ListItem","position":2,"name":"Tilbud","item":"https:\/\/beta.bibliotekutvikling.no\/dfb\/vare-tilbud\/"},{"@type":"ListItem","position":3,"name":"Spr\u00e5kkaf\u00e9"}]},{"@type":"WebSite","@id":"https:\/\/beta.bibliotekutvikling.no\/dfb\/#website","url":"https:\/\/beta.bibliotekutvikling.no\/dfb\/","name":"Det flerspr\u00e5klige bibliotek","description":"","publisher":{"@id":"https:\/\/beta.bibliotekutvikling.no\/dfb\/#organization"},"potentialAction":[{"@type":"SearchAction","target":{"@type":"EntryPoint","urlTemplate":"https:\/\/beta.bibliotekutvikling.no\/dfb\/?s={search_term_string}"},"query-input":{"@type":"PropertyValueSpecification","valueRequired":true,"valueName":"search_term_string"}}],"inLanguage":"nb-NO"},{"@type":"Organization","@id":"https:\/\/beta.bibliotekutvikling.no\/dfb\/#organization","name":"Det flerspr\u00e5klige bibliotek","url":"https:\/\/beta.bibliotekutvikling.no\/dfb\/","logo":{"@type":"ImageObject","inLanguage":"nb-NO","@id":"https:\/\/beta.bibliotekutvikling.no\/dfb\/#\/schema\/logo\/image\/","url":"https:\/\/bibliotekutvikling.no\/content\/uploads\/sites\/17\/2022\/09\/dfb.svg","contentUrl":"https:\/\/bibliotekutvikling.no\/content\/uploads\/sites\/17\/2022\/09\/dfb.svg","width":143,"height":65,"caption":"Det flerspr\u00e5klige bibliotek"},"image":{"@id":"https:\/\/beta.bibliotekutvikling.no\/dfb\/#\/schema\/logo\/image\/"},"sameAs":["https:\/\/www.facebook.com\/profile.php?id=100066429046602"]}]}},"_links":{"self":[{"href":"https:\/\/beta.bibliotekutvikling.no\/dfb\/wp-json\/wp\/v2\/pages\/726","targetHints":{"allow":["GET"]}}],"collection":[{"href":"https:\/\/beta.bibliotekutvikling.no\/dfb\/wp-json\/wp\/v2\/pages"}],"about":[{"href":"https:\/\/beta.bibliotekutvikling.no\/dfb\/wp-json\/wp\/v2\/types\/page"}],"author":[{"embeddable":true,"href":"https:\/\/beta.bibliotekutvikling.no\/dfb\/wp-json\/wp\/v2\/users\/830"}],"replies":[{"embeddable":true,"href":"https:\/\/beta.bibliotekutvikling.no\/dfb\/wp-json\/wp\/v2\/comments?post=726"}],"version-history":[{"count":4,"href":"https:\/\/beta.bibliotekutvikling.no\/dfb\/wp-json\/wp\/v2\/pages\/726\/revisions"}],"predecessor-version":[{"id":3193,"href":"https:\/\/beta.bibliotekutvikling.no\/dfb\/wp-json\/wp\/v2\/pages\/726\/revisions\/3193"}],"up":[{"embeddable":true,"href":"https:\/\/beta.bibliotekutvikling.no\/dfb\/wp-json\/wp\/v2\/pages\/252"}],"wp:featuredmedia":[{"embeddable":true,"href":"https:\/\/beta.bibliotekutvikling.no\/dfb\/wp-json\/wp\/v2\/media\/734"}],"wp:attachment":[{"href":"https:\/\/beta.bibliotekutvikling.no\/dfb\/wp-json\/wp\/v2\/media?parent=726"}],"curies":[{"name":"wp","href":"https:\/\/api.w.org\/{rel}","templated":true}]}}