{"id":744,"date":"2022-09-26T16:11:20","date_gmt":"2022-09-26T14:11:20","guid":{"rendered":"https:\/\/www.nb.no\/dfb\/?page_id=744"},"modified":"2024-05-15T14:58:33","modified_gmt":"2024-05-15T12:58:33","slug":"hva-ma-til-for-a-starte-en-sprakkafe","status":"publish","type":"page","link":"https:\/\/beta.bibliotekutvikling.no\/dfb\/vare-tilbud\/sprakkafe\/hva-ma-til-for-a-starte-en-sprakkafe\/","title":{"rendered":"Hva m\u00e5 til for \u00e5 starte en spr\u00e5kkaf\u00e9?"},"content":{"rendered":"\n<figure class=\"wp-block-image alignwide size-large\"><img loading=\"lazy\" decoding=\"async\" width=\"1024\" height=\"576\" src=\"https:\/\/bibliotekutvikling.no\/content\/uploads\/sites\/17\/2022\/09\/bilde_spraakkafe-e1664788825360-1024x576.png\" alt=\"\" class=\"wp-image-733\" srcset=\"https:\/\/beta.bibliotekutvikling.no\/content\/uploads\/sites\/17\/2022\/09\/bilde_spraakkafe-e1664788825360-1024x576.png 1024w, https:\/\/beta.bibliotekutvikling.no\/content\/uploads\/sites\/17\/2022\/09\/bilde_spraakkafe-e1664788825360-300x169.png 300w, https:\/\/beta.bibliotekutvikling.no\/content\/uploads\/sites\/17\/2022\/09\/bilde_spraakkafe-e1664788825360-768x432.png 768w, https:\/\/beta.bibliotekutvikling.no\/content\/uploads\/sites\/17\/2022\/09\/bilde_spraakkafe-e1664788825360-600x337.png 600w, https:\/\/beta.bibliotekutvikling.no\/content\/uploads\/sites\/17\/2022\/09\/bilde_spraakkafe-e1664788825360.png 1247w\" sizes=\"auto, (max-width: 1024px) 100vw, 1024px\" \/><\/figure>\n\n\n\n<p>Spr\u00e5kkaf\u00e9er er en annerledes m\u00e5te \u00e5 l\u00e6re spr\u00e5k p\u00e5, og ikke minst m\u00f8te nye mennesker p\u00e5.&nbsp;Spr\u00e5kkaf\u00e9er er til for personer som \u00f8nsker \u00e5 l\u00e6re seg mer norsk ved \u00e5 prate med andre i en gruppe om et visst tema og f\u00e5 praktisert de spr\u00e5kferdighetene&nbsp;man har tilegnet seg.&nbsp;Spr\u00e5kkaf\u00e9er skiller seg s\u00e5nn sett ut fra den vanlige spr\u00e5kundervisningen, da det er samtale og evne til \u00e5 uttrykke seg om forskjellige temaer som er i fokus. Arrang\u00f8rene av spr\u00e5kkaf\u00e9 har stort sett v\u00e6rt bibliotek, R\u00f8de Kors, frivilligsentraler, organisasjoner og menigheter.<\/p>\n\n\n\n<p>Det finnes forskjellige typer spr\u00e5kkaf\u00e9er, men en fellesnevner&nbsp;for alle er at de krever noen faste elementer:<\/p>\n\n\n\n<ul class=\"wp-block-list\">\n<li>Et lokale&nbsp;<\/li>\n\n\n\n<li>Frivillige&nbsp;<\/li>\n\n\n\n<li>Deltagere<\/li>\n<\/ul>\n\n\n\n<h2 class=\"wp-block-heading\" id=\"page-title\">Lokaler<\/h2>\n\n\n\n<p>Spr\u00e5kkaf\u00e9er foreg\u00e5r p\u00e5 mange forskjellige steder, blant annet&nbsp;p\u00e5 bibliotek, frivilligsentraler, ledige lokaler i bydelen, guds- og menighetshus, kulturhus og andre utdanningssentre.<\/p>\n\n\n\n<p>I Alta har de tre&nbsp;forskjellige spr\u00e5kkaf\u00e9er, tre ganger i uken: en p\u00e5 biblioteket der de snakker om litteratur, en i kirken der de lager mat og samtaler rundt det, og en som foreg\u00e5r i samfunnshuset der samtalen er organisert tematisk<\/p>\n\n\n\n<p>Man m\u00e5 ogs\u00e5 se an hvem som er deltagerne p\u00e5 spr\u00e5kkaf\u00e9en, er det enslige eller familier med barn? Dette er viktig med tanke p\u00e5 \u00e5 ha spr\u00e5kkaf\u00e9en p\u00e5 et tidspunkt som passer best for deltagerne.&nbsp;P\u00e5 et bibliotek i Nordland hadde flere av deltagerne problemer med \u00e5 delta fordi de ikke hadde noen til \u00e5&nbsp;passe barna&nbsp;mens spr\u00e5kkaf\u00e9en p\u00e5gikk. L\u00f8sningen ble at biblioteket inngikk et samarbeide med en barnehage om \u00e5 l\u00e5ne deres lokaler&nbsp;p\u00e5 ettermiddagstid, slik at barna ble satt i aktivitet med leker og puslespill&nbsp;mens foreldrene var p\u00e5 spr\u00e5kkaf\u00e9en.Et annet eksempel er Gr\u00fcnerl\u00f8kka helsestasjon som bruker sine lokaler til&nbsp;&laquo;Mor og barn spr\u00e5kkaf\u00e9&raquo;.&nbsp;<\/p>\n\n\n\n<p>En spr\u00e5kkaf\u00e9 der man bruker spr\u00e5kspill kan man ha b\u00e5de p\u00e5 biblioteket og p\u00e5 den lokale kaf\u00e9en. Det viktigste er \u00e5 ha deltagere i en setting som passer b\u00e5de for stemningen og behovene.&nbsp;<\/p>\n\n\n\n<h2 class=\"wp-block-heading\">Frivillige<\/h2>\n\n\n\n<p>De frivillige er grunnsteinen i spr\u00e5kkaf\u00e9ene. De fungerer som ordstyrere i samtalegruppene og s\u00f8rger for driven i samtalen.&nbsp;<\/p>\n\n\n\n<p>Man kan velge \u00e5 ha egne ansatte til \u00e5 organisere og holde spr\u00e5kkaf\u00e9&nbsp;men erfaringene s\u00e5 langt viser&nbsp;at det er ressurskrevende og vanskelig&nbsp;\u00e5 oppreholde ved siden av daglig drift. Man er mindre&nbsp;s\u00e5rbar for driftsforstyrrelser og har en mye st\u00f8rre&nbsp;sjanse for \u00e5 oppn\u00e5 et godt resultat ved \u00e5 ta&nbsp;i bruk frivillige.<\/p>\n\n\n\n<h3 class=\"wp-block-heading\"><strong>Hvordan rekruttere frivillige<\/strong>?<\/h3>\n\n\n\n<p>Frivillige kommer gjerne med mye entusiasme og p\u00e5gangsmot, men det er viktig \u00e5 huske at de trenger veiledning, b\u00e5de n\u00e5r det kommer til \u00e5 velge samtaleemner, fallgruver \u00e5 passe seg for, og ikke minst i \u00e5 definere hvilken rolle de har p\u00e5 en spr\u00e5kkaf\u00e9. Spr\u00e5kkaf\u00e9 skal v\u00e6re et gjensidig likeverdig m\u00f8te mellom frivillige og deltagere, og det er viktig at den frivillige forst\u00e5r sin rolle. Man er verken l\u00e6rer, offentlig tjenestemann eller sjeles\u00f8rger; p\u00e5 spr\u00e5kkafe er man f\u00f8rst og fremst samtalepartner.<\/p>\n\n\n\n<p>Frivillig.no er en nasjonal oppslagstavle for b\u00e5de frivillige og organisasjoner, drevet av Frivillig Norge. Organisasjoner, frivilligsentraler, menigheter og kulturfestivaler kan legge ut oppdrag de \u00f8nsker frivillige til som frivillige enkeltpersoner registrert p\u00e5 samme portal kan s\u00f8ke seg til ut ifra bosted, interesse og omfang. Denne tjenesten bygges og drives av Frivillighet Norge, som er samarbeidsforum for over 300 frivillige organisasjoner og eies av disse. Frivillig.no, som st\u00f8ttes av Gjensidigestiftelsen, Sparebankstiftelsen DNB, Kulturdepartementet, Helsedepartementet og Oslo kommune, er sv\u00e6rt relevant for bibliotek som \u00f8nsker \u00e5 rekruttere frivillige utenom sine vanlige kanaler.<\/p>\n\n\n\n<ul class=\"has-secondary-background-color has-background wp-block-list\">\n<li>Fra NBF-Flerkults&nbsp;sp\u00f8rreunders\u00f8kelse om spr\u00e5kkaf\u00e9er, har vi trukket ut alle de instansene bibliotek har henvendt seg for \u00e5 skaffe frivillige:<br><\/li>\n\n\n\n<li>Frivillighetssentralen<\/li>\n\n\n\n<li>R\u00f8de Kors<\/li>\n\n\n\n<li>Voksenoppl\u00e6ringen<\/li>\n\n\n\n<li>Integreringskoordinator i komunen<\/li>\n\n\n\n<li>Kvinnenettverket i kommunen<\/li>\n\n\n\n<li>Diakonien<\/li>\n\n\n\n<li>Fylkesbiblioteket<\/li>\n\n\n\n<li>NAV<\/li>\n\n\n\n<li>Sanitetsforeningen<\/li>\n\n\n\n<li>Rotary<\/li>\n\n\n\n<li>Lions<\/li>\n\n\n\n<li>Norsk folkehjelp<\/li>\n\n\n\n<li>Kulturskolen<\/li>\n\n\n\n<li>M\u00e5llaget<\/li>\n\n\n\n<li>Redd barna<\/li>\n\n\n\n<li>Pensjonistforeningen<\/li>\n\n\n\n<li>Folkeakademiet<\/li>\n\n\n\n<li>Flyktningkontoret i kommunen<\/li>\n\n\n\n<li>Det lokale Innvandrerr\u00e5det<\/li>\n<\/ul>\n\n\n\n<h3 class=\"wp-block-heading\"><strong>Hvordan beholde frivillige<\/strong>?<\/h3>\n\n\n\n<p>Det kan v\u00e6re stort gjennomtrekk av frivillige, men flere bibliotek har fortalt om m\u00e5ter \u00e5 inkludere de frivillige i deres organisasjon slik at de f\u00e5r en tilh\u00f8righet og blir mer eller mindre faste frivillige. Biblioteket p\u00e5 T\u00f8yen har for eksempel et system der alle frivillige&nbsp;som har deltatt jevnlig et antall ganger, kan f\u00e5 biblioteket som referanse ved jobbs\u00f8k. Dette mener de har fungert godt som p\u00e5driver til \u00e5 delta regelmessig, og ikke minst for \u00e5 f\u00e5 et st\u00f8rre aldersspenn blant de frivillige. <\/p>\n\n\n\n<p>Et annet eksempel er Horten bibliotek som hver m\u00e5ned organiserer et faglig opplegg med lett servering for sine frivillige, der en bibliotekar eller ekstern foredragsholder inviteres til \u00e5 presentere et tema eller litteratur. P\u00e5 den m\u00e5ten opplever de frivillige \u00e5 bli sett p\u00e5 som gruppe som biblioteket bruker tid og ressurser p\u00e5.<\/p>\n\n\n\n<p>Fra et bibliotek i Danmark fortelles det at man inviterer de frivillige til jevnlige ettermiddagstreff sammen med personalet p\u00e5 biblioteket. De utveksler erfaringer og blir rett og slett bedre kjent, noe som gj\u00f8r at de frivillige knytter seg tettere til dem.<\/p>\n\n\n\n<h3 class=\"wp-block-heading\"><strong>Veiledning av frivillige<\/strong><\/h3>\n\n\n\n<p>Det er viktig \u00e5 v\u00e6re klar over at de frivillige trenger veiledning for \u00e5 definere hvilken rolle de har p\u00e5 spr\u00e5kkaf\u00e9. Har man frivillige gjennom frivillige organisasjoner vil disse i utgangspunktet har g\u00e5tt gjennom en utvelgelsesprosess, og da er man sikker p\u00e5 at vedkommende passer til oppgaven. <\/p>\n\n\n\n<p>R\u00f8de Kors har for eksempel intervjuer og oppl\u00e6ring for samtlige frivillige &#8211; derav til spr\u00e5kkaf\u00e9. Ved \u00e5 gi god oppl\u00e6ring blir de frivillige trygge p\u00e5 sin rolle, og dette kan bibliotek som har brukt R\u00f8de Kors sine frivillige bekrefte. Dersom biblioteket skal gj\u00f8re utvelgelsen p\u00e5 egen h\u00e5nd er det viktig \u00e5 ha noen faste punkter man g\u00e5r igjennom sammen med den frivillige kandidaten, for \u00e5 v\u00e6re sikker p\u00e5 at man har en felles forst\u00e5else av oppdraget og rollen som er forventet.<\/p>\n\n\n\n<p>Biblioteket i Trondheim velger \u00e5 ta imot alle som \u00f8nsker \u00e5 v\u00e6re frivillige&nbsp;og observerer dem under spr\u00e5kkaf\u00e9en, og kommer med tilbakemelding ved behov \u2013 ikke som form av kritikk, men som veiledning for \u00e5 bli bedre i rollen.<\/p>\n\n\n\n<h2 class=\"wp-block-heading\">Deltagere<\/h2>\n\n\n\n<p>Deltagere p\u00e5&nbsp;spr\u00e5kkaf\u00e9er kan v\u00e6re mangfoldig. Det de har til felles er et \u00f8nske om \u00e5 utvikle sine spr\u00e5kferdigheter.<\/p>\n\n\n\n<p class=\"has-secondary-background-color has-background\">Deltagere kan rekrutteres via:<br><br>Biblioteket<br>Spr\u00e5koppl\u00e6ringssentre<br>Voksenoppl\u00e6ring<br>Frivilligsentraler<br>Asylmottak<br>Kulturhus<br>Skole og barnehage<br>NAV<br>Lokalmilj\u00f8et<br>Sosiale medier<\/p>\n\n\n\n<p>Bruk av sosiale medier, egne nettverk og annonsering er ofte nyttig for at budskapet n\u00e5r ut. Et aktivt samarbeide med utdanningsinstitusjoner som voksenoppl\u00e6ringen eller barnehager er nyttig for \u00e5 finne hvilke tidspunkt som er mest gunstig for deltagerne. Noen spr\u00e5koppl\u00e6ringssentre har valgt \u00e5 ha spr\u00e5kkaf\u00e9 som en naturlig del av norskoppl\u00e6ringen sin. De setter av en dag i uken for \u00e5 dra p\u00e5 spr\u00e5kkaf\u00e9 p\u00e5 sitt n\u00e6rmeste bibliotek. Slik sikrer biblioteket spr\u00e5kkaf\u00e9-deltagere&nbsp;og spr\u00e5koppl\u00e6ringssentret f\u00e5r elevene sine til \u00e5 praktisere spr\u00e5ket i en uformell setting.<\/p>\n\n\n\n<p class=\"has-primary-50-background-color has-background\">Uansett hvilken type spr\u00e5kkaf\u00e9 man velger,&nbsp;er det viktig \u00e5 skape et &laquo;trygt rom&raquo;&nbsp;som r\u00e5dgiver i Leser S\u00f8ker Bok, Veronica Salinas, kaller det:<br>&laquo;Jeg liker \u00e5 vente p\u00e5 gruppen ved d\u00f8ren. Jeg h\u00e5ndhilser. Jeg ser dem i \u00f8ynene og etter at de har f\u00e5tt kaffe og satt seg ned, liker jeg \u00e5 starte med \u00e5 si &laquo;S\u00e5 flott at dere er her&raquo;. Jeg liker \u00e5 ha fokus p\u00e5 at akkurat det er DE som er her og ingen andre. Jeg vil gjerne gi dem en f\u00f8lelse av de er veldig velkommen.&raquo;<\/p>\n\n\n\n<p><\/p>\n","protected":false},"excerpt":{"rendered":"<p>Praktisk informasjon rundt spr\u00e5kkafeer.<\/p>\n","protected":false},"author":830,"featured_media":733,"parent":726,"menu_order":0,"comment_status":"closed","ping_status":"closed","template":"","meta":{"nb_hide_title":false,"nb_breadcrumb_title_override":"","sub_navigation_option":"","sub_navigation_custom_items":[],"footnotes":""},"class_list":["post-744","page","type-page","status-publish","has-post-thumbnail","hentry"],"yoast_head":"<!-- This site is optimized with the Yoast SEO Premium plugin v27.1 (Yoast SEO v27.1.1) - https:\/\/yoast.com\/product\/yoast-seo-premium-wordpress\/ -->\n<title>Hva m\u00e5 til for \u00e5 starte en spr\u00e5kkaf\u00e9? - Det flerspr\u00e5klige bibliotek<\/title>\n<meta name=\"robots\" content=\"index, follow, max-snippet:-1, max-image-preview:large, max-video-preview:-1\" \/>\n<link rel=\"canonical\" href=\"https:\/\/beta.bibliotekutvikling.no\/dfb\/vare-tilbud\/sprakkafe\/hva-ma-til-for-a-starte-en-sprakkafe\/\" \/>\n<meta property=\"og:locale\" content=\"nb_NO\" \/>\n<meta property=\"og:type\" content=\"article\" \/>\n<meta property=\"og:title\" content=\"Hva m\u00e5 til for \u00e5 starte en spr\u00e5kkaf\u00e9?\" \/>\n<meta property=\"og:description\" content=\"Praktisk informasjon rundt spr\u00e5kkafeer.\" \/>\n<meta property=\"og:url\" content=\"https:\/\/beta.bibliotekutvikling.no\/dfb\/vare-tilbud\/sprakkafe\/hva-ma-til-for-a-starte-en-sprakkafe\/\" \/>\n<meta property=\"og:site_name\" content=\"Det flerspr\u00e5klige bibliotek\" \/>\n<meta property=\"article:publisher\" content=\"https:\/\/www.facebook.com\/profile.php?id=100066429046602\" \/>\n<meta property=\"article:modified_time\" content=\"2024-05-15T12:58:33+00:00\" \/>\n<meta property=\"og:image\" content=\"https:\/\/beta.bibliotekutvikling.no\/content\/uploads\/sites\/17\/2022\/09\/bilde_spraakkafe-e1664788825360-1024x576.png\" \/>\n\t<meta property=\"og:image:width\" content=\"1024\" \/>\n\t<meta property=\"og:image:height\" content=\"576\" \/>\n\t<meta property=\"og:image:type\" content=\"image\/png\" \/>\n<meta name=\"twitter:card\" content=\"summary_large_image\" \/>\n<meta name=\"twitter:label1\" content=\"Ansl. lesetid\" \/>\n\t<meta name=\"twitter:data1\" content=\"7 minutter\" \/>\n<script type=\"application\/ld+json\" class=\"yoast-schema-graph\">{\"@context\":\"https:\/\/schema.org\",\"@graph\":[{\"@type\":\"WebPage\",\"@id\":\"https:\/\/beta.bibliotekutvikling.no\/dfb\/vare-tilbud\/sprakkafe\/hva-ma-til-for-a-starte-en-sprakkafe\/\",\"url\":\"https:\/\/beta.bibliotekutvikling.no\/dfb\/vare-tilbud\/sprakkafe\/hva-ma-til-for-a-starte-en-sprakkafe\/\",\"name\":\"Hva m\u00e5 til for \u00e5 starte en spr\u00e5kkaf\u00e9? - Det flerspr\u00e5klige bibliotek\",\"isPartOf\":{\"@id\":\"https:\/\/beta.bibliotekutvikling.no\/dfb\/#website\"},\"primaryImageOfPage\":{\"@id\":\"https:\/\/beta.bibliotekutvikling.no\/dfb\/vare-tilbud\/sprakkafe\/hva-ma-til-for-a-starte-en-sprakkafe\/#primaryimage\"},\"image\":{\"@id\":\"https:\/\/beta.bibliotekutvikling.no\/dfb\/vare-tilbud\/sprakkafe\/hva-ma-til-for-a-starte-en-sprakkafe\/#primaryimage\"},\"thumbnailUrl\":\"https:\/\/beta.bibliotekutvikling.no\/content\/uploads\/sites\/17\/2022\/09\/bilde_spraakkafe-e1664788825360.png\",\"datePublished\":\"2022-09-26T14:11:20+00:00\",\"dateModified\":\"2024-05-15T12:58:33+00:00\",\"breadcrumb\":{\"@id\":\"https:\/\/beta.bibliotekutvikling.no\/dfb\/vare-tilbud\/sprakkafe\/hva-ma-til-for-a-starte-en-sprakkafe\/#breadcrumb\"},\"inLanguage\":\"nb-NO\",\"potentialAction\":[{\"@type\":\"ReadAction\",\"target\":[\"https:\/\/beta.bibliotekutvikling.no\/dfb\/vare-tilbud\/sprakkafe\/hva-ma-til-for-a-starte-en-sprakkafe\/\"]}]},{\"@type\":\"ImageObject\",\"inLanguage\":\"nb-NO\",\"@id\":\"https:\/\/beta.bibliotekutvikling.no\/dfb\/vare-tilbud\/sprakkafe\/hva-ma-til-for-a-starte-en-sprakkafe\/#primaryimage\",\"url\":\"https:\/\/beta.bibliotekutvikling.no\/content\/uploads\/sites\/17\/2022\/09\/bilde_spraakkafe-e1664788825360.png\",\"contentUrl\":\"https:\/\/beta.bibliotekutvikling.no\/content\/uploads\/sites\/17\/2022\/09\/bilde_spraakkafe-e1664788825360.png\",\"width\":1247,\"height\":701},{\"@type\":\"BreadcrumbList\",\"@id\":\"https:\/\/beta.bibliotekutvikling.no\/dfb\/vare-tilbud\/sprakkafe\/hva-ma-til-for-a-starte-en-sprakkafe\/#breadcrumb\",\"itemListElement\":[{\"@type\":\"ListItem\",\"position\":1,\"name\":\"Hjem\",\"item\":\"https:\/\/beta.bibliotekutvikling.no\/dfb\/\"},{\"@type\":\"ListItem\",\"position\":2,\"name\":\"Tilbud\",\"item\":\"https:\/\/beta.bibliotekutvikling.no\/dfb\/vare-tilbud\/\"},{\"@type\":\"ListItem\",\"position\":3,\"name\":\"Spr\u00e5kkaf\u00e9\",\"item\":\"https:\/\/beta.bibliotekutvikling.no\/dfb\/vare-tilbud\/sprakkafe\/\"},{\"@type\":\"ListItem\",\"position\":4,\"name\":\"Hva m\u00e5 til for \u00e5 starte en spr\u00e5kkaf\u00e9?\"}]},{\"@type\":\"WebSite\",\"@id\":\"https:\/\/beta.bibliotekutvikling.no\/dfb\/#website\",\"url\":\"https:\/\/beta.bibliotekutvikling.no\/dfb\/\",\"name\":\"Det flerspr\u00e5klige bibliotek\",\"description\":\"\",\"publisher\":{\"@id\":\"https:\/\/beta.bibliotekutvikling.no\/dfb\/#organization\"},\"potentialAction\":[{\"@type\":\"SearchAction\",\"target\":{\"@type\":\"EntryPoint\",\"urlTemplate\":\"https:\/\/beta.bibliotekutvikling.no\/dfb\/?s={search_term_string}\"},\"query-input\":{\"@type\":\"PropertyValueSpecification\",\"valueRequired\":true,\"valueName\":\"search_term_string\"}}],\"inLanguage\":\"nb-NO\"},{\"@type\":\"Organization\",\"@id\":\"https:\/\/beta.bibliotekutvikling.no\/dfb\/#organization\",\"name\":\"Det flerspr\u00e5klige bibliotek\",\"url\":\"https:\/\/beta.bibliotekutvikling.no\/dfb\/\",\"logo\":{\"@type\":\"ImageObject\",\"inLanguage\":\"nb-NO\",\"@id\":\"https:\/\/beta.bibliotekutvikling.no\/dfb\/#\/schema\/logo\/image\/\",\"url\":\"https:\/\/bibliotekutvikling.no\/content\/uploads\/sites\/17\/2022\/09\/dfb.svg\",\"contentUrl\":\"https:\/\/bibliotekutvikling.no\/content\/uploads\/sites\/17\/2022\/09\/dfb.svg\",\"width\":143,\"height\":65,\"caption\":\"Det flerspr\u00e5klige bibliotek\"},\"image\":{\"@id\":\"https:\/\/beta.bibliotekutvikling.no\/dfb\/#\/schema\/logo\/image\/\"},\"sameAs\":[\"https:\/\/www.facebook.com\/profile.php?id=100066429046602\"]}]}<\/script>\n<!-- \/ Yoast SEO Premium plugin. -->","yoast_head_json":{"title":"Hva m\u00e5 til for \u00e5 starte en spr\u00e5kkaf\u00e9? - Det flerspr\u00e5klige bibliotek","robots":{"index":"index","follow":"follow","max-snippet":"max-snippet:-1","max-image-preview":"max-image-preview:large","max-video-preview":"max-video-preview:-1"},"canonical":"https:\/\/beta.bibliotekutvikling.no\/dfb\/vare-tilbud\/sprakkafe\/hva-ma-til-for-a-starte-en-sprakkafe\/","og_locale":"nb_NO","og_type":"article","og_title":"Hva m\u00e5 til for \u00e5 starte en spr\u00e5kkaf\u00e9?","og_description":"Praktisk informasjon rundt spr\u00e5kkafeer.","og_url":"https:\/\/beta.bibliotekutvikling.no\/dfb\/vare-tilbud\/sprakkafe\/hva-ma-til-for-a-starte-en-sprakkafe\/","og_site_name":"Det flerspr\u00e5klige bibliotek","article_publisher":"https:\/\/www.facebook.com\/profile.php?id=100066429046602","article_modified_time":"2024-05-15T12:58:33+00:00","og_image":[{"width":1024,"height":576,"url":"https:\/\/beta.bibliotekutvikling.no\/content\/uploads\/sites\/17\/2022\/09\/bilde_spraakkafe-e1664788825360-1024x576.png","type":"image\/png"}],"twitter_card":"summary_large_image","twitter_misc":{"Ansl. lesetid":"7 minutter"},"schema":{"@context":"https:\/\/schema.org","@graph":[{"@type":"WebPage","@id":"https:\/\/beta.bibliotekutvikling.no\/dfb\/vare-tilbud\/sprakkafe\/hva-ma-til-for-a-starte-en-sprakkafe\/","url":"https:\/\/beta.bibliotekutvikling.no\/dfb\/vare-tilbud\/sprakkafe\/hva-ma-til-for-a-starte-en-sprakkafe\/","name":"Hva m\u00e5 til for \u00e5 starte en spr\u00e5kkaf\u00e9? - Det flerspr\u00e5klige bibliotek","isPartOf":{"@id":"https:\/\/beta.bibliotekutvikling.no\/dfb\/#website"},"primaryImageOfPage":{"@id":"https:\/\/beta.bibliotekutvikling.no\/dfb\/vare-tilbud\/sprakkafe\/hva-ma-til-for-a-starte-en-sprakkafe\/#primaryimage"},"image":{"@id":"https:\/\/beta.bibliotekutvikling.no\/dfb\/vare-tilbud\/sprakkafe\/hva-ma-til-for-a-starte-en-sprakkafe\/#primaryimage"},"thumbnailUrl":"https:\/\/beta.bibliotekutvikling.no\/content\/uploads\/sites\/17\/2022\/09\/bilde_spraakkafe-e1664788825360.png","datePublished":"2022-09-26T14:11:20+00:00","dateModified":"2024-05-15T12:58:33+00:00","breadcrumb":{"@id":"https:\/\/beta.bibliotekutvikling.no\/dfb\/vare-tilbud\/sprakkafe\/hva-ma-til-for-a-starte-en-sprakkafe\/#breadcrumb"},"inLanguage":"nb-NO","potentialAction":[{"@type":"ReadAction","target":["https:\/\/beta.bibliotekutvikling.no\/dfb\/vare-tilbud\/sprakkafe\/hva-ma-til-for-a-starte-en-sprakkafe\/"]}]},{"@type":"ImageObject","inLanguage":"nb-NO","@id":"https:\/\/beta.bibliotekutvikling.no\/dfb\/vare-tilbud\/sprakkafe\/hva-ma-til-for-a-starte-en-sprakkafe\/#primaryimage","url":"https:\/\/beta.bibliotekutvikling.no\/content\/uploads\/sites\/17\/2022\/09\/bilde_spraakkafe-e1664788825360.png","contentUrl":"https:\/\/beta.bibliotekutvikling.no\/content\/uploads\/sites\/17\/2022\/09\/bilde_spraakkafe-e1664788825360.png","width":1247,"height":701},{"@type":"BreadcrumbList","@id":"https:\/\/beta.bibliotekutvikling.no\/dfb\/vare-tilbud\/sprakkafe\/hva-ma-til-for-a-starte-en-sprakkafe\/#breadcrumb","itemListElement":[{"@type":"ListItem","position":1,"name":"Hjem","item":"https:\/\/beta.bibliotekutvikling.no\/dfb\/"},{"@type":"ListItem","position":2,"name":"Tilbud","item":"https:\/\/beta.bibliotekutvikling.no\/dfb\/vare-tilbud\/"},{"@type":"ListItem","position":3,"name":"Spr\u00e5kkaf\u00e9","item":"https:\/\/beta.bibliotekutvikling.no\/dfb\/vare-tilbud\/sprakkafe\/"},{"@type":"ListItem","position":4,"name":"Hva m\u00e5 til for \u00e5 starte en spr\u00e5kkaf\u00e9?"}]},{"@type":"WebSite","@id":"https:\/\/beta.bibliotekutvikling.no\/dfb\/#website","url":"https:\/\/beta.bibliotekutvikling.no\/dfb\/","name":"Det flerspr\u00e5klige bibliotek","description":"","publisher":{"@id":"https:\/\/beta.bibliotekutvikling.no\/dfb\/#organization"},"potentialAction":[{"@type":"SearchAction","target":{"@type":"EntryPoint","urlTemplate":"https:\/\/beta.bibliotekutvikling.no\/dfb\/?s={search_term_string}"},"query-input":{"@type":"PropertyValueSpecification","valueRequired":true,"valueName":"search_term_string"}}],"inLanguage":"nb-NO"},{"@type":"Organization","@id":"https:\/\/beta.bibliotekutvikling.no\/dfb\/#organization","name":"Det flerspr\u00e5klige bibliotek","url":"https:\/\/beta.bibliotekutvikling.no\/dfb\/","logo":{"@type":"ImageObject","inLanguage":"nb-NO","@id":"https:\/\/beta.bibliotekutvikling.no\/dfb\/#\/schema\/logo\/image\/","url":"https:\/\/bibliotekutvikling.no\/content\/uploads\/sites\/17\/2022\/09\/dfb.svg","contentUrl":"https:\/\/bibliotekutvikling.no\/content\/uploads\/sites\/17\/2022\/09\/dfb.svg","width":143,"height":65,"caption":"Det flerspr\u00e5klige bibliotek"},"image":{"@id":"https:\/\/beta.bibliotekutvikling.no\/dfb\/#\/schema\/logo\/image\/"},"sameAs":["https:\/\/www.facebook.com\/profile.php?id=100066429046602"]}]}},"_links":{"self":[{"href":"https:\/\/beta.bibliotekutvikling.no\/dfb\/wp-json\/wp\/v2\/pages\/744","targetHints":{"allow":["GET"]}}],"collection":[{"href":"https:\/\/beta.bibliotekutvikling.no\/dfb\/wp-json\/wp\/v2\/pages"}],"about":[{"href":"https:\/\/beta.bibliotekutvikling.no\/dfb\/wp-json\/wp\/v2\/types\/page"}],"author":[{"embeddable":true,"href":"https:\/\/beta.bibliotekutvikling.no\/dfb\/wp-json\/wp\/v2\/users\/830"}],"replies":[{"embeddable":true,"href":"https:\/\/beta.bibliotekutvikling.no\/dfb\/wp-json\/wp\/v2\/comments?post=744"}],"version-history":[{"count":6,"href":"https:\/\/beta.bibliotekutvikling.no\/dfb\/wp-json\/wp\/v2\/pages\/744\/revisions"}],"predecessor-version":[{"id":3232,"href":"https:\/\/beta.bibliotekutvikling.no\/dfb\/wp-json\/wp\/v2\/pages\/744\/revisions\/3232"}],"up":[{"embeddable":true,"href":"https:\/\/beta.bibliotekutvikling.no\/dfb\/wp-json\/wp\/v2\/pages\/726"}],"wp:featuredmedia":[{"embeddable":true,"href":"https:\/\/beta.bibliotekutvikling.no\/dfb\/wp-json\/wp\/v2\/media\/733"}],"wp:attachment":[{"href":"https:\/\/beta.bibliotekutvikling.no\/dfb\/wp-json\/wp\/v2\/media?parent=744"}],"curies":[{"name":"wp","href":"https:\/\/api.w.org\/{rel}","templated":true}]}}