{"id":12015,"date":"2023-06-05T13:04:07","date_gmt":"2023-06-05T11:04:07","guid":{"rendered":"https:\/\/bibliotekutvikling.no\/kompetansebank\/?post_type=event&#038;p=12015"},"modified":"2023-09-18T13:53:07","modified_gmt":"2023-09-18T11:53:07","slug":"debatt-hva-skal-biblioteket-vaere","status":"publish","type":"event","link":"https:\/\/beta.bibliotekutvikling.no\/kompetansebank\/event\/debatt-hva-skal-biblioteket-vaere\/","title":{"rendered":"Debatt: Hva skal biblioteket v\u00e6re?"},"content":{"rendered":"\n<p class=\"has-secondary-background-color has-background\">Arrang\u00f8r: <a href=\"http:\/\/Norsk Bibliotekforening og Norsk Bibliotekforening Oslo\">Norsk Bibliotekforening og Norsk Bibliotekforening Oslo<\/a><\/p>\n\n\n<p class=\"t2-ingress wp-block-t2-ingress\">Til h\u00f8sten er det kommunevalg: Hva mener politikerne i Oslo om bibliotekene?<\/p>\n\n\n<p>Norsk Bibliotekforening og Norsk Bibliotekforening Oslo inviterer til debatt der vi sp\u00f8r politikere i Oslo om hva de mener om bibliotekets rolle i lokalsamfunnet generelt, og i Oslo spesielt.<\/p>\n\n\n\n<h2 class=\"wp-block-heading\">Potensialet til biblioteket er enormt. St\u00e5r ressursene i forhold til dette?<\/h2>\n\n\n\n<p>Folkebibliotekene er v\u00e5r st\u00f8rste kulturinstitusjon.<br>Oslos folkebibliotek hadde n\u00e6r 4,6 millioner bes\u00f8k i 2022. Utl\u00e5net av b\u00f8ker og andre medier var p\u00e5 nesten 1,9 millioner. <\/p>\n\n\n\n<p>Det er lenge siden biblioteket var et sted for stillhet og st\u00f8vete bokhyller, og hvor bibliotekarene satt bak den store skranken.<\/p>\n\n\n\n<p>Bibliotekenes oppdrag er kraftig utvidet: Biblioteket l\u00f8ser sosiale problemer, motvirker fattigdom, utenforskap og ensomhet. Biblioteket er et tilbud til rotl\u00f8s ungdom og ensomme eldre.<\/p>\n\n\n\n<p>Biblioteket er en drivkraft for et b\u00e6rekraftig samfunn og en katalysator for byutvikling. Biblioteket hjelper folk med digitale utfordringer n\u00e5r det gjelder bank og andre tjenester og kontakt med det offentlige, n\u00e5 som mange tjenester er bak en digital mur. I tillegg skal biblioteket drive med litteraturformidling og v\u00e6re en uavhengig m\u00f8teplass og arena for offentlig samtale og debatt.<\/p>\n\n\n\n<p>Er dette en \u00f8nsket utvikling fra politikerne? F\u00e5r bibliotekene de n\u00f8dvendige ressursene de trenger for \u00e5 l\u00f8se disse oppgavene?<\/p>\n\n\n\n<h2 class=\"wp-block-heading\">Program <\/h2>\n\n\n\n<p>Velkommen til debatt, Vidar Lund, leder i Norsk Bibliotekforening.<br>Innledning ved Selma Benmalek, leder i Norsk Bibliotekforening Oslo.<br>Paneldebatt mellom representanter for politiske partier i Oslo.<\/p>\n\n\n\n<h2 class=\"wp-block-heading\">I debattpanelet:<\/h2>\n\n\n\n<p>Omar Samy Gamal, SV<br>Mari Rise Knutsen, R\u00f8dt<br>Eili Vigestad Berge, Venstre<br>Mehmet Kaan Inan, H\u00f8yre<br>Robert Wright, KrF<br>Morten Edvardsen, SP<br>Debattleder: Arne Olav Hageberg, redakt\u00f8r i tidsskriftet Bok og Bibliotek.<\/p>\n","protected":false},"author":1,"featured_media":12018,"menu_order":0,"template":"","meta":{"nb_hide_title":false,"event_tba_datetime":false,"event_all_day":false,"event_tba_start_time":false,"event_start_datetime":"2023-06-07T19:00:00","event_end_datetime":"2023-06-07T21:00:00","event_venue_id":"","event_ticket_vendor_url":"","event_ticket_price_text":"Gratis, ingen p\u00e5melding","event_ticket_button_text":"","event_ticket_details_text":"","event_attendance_mode":"offline","event_short_description":"Til h\u00f8sten er det kommunevalg: Hva mener politikerne i Oslo om bibliotekene?\r\n\r\nNorsk Bibliotekforening og Norsk Bibliotekforening Oslo inviterer til debatt der vi sp\u00f8r politikere i Oslo om hva de mener om bibliotekets rolle i lokalsamfunnet generelt, og i Oslo spesielt.","event_virtual_venue_name":"","event_virtual_venue_url":"","event_hide_from_archive":false,"event_infoscreen_place_name":"","event_hide_from_infoscreen":false,"single_header_image_is_disabled":false,"single_header_image_attachment_id":0,"single_header_image_attachment_url":""},"event-group":[],"event-type":[],"tag":[],"class_list":["post-12015","event","type-event","status-publish","has-post-thumbnail","hentry"],"yoast_head":"<!-- This site is optimized with the Yoast SEO Premium plugin v27.1 (Yoast SEO v27.1.1) - https:\/\/yoast.com\/product\/yoast-seo-premium-wordpress\/ -->\n<title>Debatt: Hva skal biblioteket v\u00e6re? - Kompetansebank<\/title>\n<meta name=\"robots\" content=\"index, follow, max-snippet:-1, max-image-preview:large, max-video-preview:-1\" \/>\n<link rel=\"canonical\" href=\"https:\/\/beta.bibliotekutvikling.no\/kompetansebank\/event\/debatt-hva-skal-biblioteket-vaere\/\" \/>\n<meta property=\"og:locale\" content=\"nb_NO\" \/>\n<meta property=\"og:type\" content=\"article\" \/>\n<meta property=\"og:title\" content=\"Debatt: Hva skal biblioteket v\u00e6re?\" \/>\n<meta property=\"og:url\" content=\"https:\/\/beta.bibliotekutvikling.no\/kompetansebank\/event\/debatt-hva-skal-biblioteket-vaere\/\" \/>\n<meta property=\"og:site_name\" content=\"Kompetansebank\" \/>\n<meta property=\"article:publisher\" content=\"https:\/\/www.facebook.com\/bibliotekutvikling\" \/>\n<meta property=\"article:modified_time\" content=\"2023-09-18T11:53:07+00:00\" \/>\n<meta property=\"og:image\" content=\"https:\/\/beta.bibliotekutvikling.no\/content\/uploads\/sites\/24\/2023\/06\/Hva-skal-biblioteket-vaere_bilde-arrangement_FB.png\" \/>\n\t<meta property=\"og:image:width\" content=\"900\" \/>\n\t<meta property=\"og:image:height\" content=\"505\" \/>\n\t<meta property=\"og:image:type\" content=\"image\/png\" \/>\n<meta name=\"twitter:card\" content=\"summary_large_image\" \/>\n<meta name=\"twitter:label1\" content=\"Ansl. lesetid\" \/>\n\t<meta name=\"twitter:data1\" content=\"1 minutt\" \/>\n<script type=\"application\/ld+json\" class=\"yoast-schema-graph\">{\"@context\":\"https:\/\/schema.org\",\"@graph\":[{\"@type\":\"WebPage\",\"@id\":\"https:\/\/beta.bibliotekutvikling.no\/kompetansebank\/event\/debatt-hva-skal-biblioteket-vaere\/\",\"url\":\"https:\/\/beta.bibliotekutvikling.no\/kompetansebank\/event\/debatt-hva-skal-biblioteket-vaere\/\",\"name\":\"Debatt: Hva skal biblioteket v\u00e6re? - Kompetansebank\",\"isPartOf\":{\"@id\":\"https:\/\/beta.bibliotekutvikling.no\/kompetansebank\/#website\"},\"primaryImageOfPage\":{\"@id\":\"https:\/\/beta.bibliotekutvikling.no\/kompetansebank\/event\/debatt-hva-skal-biblioteket-vaere\/#primaryimage\"},\"image\":{\"@id\":\"https:\/\/beta.bibliotekutvikling.no\/kompetansebank\/event\/debatt-hva-skal-biblioteket-vaere\/#primaryimage\"},\"thumbnailUrl\":\"https:\/\/beta.bibliotekutvikling.no\/content\/uploads\/sites\/24\/2023\/06\/Hva-skal-biblioteket-vaere_bilde-arrangement_FB.png\",\"datePublished\":\"2023-06-05T11:04:07+00:00\",\"dateModified\":\"2023-09-18T11:53:07+00:00\",\"breadcrumb\":{\"@id\":\"https:\/\/beta.bibliotekutvikling.no\/kompetansebank\/event\/debatt-hva-skal-biblioteket-vaere\/#breadcrumb\"},\"inLanguage\":\"nb-NO\",\"potentialAction\":[{\"@type\":\"ReadAction\",\"target\":[\"https:\/\/beta.bibliotekutvikling.no\/kompetansebank\/event\/debatt-hva-skal-biblioteket-vaere\/\"]}]},{\"@type\":\"ImageObject\",\"inLanguage\":\"nb-NO\",\"@id\":\"https:\/\/beta.bibliotekutvikling.no\/kompetansebank\/event\/debatt-hva-skal-biblioteket-vaere\/#primaryimage\",\"url\":\"https:\/\/beta.bibliotekutvikling.no\/content\/uploads\/sites\/24\/2023\/06\/Hva-skal-biblioteket-vaere_bilde-arrangement_FB.png\",\"contentUrl\":\"https:\/\/beta.bibliotekutvikling.no\/content\/uploads\/sites\/24\/2023\/06\/Hva-skal-biblioteket-vaere_bilde-arrangement_FB.png\",\"width\":900,\"height\":505},{\"@type\":\"BreadcrumbList\",\"@id\":\"https:\/\/beta.bibliotekutvikling.no\/kompetansebank\/event\/debatt-hva-skal-biblioteket-vaere\/#breadcrumb\",\"itemListElement\":[{\"@type\":\"ListItem\",\"position\":1,\"name\":\"Hjem\",\"item\":\"https:\/\/beta.bibliotekutvikling.no\/kompetansebank\/\"},{\"@type\":\"ListItem\",\"position\":2,\"name\":\"Debatt: Hva skal biblioteket v\u00e6re?\"}]},{\"@type\":\"WebSite\",\"@id\":\"https:\/\/beta.bibliotekutvikling.no\/kompetansebank\/#website\",\"url\":\"https:\/\/beta.bibliotekutvikling.no\/kompetansebank\/\",\"name\":\"Kompetansebank\",\"description\":\"kurs og kunnskap for bibliotekansatte\",\"publisher\":{\"@id\":\"https:\/\/beta.bibliotekutvikling.no\/kompetansebank\/#organization\"},\"potentialAction\":[{\"@type\":\"SearchAction\",\"target\":{\"@type\":\"EntryPoint\",\"urlTemplate\":\"https:\/\/beta.bibliotekutvikling.no\/kompetansebank\/?s={search_term_string}\"},\"query-input\":{\"@type\":\"PropertyValueSpecification\",\"valueRequired\":true,\"valueName\":\"search_term_string\"}}],\"inLanguage\":\"nb-NO\"},{\"@type\":\"Organization\",\"@id\":\"https:\/\/beta.bibliotekutvikling.no\/kompetansebank\/#organization\",\"name\":\"Bibliotekutvikling\",\"url\":\"https:\/\/beta.bibliotekutvikling.no\/kompetansebank\/\",\"logo\":{\"@type\":\"ImageObject\",\"inLanguage\":\"nb-NO\",\"@id\":\"https:\/\/beta.bibliotekutvikling.no\/kompetansebank\/#\/schema\/logo\/image\/\",\"url\":\"https:\/\/bibliotekutvikling.no\/content\/uploads\/sites\/24\/2023\/10\/Favikon-BU.png\",\"contentUrl\":\"https:\/\/bibliotekutvikling.no\/content\/uploads\/sites\/24\/2023\/10\/Favikon-BU.png\",\"width\":1055,\"height\":1054,\"caption\":\"Bibliotekutvikling\"},\"image\":{\"@id\":\"https:\/\/beta.bibliotekutvikling.no\/kompetansebank\/#\/schema\/logo\/image\/\"},\"sameAs\":[\"https:\/\/www.facebook.com\/bibliotekutvikling\"]},{\"@type\":\"Event\",\"name\":\"Debatt: Hva skal biblioteket v\u00e6re?\",\"description\":\"Til h\u00f8sten er det kommunevalg: Hva mener politikerne i Oslo om bibliotekene?\\r\\n\\r\\nNorsk Bibliotekforening og Norsk Bibliotekforening Oslo inviterer til debatt der vi sp\u00f8r politikere i Oslo om hva de mener om bibliotekets rolle i lokalsamfunnet generelt, og i Oslo spesielt.\",\"startDate\":\"2023-06-07T19:00:00+02:00\",\"endDate\":\"2023-06-07T21:00:00+02:00\",\"eventStatus\":\"EventScheduled\",\"eventAttendanceMode\":\"OfflineEventAttendanceMode\",\"location\":[[]],\"image\":[\"https:\/\/beta.bibliotekutvikling.no\/content\/uploads\/sites\/24\/2023\/06\/Hva-skal-biblioteket-vaere_bilde-arrangement_FB.png\"]}]}<\/script>\n<!-- \/ Yoast SEO Premium plugin. -->","yoast_head_json":{"title":"Debatt: Hva skal biblioteket v\u00e6re? - Kompetansebank","robots":{"index":"index","follow":"follow","max-snippet":"max-snippet:-1","max-image-preview":"max-image-preview:large","max-video-preview":"max-video-preview:-1"},"canonical":"https:\/\/beta.bibliotekutvikling.no\/kompetansebank\/event\/debatt-hva-skal-biblioteket-vaere\/","og_locale":"nb_NO","og_type":"article","og_title":"Debatt: Hva skal biblioteket v\u00e6re?","og_url":"https:\/\/beta.bibliotekutvikling.no\/kompetansebank\/event\/debatt-hva-skal-biblioteket-vaere\/","og_site_name":"Kompetansebank","article_publisher":"https:\/\/www.facebook.com\/bibliotekutvikling","article_modified_time":"2023-09-18T11:53:07+00:00","og_image":[{"width":900,"height":505,"url":"https:\/\/beta.bibliotekutvikling.no\/content\/uploads\/sites\/24\/2023\/06\/Hva-skal-biblioteket-vaere_bilde-arrangement_FB.png","type":"image\/png"}],"twitter_card":"summary_large_image","twitter_misc":{"Ansl. lesetid":"1 minutt"},"schema":{"@context":"https:\/\/schema.org","@graph":[{"@type":"WebPage","@id":"https:\/\/beta.bibliotekutvikling.no\/kompetansebank\/event\/debatt-hva-skal-biblioteket-vaere\/","url":"https:\/\/beta.bibliotekutvikling.no\/kompetansebank\/event\/debatt-hva-skal-biblioteket-vaere\/","name":"Debatt: Hva skal biblioteket v\u00e6re? - Kompetansebank","isPartOf":{"@id":"https:\/\/beta.bibliotekutvikling.no\/kompetansebank\/#website"},"primaryImageOfPage":{"@id":"https:\/\/beta.bibliotekutvikling.no\/kompetansebank\/event\/debatt-hva-skal-biblioteket-vaere\/#primaryimage"},"image":{"@id":"https:\/\/beta.bibliotekutvikling.no\/kompetansebank\/event\/debatt-hva-skal-biblioteket-vaere\/#primaryimage"},"thumbnailUrl":"https:\/\/beta.bibliotekutvikling.no\/content\/uploads\/sites\/24\/2023\/06\/Hva-skal-biblioteket-vaere_bilde-arrangement_FB.png","datePublished":"2023-06-05T11:04:07+00:00","dateModified":"2023-09-18T11:53:07+00:00","breadcrumb":{"@id":"https:\/\/beta.bibliotekutvikling.no\/kompetansebank\/event\/debatt-hva-skal-biblioteket-vaere\/#breadcrumb"},"inLanguage":"nb-NO","potentialAction":[{"@type":"ReadAction","target":["https:\/\/beta.bibliotekutvikling.no\/kompetansebank\/event\/debatt-hva-skal-biblioteket-vaere\/"]}]},{"@type":"ImageObject","inLanguage":"nb-NO","@id":"https:\/\/beta.bibliotekutvikling.no\/kompetansebank\/event\/debatt-hva-skal-biblioteket-vaere\/#primaryimage","url":"https:\/\/beta.bibliotekutvikling.no\/content\/uploads\/sites\/24\/2023\/06\/Hva-skal-biblioteket-vaere_bilde-arrangement_FB.png","contentUrl":"https:\/\/beta.bibliotekutvikling.no\/content\/uploads\/sites\/24\/2023\/06\/Hva-skal-biblioteket-vaere_bilde-arrangement_FB.png","width":900,"height":505},{"@type":"BreadcrumbList","@id":"https:\/\/beta.bibliotekutvikling.no\/kompetansebank\/event\/debatt-hva-skal-biblioteket-vaere\/#breadcrumb","itemListElement":[{"@type":"ListItem","position":1,"name":"Hjem","item":"https:\/\/beta.bibliotekutvikling.no\/kompetansebank\/"},{"@type":"ListItem","position":2,"name":"Debatt: Hva skal biblioteket v\u00e6re?"}]},{"@type":"WebSite","@id":"https:\/\/beta.bibliotekutvikling.no\/kompetansebank\/#website","url":"https:\/\/beta.bibliotekutvikling.no\/kompetansebank\/","name":"Kompetansebank","description":"kurs og kunnskap for bibliotekansatte","publisher":{"@id":"https:\/\/beta.bibliotekutvikling.no\/kompetansebank\/#organization"},"potentialAction":[{"@type":"SearchAction","target":{"@type":"EntryPoint","urlTemplate":"https:\/\/beta.bibliotekutvikling.no\/kompetansebank\/?s={search_term_string}"},"query-input":{"@type":"PropertyValueSpecification","valueRequired":true,"valueName":"search_term_string"}}],"inLanguage":"nb-NO"},{"@type":"Organization","@id":"https:\/\/beta.bibliotekutvikling.no\/kompetansebank\/#organization","name":"Bibliotekutvikling","url":"https:\/\/beta.bibliotekutvikling.no\/kompetansebank\/","logo":{"@type":"ImageObject","inLanguage":"nb-NO","@id":"https:\/\/beta.bibliotekutvikling.no\/kompetansebank\/#\/schema\/logo\/image\/","url":"https:\/\/bibliotekutvikling.no\/content\/uploads\/sites\/24\/2023\/10\/Favikon-BU.png","contentUrl":"https:\/\/bibliotekutvikling.no\/content\/uploads\/sites\/24\/2023\/10\/Favikon-BU.png","width":1055,"height":1054,"caption":"Bibliotekutvikling"},"image":{"@id":"https:\/\/beta.bibliotekutvikling.no\/kompetansebank\/#\/schema\/logo\/image\/"},"sameAs":["https:\/\/www.facebook.com\/bibliotekutvikling"]},{"@type":"Event","name":"Debatt: Hva skal biblioteket v\u00e6re?","description":"Til h\u00f8sten er det kommunevalg: Hva mener politikerne i Oslo om bibliotekene?\r\n\r\nNorsk Bibliotekforening og Norsk Bibliotekforening Oslo inviterer til debatt der vi sp\u00f8r politikere i Oslo om hva de mener om bibliotekets rolle i lokalsamfunnet generelt, og i Oslo spesielt.","startDate":"2023-06-07T19:00:00+02:00","endDate":"2023-06-07T21:00:00+02:00","eventStatus":"EventScheduled","eventAttendanceMode":"OfflineEventAttendanceMode","location":[[]],"image":["https:\/\/beta.bibliotekutvikling.no\/content\/uploads\/sites\/24\/2023\/06\/Hva-skal-biblioteket-vaere_bilde-arrangement_FB.png"]}]}},"_links":{"self":[{"href":"https:\/\/beta.bibliotekutvikling.no\/kompetansebank\/wp-json\/wp\/v2\/event\/12015","targetHints":{"allow":["GET"]}}],"collection":[{"href":"https:\/\/beta.bibliotekutvikling.no\/kompetansebank\/wp-json\/wp\/v2\/event"}],"about":[{"href":"https:\/\/beta.bibliotekutvikling.no\/kompetansebank\/wp-json\/wp\/v2\/types\/event"}],"author":[{"embeddable":true,"href":"https:\/\/beta.bibliotekutvikling.no\/kompetansebank\/wp-json\/wp\/v2\/users\/1"}],"wp:featuredmedia":[{"embeddable":true,"href":"https:\/\/beta.bibliotekutvikling.no\/kompetansebank\/wp-json\/wp\/v2\/media\/12018"}],"wp:attachment":[{"href":"https:\/\/beta.bibliotekutvikling.no\/kompetansebank\/wp-json\/wp\/v2\/media?parent=12015"}],"wp:term":[{"taxonomy":"event-group","embeddable":true,"href":"https:\/\/beta.bibliotekutvikling.no\/kompetansebank\/wp-json\/wp\/v2\/event-group?post=12015"},{"taxonomy":"event-type","embeddable":true,"href":"https:\/\/beta.bibliotekutvikling.no\/kompetansebank\/wp-json\/wp\/v2\/event-type?post=12015"},{"taxonomy":"tag","embeddable":true,"href":"https:\/\/beta.bibliotekutvikling.no\/kompetansebank\/wp-json\/wp\/v2\/tag?post=12015"}],"curies":[{"name":"wp","href":"https:\/\/api.w.org\/{rel}","templated":true}]}}