{"id":13257,"date":"2023-07-05T15:32:27","date_gmt":"2023-07-05T13:32:27","guid":{"rendered":"https:\/\/bibliotekutvikling.no\/kompetansebank\/?post_type=event&#038;p=13257"},"modified":"2023-08-29T15:56:50","modified_gmt":"2023-08-29T13:56:50","slug":"informasjonsmote-om-utviklingsmidler-og-midler-til-aktiv-formidling-2024","status":"publish","type":"event","link":"https:\/\/beta.bibliotekutvikling.no\/kompetansebank\/event\/informasjonsmote-om-utviklingsmidler-og-midler-til-aktiv-formidling-2024\/","title":{"rendered":"Informasjonsm\u00f8te om utviklingsmidler og midler til aktiv formidling 2024"},"content":{"rendered":"\n<p class=\"has-secondary-background-color has-background\">Arrang\u00f8r: Bibliotekutvikling, Nasjonalbiblioteket<\/p>\n\n\n\n<figure class=\"wp-block-image size-large\"><img loading=\"lazy\" decoding=\"async\" width=\"1024\" height=\"515\" src=\"https:\/\/bibliotekutvikling.no\/content\/uploads\/sites\/24\/2023\/07\/logo-bibliotekutvikling-1024x515.png\" alt=\"\" class=\"wp-image-19516\" srcset=\"https:\/\/beta.bibliotekutvikling.no\/content\/uploads\/sites\/24\/2023\/07\/logo-bibliotekutvikling-1024x515.png 1024w, https:\/\/beta.bibliotekutvikling.no\/content\/uploads\/sites\/24\/2023\/07\/logo-bibliotekutvikling-300x151.png 300w, https:\/\/beta.bibliotekutvikling.no\/content\/uploads\/sites\/24\/2023\/07\/logo-bibliotekutvikling-768x387.png 768w, https:\/\/beta.bibliotekutvikling.no\/content\/uploads\/sites\/24\/2023\/07\/logo-bibliotekutvikling-1536x773.png 1536w, https:\/\/beta.bibliotekutvikling.no\/content\/uploads\/sites\/24\/2023\/07\/logo-bibliotekutvikling.png 1842w\" sizes=\"auto, (max-width: 1024px) 100vw, 1024px\" \/><\/figure>\n\n\n<p class=\"t2-ingress wp-block-t2-ingress\">\u00d8nsker du \u00e5 sende inn en s\u00f8knad om midler fra Nasjonalbiblioteket i \u00e5r? Bli med n\u00e5r bibliotekutvikling inviterer til digitalt informasjonsm\u00f8te den 22. september og l\u00e6r hva du m\u00e5 gj\u00f8re. <\/p>\n\n\n<h2 class=\"wp-block-heading\"><strong>Program <\/strong><\/h2>\n\n\n\n<p>For \u00e5 bist\u00e5 og veilede best mulig i s\u00f8knadsprosessen, holder avdeling for bibliotekutvikling et digitalt informasjonsm\u00f8te. Her vil vi informere om:<\/p>\n\n\n\n<p>&nbsp;&#8211; Den strategiske bakgrunnen og form\u00e5let med midlene<\/p>\n\n\n\n<p>&nbsp;&#8211; Hvilke innsatsomr\u00e5der du kan s\u00f8ke midler til<\/p>\n\n\n\n<p>&nbsp;&#8211; S\u00f8knadsprosessen og s\u00f8knadskriterier<\/p>\n\n\n\n<p>Saksbehandlerne vil ogs\u00e5 svare p\u00e5 sp\u00f8rsm\u00e5l. Du kan skrive sp\u00f8rsm\u00e5l under m\u00f8tet, eller sende inn p\u00e5 forh\u00e5nd.<\/p>\n\n\n\n<p>Har du sp\u00f8rsm\u00e5l om informasjonsm\u00f8tet, kontakt <a href=\"mailto:joep.aarts@nb.no\">joep.aarts@nb.no<\/a> (Joep Aarts)<\/p>\n\n\n\n<hr aria-hidden=\"true\" class=\"wp-block-separator has-alpha-channel-opacity\"\/>\n\n\n\n<p>I \u00e5r lyser Nasjonalbiblioteket ut utviklingsmidlene og midler om aktiv formidling i samme runde. Utviklingsmidlene er midler til st\u00f8rre, nyskapende prosjekter. Midlene til aktiv formidling g\u00e5r til enkle formidlingstiltak i bibliotekene. <\/p>\n\n\n\n<p><br>Begge utlysningene har s\u00f8knadsfrist den 14. november 2023<\/p>\n\n\n\n<p><\/p>\n\n\n\n<p><a href=\"https:\/\/bibliotekutvikling.no\/ressurser\/sok-stotte\/\">Les mer om st\u00f8tten til utvikling<\/a><\/p>\n","protected":false},"author":6868,"featured_media":19516,"menu_order":0,"template":"","meta":{"nb_hide_title":false,"event_tba_datetime":false,"event_all_day":false,"event_tba_start_time":false,"event_start_datetime":"2023-09-22T10:00:00","event_end_datetime":"2023-09-22T10:45:00","event_venue_id":"","event_ticket_vendor_url":"https:\/\/response.questback.com\/nasjonalbiblioteket\/wkovul6gdr","event_ticket_price_text":"Det er gratis \u00e5 delta. Lenke til teams sendes i forkant av m\u00f8tet ","event_ticket_button_text":"P\u00e5melding","event_ticket_details_text":"P\u00e5meldingsfrist 20. september","event_attendance_mode":"online","event_short_description":"Nasjonalbiblioteket planlegger et digitalt informasjonsm\u00f8te om utviklingsmidler og midler til aktiv formidling 2024","event_virtual_venue_name":"Teams","event_virtual_venue_url":"","event_hide_from_archive":false,"event_infoscreen_place_name":"","event_hide_from_infoscreen":false,"single_header_image_is_disabled":true,"single_header_image_attachment_id":0,"single_header_image_attachment_url":""},"event-group":[],"event-type":[],"tag":[],"class_list":["post-13257","event","type-event","status-publish","has-post-thumbnail","hentry"],"yoast_head":"<!-- This site is optimized with the Yoast SEO Premium plugin v27.1 (Yoast SEO v27.1.1) - https:\/\/yoast.com\/product\/yoast-seo-premium-wordpress\/ -->\n<title>Informasjonsm\u00f8te om utviklingsmidler og midler til aktiv formidling 2024 - Kompetansebank<\/title>\n<meta name=\"robots\" content=\"index, follow, max-snippet:-1, max-image-preview:large, max-video-preview:-1\" \/>\n<link rel=\"canonical\" href=\"https:\/\/beta.bibliotekutvikling.no\/kompetansebank\/event\/informasjonsmote-om-utviklingsmidler-og-midler-til-aktiv-formidling-2024\/\" \/>\n<meta property=\"og:locale\" content=\"nb_NO\" \/>\n<meta property=\"og:type\" content=\"article\" \/>\n<meta property=\"og:title\" content=\"Informasjonsm\u00f8te om utviklingsmidler og midler til aktiv formidling 2024\" \/>\n<meta property=\"og:url\" content=\"https:\/\/beta.bibliotekutvikling.no\/kompetansebank\/event\/informasjonsmote-om-utviklingsmidler-og-midler-til-aktiv-formidling-2024\/\" \/>\n<meta property=\"og:site_name\" content=\"Kompetansebank\" \/>\n<meta property=\"article:publisher\" content=\"https:\/\/www.facebook.com\/bibliotekutvikling\" \/>\n<meta property=\"article:modified_time\" content=\"2023-08-29T13:56:50+00:00\" \/>\n<meta property=\"og:image\" content=\"https:\/\/beta.bibliotekutvikling.no\/content\/uploads\/sites\/24\/2023\/07\/logo-bibliotekutvikling.png\" \/>\n\t<meta property=\"og:image:width\" content=\"1842\" \/>\n\t<meta property=\"og:image:height\" content=\"927\" \/>\n\t<meta property=\"og:image:type\" content=\"image\/png\" \/>\n<meta name=\"twitter:card\" content=\"summary_large_image\" \/>\n<meta name=\"twitter:label1\" content=\"Ansl. lesetid\" \/>\n\t<meta name=\"twitter:data1\" content=\"1 minutt\" \/>\n<script type=\"application\/ld+json\" class=\"yoast-schema-graph\">{\"@context\":\"https:\/\/schema.org\",\"@graph\":[{\"@type\":\"WebPage\",\"@id\":\"https:\/\/beta.bibliotekutvikling.no\/kompetansebank\/event\/informasjonsmote-om-utviklingsmidler-og-midler-til-aktiv-formidling-2024\/\",\"url\":\"https:\/\/beta.bibliotekutvikling.no\/kompetansebank\/event\/informasjonsmote-om-utviklingsmidler-og-midler-til-aktiv-formidling-2024\/\",\"name\":\"Informasjonsm\u00f8te om utviklingsmidler og midler til aktiv formidling 2024 - Kompetansebank\",\"isPartOf\":{\"@id\":\"https:\/\/beta.bibliotekutvikling.no\/kompetansebank\/#website\"},\"primaryImageOfPage\":{\"@id\":\"https:\/\/beta.bibliotekutvikling.no\/kompetansebank\/event\/informasjonsmote-om-utviklingsmidler-og-midler-til-aktiv-formidling-2024\/#primaryimage\"},\"image\":{\"@id\":\"https:\/\/beta.bibliotekutvikling.no\/kompetansebank\/event\/informasjonsmote-om-utviklingsmidler-og-midler-til-aktiv-formidling-2024\/#primaryimage\"},\"thumbnailUrl\":\"https:\/\/beta.bibliotekutvikling.no\/content\/uploads\/sites\/24\/2023\/07\/logo-bibliotekutvikling.png\",\"datePublished\":\"2023-07-05T13:32:27+00:00\",\"dateModified\":\"2023-08-29T13:56:50+00:00\",\"breadcrumb\":{\"@id\":\"https:\/\/beta.bibliotekutvikling.no\/kompetansebank\/event\/informasjonsmote-om-utviklingsmidler-og-midler-til-aktiv-formidling-2024\/#breadcrumb\"},\"inLanguage\":\"nb-NO\",\"potentialAction\":[{\"@type\":\"ReadAction\",\"target\":[\"https:\/\/beta.bibliotekutvikling.no\/kompetansebank\/event\/informasjonsmote-om-utviklingsmidler-og-midler-til-aktiv-formidling-2024\/\"]}]},{\"@type\":\"ImageObject\",\"inLanguage\":\"nb-NO\",\"@id\":\"https:\/\/beta.bibliotekutvikling.no\/kompetansebank\/event\/informasjonsmote-om-utviklingsmidler-og-midler-til-aktiv-formidling-2024\/#primaryimage\",\"url\":\"https:\/\/beta.bibliotekutvikling.no\/content\/uploads\/sites\/24\/2023\/07\/logo-bibliotekutvikling.png\",\"contentUrl\":\"https:\/\/beta.bibliotekutvikling.no\/content\/uploads\/sites\/24\/2023\/07\/logo-bibliotekutvikling.png\",\"width\":1842,\"height\":927},{\"@type\":\"BreadcrumbList\",\"@id\":\"https:\/\/beta.bibliotekutvikling.no\/kompetansebank\/event\/informasjonsmote-om-utviklingsmidler-og-midler-til-aktiv-formidling-2024\/#breadcrumb\",\"itemListElement\":[{\"@type\":\"ListItem\",\"position\":1,\"name\":\"Hjem\",\"item\":\"https:\/\/beta.bibliotekutvikling.no\/kompetansebank\/\"},{\"@type\":\"ListItem\",\"position\":2,\"name\":\"Informasjonsm\u00f8te om utviklingsmidler og midler til aktiv formidling 2024\"}]},{\"@type\":\"WebSite\",\"@id\":\"https:\/\/beta.bibliotekutvikling.no\/kompetansebank\/#website\",\"url\":\"https:\/\/beta.bibliotekutvikling.no\/kompetansebank\/\",\"name\":\"Kompetansebank\",\"description\":\"kurs og kunnskap for bibliotekansatte\",\"publisher\":{\"@id\":\"https:\/\/beta.bibliotekutvikling.no\/kompetansebank\/#organization\"},\"potentialAction\":[{\"@type\":\"SearchAction\",\"target\":{\"@type\":\"EntryPoint\",\"urlTemplate\":\"https:\/\/beta.bibliotekutvikling.no\/kompetansebank\/?s={search_term_string}\"},\"query-input\":{\"@type\":\"PropertyValueSpecification\",\"valueRequired\":true,\"valueName\":\"search_term_string\"}}],\"inLanguage\":\"nb-NO\"},{\"@type\":\"Organization\",\"@id\":\"https:\/\/beta.bibliotekutvikling.no\/kompetansebank\/#organization\",\"name\":\"Bibliotekutvikling\",\"url\":\"https:\/\/beta.bibliotekutvikling.no\/kompetansebank\/\",\"logo\":{\"@type\":\"ImageObject\",\"inLanguage\":\"nb-NO\",\"@id\":\"https:\/\/beta.bibliotekutvikling.no\/kompetansebank\/#\/schema\/logo\/image\/\",\"url\":\"https:\/\/bibliotekutvikling.no\/content\/uploads\/sites\/24\/2023\/10\/Favikon-BU.png\",\"contentUrl\":\"https:\/\/bibliotekutvikling.no\/content\/uploads\/sites\/24\/2023\/10\/Favikon-BU.png\",\"width\":1055,\"height\":1054,\"caption\":\"Bibliotekutvikling\"},\"image\":{\"@id\":\"https:\/\/beta.bibliotekutvikling.no\/kompetansebank\/#\/schema\/logo\/image\/\"},\"sameAs\":[\"https:\/\/www.facebook.com\/bibliotekutvikling\"]},{\"@type\":\"Event\",\"name\":\"Informasjonsm\u00f8te om utviklingsmidler og midler til aktiv formidling 2024\",\"description\":\"Nasjonalbiblioteket planlegger et digitalt informasjonsm\u00f8te om utviklingsmidler og midler til aktiv formidling 2024\",\"startDate\":\"2023-09-22T10:00:00+02:00\",\"endDate\":\"2023-09-22T10:45:00+02:00\",\"eventStatus\":\"EventScheduled\",\"eventAttendanceMode\":\"OnlineEventAttendanceMode\",\"location\":[[]],\"image\":[\"https:\/\/beta.bibliotekutvikling.no\/content\/uploads\/sites\/24\/2023\/07\/logo-bibliotekutvikling-1024x515.png\"]}]}<\/script>\n<!-- \/ Yoast SEO Premium plugin. -->","yoast_head_json":{"title":"Informasjonsm\u00f8te om utviklingsmidler og midler til aktiv formidling 2024 - Kompetansebank","robots":{"index":"index","follow":"follow","max-snippet":"max-snippet:-1","max-image-preview":"max-image-preview:large","max-video-preview":"max-video-preview:-1"},"canonical":"https:\/\/beta.bibliotekutvikling.no\/kompetansebank\/event\/informasjonsmote-om-utviklingsmidler-og-midler-til-aktiv-formidling-2024\/","og_locale":"nb_NO","og_type":"article","og_title":"Informasjonsm\u00f8te om utviklingsmidler og midler til aktiv formidling 2024","og_url":"https:\/\/beta.bibliotekutvikling.no\/kompetansebank\/event\/informasjonsmote-om-utviklingsmidler-og-midler-til-aktiv-formidling-2024\/","og_site_name":"Kompetansebank","article_publisher":"https:\/\/www.facebook.com\/bibliotekutvikling","article_modified_time":"2023-08-29T13:56:50+00:00","og_image":[{"width":1842,"height":927,"url":"https:\/\/beta.bibliotekutvikling.no\/content\/uploads\/sites\/24\/2023\/07\/logo-bibliotekutvikling.png","type":"image\/png"}],"twitter_card":"summary_large_image","twitter_misc":{"Ansl. lesetid":"1 minutt"},"schema":{"@context":"https:\/\/schema.org","@graph":[{"@type":"WebPage","@id":"https:\/\/beta.bibliotekutvikling.no\/kompetansebank\/event\/informasjonsmote-om-utviklingsmidler-og-midler-til-aktiv-formidling-2024\/","url":"https:\/\/beta.bibliotekutvikling.no\/kompetansebank\/event\/informasjonsmote-om-utviklingsmidler-og-midler-til-aktiv-formidling-2024\/","name":"Informasjonsm\u00f8te om utviklingsmidler og midler til aktiv formidling 2024 - Kompetansebank","isPartOf":{"@id":"https:\/\/beta.bibliotekutvikling.no\/kompetansebank\/#website"},"primaryImageOfPage":{"@id":"https:\/\/beta.bibliotekutvikling.no\/kompetansebank\/event\/informasjonsmote-om-utviklingsmidler-og-midler-til-aktiv-formidling-2024\/#primaryimage"},"image":{"@id":"https:\/\/beta.bibliotekutvikling.no\/kompetansebank\/event\/informasjonsmote-om-utviklingsmidler-og-midler-til-aktiv-formidling-2024\/#primaryimage"},"thumbnailUrl":"https:\/\/beta.bibliotekutvikling.no\/content\/uploads\/sites\/24\/2023\/07\/logo-bibliotekutvikling.png","datePublished":"2023-07-05T13:32:27+00:00","dateModified":"2023-08-29T13:56:50+00:00","breadcrumb":{"@id":"https:\/\/beta.bibliotekutvikling.no\/kompetansebank\/event\/informasjonsmote-om-utviklingsmidler-og-midler-til-aktiv-formidling-2024\/#breadcrumb"},"inLanguage":"nb-NO","potentialAction":[{"@type":"ReadAction","target":["https:\/\/beta.bibliotekutvikling.no\/kompetansebank\/event\/informasjonsmote-om-utviklingsmidler-og-midler-til-aktiv-formidling-2024\/"]}]},{"@type":"ImageObject","inLanguage":"nb-NO","@id":"https:\/\/beta.bibliotekutvikling.no\/kompetansebank\/event\/informasjonsmote-om-utviklingsmidler-og-midler-til-aktiv-formidling-2024\/#primaryimage","url":"https:\/\/beta.bibliotekutvikling.no\/content\/uploads\/sites\/24\/2023\/07\/logo-bibliotekutvikling.png","contentUrl":"https:\/\/beta.bibliotekutvikling.no\/content\/uploads\/sites\/24\/2023\/07\/logo-bibliotekutvikling.png","width":1842,"height":927},{"@type":"BreadcrumbList","@id":"https:\/\/beta.bibliotekutvikling.no\/kompetansebank\/event\/informasjonsmote-om-utviklingsmidler-og-midler-til-aktiv-formidling-2024\/#breadcrumb","itemListElement":[{"@type":"ListItem","position":1,"name":"Hjem","item":"https:\/\/beta.bibliotekutvikling.no\/kompetansebank\/"},{"@type":"ListItem","position":2,"name":"Informasjonsm\u00f8te om utviklingsmidler og midler til aktiv formidling 2024"}]},{"@type":"WebSite","@id":"https:\/\/beta.bibliotekutvikling.no\/kompetansebank\/#website","url":"https:\/\/beta.bibliotekutvikling.no\/kompetansebank\/","name":"Kompetansebank","description":"kurs og kunnskap for bibliotekansatte","publisher":{"@id":"https:\/\/beta.bibliotekutvikling.no\/kompetansebank\/#organization"},"potentialAction":[{"@type":"SearchAction","target":{"@type":"EntryPoint","urlTemplate":"https:\/\/beta.bibliotekutvikling.no\/kompetansebank\/?s={search_term_string}"},"query-input":{"@type":"PropertyValueSpecification","valueRequired":true,"valueName":"search_term_string"}}],"inLanguage":"nb-NO"},{"@type":"Organization","@id":"https:\/\/beta.bibliotekutvikling.no\/kompetansebank\/#organization","name":"Bibliotekutvikling","url":"https:\/\/beta.bibliotekutvikling.no\/kompetansebank\/","logo":{"@type":"ImageObject","inLanguage":"nb-NO","@id":"https:\/\/beta.bibliotekutvikling.no\/kompetansebank\/#\/schema\/logo\/image\/","url":"https:\/\/bibliotekutvikling.no\/content\/uploads\/sites\/24\/2023\/10\/Favikon-BU.png","contentUrl":"https:\/\/bibliotekutvikling.no\/content\/uploads\/sites\/24\/2023\/10\/Favikon-BU.png","width":1055,"height":1054,"caption":"Bibliotekutvikling"},"image":{"@id":"https:\/\/beta.bibliotekutvikling.no\/kompetansebank\/#\/schema\/logo\/image\/"},"sameAs":["https:\/\/www.facebook.com\/bibliotekutvikling"]},{"@type":"Event","name":"Informasjonsm\u00f8te om utviklingsmidler og midler til aktiv formidling 2024","description":"Nasjonalbiblioteket planlegger et digitalt informasjonsm\u00f8te om utviklingsmidler og midler til aktiv formidling 2024","startDate":"2023-09-22T10:00:00+02:00","endDate":"2023-09-22T10:45:00+02:00","eventStatus":"EventScheduled","eventAttendanceMode":"OnlineEventAttendanceMode","location":[[]],"image":["https:\/\/beta.bibliotekutvikling.no\/content\/uploads\/sites\/24\/2023\/07\/logo-bibliotekutvikling-1024x515.png"]}]}},"_links":{"self":[{"href":"https:\/\/beta.bibliotekutvikling.no\/kompetansebank\/wp-json\/wp\/v2\/event\/13257","targetHints":{"allow":["GET"]}}],"collection":[{"href":"https:\/\/beta.bibliotekutvikling.no\/kompetansebank\/wp-json\/wp\/v2\/event"}],"about":[{"href":"https:\/\/beta.bibliotekutvikling.no\/kompetansebank\/wp-json\/wp\/v2\/types\/event"}],"author":[{"embeddable":true,"href":"https:\/\/beta.bibliotekutvikling.no\/kompetansebank\/wp-json\/wp\/v2\/users\/6868"}],"wp:featuredmedia":[{"embeddable":true,"href":"https:\/\/beta.bibliotekutvikling.no\/kompetansebank\/wp-json\/wp\/v2\/media\/19516"}],"wp:attachment":[{"href":"https:\/\/beta.bibliotekutvikling.no\/kompetansebank\/wp-json\/wp\/v2\/media?parent=13257"}],"wp:term":[{"taxonomy":"event-group","embeddable":true,"href":"https:\/\/beta.bibliotekutvikling.no\/kompetansebank\/wp-json\/wp\/v2\/event-group?post=13257"},{"taxonomy":"event-type","embeddable":true,"href":"https:\/\/beta.bibliotekutvikling.no\/kompetansebank\/wp-json\/wp\/v2\/event-type?post=13257"},{"taxonomy":"tag","embeddable":true,"href":"https:\/\/beta.bibliotekutvikling.no\/kompetansebank\/wp-json\/wp\/v2\/tag?post=13257"}],"curies":[{"name":"wp","href":"https:\/\/api.w.org\/{rel}","templated":true}]}}