{"id":20611,"date":"2023-09-18T10:16:13","date_gmt":"2023-09-18T08:16:13","guid":{"rendered":"https:\/\/bibliotekutvikling.no\/kompetansebank\/?post_type=event&#038;p=20611"},"modified":"2023-11-07T15:33:27","modified_gmt":"2023-11-07T14:33:27","slug":"gratis-konferanse-om-bokstart","status":"publish","type":"event","link":"https:\/\/beta.bibliotekutvikling.no\/kompetansebank\/event\/gratis-konferanse-om-bokstart\/","title":{"rendered":"Gratis konferanse om Bokstart"},"content":{"rendered":"\n<p class=\"has-secondary-background-color has-background\">Arrang\u00f8r: <a href=\"https:\/\/foreningenles.no\/\">Foreningen !les<\/a><\/p>\n\n\n\n<p>Foreningen !les inviterer til gratis konferanse om Bokstart \u2013 spr\u00e5k og lesing fra f\u00f8rste stund, 20. oktober 2023 p\u00e5 Sentralen i Oslo. Konferansen skal fremheve verdien av h\u00f8ytlesing og de gode bildeb\u00f8kene for de minste barna (0-3 \u00e5r)<\/p>\n\n\n\n<h2 class=\"wp-block-heading\">Heldagskonferanse<\/h2>\n\n\n\n<p>Heldagskonferansen om Bokstart skal l\u00f8fte frem kunnskap om lesing og spr\u00e5kutvikling, utveksle internasjonale og nordiske erfaringer fra lesefremmende tiltak rettet mot sm\u00e5 barn, og fremheve verdien av h\u00f8ytlesing og gode bildeb\u00f8ker for de minste barna (0\u20133 \u00e5r). <\/p>\n\n\n\n<p>Konferansen er for bibliotekarer, helsearbeidere, barnehageansatte og andre som jobber med barns spr\u00e5kutvikling, og alle som er opptatt av litteraturformidling rettet mot sm\u00e5 barn og familier. Konferansen blir ogs\u00e5 str\u00f8mmet.<\/p>\n\n\n\n<p>P\u00e5 programmet er ogs\u00e5 foredrag om forskning p\u00e5 lesing og lesefremmende tiltak i en digital tid. <\/p>\n\n\n\n<p>L\u00e6ringsressursen \u00abLeselyst med dei minste\u00bb, som er utarbeidet gjennom det nasjonale prosjektet Formidlingskompetanse i folkebibliotek (FiF) vil ogs\u00e5 bli presentert denne dagen.<\/p>\n\n\n\n<h2 class=\"wp-block-heading\" id=\"h-hva-er-bokstart\">Hva er Bokstart?<\/h2>\n\n\n\n<p>Bokstart er et internasjonalt tiltak som g\u00e5r ut p\u00e5 \u00e5 dele ut gratis b\u00f8ker og informasjonsmateriell om spr\u00e5kutvikling til sm\u00e5 barn (0-3 \u00e5r) og deres foreldre i samarbeid med helsestasjon og bibliotek. M\u00e5let er \u00e5 fremme leselyst ved \u00e5 gj\u00f8re litteratur tilgjengelig, introdusere familiene til biblioteket og oppfordre foreldre til \u00e5 lese h\u00f8yt for barnet sitt. <\/p>\n\n\n\n<p>At det \u00e5 lese sammen med sm\u00e5 barn er viktig og har en positiv effekt, b\u00e5de for relasjonen mellom barn og voksne og for barns spr\u00e5kutvikling, underbygges av forskning (se Kucirkova &amp; Gr\u00f8ver, 2022). H\u00f8ytlesing gir barnet forst\u00e5else av hendelsesforl\u00f8p, innsikt i omverden, og ord for egne opplevelser og f\u00f8lelser sammen med en n\u00e6rv\u00e6rende voksen. Positive erfaringer med b\u00f8ker og lesing ruster barnet for den senere lese- og skriveoppl\u00e6ringen. <\/p>\n\n\n\n<p>Det unike ved Bokstart er at tiltaket henvender seg direkte til familiene via helsestasjonene. Slik er det mulig \u00e5 n\u00e5 alle sm\u00e5barnsforeldre, ogs\u00e5 de med barn som ikke g\u00e5r i barnehage.<\/p>\n\n\n\n<p><\/p>\n\n\n\n<p><a href=\"https:\/\/foreningenles.no\/gratis-konferanse-om-bokstart\">Arrangementets nettside: Gratis konferanse om bokstart<\/a><\/p>\n","protected":false},"author":6868,"featured_media":20614,"menu_order":0,"template":"","meta":{"nb_hide_title":false,"event_tba_datetime":false,"event_all_day":false,"event_tba_start_time":false,"event_start_datetime":"2023-10-20T09:30:00","event_end_datetime":"2023-10-20T15:00:00","event_venue_id":"20642","event_ticket_vendor_url":"https:\/\/foreningenles.no\/gratis-konferanse-om-bokstart","event_ticket_price_text":"Gratis","event_ticket_button_text":"P\u00e5melding","event_ticket_details_text":"","event_attendance_mode":"online_and_offline","event_short_description":"Foreningen !les inviterer til gratis konferanse om Bokstart \u2013 spr\u00e5k og lesing fra f\u00f8rste stund, 20. oktober 2023 p\u00e5 Sentralen i Oslo. Konferansen skal fremheve verdien av h\u00f8ytlesing og de gode bildeb\u00f8kene for de minste barna (0-3 \u00e5r).","event_virtual_venue_name":"Konferansen vil ogs\u00e5 bli str\u00f8mmet","event_virtual_venue_url":"https:\/\/foreningenles.no\/","event_hide_from_archive":false,"event_infoscreen_place_name":"","event_hide_from_infoscreen":false,"single_header_image_is_disabled":false,"single_header_image_attachment_id":0,"single_header_image_attachment_url":""},"event-group":[],"event-type":[],"tag":[],"class_list":["post-20611","event","type-event","status-publish","has-post-thumbnail","hentry"],"yoast_head":"<!-- This site is optimized with the Yoast SEO Premium plugin v27.1 (Yoast SEO v27.1.1) - https:\/\/yoast.com\/product\/yoast-seo-premium-wordpress\/ -->\n<title>Gratis konferanse om Bokstart - Kompetansebank<\/title>\n<meta name=\"robots\" content=\"index, follow, max-snippet:-1, max-image-preview:large, max-video-preview:-1\" \/>\n<link rel=\"canonical\" href=\"https:\/\/beta.bibliotekutvikling.no\/kompetansebank\/event\/gratis-konferanse-om-bokstart\/\" \/>\n<meta property=\"og:locale\" content=\"nb_NO\" \/>\n<meta property=\"og:type\" content=\"article\" \/>\n<meta property=\"og:title\" content=\"Gratis konferanse om Bokstart\" \/>\n<meta property=\"og:url\" content=\"https:\/\/beta.bibliotekutvikling.no\/kompetansebank\/event\/gratis-konferanse-om-bokstart\/\" \/>\n<meta property=\"og:site_name\" content=\"Kompetansebank\" \/>\n<meta property=\"article:publisher\" content=\"https:\/\/www.facebook.com\/bibliotekutvikling\" \/>\n<meta property=\"article:modified_time\" content=\"2023-11-07T14:33:27+00:00\" \/>\n<meta property=\"og:image\" content=\"https:\/\/beta.bibliotekutvikling.no\/content\/uploads\/sites\/24\/2023\/09\/bokstart.jpg\" \/>\n\t<meta property=\"og:image:width\" content=\"750\" \/>\n\t<meta property=\"og:image:height\" content=\"480\" \/>\n\t<meta property=\"og:image:type\" content=\"image\/jpeg\" \/>\n<meta name=\"twitter:card\" content=\"summary_large_image\" \/>\n<meta name=\"twitter:label1\" content=\"Ansl. lesetid\" \/>\n\t<meta name=\"twitter:data1\" content=\"2 minutter\" \/>\n<script type=\"application\/ld+json\" class=\"yoast-schema-graph\">{\"@context\":\"https:\/\/schema.org\",\"@graph\":[{\"@type\":\"WebPage\",\"@id\":\"https:\/\/beta.bibliotekutvikling.no\/kompetansebank\/event\/gratis-konferanse-om-bokstart\/\",\"url\":\"https:\/\/beta.bibliotekutvikling.no\/kompetansebank\/event\/gratis-konferanse-om-bokstart\/\",\"name\":\"Gratis konferanse om Bokstart - Kompetansebank\",\"isPartOf\":{\"@id\":\"https:\/\/beta.bibliotekutvikling.no\/kompetansebank\/#website\"},\"primaryImageOfPage\":{\"@id\":\"https:\/\/beta.bibliotekutvikling.no\/kompetansebank\/event\/gratis-konferanse-om-bokstart\/#primaryimage\"},\"image\":{\"@id\":\"https:\/\/beta.bibliotekutvikling.no\/kompetansebank\/event\/gratis-konferanse-om-bokstart\/#primaryimage\"},\"thumbnailUrl\":\"https:\/\/beta.bibliotekutvikling.no\/content\/uploads\/sites\/24\/2023\/09\/bokstart.jpg\",\"datePublished\":\"2023-09-18T08:16:13+00:00\",\"dateModified\":\"2023-11-07T14:33:27+00:00\",\"breadcrumb\":{\"@id\":\"https:\/\/beta.bibliotekutvikling.no\/kompetansebank\/event\/gratis-konferanse-om-bokstart\/#breadcrumb\"},\"inLanguage\":\"nb-NO\",\"potentialAction\":[{\"@type\":\"ReadAction\",\"target\":[\"https:\/\/beta.bibliotekutvikling.no\/kompetansebank\/event\/gratis-konferanse-om-bokstart\/\"]}]},{\"@type\":\"ImageObject\",\"inLanguage\":\"nb-NO\",\"@id\":\"https:\/\/beta.bibliotekutvikling.no\/kompetansebank\/event\/gratis-konferanse-om-bokstart\/#primaryimage\",\"url\":\"https:\/\/beta.bibliotekutvikling.no\/content\/uploads\/sites\/24\/2023\/09\/bokstart.jpg\",\"contentUrl\":\"https:\/\/beta.bibliotekutvikling.no\/content\/uploads\/sites\/24\/2023\/09\/bokstart.jpg\",\"width\":750,\"height\":480},{\"@type\":\"BreadcrumbList\",\"@id\":\"https:\/\/beta.bibliotekutvikling.no\/kompetansebank\/event\/gratis-konferanse-om-bokstart\/#breadcrumb\",\"itemListElement\":[{\"@type\":\"ListItem\",\"position\":1,\"name\":\"Hjem\",\"item\":\"https:\/\/beta.bibliotekutvikling.no\/kompetansebank\/\"},{\"@type\":\"ListItem\",\"position\":2,\"name\":\"Gratis konferanse om Bokstart\"}]},{\"@type\":\"WebSite\",\"@id\":\"https:\/\/beta.bibliotekutvikling.no\/kompetansebank\/#website\",\"url\":\"https:\/\/beta.bibliotekutvikling.no\/kompetansebank\/\",\"name\":\"Kompetansebank\",\"description\":\"kurs og kunnskap for bibliotekansatte\",\"publisher\":{\"@id\":\"https:\/\/beta.bibliotekutvikling.no\/kompetansebank\/#organization\"},\"potentialAction\":[{\"@type\":\"SearchAction\",\"target\":{\"@type\":\"EntryPoint\",\"urlTemplate\":\"https:\/\/beta.bibliotekutvikling.no\/kompetansebank\/?s={search_term_string}\"},\"query-input\":{\"@type\":\"PropertyValueSpecification\",\"valueRequired\":true,\"valueName\":\"search_term_string\"}}],\"inLanguage\":\"nb-NO\"},{\"@type\":\"Organization\",\"@id\":\"https:\/\/beta.bibliotekutvikling.no\/kompetansebank\/#organization\",\"name\":\"Bibliotekutvikling\",\"url\":\"https:\/\/beta.bibliotekutvikling.no\/kompetansebank\/\",\"logo\":{\"@type\":\"ImageObject\",\"inLanguage\":\"nb-NO\",\"@id\":\"https:\/\/beta.bibliotekutvikling.no\/kompetansebank\/#\/schema\/logo\/image\/\",\"url\":\"https:\/\/bibliotekutvikling.no\/content\/uploads\/sites\/24\/2023\/10\/Favikon-BU.png\",\"contentUrl\":\"https:\/\/bibliotekutvikling.no\/content\/uploads\/sites\/24\/2023\/10\/Favikon-BU.png\",\"width\":1055,\"height\":1054,\"caption\":\"Bibliotekutvikling\"},\"image\":{\"@id\":\"https:\/\/beta.bibliotekutvikling.no\/kompetansebank\/#\/schema\/logo\/image\/\"},\"sameAs\":[\"https:\/\/www.facebook.com\/bibliotekutvikling\"]},{\"@type\":\"Event\",\"name\":\"Gratis konferanse om Bokstart\",\"description\":\"Foreningen !les inviterer til gratis konferanse om Bokstart \u2013 spr\u00e5k og lesing fra f\u00f8rste stund, 20. oktober 2023 p\u00e5 Sentralen i Oslo. Konferansen skal fremheve verdien av h\u00f8ytlesing og de gode bildeb\u00f8kene for de minste barna (0-3 \u00e5r).\",\"startDate\":\"2023-10-20T09:30:00+02:00\",\"endDate\":\"2023-10-20T15:00:00+02:00\",\"eventStatus\":\"EventScheduled\",\"eventAttendanceMode\":\"MixedEventAttendanceMode\",\"location\":[{\"@type\":\"VirtualLocation\",\"name\":\"Konferansen vil ogs\u00e5 bli str\u00f8mmet\",\"url\":\"https:\/\/foreningenles.no\/\"},{\"@type\":\"Place\",\"name\":\"Foreningen !les\",\"address\":{\"@type\":\"PostalAddress\",\"addressCountry\":\"\",\"addressRegion\":\"Oslo\",\"addressLocality\":\"Oslo\",\"postalCode\":\"0157 \",\"streetAddress\":\"\u00d8vre Slottsgate 3 \"}}],\"image\":[\"https:\/\/beta.bibliotekutvikling.no\/content\/uploads\/sites\/24\/2023\/09\/bokstart.jpg\"]}]}<\/script>\n<!-- \/ Yoast SEO Premium plugin. -->","yoast_head_json":{"title":"Gratis konferanse om Bokstart - Kompetansebank","robots":{"index":"index","follow":"follow","max-snippet":"max-snippet:-1","max-image-preview":"max-image-preview:large","max-video-preview":"max-video-preview:-1"},"canonical":"https:\/\/beta.bibliotekutvikling.no\/kompetansebank\/event\/gratis-konferanse-om-bokstart\/","og_locale":"nb_NO","og_type":"article","og_title":"Gratis konferanse om Bokstart","og_url":"https:\/\/beta.bibliotekutvikling.no\/kompetansebank\/event\/gratis-konferanse-om-bokstart\/","og_site_name":"Kompetansebank","article_publisher":"https:\/\/www.facebook.com\/bibliotekutvikling","article_modified_time":"2023-11-07T14:33:27+00:00","og_image":[{"width":750,"height":480,"url":"https:\/\/beta.bibliotekutvikling.no\/content\/uploads\/sites\/24\/2023\/09\/bokstart.jpg","type":"image\/jpeg"}],"twitter_card":"summary_large_image","twitter_misc":{"Ansl. lesetid":"2 minutter"},"schema":{"@context":"https:\/\/schema.org","@graph":[{"@type":"WebPage","@id":"https:\/\/beta.bibliotekutvikling.no\/kompetansebank\/event\/gratis-konferanse-om-bokstart\/","url":"https:\/\/beta.bibliotekutvikling.no\/kompetansebank\/event\/gratis-konferanse-om-bokstart\/","name":"Gratis konferanse om Bokstart - Kompetansebank","isPartOf":{"@id":"https:\/\/beta.bibliotekutvikling.no\/kompetansebank\/#website"},"primaryImageOfPage":{"@id":"https:\/\/beta.bibliotekutvikling.no\/kompetansebank\/event\/gratis-konferanse-om-bokstart\/#primaryimage"},"image":{"@id":"https:\/\/beta.bibliotekutvikling.no\/kompetansebank\/event\/gratis-konferanse-om-bokstart\/#primaryimage"},"thumbnailUrl":"https:\/\/beta.bibliotekutvikling.no\/content\/uploads\/sites\/24\/2023\/09\/bokstart.jpg","datePublished":"2023-09-18T08:16:13+00:00","dateModified":"2023-11-07T14:33:27+00:00","breadcrumb":{"@id":"https:\/\/beta.bibliotekutvikling.no\/kompetansebank\/event\/gratis-konferanse-om-bokstart\/#breadcrumb"},"inLanguage":"nb-NO","potentialAction":[{"@type":"ReadAction","target":["https:\/\/beta.bibliotekutvikling.no\/kompetansebank\/event\/gratis-konferanse-om-bokstart\/"]}]},{"@type":"ImageObject","inLanguage":"nb-NO","@id":"https:\/\/beta.bibliotekutvikling.no\/kompetansebank\/event\/gratis-konferanse-om-bokstart\/#primaryimage","url":"https:\/\/beta.bibliotekutvikling.no\/content\/uploads\/sites\/24\/2023\/09\/bokstart.jpg","contentUrl":"https:\/\/beta.bibliotekutvikling.no\/content\/uploads\/sites\/24\/2023\/09\/bokstart.jpg","width":750,"height":480},{"@type":"BreadcrumbList","@id":"https:\/\/beta.bibliotekutvikling.no\/kompetansebank\/event\/gratis-konferanse-om-bokstart\/#breadcrumb","itemListElement":[{"@type":"ListItem","position":1,"name":"Hjem","item":"https:\/\/beta.bibliotekutvikling.no\/kompetansebank\/"},{"@type":"ListItem","position":2,"name":"Gratis konferanse om Bokstart"}]},{"@type":"WebSite","@id":"https:\/\/beta.bibliotekutvikling.no\/kompetansebank\/#website","url":"https:\/\/beta.bibliotekutvikling.no\/kompetansebank\/","name":"Kompetansebank","description":"kurs og kunnskap for bibliotekansatte","publisher":{"@id":"https:\/\/beta.bibliotekutvikling.no\/kompetansebank\/#organization"},"potentialAction":[{"@type":"SearchAction","target":{"@type":"EntryPoint","urlTemplate":"https:\/\/beta.bibliotekutvikling.no\/kompetansebank\/?s={search_term_string}"},"query-input":{"@type":"PropertyValueSpecification","valueRequired":true,"valueName":"search_term_string"}}],"inLanguage":"nb-NO"},{"@type":"Organization","@id":"https:\/\/beta.bibliotekutvikling.no\/kompetansebank\/#organization","name":"Bibliotekutvikling","url":"https:\/\/beta.bibliotekutvikling.no\/kompetansebank\/","logo":{"@type":"ImageObject","inLanguage":"nb-NO","@id":"https:\/\/beta.bibliotekutvikling.no\/kompetansebank\/#\/schema\/logo\/image\/","url":"https:\/\/bibliotekutvikling.no\/content\/uploads\/sites\/24\/2023\/10\/Favikon-BU.png","contentUrl":"https:\/\/bibliotekutvikling.no\/content\/uploads\/sites\/24\/2023\/10\/Favikon-BU.png","width":1055,"height":1054,"caption":"Bibliotekutvikling"},"image":{"@id":"https:\/\/beta.bibliotekutvikling.no\/kompetansebank\/#\/schema\/logo\/image\/"},"sameAs":["https:\/\/www.facebook.com\/bibliotekutvikling"]},{"@type":"Event","name":"Gratis konferanse om Bokstart","description":"Foreningen !les inviterer til gratis konferanse om Bokstart \u2013 spr\u00e5k og lesing fra f\u00f8rste stund, 20. oktober 2023 p\u00e5 Sentralen i Oslo. Konferansen skal fremheve verdien av h\u00f8ytlesing og de gode bildeb\u00f8kene for de minste barna (0-3 \u00e5r).","startDate":"2023-10-20T09:30:00+02:00","endDate":"2023-10-20T15:00:00+02:00","eventStatus":"EventScheduled","eventAttendanceMode":"MixedEventAttendanceMode","location":[{"@type":"VirtualLocation","name":"Konferansen vil ogs\u00e5 bli str\u00f8mmet","url":"https:\/\/foreningenles.no\/"},{"@type":"Place","name":"Foreningen !les","address":{"@type":"PostalAddress","addressCountry":"","addressRegion":"Oslo","addressLocality":"Oslo","postalCode":"0157 ","streetAddress":"\u00d8vre Slottsgate 3 "}}],"image":["https:\/\/beta.bibliotekutvikling.no\/content\/uploads\/sites\/24\/2023\/09\/bokstart.jpg"]}]}},"_links":{"self":[{"href":"https:\/\/beta.bibliotekutvikling.no\/kompetansebank\/wp-json\/wp\/v2\/event\/20611","targetHints":{"allow":["GET"]}}],"collection":[{"href":"https:\/\/beta.bibliotekutvikling.no\/kompetansebank\/wp-json\/wp\/v2\/event"}],"about":[{"href":"https:\/\/beta.bibliotekutvikling.no\/kompetansebank\/wp-json\/wp\/v2\/types\/event"}],"author":[{"embeddable":true,"href":"https:\/\/beta.bibliotekutvikling.no\/kompetansebank\/wp-json\/wp\/v2\/users\/6868"}],"wp:featuredmedia":[{"embeddable":true,"href":"https:\/\/beta.bibliotekutvikling.no\/kompetansebank\/wp-json\/wp\/v2\/media\/20614"}],"wp:attachment":[{"href":"https:\/\/beta.bibliotekutvikling.no\/kompetansebank\/wp-json\/wp\/v2\/media?parent=20611"}],"wp:term":[{"taxonomy":"event-group","embeddable":true,"href":"https:\/\/beta.bibliotekutvikling.no\/kompetansebank\/wp-json\/wp\/v2\/event-group?post=20611"},{"taxonomy":"event-type","embeddable":true,"href":"https:\/\/beta.bibliotekutvikling.no\/kompetansebank\/wp-json\/wp\/v2\/event-type?post=20611"},{"taxonomy":"tag","embeddable":true,"href":"https:\/\/beta.bibliotekutvikling.no\/kompetansebank\/wp-json\/wp\/v2\/tag?post=20611"}],"curies":[{"name":"wp","href":"https:\/\/api.w.org\/{rel}","templated":true}]}}