{"id":22932,"date":"2023-11-29T10:38:01","date_gmt":"2023-11-29T09:38:01","guid":{"rendered":"https:\/\/bibliotekutvikling.no\/kompetansebank\/?post_type=event&#038;p=22932"},"modified":"2024-09-26T15:15:33","modified_gmt":"2024-09-26T13:15:33","slug":"digitalt-pafyll-serieromanenes-plass-i-norske-folkebibliotek","status":"publish","type":"event","link":"https:\/\/beta.bibliotekutvikling.no\/kompetansebank\/event\/digitalt-pafyll-serieromanenes-plass-i-norske-folkebibliotek\/","title":{"rendered":"Digitalt p\u00e5fyll: Serieromanenes plass i norske folkebibliotek"},"content":{"rendered":"\n<p class=\"has-secondary-background-color has-background\">Arrang\u00f8r: Agder Fylkesbibliotek<\/p>\n\n\n\n<p>Serieromaner, kioskromaner, husmorporno \u2013 kj\u00e6rt barn har mange navn! Men f\u00e5 b\u00f8ker har skapt mer hodebry for bibliotekarene. P\u00e5 den ene siden elsket av folket, p\u00e5 den andre siden manglende litter\u00e6r kvalitet.&nbsp;<\/p>\n\n\n\n<p>I dette p\u00e5fyllet gir&nbsp;<strong>Vanja Marie \u00d8yr\u00e5s<\/strong>&nbsp;et innblikk i serieromanenes plass i folkebibliotekene i dag, og gjennom tiden.<\/p>\n\n\n\n<p>Foredraget tar utgangspunkt i en masteroppgave hun har skrevet tidligere i \u00e5r.<\/p>\n\n\n\n<p>Vanja Marie \u00d8yr\u00e5s er spesialbibliotekar i Viken fylkesbibliotek<\/p>\n\n\n\n<p class=\"has-secondary-background-color has-background\"><a href=\"https:\/\/bibliotekutvikling.no\/formidlingskompetanse\/\"><strong>Digitalt p\u00e5fyll<\/strong>&nbsp;er en del av det nasjonale samarbeidsprosjektet Formidlingskompetanse i&nbsp;folkebibliotek (FiF)<\/a>.&nbsp; Annenhver uke kan du f\u00e5 et digitalt foredrag om aktuelle biblioteksp\u00f8rsm\u00e5l. Agder fylkesbiblioteket har utviklet konseptet, og st\u00e5r fortsatt som redakt\u00f8r for tilbudet, og tar imot \u00f8nsker og innspill om innhold. P\u00e5fyllene kan ses i opptak p\u00e5&nbsp;<a href=\"https:\/\/bibliotekutvikling.no\/kompetansebank\/innhold\/?_content_types=content-video\">Kompetansebanken<\/a>.&nbsp;<\/p>\n","protected":false},"author":6868,"featured_media":22934,"menu_order":0,"template":"","meta":{"nb_hide_title":false,"event_tba_datetime":false,"event_all_day":false,"event_tba_start_time":false,"event_start_datetime":"2023-12-07T09:00:00","event_end_datetime":"2023-12-07T09:45:00","event_venue_id":"","event_ticket_vendor_url":"https:\/\/my.demio.com\/ref\/Y3RI7iPBCrOyrd5D","event_ticket_price_text":"Gratis","event_ticket_button_text":"P\u00e5melding","event_ticket_details_text":" For \u00e5 delta kreves det p\u00e5melding, og du f\u00e5r tilsendt en unik lenke.","event_attendance_mode":"online","event_short_description":"","event_virtual_venue_name":"","event_virtual_venue_url":"","event_hide_from_archive":false,"event_infoscreen_place_name":"","event_hide_from_infoscreen":false,"single_header_image_is_disabled":false,"single_header_image_attachment_id":0,"single_header_image_attachment_url":""},"event-group":[],"event-type":[212],"tag":[],"class_list":["post-22932","event","type-event","status-publish","has-post-thumbnail","hentry","event-type-digitalt-pafyll"],"yoast_head":"<!-- This site is optimized with the Yoast SEO Premium plugin v27.1 (Yoast SEO v27.1.1) - https:\/\/yoast.com\/product\/yoast-seo-premium-wordpress\/ -->\n<title>Digitalt p\u00e5fyll: Serieromanenes plass i norske folkebibliotek - Kompetansebank<\/title>\n<meta name=\"robots\" content=\"index, follow, max-snippet:-1, max-image-preview:large, max-video-preview:-1\" \/>\n<link rel=\"canonical\" href=\"https:\/\/beta.bibliotekutvikling.no\/kompetansebank\/event\/digitalt-pafyll-serieromanenes-plass-i-norske-folkebibliotek\/\" \/>\n<meta property=\"og:locale\" content=\"nb_NO\" \/>\n<meta property=\"og:type\" content=\"article\" \/>\n<meta property=\"og:title\" content=\"Digitalt p\u00e5fyll: Serieromanenes plass i norske folkebibliotek\" \/>\n<meta property=\"og:url\" content=\"https:\/\/beta.bibliotekutvikling.no\/kompetansebank\/event\/digitalt-pafyll-serieromanenes-plass-i-norske-folkebibliotek\/\" \/>\n<meta property=\"og:site_name\" content=\"Kompetansebank\" \/>\n<meta property=\"article:publisher\" content=\"https:\/\/www.facebook.com\/bibliotekutvikling\" \/>\n<meta property=\"article:modified_time\" content=\"2024-09-26T13:15:33+00:00\" \/>\n<meta property=\"og:image\" content=\"https:\/\/beta.bibliotekutvikling.no\/content\/uploads\/sites\/24\/2023\/11\/vanja-marie-oyras-digitalt-pafyll.jpg\" \/>\n\t<meta property=\"og:image:width\" content=\"1200\" \/>\n\t<meta property=\"og:image:height\" content=\"1440\" \/>\n\t<meta property=\"og:image:type\" content=\"image\/jpeg\" \/>\n<meta name=\"twitter:card\" content=\"summary_large_image\" \/>\n<meta name=\"twitter:label1\" content=\"Ansl. lesetid\" \/>\n\t<meta name=\"twitter:data1\" content=\"1 minutt\" \/>\n<script type=\"application\/ld+json\" class=\"yoast-schema-graph\">{\"@context\":\"https:\/\/schema.org\",\"@graph\":[{\"@type\":\"WebPage\",\"@id\":\"https:\/\/beta.bibliotekutvikling.no\/kompetansebank\/event\/digitalt-pafyll-serieromanenes-plass-i-norske-folkebibliotek\/\",\"url\":\"https:\/\/beta.bibliotekutvikling.no\/kompetansebank\/event\/digitalt-pafyll-serieromanenes-plass-i-norske-folkebibliotek\/\",\"name\":\"Digitalt p\u00e5fyll: Serieromanenes plass i norske folkebibliotek - Kompetansebank\",\"isPartOf\":{\"@id\":\"https:\/\/beta.bibliotekutvikling.no\/kompetansebank\/#website\"},\"primaryImageOfPage\":{\"@id\":\"https:\/\/beta.bibliotekutvikling.no\/kompetansebank\/event\/digitalt-pafyll-serieromanenes-plass-i-norske-folkebibliotek\/#primaryimage\"},\"image\":{\"@id\":\"https:\/\/beta.bibliotekutvikling.no\/kompetansebank\/event\/digitalt-pafyll-serieromanenes-plass-i-norske-folkebibliotek\/#primaryimage\"},\"thumbnailUrl\":\"https:\/\/beta.bibliotekutvikling.no\/content\/uploads\/sites\/24\/2023\/11\/vanja-marie-oyras-digitalt-pafyll.jpg\",\"datePublished\":\"2023-11-29T09:38:01+00:00\",\"dateModified\":\"2024-09-26T13:15:33+00:00\",\"breadcrumb\":{\"@id\":\"https:\/\/beta.bibliotekutvikling.no\/kompetansebank\/event\/digitalt-pafyll-serieromanenes-plass-i-norske-folkebibliotek\/#breadcrumb\"},\"inLanguage\":\"nb-NO\",\"potentialAction\":[{\"@type\":\"ReadAction\",\"target\":[\"https:\/\/beta.bibliotekutvikling.no\/kompetansebank\/event\/digitalt-pafyll-serieromanenes-plass-i-norske-folkebibliotek\/\"]}]},{\"@type\":\"ImageObject\",\"inLanguage\":\"nb-NO\",\"@id\":\"https:\/\/beta.bibliotekutvikling.no\/kompetansebank\/event\/digitalt-pafyll-serieromanenes-plass-i-norske-folkebibliotek\/#primaryimage\",\"url\":\"https:\/\/beta.bibliotekutvikling.no\/content\/uploads\/sites\/24\/2023\/11\/vanja-marie-oyras-digitalt-pafyll.jpg\",\"contentUrl\":\"https:\/\/beta.bibliotekutvikling.no\/content\/uploads\/sites\/24\/2023\/11\/vanja-marie-oyras-digitalt-pafyll.jpg\",\"width\":1200,\"height\":1440},{\"@type\":\"BreadcrumbList\",\"@id\":\"https:\/\/beta.bibliotekutvikling.no\/kompetansebank\/event\/digitalt-pafyll-serieromanenes-plass-i-norske-folkebibliotek\/#breadcrumb\",\"itemListElement\":[{\"@type\":\"ListItem\",\"position\":1,\"name\":\"Hjem\",\"item\":\"https:\/\/beta.bibliotekutvikling.no\/kompetansebank\/\"},{\"@type\":\"ListItem\",\"position\":2,\"name\":\"Digitalt p\u00e5fyll: Serieromanenes plass i norske folkebibliotek\"}]},{\"@type\":\"WebSite\",\"@id\":\"https:\/\/beta.bibliotekutvikling.no\/kompetansebank\/#website\",\"url\":\"https:\/\/beta.bibliotekutvikling.no\/kompetansebank\/\",\"name\":\"Kompetansebank\",\"description\":\"kurs og kunnskap for bibliotekansatte\",\"publisher\":{\"@id\":\"https:\/\/beta.bibliotekutvikling.no\/kompetansebank\/#organization\"},\"potentialAction\":[{\"@type\":\"SearchAction\",\"target\":{\"@type\":\"EntryPoint\",\"urlTemplate\":\"https:\/\/beta.bibliotekutvikling.no\/kompetansebank\/?s={search_term_string}\"},\"query-input\":{\"@type\":\"PropertyValueSpecification\",\"valueRequired\":true,\"valueName\":\"search_term_string\"}}],\"inLanguage\":\"nb-NO\"},{\"@type\":\"Organization\",\"@id\":\"https:\/\/beta.bibliotekutvikling.no\/kompetansebank\/#organization\",\"name\":\"Bibliotekutvikling\",\"url\":\"https:\/\/beta.bibliotekutvikling.no\/kompetansebank\/\",\"logo\":{\"@type\":\"ImageObject\",\"inLanguage\":\"nb-NO\",\"@id\":\"https:\/\/beta.bibliotekutvikling.no\/kompetansebank\/#\/schema\/logo\/image\/\",\"url\":\"https:\/\/bibliotekutvikling.no\/content\/uploads\/sites\/24\/2023\/10\/Favikon-BU.png\",\"contentUrl\":\"https:\/\/bibliotekutvikling.no\/content\/uploads\/sites\/24\/2023\/10\/Favikon-BU.png\",\"width\":1055,\"height\":1054,\"caption\":\"Bibliotekutvikling\"},\"image\":{\"@id\":\"https:\/\/beta.bibliotekutvikling.no\/kompetansebank\/#\/schema\/logo\/image\/\"},\"sameAs\":[\"https:\/\/www.facebook.com\/bibliotekutvikling\"]},{\"@type\":\"Event\",\"name\":\"Digitalt p\u00e5fyll: Serieromanenes plass i norske folkebibliotek\",\"description\":\"\",\"startDate\":\"2023-12-07T09:00:00+01:00\",\"endDate\":\"2023-12-07T09:45:00+01:00\",\"eventStatus\":\"EventScheduled\",\"eventAttendanceMode\":\"OnlineEventAttendanceMode\",\"location\":[[]],\"image\":[\"https:\/\/beta.bibliotekutvikling.no\/content\/uploads\/sites\/24\/2023\/11\/vanja-marie-oyras-digitalt-pafyll-853x1024.jpg\"]}]}<\/script>\n<!-- \/ Yoast SEO Premium plugin. -->","yoast_head_json":{"title":"Digitalt p\u00e5fyll: Serieromanenes plass i norske folkebibliotek - Kompetansebank","robots":{"index":"index","follow":"follow","max-snippet":"max-snippet:-1","max-image-preview":"max-image-preview:large","max-video-preview":"max-video-preview:-1"},"canonical":"https:\/\/beta.bibliotekutvikling.no\/kompetansebank\/event\/digitalt-pafyll-serieromanenes-plass-i-norske-folkebibliotek\/","og_locale":"nb_NO","og_type":"article","og_title":"Digitalt p\u00e5fyll: Serieromanenes plass i norske folkebibliotek","og_url":"https:\/\/beta.bibliotekutvikling.no\/kompetansebank\/event\/digitalt-pafyll-serieromanenes-plass-i-norske-folkebibliotek\/","og_site_name":"Kompetansebank","article_publisher":"https:\/\/www.facebook.com\/bibliotekutvikling","article_modified_time":"2024-09-26T13:15:33+00:00","og_image":[{"width":1200,"height":1440,"url":"https:\/\/beta.bibliotekutvikling.no\/content\/uploads\/sites\/24\/2023\/11\/vanja-marie-oyras-digitalt-pafyll.jpg","type":"image\/jpeg"}],"twitter_card":"summary_large_image","twitter_misc":{"Ansl. lesetid":"1 minutt"},"schema":{"@context":"https:\/\/schema.org","@graph":[{"@type":"WebPage","@id":"https:\/\/beta.bibliotekutvikling.no\/kompetansebank\/event\/digitalt-pafyll-serieromanenes-plass-i-norske-folkebibliotek\/","url":"https:\/\/beta.bibliotekutvikling.no\/kompetansebank\/event\/digitalt-pafyll-serieromanenes-plass-i-norske-folkebibliotek\/","name":"Digitalt p\u00e5fyll: Serieromanenes plass i norske folkebibliotek - Kompetansebank","isPartOf":{"@id":"https:\/\/beta.bibliotekutvikling.no\/kompetansebank\/#website"},"primaryImageOfPage":{"@id":"https:\/\/beta.bibliotekutvikling.no\/kompetansebank\/event\/digitalt-pafyll-serieromanenes-plass-i-norske-folkebibliotek\/#primaryimage"},"image":{"@id":"https:\/\/beta.bibliotekutvikling.no\/kompetansebank\/event\/digitalt-pafyll-serieromanenes-plass-i-norske-folkebibliotek\/#primaryimage"},"thumbnailUrl":"https:\/\/beta.bibliotekutvikling.no\/content\/uploads\/sites\/24\/2023\/11\/vanja-marie-oyras-digitalt-pafyll.jpg","datePublished":"2023-11-29T09:38:01+00:00","dateModified":"2024-09-26T13:15:33+00:00","breadcrumb":{"@id":"https:\/\/beta.bibliotekutvikling.no\/kompetansebank\/event\/digitalt-pafyll-serieromanenes-plass-i-norske-folkebibliotek\/#breadcrumb"},"inLanguage":"nb-NO","potentialAction":[{"@type":"ReadAction","target":["https:\/\/beta.bibliotekutvikling.no\/kompetansebank\/event\/digitalt-pafyll-serieromanenes-plass-i-norske-folkebibliotek\/"]}]},{"@type":"ImageObject","inLanguage":"nb-NO","@id":"https:\/\/beta.bibliotekutvikling.no\/kompetansebank\/event\/digitalt-pafyll-serieromanenes-plass-i-norske-folkebibliotek\/#primaryimage","url":"https:\/\/beta.bibliotekutvikling.no\/content\/uploads\/sites\/24\/2023\/11\/vanja-marie-oyras-digitalt-pafyll.jpg","contentUrl":"https:\/\/beta.bibliotekutvikling.no\/content\/uploads\/sites\/24\/2023\/11\/vanja-marie-oyras-digitalt-pafyll.jpg","width":1200,"height":1440},{"@type":"BreadcrumbList","@id":"https:\/\/beta.bibliotekutvikling.no\/kompetansebank\/event\/digitalt-pafyll-serieromanenes-plass-i-norske-folkebibliotek\/#breadcrumb","itemListElement":[{"@type":"ListItem","position":1,"name":"Hjem","item":"https:\/\/beta.bibliotekutvikling.no\/kompetansebank\/"},{"@type":"ListItem","position":2,"name":"Digitalt p\u00e5fyll: Serieromanenes plass i norske folkebibliotek"}]},{"@type":"WebSite","@id":"https:\/\/beta.bibliotekutvikling.no\/kompetansebank\/#website","url":"https:\/\/beta.bibliotekutvikling.no\/kompetansebank\/","name":"Kompetansebank","description":"kurs og kunnskap for bibliotekansatte","publisher":{"@id":"https:\/\/beta.bibliotekutvikling.no\/kompetansebank\/#organization"},"potentialAction":[{"@type":"SearchAction","target":{"@type":"EntryPoint","urlTemplate":"https:\/\/beta.bibliotekutvikling.no\/kompetansebank\/?s={search_term_string}"},"query-input":{"@type":"PropertyValueSpecification","valueRequired":true,"valueName":"search_term_string"}}],"inLanguage":"nb-NO"},{"@type":"Organization","@id":"https:\/\/beta.bibliotekutvikling.no\/kompetansebank\/#organization","name":"Bibliotekutvikling","url":"https:\/\/beta.bibliotekutvikling.no\/kompetansebank\/","logo":{"@type":"ImageObject","inLanguage":"nb-NO","@id":"https:\/\/beta.bibliotekutvikling.no\/kompetansebank\/#\/schema\/logo\/image\/","url":"https:\/\/bibliotekutvikling.no\/content\/uploads\/sites\/24\/2023\/10\/Favikon-BU.png","contentUrl":"https:\/\/bibliotekutvikling.no\/content\/uploads\/sites\/24\/2023\/10\/Favikon-BU.png","width":1055,"height":1054,"caption":"Bibliotekutvikling"},"image":{"@id":"https:\/\/beta.bibliotekutvikling.no\/kompetansebank\/#\/schema\/logo\/image\/"},"sameAs":["https:\/\/www.facebook.com\/bibliotekutvikling"]},{"@type":"Event","name":"Digitalt p\u00e5fyll: Serieromanenes plass i norske folkebibliotek","description":"","startDate":"2023-12-07T09:00:00+01:00","endDate":"2023-12-07T09:45:00+01:00","eventStatus":"EventScheduled","eventAttendanceMode":"OnlineEventAttendanceMode","location":[[]],"image":["https:\/\/beta.bibliotekutvikling.no\/content\/uploads\/sites\/24\/2023\/11\/vanja-marie-oyras-digitalt-pafyll-853x1024.jpg"]}]}},"_links":{"self":[{"href":"https:\/\/beta.bibliotekutvikling.no\/kompetansebank\/wp-json\/wp\/v2\/event\/22932","targetHints":{"allow":["GET"]}}],"collection":[{"href":"https:\/\/beta.bibliotekutvikling.no\/kompetansebank\/wp-json\/wp\/v2\/event"}],"about":[{"href":"https:\/\/beta.bibliotekutvikling.no\/kompetansebank\/wp-json\/wp\/v2\/types\/event"}],"author":[{"embeddable":true,"href":"https:\/\/beta.bibliotekutvikling.no\/kompetansebank\/wp-json\/wp\/v2\/users\/6868"}],"wp:featuredmedia":[{"embeddable":true,"href":"https:\/\/beta.bibliotekutvikling.no\/kompetansebank\/wp-json\/wp\/v2\/media\/22934"}],"wp:attachment":[{"href":"https:\/\/beta.bibliotekutvikling.no\/kompetansebank\/wp-json\/wp\/v2\/media?parent=22932"}],"wp:term":[{"taxonomy":"event-group","embeddable":true,"href":"https:\/\/beta.bibliotekutvikling.no\/kompetansebank\/wp-json\/wp\/v2\/event-group?post=22932"},{"taxonomy":"event-type","embeddable":true,"href":"https:\/\/beta.bibliotekutvikling.no\/kompetansebank\/wp-json\/wp\/v2\/event-type?post=22932"},{"taxonomy":"tag","embeddable":true,"href":"https:\/\/beta.bibliotekutvikling.no\/kompetansebank\/wp-json\/wp\/v2\/tag?post=22932"}],"curies":[{"name":"wp","href":"https:\/\/api.w.org\/{rel}","templated":true}]}}