{"id":24175,"date":"2024-02-06T13:35:29","date_gmt":"2024-02-06T12:35:29","guid":{"rendered":"https:\/\/bibliotekutvikling.no\/kompetansebank\/?post_type=event&#038;p=24175"},"modified":"2024-03-06T16:32:03","modified_gmt":"2024-03-06T15:32:03","slug":"erfaringssamling-for-digital-inkludering","status":"publish","type":"event","link":"https:\/\/beta.bibliotekutvikling.no\/kompetansebank\/event\/erfaringssamling-for-digital-inkludering\/","title":{"rendered":"Erfaringssamling for digital inkludering"},"content":{"rendered":"\n<p class=\"has-secondary-background-color has-background\">Arrang\u00f8r: HK-dir, KS, Nasjonalbiblioteket, Lillestr\u00f8m bibliotek og fylkesbibliotekene i Akershus, Buskerud og \u00d8stfold<\/p>\n\n\n\n<p>Vi \u00f8nsker \u00e5 samle ressurspersoner fra offentlig sektor som jobber med og for digital inkludering. Vi \u00f8nsker \u00e5 n\u00e5 deg som vil dele erfaringer og finne beste praksis i veiledning av innbyggere som strever med \u00e5 mestre den digitale hverdagen.<\/p>\n\n\n\n<p> Bli med p\u00e5 to dager med inspirasjon, faglig p\u00e5fyll og diskusjon!<\/p>\n\n\n\n<ul class=\"wp-block-list\">\n<li>Hvordan skal vi jobbe for likeverdige tjenester der alle er inkluderte?<\/li>\n<\/ul>\n\n\n\n<ul class=\"wp-block-list\">\n<li>Hvordan f\u00e5r vi til best mulig samarbeid til beste for innbyggeren?<\/li>\n<\/ul>\n\n\n\n<p>M\u00e5lgruppen er veiledere i f\u00f8rstelinje \u2013 for eksempel ansatte i bibliotek og innbyggertorg\/servicekontor.<\/p>\n\n\n\n<h2 class=\"wp-block-heading\" id=\"h-program\"><strong>Program<\/strong><\/h2>\n\n\n\n<p>Programmet er under utvikling og vil bli tilpasset deltakernes erfaringer og utfordringer.<\/p>\n\n\n\n<p>Det er derfor viktig at du melder inn \u00f8nsker for innhold og deling i p\u00e5meldingsskjemaet.<\/p>\n\n\n\n<p>Vi setter av god tid til erfaringsdeling, samtaler og faglig p\u00e5fyll.<\/p>\n\n\n\n<h2 class=\"wp-block-heading\" id=\"h-hva-vil-vi-oppna\"><strong>Hva vil vi oppn\u00e5?<\/strong><\/h2>\n\n\n\n<ul class=\"wp-block-list\">\n<li>Bedre veiledning i digitale tjenester til beste for innbyggeren<\/li>\n\n\n\n<li>Godt samarbeid mellom ulike fagmilj\u00f8er<\/li>\n\n\n\n<li>\u00d8kt veiledningskompetanse<\/li>\n\n\n\n<li>Mer brukervennlige digitale tjenester<\/li>\n\n\n\n<li>Gode nettverk og milj\u00f8 for kunnskapsdeling<\/li>\n<\/ul>\n\n\n\n<h2 class=\"wp-block-heading\" id=\"h-samlingen-er-gratis\"><strong>Samlingen er gratis<\/strong><\/h2>\n\n\n\n<p>Arrang\u00f8rene dekker overnatting, lunsj og pausemat. Utgifter til reiser m\u00e5 deltakerne dekke selv.<\/p>\n\n\n\n<h2 class=\"wp-block-heading\" id=\"h-pamelding\"><strong>P\u00e5melding<\/strong><\/h2>\n\n\n\n<p>Meld p\u00e5 maks to deltakere fra hver kommune\/prosjekt. Deltakere som \u00f8nsker \u00e5 dele sine erfaringer og\/eller erfaringer i korte innlegg vil bli prioritert. MERK at dere vil f\u00e5 en bekreftelse p\u00e5 p\u00e5meldingen etter 18.03 grunnet f\u00e5 plasser.<\/p>\n","protected":false},"author":6868,"featured_media":24178,"menu_order":0,"template":"","meta":{"nb_hide_title":false,"event_tba_datetime":false,"event_all_day":true,"event_tba_start_time":false,"event_start_datetime":"2024-05-27T10:00:00","event_end_datetime":"2024-05-28T15:00:00","event_venue_id":"10529","event_ticket_vendor_url":"https:\/\/forms.office.com\/pages\/responsepage.aspx?id=WT-N5IJywkCETdIb8x8M6srvV91IhSFLlTR5tA3CP4lUM1Q5SU9WTUwzRVFUVVU4OEJYUDhCUUpUNC4u","event_ticket_price_text":"P\u00e5meldingsfrist: 18. mars 2024. Begrenset antall deltakere.","event_ticket_button_text":"P\u00e5melding","event_ticket_details_text":"","event_attendance_mode":"offline","event_short_description":"Hvordan skal vi jobbe for likeverdige tjenester der alle er inkluderte? Bli med p\u00e5 to dager der vi dykker ned i temaet digital inkludering.","event_virtual_venue_name":"","event_virtual_venue_url":"","event_hide_from_archive":false,"event_infoscreen_place_name":"","event_hide_from_infoscreen":false,"single_header_image_is_disabled":false,"single_header_image_attachment_id":0,"single_header_image_attachment_url":""},"event-group":[],"event-type":[],"tag":[],"class_list":["post-24175","event","type-event","status-publish","has-post-thumbnail","hentry"],"yoast_head":"<!-- This site is optimized with the Yoast SEO Premium plugin v27.1 (Yoast SEO v27.1.1) - https:\/\/yoast.com\/product\/yoast-seo-premium-wordpress\/ -->\n<title>Erfaringssamling for digital inkludering - Kompetansebank<\/title>\n<meta name=\"robots\" content=\"index, follow, max-snippet:-1, max-image-preview:large, max-video-preview:-1\" \/>\n<link rel=\"canonical\" href=\"https:\/\/beta.bibliotekutvikling.no\/kompetansebank\/event\/erfaringssamling-for-digital-inkludering\/\" \/>\n<meta property=\"og:locale\" content=\"nb_NO\" \/>\n<meta property=\"og:type\" content=\"article\" \/>\n<meta property=\"og:title\" content=\"Erfaringssamling for digital inkludering\" \/>\n<meta property=\"og:url\" content=\"https:\/\/beta.bibliotekutvikling.no\/kompetansebank\/event\/erfaringssamling-for-digital-inkludering\/\" \/>\n<meta property=\"og:site_name\" content=\"Kompetansebank\" \/>\n<meta property=\"article:publisher\" content=\"https:\/\/www.facebook.com\/bibliotekutvikling\" \/>\n<meta property=\"article:modified_time\" content=\"2024-03-06T15:32:03+00:00\" \/>\n<meta property=\"og:image\" content=\"https:\/\/beta.bibliotekutvikling.no\/content\/uploads\/sites\/24\/2024\/02\/Skjermbilde.png\" \/>\n\t<meta property=\"og:image:width\" content=\"393\" \/>\n\t<meta property=\"og:image:height\" content=\"271\" \/>\n\t<meta property=\"og:image:type\" content=\"image\/png\" \/>\n<meta name=\"twitter:card\" content=\"summary_large_image\" \/>\n<meta name=\"twitter:label1\" content=\"Ansl. lesetid\" \/>\n\t<meta name=\"twitter:data1\" content=\"2 minutter\" \/>\n<script type=\"application\/ld+json\" class=\"yoast-schema-graph\">{\"@context\":\"https:\/\/schema.org\",\"@graph\":[{\"@type\":\"WebPage\",\"@id\":\"https:\/\/beta.bibliotekutvikling.no\/kompetansebank\/event\/erfaringssamling-for-digital-inkludering\/\",\"url\":\"https:\/\/beta.bibliotekutvikling.no\/kompetansebank\/event\/erfaringssamling-for-digital-inkludering\/\",\"name\":\"Erfaringssamling for digital inkludering - Kompetansebank\",\"isPartOf\":{\"@id\":\"https:\/\/beta.bibliotekutvikling.no\/kompetansebank\/#website\"},\"primaryImageOfPage\":{\"@id\":\"https:\/\/beta.bibliotekutvikling.no\/kompetansebank\/event\/erfaringssamling-for-digital-inkludering\/#primaryimage\"},\"image\":{\"@id\":\"https:\/\/beta.bibliotekutvikling.no\/kompetansebank\/event\/erfaringssamling-for-digital-inkludering\/#primaryimage\"},\"thumbnailUrl\":\"https:\/\/beta.bibliotekutvikling.no\/content\/uploads\/sites\/24\/2024\/02\/Skjermbilde.png\",\"datePublished\":\"2024-02-06T12:35:29+00:00\",\"dateModified\":\"2024-03-06T15:32:03+00:00\",\"breadcrumb\":{\"@id\":\"https:\/\/beta.bibliotekutvikling.no\/kompetansebank\/event\/erfaringssamling-for-digital-inkludering\/#breadcrumb\"},\"inLanguage\":\"nb-NO\",\"potentialAction\":[{\"@type\":\"ReadAction\",\"target\":[\"https:\/\/beta.bibliotekutvikling.no\/kompetansebank\/event\/erfaringssamling-for-digital-inkludering\/\"]}]},{\"@type\":\"ImageObject\",\"inLanguage\":\"nb-NO\",\"@id\":\"https:\/\/beta.bibliotekutvikling.no\/kompetansebank\/event\/erfaringssamling-for-digital-inkludering\/#primaryimage\",\"url\":\"https:\/\/beta.bibliotekutvikling.no\/content\/uploads\/sites\/24\/2024\/02\/Skjermbilde.png\",\"contentUrl\":\"https:\/\/beta.bibliotekutvikling.no\/content\/uploads\/sites\/24\/2024\/02\/Skjermbilde.png\",\"width\":393,\"height\":271},{\"@type\":\"BreadcrumbList\",\"@id\":\"https:\/\/beta.bibliotekutvikling.no\/kompetansebank\/event\/erfaringssamling-for-digital-inkludering\/#breadcrumb\",\"itemListElement\":[{\"@type\":\"ListItem\",\"position\":1,\"name\":\"Hjem\",\"item\":\"https:\/\/beta.bibliotekutvikling.no\/kompetansebank\/\"},{\"@type\":\"ListItem\",\"position\":2,\"name\":\"Erfaringssamling for digital inkludering\"}]},{\"@type\":\"WebSite\",\"@id\":\"https:\/\/beta.bibliotekutvikling.no\/kompetansebank\/#website\",\"url\":\"https:\/\/beta.bibliotekutvikling.no\/kompetansebank\/\",\"name\":\"Kompetansebank\",\"description\":\"kurs og kunnskap for bibliotekansatte\",\"publisher\":{\"@id\":\"https:\/\/beta.bibliotekutvikling.no\/kompetansebank\/#organization\"},\"potentialAction\":[{\"@type\":\"SearchAction\",\"target\":{\"@type\":\"EntryPoint\",\"urlTemplate\":\"https:\/\/beta.bibliotekutvikling.no\/kompetansebank\/?s={search_term_string}\"},\"query-input\":{\"@type\":\"PropertyValueSpecification\",\"valueRequired\":true,\"valueName\":\"search_term_string\"}}],\"inLanguage\":\"nb-NO\"},{\"@type\":\"Organization\",\"@id\":\"https:\/\/beta.bibliotekutvikling.no\/kompetansebank\/#organization\",\"name\":\"Bibliotekutvikling\",\"url\":\"https:\/\/beta.bibliotekutvikling.no\/kompetansebank\/\",\"logo\":{\"@type\":\"ImageObject\",\"inLanguage\":\"nb-NO\",\"@id\":\"https:\/\/beta.bibliotekutvikling.no\/kompetansebank\/#\/schema\/logo\/image\/\",\"url\":\"https:\/\/bibliotekutvikling.no\/content\/uploads\/sites\/24\/2023\/10\/Favikon-BU.png\",\"contentUrl\":\"https:\/\/bibliotekutvikling.no\/content\/uploads\/sites\/24\/2023\/10\/Favikon-BU.png\",\"width\":1055,\"height\":1054,\"caption\":\"Bibliotekutvikling\"},\"image\":{\"@id\":\"https:\/\/beta.bibliotekutvikling.no\/kompetansebank\/#\/schema\/logo\/image\/\"},\"sameAs\":[\"https:\/\/www.facebook.com\/bibliotekutvikling\"]},{\"@type\":\"Event\",\"name\":\"Erfaringssamling for digital inkludering\",\"description\":\"Hvordan skal vi jobbe for likeverdige tjenester der alle er inkluderte? Bli med p\u00e5 to dager der vi dykker ned i temaet digital inkludering.\",\"startDate\":\"2024-05-27T10:00:00+02:00\",\"endDate\":\"2024-05-28T15:00:00+02:00\",\"eventStatus\":\"EventScheduled\",\"eventAttendanceMode\":\"OfflineEventAttendanceMode\",\"location\":[{\"@type\":\"Place\",\"name\":\"Lillestr\u00f8m kultursenter\u00a0\/ Lillestr\u00f8m bibliotek\",\"address\":{\"@type\":\"PostalAddress\",\"addressCountry\":\"NO\",\"addressRegion\":\"Viken\",\"addressLocality\":\"Lillestr\u00f8m\",\"postalCode\":\"2000\",\"streetAddress\":\"Kirkegata 11\"}}],\"image\":[\"https:\/\/beta.bibliotekutvikling.no\/content\/uploads\/sites\/24\/2024\/02\/Skjermbilde.png\"]}]}<\/script>\n<!-- \/ Yoast SEO Premium plugin. -->","yoast_head_json":{"title":"Erfaringssamling for digital inkludering - Kompetansebank","robots":{"index":"index","follow":"follow","max-snippet":"max-snippet:-1","max-image-preview":"max-image-preview:large","max-video-preview":"max-video-preview:-1"},"canonical":"https:\/\/beta.bibliotekutvikling.no\/kompetansebank\/event\/erfaringssamling-for-digital-inkludering\/","og_locale":"nb_NO","og_type":"article","og_title":"Erfaringssamling for digital inkludering","og_url":"https:\/\/beta.bibliotekutvikling.no\/kompetansebank\/event\/erfaringssamling-for-digital-inkludering\/","og_site_name":"Kompetansebank","article_publisher":"https:\/\/www.facebook.com\/bibliotekutvikling","article_modified_time":"2024-03-06T15:32:03+00:00","og_image":[{"width":393,"height":271,"url":"https:\/\/beta.bibliotekutvikling.no\/content\/uploads\/sites\/24\/2024\/02\/Skjermbilde.png","type":"image\/png"}],"twitter_card":"summary_large_image","twitter_misc":{"Ansl. lesetid":"2 minutter"},"schema":{"@context":"https:\/\/schema.org","@graph":[{"@type":"WebPage","@id":"https:\/\/beta.bibliotekutvikling.no\/kompetansebank\/event\/erfaringssamling-for-digital-inkludering\/","url":"https:\/\/beta.bibliotekutvikling.no\/kompetansebank\/event\/erfaringssamling-for-digital-inkludering\/","name":"Erfaringssamling for digital inkludering - Kompetansebank","isPartOf":{"@id":"https:\/\/beta.bibliotekutvikling.no\/kompetansebank\/#website"},"primaryImageOfPage":{"@id":"https:\/\/beta.bibliotekutvikling.no\/kompetansebank\/event\/erfaringssamling-for-digital-inkludering\/#primaryimage"},"image":{"@id":"https:\/\/beta.bibliotekutvikling.no\/kompetansebank\/event\/erfaringssamling-for-digital-inkludering\/#primaryimage"},"thumbnailUrl":"https:\/\/beta.bibliotekutvikling.no\/content\/uploads\/sites\/24\/2024\/02\/Skjermbilde.png","datePublished":"2024-02-06T12:35:29+00:00","dateModified":"2024-03-06T15:32:03+00:00","breadcrumb":{"@id":"https:\/\/beta.bibliotekutvikling.no\/kompetansebank\/event\/erfaringssamling-for-digital-inkludering\/#breadcrumb"},"inLanguage":"nb-NO","potentialAction":[{"@type":"ReadAction","target":["https:\/\/beta.bibliotekutvikling.no\/kompetansebank\/event\/erfaringssamling-for-digital-inkludering\/"]}]},{"@type":"ImageObject","inLanguage":"nb-NO","@id":"https:\/\/beta.bibliotekutvikling.no\/kompetansebank\/event\/erfaringssamling-for-digital-inkludering\/#primaryimage","url":"https:\/\/beta.bibliotekutvikling.no\/content\/uploads\/sites\/24\/2024\/02\/Skjermbilde.png","contentUrl":"https:\/\/beta.bibliotekutvikling.no\/content\/uploads\/sites\/24\/2024\/02\/Skjermbilde.png","width":393,"height":271},{"@type":"BreadcrumbList","@id":"https:\/\/beta.bibliotekutvikling.no\/kompetansebank\/event\/erfaringssamling-for-digital-inkludering\/#breadcrumb","itemListElement":[{"@type":"ListItem","position":1,"name":"Hjem","item":"https:\/\/beta.bibliotekutvikling.no\/kompetansebank\/"},{"@type":"ListItem","position":2,"name":"Erfaringssamling for digital inkludering"}]},{"@type":"WebSite","@id":"https:\/\/beta.bibliotekutvikling.no\/kompetansebank\/#website","url":"https:\/\/beta.bibliotekutvikling.no\/kompetansebank\/","name":"Kompetansebank","description":"kurs og kunnskap for bibliotekansatte","publisher":{"@id":"https:\/\/beta.bibliotekutvikling.no\/kompetansebank\/#organization"},"potentialAction":[{"@type":"SearchAction","target":{"@type":"EntryPoint","urlTemplate":"https:\/\/beta.bibliotekutvikling.no\/kompetansebank\/?s={search_term_string}"},"query-input":{"@type":"PropertyValueSpecification","valueRequired":true,"valueName":"search_term_string"}}],"inLanguage":"nb-NO"},{"@type":"Organization","@id":"https:\/\/beta.bibliotekutvikling.no\/kompetansebank\/#organization","name":"Bibliotekutvikling","url":"https:\/\/beta.bibliotekutvikling.no\/kompetansebank\/","logo":{"@type":"ImageObject","inLanguage":"nb-NO","@id":"https:\/\/beta.bibliotekutvikling.no\/kompetansebank\/#\/schema\/logo\/image\/","url":"https:\/\/bibliotekutvikling.no\/content\/uploads\/sites\/24\/2023\/10\/Favikon-BU.png","contentUrl":"https:\/\/bibliotekutvikling.no\/content\/uploads\/sites\/24\/2023\/10\/Favikon-BU.png","width":1055,"height":1054,"caption":"Bibliotekutvikling"},"image":{"@id":"https:\/\/beta.bibliotekutvikling.no\/kompetansebank\/#\/schema\/logo\/image\/"},"sameAs":["https:\/\/www.facebook.com\/bibliotekutvikling"]},{"@type":"Event","name":"Erfaringssamling for digital inkludering","description":"Hvordan skal vi jobbe for likeverdige tjenester der alle er inkluderte? Bli med p\u00e5 to dager der vi dykker ned i temaet digital inkludering.","startDate":"2024-05-27T10:00:00+02:00","endDate":"2024-05-28T15:00:00+02:00","eventStatus":"EventScheduled","eventAttendanceMode":"OfflineEventAttendanceMode","location":[{"@type":"Place","name":"Lillestr\u00f8m kultursenter\u00a0\/ Lillestr\u00f8m bibliotek","address":{"@type":"PostalAddress","addressCountry":"NO","addressRegion":"Viken","addressLocality":"Lillestr\u00f8m","postalCode":"2000","streetAddress":"Kirkegata 11"}}],"image":["https:\/\/beta.bibliotekutvikling.no\/content\/uploads\/sites\/24\/2024\/02\/Skjermbilde.png"]}]}},"_links":{"self":[{"href":"https:\/\/beta.bibliotekutvikling.no\/kompetansebank\/wp-json\/wp\/v2\/event\/24175","targetHints":{"allow":["GET"]}}],"collection":[{"href":"https:\/\/beta.bibliotekutvikling.no\/kompetansebank\/wp-json\/wp\/v2\/event"}],"about":[{"href":"https:\/\/beta.bibliotekutvikling.no\/kompetansebank\/wp-json\/wp\/v2\/types\/event"}],"author":[{"embeddable":true,"href":"https:\/\/beta.bibliotekutvikling.no\/kompetansebank\/wp-json\/wp\/v2\/users\/6868"}],"wp:featuredmedia":[{"embeddable":true,"href":"https:\/\/beta.bibliotekutvikling.no\/kompetansebank\/wp-json\/wp\/v2\/media\/24178"}],"wp:attachment":[{"href":"https:\/\/beta.bibliotekutvikling.no\/kompetansebank\/wp-json\/wp\/v2\/media?parent=24175"}],"wp:term":[{"taxonomy":"event-group","embeddable":true,"href":"https:\/\/beta.bibliotekutvikling.no\/kompetansebank\/wp-json\/wp\/v2\/event-group?post=24175"},{"taxonomy":"event-type","embeddable":true,"href":"https:\/\/beta.bibliotekutvikling.no\/kompetansebank\/wp-json\/wp\/v2\/event-type?post=24175"},{"taxonomy":"tag","embeddable":true,"href":"https:\/\/beta.bibliotekutvikling.no\/kompetansebank\/wp-json\/wp\/v2\/tag?post=24175"}],"curies":[{"name":"wp","href":"https:\/\/api.w.org\/{rel}","templated":true}]}}