{"id":25413,"date":"2024-03-18T16:57:24","date_gmt":"2024-03-18T15:57:24","guid":{"rendered":"https:\/\/bibliotekutvikling.no\/kompetansebank\/?post_type=event&#038;p=25413"},"modified":"2024-03-21T10:50:59","modified_gmt":"2024-03-21T09:50:59","slug":"fagdag-om-barne-og-ungdomslitteratur","status":"publish","type":"event","link":"https:\/\/beta.bibliotekutvikling.no\/kompetansebank\/event\/fagdag-om-barne-og-ungdomslitteratur\/","title":{"rendered":"Fagdag om barne- og ungdomslitteratur"},"content":{"rendered":"\n<p class=\"has-secondary-background-color has-background\">Arrang\u00f8r: Forfatterforbundet, i samarbeid med NBU, NFFO, !les og NBI forfatterstudiet<\/p>\n\n\n\n<h2 class=\"wp-block-heading\" id=\"h-er-ungdomslitteraturen-utrydningstrua-vi-trenger-litteraert-mangfold\">Er ungdomslitteraturen utrydningstrua? Vi trenger litter\u00e6rt mangfold!<\/h2>\n\n\n\n<h3 class=\"wp-block-heading\" id=\"h-hvorfor-en-slik-fagdag\">Hvorfor en slik fagdag?<\/h3>\n\n\n\n<p>Hva leser ungdom? Hva \u00f8nsker ungdom lese? Hvorfor vil forfattere skrive om, og for ungdom? Og hvordan formidler man ungdomslitteratur til ungdom? I 2023 ble det utgitt sv\u00e6rt f\u00e5 norske ungdomsb\u00f8ker, og samtidig l\u00e5ner ungdom flere b\u00f8ker p\u00e5 bibliotekene enn f\u00f8r. B\u00f8r de ikke finne nye, norske b\u00f8ker der? Dette skal vi snakke om, h\u00f8re om og diskutere.<\/p>\n\n\n\n<p>Kom til Nasjonalbiblioteket og m\u00f8t forfattere, ungdom fra Ubok.no, prosjektledere fra !les og lederen av forfatterutdanningen ved Norsk Barnebokinstitutt for litter\u00e6rt p\u00e5fyll \u2013 og for \u00e5 m\u00f8te andre som skriver, stille sp\u00f8rsm\u00e5l og forh\u00e5pentligvis f\u00e5 svar og skrivetips.<\/p>\n\n\n\n<p>Seminaret er \u00e5pent for alle. Velkommen!<\/p>\n\n\n\n<h2 class=\"wp-block-heading\" id=\"h-program\"><strong>Program:<\/strong><\/h2>\n\n\n\n<p><strong>09.30 Registrering, kaffe\/te<\/strong><\/p>\n\n\n\n<p><strong>10.00 \u00c5pning<\/strong>&nbsp;\u2013 ved Kultur- og likestillingsminister Lubna Jaffery og Eystein Hanssen, leder i Forfatterforbundet<\/p>\n\n\n\n<p><strong>10.30 Dette leser vi<\/strong>&nbsp;\u2013 Ungdomsredaksjonen i Ubok.no og Nina Aalstad<\/p>\n\n\n\n<p><strong>10.50 Fantasi og fiksjon: Hvorfor er ungdomsboka s\u00e5 viktig?<\/strong><br>Forfatterne Neda Alaei og Alexander Kielland Krag<br>i samtale med Ole Ivar Bur\u00e5s Stor\u00f8, prosjektleder !les<\/p>\n\n\n\n<p><strong>11.45 Lunsj&nbsp;<\/strong>\u2013 inkludert i billetten<\/p>\n\n\n\n<p><strong>12.30 Joik<\/strong>&nbsp;\u2013 Ole Lifjell<\/p>\n\n\n\n<p><strong>12.45 Fiks-fag-faksjon, sjangeroverskridende b\u00f8ker<\/strong><br>Forfatter Jon Ewo<\/p>\n\n\n\n<p>13.30 Forfatter Janne Aaseb\u00f8 Johnsen<\/p>\n\n\n\n<p><strong>13.45 Pause<\/strong><\/p>\n\n\n\n<p><strong>14.00 Formidling<\/strong>&nbsp;\u2013 Petra Helgesen, prosjektleder !les:<br>Uprisen og Ungdommens kritikerpris<\/p>\n\n\n\n<p><strong>14.20 Pause<\/strong><\/p>\n\n\n\n<p><strong>14.30 Paneldebatt \u2013 \u00abPennal-debatt\u00bb<\/strong><br>Madeleine Cederstr\u00f6m, debattleder,<br>Alexander L\u00f8ken, NBU, Nina Herland, NFFO, og Steffen S\u00f8rum, NBI<br>og Kari Woxholt Sverdrup, FF<\/p>\n\n\n\n<p><strong>15.30 Takk for n\u00e5<\/strong><\/p>\n\n\n\n<p><\/p>\n\n\n\n<p class=\"has-primary-50-background-color has-background\"><a href=\"https:\/\/forfatterforbundet.no\/2024\/03\/08\/invitasjon-til-fagdag-om-barne-og-ungdomslitteratur\/\">Arrangementets nettside <\/a><\/p>\n","protected":false},"author":6868,"featured_media":25416,"menu_order":0,"template":"","meta":{"nb_hide_title":false,"event_tba_datetime":false,"event_all_day":false,"event_tba_start_time":false,"event_start_datetime":"2024-04-08T09:30:00","event_end_datetime":"2024-04-08T15:30:00","event_venue_id":"9185","event_ticket_vendor_url":"https:\/\/arena360.no\/events\/8831\/9559","event_ticket_price_text":"P\u00e5melding er bindende, ","event_ticket_button_text":"P\u00e5melding","event_ticket_details_text":"Deltakeravgift: kr 400, som inkluderer enkel lunsj + kaffe\/te.","event_attendance_mode":"online_and_offline","event_short_description":"8. april arrangerer Forfatterforbundet, i samarbeid med NBU, NFFO, !les og NBI forfatterstudiet, en fagdag for barne- og ungdomslitteratur med tittelen \"Er ungdomslitteraturen utrydningstrua? Vi trenger litter\u00e6rt mangfold!\". Bli med!","event_virtual_venue_name":"Er ungdomslitteraturen utrydningstrua? ","event_virtual_venue_url":"https:\/\/ljsp.lwcdn.com\/api\/video\/embed.jsp?id=c698c0f8-81b2-44e0-b054-c8c97413b94e&pi=026315a5-93a0-4997-87ab-4c51840a8975","event_hide_from_archive":false,"event_infoscreen_place_name":"","event_hide_from_infoscreen":false,"single_header_image_is_disabled":false,"single_header_image_attachment_id":0,"single_header_image_attachment_url":""},"event-group":[247],"event-type":[218],"tag":[253],"class_list":["post-25413","event","type-event","status-publish","has-post-thumbnail","hentry","event-group-fysisk-og-digitalt","event-type-nasjonalbiblioteket-solli-plass","tag-barne-og-ungdomslitteratur"],"yoast_head":"<!-- This site is optimized with the Yoast SEO Premium plugin v27.1 (Yoast SEO v27.1.1) - https:\/\/yoast.com\/product\/yoast-seo-premium-wordpress\/ -->\n<title>Fagdag om barne- og ungdomslitteratur - Kompetansebank<\/title>\n<meta name=\"robots\" content=\"index, follow, max-snippet:-1, max-image-preview:large, max-video-preview:-1\" \/>\n<link rel=\"canonical\" href=\"https:\/\/beta.bibliotekutvikling.no\/kompetansebank\/event\/fagdag-om-barne-og-ungdomslitteratur\/\" \/>\n<meta property=\"og:locale\" content=\"nb_NO\" \/>\n<meta property=\"og:type\" content=\"article\" \/>\n<meta property=\"og:title\" content=\"Fagdag om barne- og ungdomslitteratur\" \/>\n<meta property=\"og:url\" content=\"https:\/\/beta.bibliotekutvikling.no\/kompetansebank\/event\/fagdag-om-barne-og-ungdomslitteratur\/\" \/>\n<meta property=\"og:site_name\" content=\"Kompetansebank\" \/>\n<meta property=\"article:publisher\" content=\"https:\/\/www.facebook.com\/bibliotekutvikling\" \/>\n<meta property=\"article:modified_time\" content=\"2024-03-21T09:50:59+00:00\" \/>\n<meta property=\"og:image\" content=\"https:\/\/beta.bibliotekutvikling.no\/content\/uploads\/sites\/24\/2024\/03\/ungdom-arrangement2-1-1024x576-1.png\" \/>\n\t<meta property=\"og:image:width\" content=\"1024\" \/>\n\t<meta property=\"og:image:height\" content=\"576\" \/>\n\t<meta property=\"og:image:type\" content=\"image\/png\" \/>\n<meta name=\"twitter:card\" content=\"summary_large_image\" \/>\n<meta name=\"twitter:label1\" content=\"Ansl. lesetid\" \/>\n\t<meta name=\"twitter:data1\" content=\"2 minutter\" \/>\n<script type=\"application\/ld+json\" class=\"yoast-schema-graph\">{\"@context\":\"https:\/\/schema.org\",\"@graph\":[{\"@type\":\"WebPage\",\"@id\":\"https:\/\/beta.bibliotekutvikling.no\/kompetansebank\/event\/fagdag-om-barne-og-ungdomslitteratur\/\",\"url\":\"https:\/\/beta.bibliotekutvikling.no\/kompetansebank\/event\/fagdag-om-barne-og-ungdomslitteratur\/\",\"name\":\"Fagdag om barne- og ungdomslitteratur - Kompetansebank\",\"isPartOf\":{\"@id\":\"https:\/\/beta.bibliotekutvikling.no\/kompetansebank\/#website\"},\"primaryImageOfPage\":{\"@id\":\"https:\/\/beta.bibliotekutvikling.no\/kompetansebank\/event\/fagdag-om-barne-og-ungdomslitteratur\/#primaryimage\"},\"image\":{\"@id\":\"https:\/\/beta.bibliotekutvikling.no\/kompetansebank\/event\/fagdag-om-barne-og-ungdomslitteratur\/#primaryimage\"},\"thumbnailUrl\":\"https:\/\/beta.bibliotekutvikling.no\/content\/uploads\/sites\/24\/2024\/03\/ungdom-arrangement2-1-1024x576-1.png\",\"datePublished\":\"2024-03-18T15:57:24+00:00\",\"dateModified\":\"2024-03-21T09:50:59+00:00\",\"breadcrumb\":{\"@id\":\"https:\/\/beta.bibliotekutvikling.no\/kompetansebank\/event\/fagdag-om-barne-og-ungdomslitteratur\/#breadcrumb\"},\"inLanguage\":\"nb-NO\",\"potentialAction\":[{\"@type\":\"ReadAction\",\"target\":[\"https:\/\/beta.bibliotekutvikling.no\/kompetansebank\/event\/fagdag-om-barne-og-ungdomslitteratur\/\"]}]},{\"@type\":\"ImageObject\",\"inLanguage\":\"nb-NO\",\"@id\":\"https:\/\/beta.bibliotekutvikling.no\/kompetansebank\/event\/fagdag-om-barne-og-ungdomslitteratur\/#primaryimage\",\"url\":\"https:\/\/beta.bibliotekutvikling.no\/content\/uploads\/sites\/24\/2024\/03\/ungdom-arrangement2-1-1024x576-1.png\",\"contentUrl\":\"https:\/\/beta.bibliotekutvikling.no\/content\/uploads\/sites\/24\/2024\/03\/ungdom-arrangement2-1-1024x576-1.png\",\"width\":1024,\"height\":576},{\"@type\":\"BreadcrumbList\",\"@id\":\"https:\/\/beta.bibliotekutvikling.no\/kompetansebank\/event\/fagdag-om-barne-og-ungdomslitteratur\/#breadcrumb\",\"itemListElement\":[{\"@type\":\"ListItem\",\"position\":1,\"name\":\"Hjem\",\"item\":\"https:\/\/beta.bibliotekutvikling.no\/kompetansebank\/\"},{\"@type\":\"ListItem\",\"position\":2,\"name\":\"Fagdag om barne- og ungdomslitteratur\"}]},{\"@type\":\"WebSite\",\"@id\":\"https:\/\/beta.bibliotekutvikling.no\/kompetansebank\/#website\",\"url\":\"https:\/\/beta.bibliotekutvikling.no\/kompetansebank\/\",\"name\":\"Kompetansebank\",\"description\":\"kurs og kunnskap for bibliotekansatte\",\"publisher\":{\"@id\":\"https:\/\/beta.bibliotekutvikling.no\/kompetansebank\/#organization\"},\"potentialAction\":[{\"@type\":\"SearchAction\",\"target\":{\"@type\":\"EntryPoint\",\"urlTemplate\":\"https:\/\/beta.bibliotekutvikling.no\/kompetansebank\/?s={search_term_string}\"},\"query-input\":{\"@type\":\"PropertyValueSpecification\",\"valueRequired\":true,\"valueName\":\"search_term_string\"}}],\"inLanguage\":\"nb-NO\"},{\"@type\":\"Organization\",\"@id\":\"https:\/\/beta.bibliotekutvikling.no\/kompetansebank\/#organization\",\"name\":\"Bibliotekutvikling\",\"url\":\"https:\/\/beta.bibliotekutvikling.no\/kompetansebank\/\",\"logo\":{\"@type\":\"ImageObject\",\"inLanguage\":\"nb-NO\",\"@id\":\"https:\/\/beta.bibliotekutvikling.no\/kompetansebank\/#\/schema\/logo\/image\/\",\"url\":\"https:\/\/bibliotekutvikling.no\/content\/uploads\/sites\/24\/2023\/10\/Favikon-BU.png\",\"contentUrl\":\"https:\/\/bibliotekutvikling.no\/content\/uploads\/sites\/24\/2023\/10\/Favikon-BU.png\",\"width\":1055,\"height\":1054,\"caption\":\"Bibliotekutvikling\"},\"image\":{\"@id\":\"https:\/\/beta.bibliotekutvikling.no\/kompetansebank\/#\/schema\/logo\/image\/\"},\"sameAs\":[\"https:\/\/www.facebook.com\/bibliotekutvikling\"]},{\"@type\":\"Event\",\"name\":\"Fagdag om barne- og ungdomslitteratur\",\"description\":\"8. april arrangerer Forfatterforbundet, i samarbeid med NBU, NFFO, !les og NBI forfatterstudiet, en fagdag for barne- og ungdomslitteratur med tittelen \\\"Er ungdomslitteraturen utrydningstrua? Vi trenger litter\u00e6rt mangfold!\\\". Bli med!\",\"startDate\":\"2024-04-08T09:30:00+02:00\",\"endDate\":\"2024-04-08T15:30:00+02:00\",\"eventStatus\":\"EventScheduled\",\"eventAttendanceMode\":\"MixedEventAttendanceMode\",\"location\":[{\"@type\":\"VirtualLocation\",\"name\":\"Er ungdomslitteraturen utrydningstrua? \",\"url\":\"https:\/\/ljsp.lwcdn.com\/api\/video\/embed.jsp?id=c698c0f8-81b2-44e0-b054-c8c97413b94e&pi=026315a5-93a0-4997-87ab-4c51840a8975\"},{\"@type\":\"Place\",\"name\":\"Nasjonalbiblioteket\",\"address\":{\"@type\":\"PostalAddress\",\"addressCountry\":\"NO\",\"addressRegion\":\"\",\"addressLocality\":\"Oslo\",\"postalCode\":\"0254\",\"streetAddress\":\"Henrik Ibsens gate 110\"}}],\"image\":[\"https:\/\/beta.bibliotekutvikling.no\/content\/uploads\/sites\/24\/2024\/03\/ungdom-arrangement2-1-1024x576-1.png\"]}]}<\/script>\n<!-- \/ Yoast SEO Premium plugin. -->","yoast_head_json":{"title":"Fagdag om barne- og ungdomslitteratur - Kompetansebank","robots":{"index":"index","follow":"follow","max-snippet":"max-snippet:-1","max-image-preview":"max-image-preview:large","max-video-preview":"max-video-preview:-1"},"canonical":"https:\/\/beta.bibliotekutvikling.no\/kompetansebank\/event\/fagdag-om-barne-og-ungdomslitteratur\/","og_locale":"nb_NO","og_type":"article","og_title":"Fagdag om barne- og ungdomslitteratur","og_url":"https:\/\/beta.bibliotekutvikling.no\/kompetansebank\/event\/fagdag-om-barne-og-ungdomslitteratur\/","og_site_name":"Kompetansebank","article_publisher":"https:\/\/www.facebook.com\/bibliotekutvikling","article_modified_time":"2024-03-21T09:50:59+00:00","og_image":[{"width":1024,"height":576,"url":"https:\/\/beta.bibliotekutvikling.no\/content\/uploads\/sites\/24\/2024\/03\/ungdom-arrangement2-1-1024x576-1.png","type":"image\/png"}],"twitter_card":"summary_large_image","twitter_misc":{"Ansl. lesetid":"2 minutter"},"schema":{"@context":"https:\/\/schema.org","@graph":[{"@type":"WebPage","@id":"https:\/\/beta.bibliotekutvikling.no\/kompetansebank\/event\/fagdag-om-barne-og-ungdomslitteratur\/","url":"https:\/\/beta.bibliotekutvikling.no\/kompetansebank\/event\/fagdag-om-barne-og-ungdomslitteratur\/","name":"Fagdag om barne- og ungdomslitteratur - Kompetansebank","isPartOf":{"@id":"https:\/\/beta.bibliotekutvikling.no\/kompetansebank\/#website"},"primaryImageOfPage":{"@id":"https:\/\/beta.bibliotekutvikling.no\/kompetansebank\/event\/fagdag-om-barne-og-ungdomslitteratur\/#primaryimage"},"image":{"@id":"https:\/\/beta.bibliotekutvikling.no\/kompetansebank\/event\/fagdag-om-barne-og-ungdomslitteratur\/#primaryimage"},"thumbnailUrl":"https:\/\/beta.bibliotekutvikling.no\/content\/uploads\/sites\/24\/2024\/03\/ungdom-arrangement2-1-1024x576-1.png","datePublished":"2024-03-18T15:57:24+00:00","dateModified":"2024-03-21T09:50:59+00:00","breadcrumb":{"@id":"https:\/\/beta.bibliotekutvikling.no\/kompetansebank\/event\/fagdag-om-barne-og-ungdomslitteratur\/#breadcrumb"},"inLanguage":"nb-NO","potentialAction":[{"@type":"ReadAction","target":["https:\/\/beta.bibliotekutvikling.no\/kompetansebank\/event\/fagdag-om-barne-og-ungdomslitteratur\/"]}]},{"@type":"ImageObject","inLanguage":"nb-NO","@id":"https:\/\/beta.bibliotekutvikling.no\/kompetansebank\/event\/fagdag-om-barne-og-ungdomslitteratur\/#primaryimage","url":"https:\/\/beta.bibliotekutvikling.no\/content\/uploads\/sites\/24\/2024\/03\/ungdom-arrangement2-1-1024x576-1.png","contentUrl":"https:\/\/beta.bibliotekutvikling.no\/content\/uploads\/sites\/24\/2024\/03\/ungdom-arrangement2-1-1024x576-1.png","width":1024,"height":576},{"@type":"BreadcrumbList","@id":"https:\/\/beta.bibliotekutvikling.no\/kompetansebank\/event\/fagdag-om-barne-og-ungdomslitteratur\/#breadcrumb","itemListElement":[{"@type":"ListItem","position":1,"name":"Hjem","item":"https:\/\/beta.bibliotekutvikling.no\/kompetansebank\/"},{"@type":"ListItem","position":2,"name":"Fagdag om barne- og ungdomslitteratur"}]},{"@type":"WebSite","@id":"https:\/\/beta.bibliotekutvikling.no\/kompetansebank\/#website","url":"https:\/\/beta.bibliotekutvikling.no\/kompetansebank\/","name":"Kompetansebank","description":"kurs og kunnskap for bibliotekansatte","publisher":{"@id":"https:\/\/beta.bibliotekutvikling.no\/kompetansebank\/#organization"},"potentialAction":[{"@type":"SearchAction","target":{"@type":"EntryPoint","urlTemplate":"https:\/\/beta.bibliotekutvikling.no\/kompetansebank\/?s={search_term_string}"},"query-input":{"@type":"PropertyValueSpecification","valueRequired":true,"valueName":"search_term_string"}}],"inLanguage":"nb-NO"},{"@type":"Organization","@id":"https:\/\/beta.bibliotekutvikling.no\/kompetansebank\/#organization","name":"Bibliotekutvikling","url":"https:\/\/beta.bibliotekutvikling.no\/kompetansebank\/","logo":{"@type":"ImageObject","inLanguage":"nb-NO","@id":"https:\/\/beta.bibliotekutvikling.no\/kompetansebank\/#\/schema\/logo\/image\/","url":"https:\/\/bibliotekutvikling.no\/content\/uploads\/sites\/24\/2023\/10\/Favikon-BU.png","contentUrl":"https:\/\/bibliotekutvikling.no\/content\/uploads\/sites\/24\/2023\/10\/Favikon-BU.png","width":1055,"height":1054,"caption":"Bibliotekutvikling"},"image":{"@id":"https:\/\/beta.bibliotekutvikling.no\/kompetansebank\/#\/schema\/logo\/image\/"},"sameAs":["https:\/\/www.facebook.com\/bibliotekutvikling"]},{"@type":"Event","name":"Fagdag om barne- og ungdomslitteratur","description":"8. april arrangerer Forfatterforbundet, i samarbeid med NBU, NFFO, !les og NBI forfatterstudiet, en fagdag for barne- og ungdomslitteratur med tittelen \"Er ungdomslitteraturen utrydningstrua? Vi trenger litter\u00e6rt mangfold!\". Bli med!","startDate":"2024-04-08T09:30:00+02:00","endDate":"2024-04-08T15:30:00+02:00","eventStatus":"EventScheduled","eventAttendanceMode":"MixedEventAttendanceMode","location":[{"@type":"VirtualLocation","name":"Er ungdomslitteraturen utrydningstrua? ","url":"https:\/\/ljsp.lwcdn.com\/api\/video\/embed.jsp?id=c698c0f8-81b2-44e0-b054-c8c97413b94e&pi=026315a5-93a0-4997-87ab-4c51840a8975"},{"@type":"Place","name":"Nasjonalbiblioteket","address":{"@type":"PostalAddress","addressCountry":"NO","addressRegion":"","addressLocality":"Oslo","postalCode":"0254","streetAddress":"Henrik Ibsens gate 110"}}],"image":["https:\/\/beta.bibliotekutvikling.no\/content\/uploads\/sites\/24\/2024\/03\/ungdom-arrangement2-1-1024x576-1.png"]}]}},"_links":{"self":[{"href":"https:\/\/beta.bibliotekutvikling.no\/kompetansebank\/wp-json\/wp\/v2\/event\/25413","targetHints":{"allow":["GET"]}}],"collection":[{"href":"https:\/\/beta.bibliotekutvikling.no\/kompetansebank\/wp-json\/wp\/v2\/event"}],"about":[{"href":"https:\/\/beta.bibliotekutvikling.no\/kompetansebank\/wp-json\/wp\/v2\/types\/event"}],"author":[{"embeddable":true,"href":"https:\/\/beta.bibliotekutvikling.no\/kompetansebank\/wp-json\/wp\/v2\/users\/6868"}],"wp:featuredmedia":[{"embeddable":true,"href":"https:\/\/beta.bibliotekutvikling.no\/kompetansebank\/wp-json\/wp\/v2\/media\/25416"}],"wp:attachment":[{"href":"https:\/\/beta.bibliotekutvikling.no\/kompetansebank\/wp-json\/wp\/v2\/media?parent=25413"}],"wp:term":[{"taxonomy":"event-group","embeddable":true,"href":"https:\/\/beta.bibliotekutvikling.no\/kompetansebank\/wp-json\/wp\/v2\/event-group?post=25413"},{"taxonomy":"event-type","embeddable":true,"href":"https:\/\/beta.bibliotekutvikling.no\/kompetansebank\/wp-json\/wp\/v2\/event-type?post=25413"},{"taxonomy":"tag","embeddable":true,"href":"https:\/\/beta.bibliotekutvikling.no\/kompetansebank\/wp-json\/wp\/v2\/tag?post=25413"}],"curies":[{"name":"wp","href":"https:\/\/api.w.org\/{rel}","templated":true}]}}