{"id":33870,"date":"2024-09-25T08:46:22","date_gmt":"2024-09-25T06:46:22","guid":{"rendered":"https:\/\/bibliotekutvikling.no\/kompetansebank\/?post_type=event&#038;p=33870"},"modified":"2024-10-02T10:09:25","modified_gmt":"2024-10-02T08:09:25","slug":"verksted-om-beste-praksis-for-digital-inkludering","status":"publish","type":"event","link":"https:\/\/beta.bibliotekutvikling.no\/kompetansebank\/event\/verksted-om-beste-praksis-for-digital-inkludering\/","title":{"rendered":"Verksted om beste praksis for digital inkludering"},"content":{"rendered":"\n<p class=\"has-secondary-background-color has-background\">Arrang\u00f8r:  <a href=\"https:\/\/fylkesbiblioteketabo.no\/\">Fylkesbibliotekene i Akershus, Buskerud og \u00d8stfold<\/a> <a href=\"https:\/\/hkdir.no\/\">HK-dir,<\/a> KS og B\u00e6rum bibliotek<\/p>\n\n\n<p class=\"t2-ingress wp-block-t2-ingress\">Hvordan kan vi best st\u00f8tte innbyggere som mangler digitale ferdigheter? Vi \u00f8nsker \u00e5 samle veiledere fra hele landet for \u00e5 finne felles beste praksis, og styrke arbeidet rettet mot innbyggere som har utfordringer knyttet til digitale ferdigheter.<\/p>\n\n\n<h3 class=\"wp-block-heading\" id=\"h-samlingen-er-for-deg-som-veileder-de-som\">Samlingen er for deg som veileder de som:<\/h3>\n\n\n\n<ul class=\"wp-block-list\">\n<li>synes at det er vanskelig \u00e5 forst\u00e5 norsk spr\u00e5k<\/li>\n\n\n\n<li>er usikker p\u00e5 hvordan det norske samfunnet er organisert<\/li>\n\n\n\n<li>m\u00f8ter veggen n\u00e5r spr\u00e5ket p\u00e5 nett er for byr\u00e5kratisk<\/li>\n\n\n\n<li>ikke har nettilgang eller som mangler egen PC<\/li>\n\n\n\n<li>er overveldet av \u00e5 bli henvist til digitale kanaler overalt<\/li>\n\n\n\n<li>har d\u00e5rlig syn eller d\u00e5rlig hukommelse<\/li>\n<\/ul>\n\n\n\n<p>Jobber du med digital inkludering i bibliotek, p\u00e5 servicekontor, i frivilligsentraler eller i andre kommunale tilbud er du i m\u00e5lgruppen. Verkstedet er \u00e5pent for ansatte i offentlig sektor i hele landet.<\/p>\n\n\n\n<p>Detaljert program er fortsatt under utarbeidelse, og vil bli oppdatert fortl\u00f8pende p\u00e5 nettsiden til Fylkesbiblioteket i Akershus, Buskerud og \u00d8stfold.<\/p>\n\n\n\n<p>Deltakelse er gratis &#8211; reise dekkes av hver enkelt hvis ikke annet er avtalt p\u00e5 forh\u00e5nd. Merk at det er begrenset antall plasser, og at tilbudet gjelder maks to deltakere fra samme kommune\/prosjekt\/virksomhet. Du f\u00e5r endelig beskjed om at du f\u00e5r plass etter 24. oktober.<\/p>\n\n\n\n<p><strong>Ekstra!<\/strong> Som et bonustilbud med tanke p\u00e5 de som kommer dagen f\u00f8r, tilbyr HK-dir et miniverksted om veilederrollen og personvern onsdag 6.11. kl. 14.30-17.30. Verkstedet vil foreg\u00e5 i lokalene til HK-dir i Oslo<\/p>\n\n\n\n<p>Har du lang reisevei kan HK-dir st\u00f8tte reise og overnatting. Kryss av for dette i p\u00e5meldingsskjema og vi vil ta kontakt. Vi kan dekke for inntil 10 personer, men pass p\u00e5 at dette har en egen tidligere frist.<\/p>\n\n\n\n<p class=\"has-primary-50-background-color has-background\"><a href=\"https:\/\/hkdir.no\/arrangementer\/workshop-for-veiledere-i-digitale-ferdigheter\">Arrangementets nettside<\/a> <\/p>\n","protected":false},"author":6868,"featured_media":34461,"menu_order":0,"template":"","meta":{"nb_hide_title":false,"event_tba_datetime":false,"event_all_day":false,"event_tba_start_time":false,"event_start_datetime":"2024-11-07T10:00:00","event_end_datetime":"2024-11-07T16:00:00","event_venue_id":"33886","event_ticket_vendor_url":"https:\/\/forms.office.com\/pages\/responsepage.aspx?id=WT-N5IJywkCETdIb8x8M6srvV91IhSFLlTR5tA3CP4lUQVVET1MwTkI3MU1OREJUSElHUzREQ01CQy4u&route=shorturl","event_ticket_price_text":"","event_ticket_button_text":"P\u00e5melding","event_ticket_details_text":"P\u00e5meldingsfrist: 24. oktober 2024. Begrenset antall deltakere.","event_attendance_mode":"offline","event_short_description":"Torsdag 7. november inviterer HK-dir, KS, fylkesbibliotekene i Akershus, Buskerud og \u00d8stfold og B\u00e6rum bibliotek til et verksted om beste praksis for digital inkludering.","event_virtual_venue_name":"","event_virtual_venue_url":"","event_hide_from_archive":false,"event_infoscreen_place_name":"","event_hide_from_infoscreen":false,"single_header_image_is_disabled":false,"single_header_image_attachment_id":0,"single_header_image_attachment_url":""},"event-group":[],"event-type":[],"tag":[],"class_list":["post-33870","event","type-event","status-publish","has-post-thumbnail","hentry"],"yoast_head":"<!-- This site is optimized with the Yoast SEO Premium plugin v27.1 (Yoast SEO v27.1.1) - https:\/\/yoast.com\/product\/yoast-seo-premium-wordpress\/ -->\n<title>Verksted om beste praksis for digital inkludering - Kompetansebank<\/title>\n<meta name=\"robots\" content=\"index, follow, max-snippet:-1, max-image-preview:large, max-video-preview:-1\" \/>\n<link rel=\"canonical\" href=\"https:\/\/beta.bibliotekutvikling.no\/kompetansebank\/event\/verksted-om-beste-praksis-for-digital-inkludering\/\" \/>\n<meta property=\"og:locale\" content=\"nb_NO\" \/>\n<meta property=\"og:type\" content=\"article\" \/>\n<meta property=\"og:title\" content=\"Verksted om beste praksis for digital inkludering\" \/>\n<meta property=\"og:url\" content=\"https:\/\/beta.bibliotekutvikling.no\/kompetansebank\/event\/verksted-om-beste-praksis-for-digital-inkludering\/\" \/>\n<meta property=\"og:site_name\" content=\"Kompetansebank\" \/>\n<meta property=\"article:publisher\" content=\"https:\/\/www.facebook.com\/bibliotekutvikling\" \/>\n<meta property=\"article:modified_time\" content=\"2024-10-02T08:09:25+00:00\" \/>\n<meta property=\"og:image\" content=\"https:\/\/beta.bibliotekutvikling.no\/content\/uploads\/sites\/24\/2024\/10\/Gruppesamtale-TrondWiumDrammen-ArildBPedersenIB-IO-1220x440-1.jpg\" \/>\n\t<meta property=\"og:image:width\" content=\"1220\" \/>\n\t<meta property=\"og:image:height\" content=\"440\" \/>\n\t<meta property=\"og:image:type\" content=\"image\/jpeg\" \/>\n<meta name=\"twitter:card\" content=\"summary_large_image\" \/>\n<meta name=\"twitter:label1\" content=\"Ansl. lesetid\" \/>\n\t<meta name=\"twitter:data1\" content=\"2 minutter\" \/>\n<script type=\"application\/ld+json\" class=\"yoast-schema-graph\">{\"@context\":\"https:\/\/schema.org\",\"@graph\":[{\"@type\":\"WebPage\",\"@id\":\"https:\/\/beta.bibliotekutvikling.no\/kompetansebank\/event\/verksted-om-beste-praksis-for-digital-inkludering\/\",\"url\":\"https:\/\/beta.bibliotekutvikling.no\/kompetansebank\/event\/verksted-om-beste-praksis-for-digital-inkludering\/\",\"name\":\"Verksted om beste praksis for digital inkludering - Kompetansebank\",\"isPartOf\":{\"@id\":\"https:\/\/beta.bibliotekutvikling.no\/kompetansebank\/#website\"},\"primaryImageOfPage\":{\"@id\":\"https:\/\/beta.bibliotekutvikling.no\/kompetansebank\/event\/verksted-om-beste-praksis-for-digital-inkludering\/#primaryimage\"},\"image\":{\"@id\":\"https:\/\/beta.bibliotekutvikling.no\/kompetansebank\/event\/verksted-om-beste-praksis-for-digital-inkludering\/#primaryimage\"},\"thumbnailUrl\":\"https:\/\/beta.bibliotekutvikling.no\/content\/uploads\/sites\/24\/2024\/10\/Gruppesamtale-TrondWiumDrammen-ArildBPedersenIB-IO-1220x440-1.jpg\",\"datePublished\":\"2024-09-25T06:46:22+00:00\",\"dateModified\":\"2024-10-02T08:09:25+00:00\",\"breadcrumb\":{\"@id\":\"https:\/\/beta.bibliotekutvikling.no\/kompetansebank\/event\/verksted-om-beste-praksis-for-digital-inkludering\/#breadcrumb\"},\"inLanguage\":\"nb-NO\",\"potentialAction\":[{\"@type\":\"ReadAction\",\"target\":[\"https:\/\/beta.bibliotekutvikling.no\/kompetansebank\/event\/verksted-om-beste-praksis-for-digital-inkludering\/\"]}]},{\"@type\":\"ImageObject\",\"inLanguage\":\"nb-NO\",\"@id\":\"https:\/\/beta.bibliotekutvikling.no\/kompetansebank\/event\/verksted-om-beste-praksis-for-digital-inkludering\/#primaryimage\",\"url\":\"https:\/\/beta.bibliotekutvikling.no\/content\/uploads\/sites\/24\/2024\/10\/Gruppesamtale-TrondWiumDrammen-ArildBPedersenIB-IO-1220x440-1.jpg\",\"contentUrl\":\"https:\/\/beta.bibliotekutvikling.no\/content\/uploads\/sites\/24\/2024\/10\/Gruppesamtale-TrondWiumDrammen-ArildBPedersenIB-IO-1220x440-1.jpg\",\"width\":1220,\"height\":440},{\"@type\":\"BreadcrumbList\",\"@id\":\"https:\/\/beta.bibliotekutvikling.no\/kompetansebank\/event\/verksted-om-beste-praksis-for-digital-inkludering\/#breadcrumb\",\"itemListElement\":[{\"@type\":\"ListItem\",\"position\":1,\"name\":\"Hjem\",\"item\":\"https:\/\/beta.bibliotekutvikling.no\/kompetansebank\/\"},{\"@type\":\"ListItem\",\"position\":2,\"name\":\"Verksted om beste praksis for digital inkludering\"}]},{\"@type\":\"WebSite\",\"@id\":\"https:\/\/beta.bibliotekutvikling.no\/kompetansebank\/#website\",\"url\":\"https:\/\/beta.bibliotekutvikling.no\/kompetansebank\/\",\"name\":\"Kompetansebank\",\"description\":\"kurs og kunnskap for bibliotekansatte\",\"publisher\":{\"@id\":\"https:\/\/beta.bibliotekutvikling.no\/kompetansebank\/#organization\"},\"potentialAction\":[{\"@type\":\"SearchAction\",\"target\":{\"@type\":\"EntryPoint\",\"urlTemplate\":\"https:\/\/beta.bibliotekutvikling.no\/kompetansebank\/?s={search_term_string}\"},\"query-input\":{\"@type\":\"PropertyValueSpecification\",\"valueRequired\":true,\"valueName\":\"search_term_string\"}}],\"inLanguage\":\"nb-NO\"},{\"@type\":\"Organization\",\"@id\":\"https:\/\/beta.bibliotekutvikling.no\/kompetansebank\/#organization\",\"name\":\"Bibliotekutvikling\",\"url\":\"https:\/\/beta.bibliotekutvikling.no\/kompetansebank\/\",\"logo\":{\"@type\":\"ImageObject\",\"inLanguage\":\"nb-NO\",\"@id\":\"https:\/\/beta.bibliotekutvikling.no\/kompetansebank\/#\/schema\/logo\/image\/\",\"url\":\"https:\/\/bibliotekutvikling.no\/content\/uploads\/sites\/24\/2023\/10\/Favikon-BU.png\",\"contentUrl\":\"https:\/\/bibliotekutvikling.no\/content\/uploads\/sites\/24\/2023\/10\/Favikon-BU.png\",\"width\":1055,\"height\":1054,\"caption\":\"Bibliotekutvikling\"},\"image\":{\"@id\":\"https:\/\/beta.bibliotekutvikling.no\/kompetansebank\/#\/schema\/logo\/image\/\"},\"sameAs\":[\"https:\/\/www.facebook.com\/bibliotekutvikling\"]},{\"@type\":\"Event\",\"name\":\"Verksted om beste praksis for digital inkludering\",\"description\":\"Torsdag 7. november inviterer HK-dir, KS, fylkesbibliotekene i Akershus, Buskerud og \u00d8stfold og B\u00e6rum bibliotek til et verksted om beste praksis for digital inkludering.\",\"startDate\":\"2024-11-07T10:00:00+01:00\",\"endDate\":\"2024-11-07T16:00:00+01:00\",\"eventStatus\":\"EventScheduled\",\"eventAttendanceMode\":\"OfflineEventAttendanceMode\",\"location\":[{\"@type\":\"Place\",\"name\":\"B\u00e6rum bibliotek - Bekkestua\",\"address\":{\"@type\":\"PostalAddress\",\"addressCountry\":\"NO\",\"addressRegion\":\"Akershus\",\"addressLocality\":\"B\u00e6rum\",\"postalCode\":\"1357\",\"streetAddress\":\"Gml. Ringeriksvei 44\"}}],\"image\":[\"https:\/\/beta.bibliotekutvikling.no\/content\/uploads\/sites\/24\/2024\/10\/Gruppesamtale-TrondWiumDrammen-ArildBPedersenIB-IO-1220x440-1-1024x369.jpg\"]}]}<\/script>\n<!-- \/ Yoast SEO Premium plugin. -->","yoast_head_json":{"title":"Verksted om beste praksis for digital inkludering - Kompetansebank","robots":{"index":"index","follow":"follow","max-snippet":"max-snippet:-1","max-image-preview":"max-image-preview:large","max-video-preview":"max-video-preview:-1"},"canonical":"https:\/\/beta.bibliotekutvikling.no\/kompetansebank\/event\/verksted-om-beste-praksis-for-digital-inkludering\/","og_locale":"nb_NO","og_type":"article","og_title":"Verksted om beste praksis for digital inkludering","og_url":"https:\/\/beta.bibliotekutvikling.no\/kompetansebank\/event\/verksted-om-beste-praksis-for-digital-inkludering\/","og_site_name":"Kompetansebank","article_publisher":"https:\/\/www.facebook.com\/bibliotekutvikling","article_modified_time":"2024-10-02T08:09:25+00:00","og_image":[{"width":1220,"height":440,"url":"https:\/\/beta.bibliotekutvikling.no\/content\/uploads\/sites\/24\/2024\/10\/Gruppesamtale-TrondWiumDrammen-ArildBPedersenIB-IO-1220x440-1.jpg","type":"image\/jpeg"}],"twitter_card":"summary_large_image","twitter_misc":{"Ansl. lesetid":"2 minutter"},"schema":{"@context":"https:\/\/schema.org","@graph":[{"@type":"WebPage","@id":"https:\/\/beta.bibliotekutvikling.no\/kompetansebank\/event\/verksted-om-beste-praksis-for-digital-inkludering\/","url":"https:\/\/beta.bibliotekutvikling.no\/kompetansebank\/event\/verksted-om-beste-praksis-for-digital-inkludering\/","name":"Verksted om beste praksis for digital inkludering - Kompetansebank","isPartOf":{"@id":"https:\/\/beta.bibliotekutvikling.no\/kompetansebank\/#website"},"primaryImageOfPage":{"@id":"https:\/\/beta.bibliotekutvikling.no\/kompetansebank\/event\/verksted-om-beste-praksis-for-digital-inkludering\/#primaryimage"},"image":{"@id":"https:\/\/beta.bibliotekutvikling.no\/kompetansebank\/event\/verksted-om-beste-praksis-for-digital-inkludering\/#primaryimage"},"thumbnailUrl":"https:\/\/beta.bibliotekutvikling.no\/content\/uploads\/sites\/24\/2024\/10\/Gruppesamtale-TrondWiumDrammen-ArildBPedersenIB-IO-1220x440-1.jpg","datePublished":"2024-09-25T06:46:22+00:00","dateModified":"2024-10-02T08:09:25+00:00","breadcrumb":{"@id":"https:\/\/beta.bibliotekutvikling.no\/kompetansebank\/event\/verksted-om-beste-praksis-for-digital-inkludering\/#breadcrumb"},"inLanguage":"nb-NO","potentialAction":[{"@type":"ReadAction","target":["https:\/\/beta.bibliotekutvikling.no\/kompetansebank\/event\/verksted-om-beste-praksis-for-digital-inkludering\/"]}]},{"@type":"ImageObject","inLanguage":"nb-NO","@id":"https:\/\/beta.bibliotekutvikling.no\/kompetansebank\/event\/verksted-om-beste-praksis-for-digital-inkludering\/#primaryimage","url":"https:\/\/beta.bibliotekutvikling.no\/content\/uploads\/sites\/24\/2024\/10\/Gruppesamtale-TrondWiumDrammen-ArildBPedersenIB-IO-1220x440-1.jpg","contentUrl":"https:\/\/beta.bibliotekutvikling.no\/content\/uploads\/sites\/24\/2024\/10\/Gruppesamtale-TrondWiumDrammen-ArildBPedersenIB-IO-1220x440-1.jpg","width":1220,"height":440},{"@type":"BreadcrumbList","@id":"https:\/\/beta.bibliotekutvikling.no\/kompetansebank\/event\/verksted-om-beste-praksis-for-digital-inkludering\/#breadcrumb","itemListElement":[{"@type":"ListItem","position":1,"name":"Hjem","item":"https:\/\/beta.bibliotekutvikling.no\/kompetansebank\/"},{"@type":"ListItem","position":2,"name":"Verksted om beste praksis for digital inkludering"}]},{"@type":"WebSite","@id":"https:\/\/beta.bibliotekutvikling.no\/kompetansebank\/#website","url":"https:\/\/beta.bibliotekutvikling.no\/kompetansebank\/","name":"Kompetansebank","description":"kurs og kunnskap for bibliotekansatte","publisher":{"@id":"https:\/\/beta.bibliotekutvikling.no\/kompetansebank\/#organization"},"potentialAction":[{"@type":"SearchAction","target":{"@type":"EntryPoint","urlTemplate":"https:\/\/beta.bibliotekutvikling.no\/kompetansebank\/?s={search_term_string}"},"query-input":{"@type":"PropertyValueSpecification","valueRequired":true,"valueName":"search_term_string"}}],"inLanguage":"nb-NO"},{"@type":"Organization","@id":"https:\/\/beta.bibliotekutvikling.no\/kompetansebank\/#organization","name":"Bibliotekutvikling","url":"https:\/\/beta.bibliotekutvikling.no\/kompetansebank\/","logo":{"@type":"ImageObject","inLanguage":"nb-NO","@id":"https:\/\/beta.bibliotekutvikling.no\/kompetansebank\/#\/schema\/logo\/image\/","url":"https:\/\/bibliotekutvikling.no\/content\/uploads\/sites\/24\/2023\/10\/Favikon-BU.png","contentUrl":"https:\/\/bibliotekutvikling.no\/content\/uploads\/sites\/24\/2023\/10\/Favikon-BU.png","width":1055,"height":1054,"caption":"Bibliotekutvikling"},"image":{"@id":"https:\/\/beta.bibliotekutvikling.no\/kompetansebank\/#\/schema\/logo\/image\/"},"sameAs":["https:\/\/www.facebook.com\/bibliotekutvikling"]},{"@type":"Event","name":"Verksted om beste praksis for digital inkludering","description":"Torsdag 7. november inviterer HK-dir, KS, fylkesbibliotekene i Akershus, Buskerud og \u00d8stfold og B\u00e6rum bibliotek til et verksted om beste praksis for digital inkludering.","startDate":"2024-11-07T10:00:00+01:00","endDate":"2024-11-07T16:00:00+01:00","eventStatus":"EventScheduled","eventAttendanceMode":"OfflineEventAttendanceMode","location":[{"@type":"Place","name":"B\u00e6rum bibliotek - Bekkestua","address":{"@type":"PostalAddress","addressCountry":"NO","addressRegion":"Akershus","addressLocality":"B\u00e6rum","postalCode":"1357","streetAddress":"Gml. Ringeriksvei 44"}}],"image":["https:\/\/beta.bibliotekutvikling.no\/content\/uploads\/sites\/24\/2024\/10\/Gruppesamtale-TrondWiumDrammen-ArildBPedersenIB-IO-1220x440-1-1024x369.jpg"]}]}},"_links":{"self":[{"href":"https:\/\/beta.bibliotekutvikling.no\/kompetansebank\/wp-json\/wp\/v2\/event\/33870","targetHints":{"allow":["GET"]}}],"collection":[{"href":"https:\/\/beta.bibliotekutvikling.no\/kompetansebank\/wp-json\/wp\/v2\/event"}],"about":[{"href":"https:\/\/beta.bibliotekutvikling.no\/kompetansebank\/wp-json\/wp\/v2\/types\/event"}],"author":[{"embeddable":true,"href":"https:\/\/beta.bibliotekutvikling.no\/kompetansebank\/wp-json\/wp\/v2\/users\/6868"}],"wp:featuredmedia":[{"embeddable":true,"href":"https:\/\/beta.bibliotekutvikling.no\/kompetansebank\/wp-json\/wp\/v2\/media\/34461"}],"wp:attachment":[{"href":"https:\/\/beta.bibliotekutvikling.no\/kompetansebank\/wp-json\/wp\/v2\/media?parent=33870"}],"wp:term":[{"taxonomy":"event-group","embeddable":true,"href":"https:\/\/beta.bibliotekutvikling.no\/kompetansebank\/wp-json\/wp\/v2\/event-group?post=33870"},{"taxonomy":"event-type","embeddable":true,"href":"https:\/\/beta.bibliotekutvikling.no\/kompetansebank\/wp-json\/wp\/v2\/event-type?post=33870"},{"taxonomy":"tag","embeddable":true,"href":"https:\/\/beta.bibliotekutvikling.no\/kompetansebank\/wp-json\/wp\/v2\/tag?post=33870"}],"curies":[{"name":"wp","href":"https:\/\/api.w.org\/{rel}","templated":true}]}}