{"id":9173,"date":"2023-01-10T13:31:05","date_gmt":"2023-01-10T12:31:05","guid":{"rendered":"https:\/\/bibliotekutvikling.no\/?post_type=event&#038;p=9173"},"modified":"2024-01-04T14:31:44","modified_gmt":"2024-01-04T13:31:44","slug":"biblioteklederkonferansen-2023","status":"publish","type":"event","link":"https:\/\/beta.bibliotekutvikling.no\/kompetansebank\/event\/biblioteklederkonferansen-2023\/","title":{"rendered":"Biblioteklederkonferansen 2023"},"content":{"rendered":"\n<p class=\"has-secondary-background-color has-background\">Arrang\u00f8r: Nasjonalbiblioteket<\/p>\n\n\n\n<p>Hva kjennetegner mennesker som er proppfulle av visjoner, p\u00e5gangsmot, kunnskap og lidenskap? De som har en drivkraft i seg til \u00e5 s\u00f8ke svar og resultater? Og hvilke drivkrefter i samfunnet p\u00e5virker og utfordrer oss til \u00e5 tenke annerledes eller nytt? <\/p>\n\n\n\n<p>\u00c5rets konferanse \u00f8nsker \u00e5 se n\u00e6rmere p\u00e5 drivkrefter b\u00e5de i mennesker og i samfunnet. S\u00e6rlig ser vi p\u00e5 drivkreftene i kulturpolitikken, bibliotekpolitikken og bibliotekutviklingen nasjonalt og europeisk. <\/p>\n\n\n<ul class=\"t2-link-list has-1-items has-auto-columns wp-block-t2-link-list\">\n\t<li class=\"t2-link-list-item wp-block-t2-link-list-item\">\n\t\t<a\n\t\t\thref=\"https:\/\/bibliotekutvikling.no\/faste-kurs-og-konferanser\/biblioteklederkonferansen-2023\/\"\n\t\t\tclass=\"t2-link-list-item__link t2-link-list__icon--right\"\n\t\t\t\t\t>\n\t\t\t<span class=\"t2-link-list-item__icon\"><span class=\"t2-link-list-item__icon-box\"><\/span><svg xmlns=\"http:\/\/www.w3.org\/2000\/svg\" viewBox=\"0 0 24 24\" height=\"24\" width=\"24\" class=\"t2-icon t2-icon-external\" aria-hidden=\"true\" focusable=\"false\"><path d=\"M19 19H5V5h7V3H3v18h18v-9h-2v7zM14 3v2h3.6l-9.8 9.8 1.4 1.4L19 6.4V10h2V3h-7z\"\/><\/svg><\/span>\t\t\t<div class=\"t2-link-list-item__content\">\n\n\t\t\t\t\n\t\t\t\t<span id=\"link-list-item-text\" class=\"t2-link-list-item__text\">\n\t\t\t\t\tOmtale av foredragsholdere og praktisk informasjon\t\t\t\t<\/span>\n\t\t\t\t\t\t\t<\/div>\n\t\t<\/a>\n\t<\/li>\n\t\n<\/ul>\n\n\n<h2 class=\"wp-block-heading\" id=\"h-program\">Program<\/h2>\n\n\n\n<figure class=\"wp-block-table alignwide is-style-regular\"><table><tbody><tr><td><strong>Onsdag 18.oktober<\/strong>&nbsp;<\/td><td>Konferansier: Aslak Sira Myhre&nbsp;<\/td><\/tr><tr><td>10:00 &#8211;&nbsp;11.30<\/td><td>Registrering&nbsp;<\/td><\/tr><tr><td>11:30-12:30&nbsp;&nbsp;&nbsp; <\/td><td>Lunsj&nbsp;<\/td><\/tr><tr><td>12:30-12:45&nbsp;&nbsp;&nbsp; <\/td><td>\u00c5pning. Kulturelt innslag ved Synn\u00f8ve Br\u00f8ndbo Plassen<\/td><\/tr><tr><td>12:45-13:00&nbsp;&nbsp;&nbsp; <\/td><td>Velkommen ved direkt\u00f8r for Nasjonalbiblioteket Aslak Sira Myhre&nbsp;<\/td><\/tr><tr><td>13:00-13:10&nbsp;&nbsp;&nbsp; <\/td><td>Aktuell kultur og bibliotekpolitikk ved statssekret\u00e6r Even Aleksander Hagen, Kultur- og likestillingsdepartementet<\/td><\/tr><tr><td>13:10-13:45&nbsp;&nbsp;&nbsp;<\/td><td>Bibliotekutvikling i et europeisk perspektiv ved direkt\u00f8r for Public Libraries 2030 Ilona Kish<\/td><\/tr><tr><td>13:45-14:15 <\/td><td>Kopinor som en del av det kulturelle kretsl\u00f8pet ved administrerende direkt\u00f8r i Kopinor Hege Munch Gundersen<\/td><\/tr><tr><td>14:15-14:45 &nbsp;&nbsp; <\/td><td>PAUSE&nbsp;<\/td><\/tr><tr><td>14:45-15:30 &nbsp;&nbsp; <\/td><td>Bibliotekene som nye steder ved kultursosiolog Knut Schreider , kultursosiolog ved Rodeo Arkitekter<\/td><\/tr><tr><td>15:30-16:00&nbsp;&nbsp;<br><\/td><td>Universitetsbiblioteket i en ombyggingsprosess \u2013 i konkret og overf\u00f8rt betydning&nbsp;ved bibliotekdirekt\u00f8r ved Universitetsbiblioteket OsloMet Hege Undem Store<\/td><\/tr><tr><td>16:00-16:15&nbsp;&nbsp;&nbsp;<\/td><td>PAUSE&nbsp;<strong>+ <\/strong>Felles innsjekk i hallen utenfor konferansesalen,  (Arkaden utenfor Kepler 1)<\/td><\/tr><tr><td>16:15-17:00&nbsp;&nbsp;&nbsp;<\/td><td>Hva kjennetegner personer med drivkraft?  ved journalist og programleder i P2 Vegard Larsen som siden oppstarten av radioprogrammet<em> Drivkraft<\/em> har intervjuet ca 600 mennesker om hva som driver dem og hvorfor.<\/td><\/tr><tr><td>19:30&nbsp;&nbsp;&nbsp;&nbsp;&nbsp;&nbsp;&nbsp;&nbsp;&nbsp;&nbsp;&nbsp;&nbsp;&nbsp;<\/td><td>Aperitiff f\u00f8r middag kl. 20:00 i restauranten&nbsp;<\/td><\/tr><tr><td><strong>Torsdag 19.oktober<\/strong>&nbsp;<\/td><td>Konferansier: Svein Arne Tinnesand&nbsp;<\/td><\/tr><tr><td>09:00-09:45&nbsp;&nbsp;&nbsp; <\/td><td>Nytt fra Nasjonalbiblioteket ved direkt\u00f8r Aslak Sira Myhre.<\/td><\/tr><tr><td>09:45-10:30&nbsp;&nbsp;&nbsp; &nbsp;&nbsp;<\/td><td>Drivkraft og motkraft: N\u00e5r sentraliseringa, rikmannsveldet og teknologien tek grep, kva skal vere v\u00e5rt svar?&nbsp;Ved kulturredakt\u00f8r i Bergens Tidende Jens Kihl<\/td><\/tr><tr><td>10:30-10:45&nbsp;&nbsp;&nbsp; <\/td><td>PAUSE&nbsp;<\/td><\/tr><tr><td>10:45-11:30&nbsp;&nbsp;&nbsp;&nbsp;&nbsp;&nbsp;<\/td><td>Bibliotekledersamtalen \u00abFor mye av det gode, eller for mange drivkrefter?\u00bb ved biblioteksjef i Haugesund Siri Vikse, biblioteksjef i Lillestr\u00f8m S\u00f8lvi Tellefsen og biblioteksjef i Skien Henriette Stolz. Samtaleleder Trud Berg, tidligere biblioteksjef i Stormen, n\u00e5 kommunikasjonsansvarlig i Nova Sea&nbsp;<\/td><\/tr><tr><td>&nbsp;&nbsp;&nbsp;&nbsp;&nbsp;&nbsp;&nbsp;&nbsp;&nbsp;&nbsp;&nbsp;&nbsp;&nbsp;&nbsp;&nbsp;&nbsp;&nbsp;&nbsp;&nbsp;&nbsp;&nbsp;&nbsp;&nbsp;&nbsp;&nbsp;&nbsp;&nbsp;&nbsp;&nbsp;&nbsp;&nbsp;&nbsp;&nbsp;&nbsp;&nbsp;&nbsp;&nbsp;<br>11:30-12:30&nbsp;&nbsp;&nbsp;<\/td><td>LUNSJ&nbsp;<\/td><\/tr><tr><td>12:30-13:15&nbsp;&nbsp;&nbsp; &nbsp;&nbsp;&nbsp;<\/td><td>Kan vi ha demokrati i tidsalderen med big data og kunstig intelligens? Hvor st\u00e5r vi i dag med tanke p\u00e5 v\u00e5r felles frihet? &#8211; ved forsker og postdoktor Anja Salzmann, Universitetet i Bergen<\/td><\/tr><tr><td>13:15-13:30&nbsp;&nbsp;&nbsp;<\/td><td>PAUSE&nbsp;<\/td><\/tr><tr><td>13:30-14:15&nbsp;&nbsp;&nbsp; <\/td><td>Drivkraften i fortellingene \u2013 om reisen til den mangfoldige barnelitteraturen ved direkt\u00f8r Nisrin Maktabi-Barkouki, Norsk barnebokinstitutt<\/td><\/tr><tr><td>14:15-14:50&nbsp;&nbsp;&nbsp; <\/td><td>\u00abAlle mennesker fortjener en sjanse uansett hvilken fortid de har\u00bb ved gr\u00fcnder og leder Steinar J. Olsen, Stormberg<\/td><\/tr><tr><td>14:50-15:00&nbsp;&nbsp;&nbsp; <\/td><td>Avslutning&nbsp;<br><\/td><\/tr><\/tbody><\/table><\/figure>\n\n\n\n<p>Konferansen finner sted p\u00e5 Thon hotel Oslo Airport, Balder All\u00e9 2, 2060 Gardermoen,  18. &#8211; 19. oktober. <\/p>\n\n\n<ul class=\"t2-link-list has-1-items has-auto-columns wp-block-t2-link-list\">\n\t<li class=\"t2-link-list-item wp-block-t2-link-list-item\">\n\t\t<a\n\t\t\thref=\"https:\/\/bibliotekutvikling.no\/faste-kurs-og-konferanser\/biblioteklederkonferansen-2023\/\"\n\t\t\tclass=\"t2-link-list-item__link t2-link-list__icon--right\"\n\t\t\t\t\t>\n\t\t\t<span class=\"t2-link-list-item__icon\"><span class=\"t2-link-list-item__icon-box\"><\/span><svg xmlns=\"http:\/\/www.w3.org\/2000\/svg\" viewBox=\"0 0 24 24\" height=\"24\" width=\"24\" class=\"t2-icon t2-icon-external\" aria-hidden=\"true\" focusable=\"false\"><path d=\"M19 19H5V5h7V3H3v18h18v-9h-2v7zM14 3v2h3.6l-9.8 9.8 1.4 1.4L19 6.4V10h2V3h-7z\"\/><\/svg><\/span>\t\t\t<div class=\"t2-link-list-item__content\">\n\n\t\t\t\t\n\t\t\t\t<span id=\"link-list-item-text-1\" class=\"t2-link-list-item__text\">\n\t\t\t\t\tOmtale av foredragsholdere og praktisk informasjon\t\t\t\t<\/span>\n\t\t\t\t\t\t\t<\/div>\n\t\t<\/a>\n\t<\/li>\n\t\n<\/ul>\n\n\n<p>P\u00e5meldingskjema bruker pop-up for \u00e5 registrere org.nummer. Vennligst bruk en nettleser som ikke blokkerer pop-up, eller sl\u00e5 av blokkeringen. Dersom du har problemer kan du kontakte <a href=\"mailto:svein@reiseogkonferanseservice.no\">svein@reiseogkonferanseservice.no<\/a><\/p>\n","protected":false},"author":6868,"featured_media":12024,"menu_order":0,"template":"","meta":{"nb_hide_title":false,"event_tba_datetime":false,"event_all_day":false,"event_tba_start_time":false,"event_start_datetime":"2023-10-18T12:00:00","event_end_datetime":"2023-10-19T16:00:00","event_venue_id":"11817","event_ticket_vendor_url":"http:\/\/www.reiseogkonferanseservice.com\/Nasjonalbiblioteket\/Biblioteklederkonferansen2023\/paamelding.cfm","event_ticket_price_text":"","event_ticket_button_text":"P\u00e5melding","event_ticket_details_text":"P\u00e5meldingskjema bruker pop-up for \u00e5 registrere org.nummer. Vennligst bruk en nettleser som ikke blokkerer pop-up, eller sl\u00e5 av blokkeringen. Dersom du har problemer kan du kontakte svein@reiseogkonferanseservice.no","event_attendance_mode":"offline","event_short_description":"","event_virtual_venue_name":"","event_virtual_venue_url":"","event_hide_from_archive":false,"event_infoscreen_place_name":"","event_hide_from_infoscreen":false,"single_header_image_is_disabled":false,"single_header_image_attachment_id":0,"single_header_image_attachment_url":""},"event-group":[],"event-type":[],"tag":[],"class_list":["post-9173","event","type-event","status-publish","has-post-thumbnail","hentry"],"yoast_head":"<!-- This site is optimized with the Yoast SEO Premium plugin v27.1 (Yoast SEO v27.1.1) - https:\/\/yoast.com\/product\/yoast-seo-premium-wordpress\/ -->\n<title>Biblioteklederkonferansen 2023 - Kompetansebank<\/title>\n<meta name=\"robots\" content=\"index, follow, max-snippet:-1, max-image-preview:large, max-video-preview:-1\" \/>\n<link rel=\"canonical\" href=\"https:\/\/beta.bibliotekutvikling.no\/kompetansebank\/event\/biblioteklederkonferansen-2023\/\" \/>\n<meta property=\"og:locale\" content=\"nb_NO\" \/>\n<meta property=\"og:type\" content=\"article\" \/>\n<meta property=\"og:title\" content=\"Biblioteklederkonferansen 2023\" \/>\n<meta property=\"og:url\" content=\"https:\/\/beta.bibliotekutvikling.no\/kompetansebank\/event\/biblioteklederkonferansen-2023\/\" \/>\n<meta property=\"og:site_name\" content=\"Kompetansebank\" \/>\n<meta property=\"article:publisher\" content=\"https:\/\/www.facebook.com\/bibliotekutvikling\" \/>\n<meta property=\"article:modified_time\" content=\"2024-01-04T13:31:44+00:00\" \/>\n<meta property=\"og:image\" content=\"https:\/\/beta.bibliotekutvikling.no\/content\/uploads\/sites\/24\/2023\/01\/2023BI2.png\" \/>\n\t<meta property=\"og:image:width\" content=\"2560\" \/>\n\t<meta property=\"og:image:height\" content=\"1728\" \/>\n\t<meta property=\"og:image:type\" content=\"image\/png\" \/>\n<meta name=\"twitter:card\" content=\"summary_large_image\" \/>\n<script type=\"application\/ld+json\" class=\"yoast-schema-graph\">{\"@context\":\"https:\/\/schema.org\",\"@graph\":[{\"@type\":\"WebPage\",\"@id\":\"https:\/\/beta.bibliotekutvikling.no\/kompetansebank\/event\/biblioteklederkonferansen-2023\/\",\"url\":\"https:\/\/beta.bibliotekutvikling.no\/kompetansebank\/event\/biblioteklederkonferansen-2023\/\",\"name\":\"Biblioteklederkonferansen 2023 - Kompetansebank\",\"isPartOf\":{\"@id\":\"https:\/\/beta.bibliotekutvikling.no\/kompetansebank\/#website\"},\"primaryImageOfPage\":{\"@id\":\"https:\/\/beta.bibliotekutvikling.no\/kompetansebank\/event\/biblioteklederkonferansen-2023\/#primaryimage\"},\"image\":{\"@id\":\"https:\/\/beta.bibliotekutvikling.no\/kompetansebank\/event\/biblioteklederkonferansen-2023\/#primaryimage\"},\"thumbnailUrl\":\"https:\/\/beta.bibliotekutvikling.no\/content\/uploads\/sites\/24\/2023\/01\/2023BI2.png\",\"datePublished\":\"2023-01-10T12:31:05+00:00\",\"dateModified\":\"2024-01-04T13:31:44+00:00\",\"breadcrumb\":{\"@id\":\"https:\/\/beta.bibliotekutvikling.no\/kompetansebank\/event\/biblioteklederkonferansen-2023\/#breadcrumb\"},\"inLanguage\":\"nb-NO\",\"potentialAction\":[{\"@type\":\"ReadAction\",\"target\":[\"https:\/\/beta.bibliotekutvikling.no\/kompetansebank\/event\/biblioteklederkonferansen-2023\/\"]}]},{\"@type\":\"ImageObject\",\"inLanguage\":\"nb-NO\",\"@id\":\"https:\/\/beta.bibliotekutvikling.no\/kompetansebank\/event\/biblioteklederkonferansen-2023\/#primaryimage\",\"url\":\"https:\/\/beta.bibliotekutvikling.no\/content\/uploads\/sites\/24\/2023\/01\/2023BI2.png\",\"contentUrl\":\"https:\/\/beta.bibliotekutvikling.no\/content\/uploads\/sites\/24\/2023\/01\/2023BI2.png\",\"width\":2560,\"height\":1728,\"caption\":\"Ill- Biblioteklederkonferansen 2023\"},{\"@type\":\"BreadcrumbList\",\"@id\":\"https:\/\/beta.bibliotekutvikling.no\/kompetansebank\/event\/biblioteklederkonferansen-2023\/#breadcrumb\",\"itemListElement\":[{\"@type\":\"ListItem\",\"position\":1,\"name\":\"Hjem\",\"item\":\"https:\/\/beta.bibliotekutvikling.no\/kompetansebank\/\"},{\"@type\":\"ListItem\",\"position\":2,\"name\":\"Biblioteklederkonferansen 2023\"}]},{\"@type\":\"WebSite\",\"@id\":\"https:\/\/beta.bibliotekutvikling.no\/kompetansebank\/#website\",\"url\":\"https:\/\/beta.bibliotekutvikling.no\/kompetansebank\/\",\"name\":\"Kompetansebank\",\"description\":\"kurs og kunnskap for bibliotekansatte\",\"publisher\":{\"@id\":\"https:\/\/beta.bibliotekutvikling.no\/kompetansebank\/#organization\"},\"potentialAction\":[{\"@type\":\"SearchAction\",\"target\":{\"@type\":\"EntryPoint\",\"urlTemplate\":\"https:\/\/beta.bibliotekutvikling.no\/kompetansebank\/?s={search_term_string}\"},\"query-input\":{\"@type\":\"PropertyValueSpecification\",\"valueRequired\":true,\"valueName\":\"search_term_string\"}}],\"inLanguage\":\"nb-NO\"},{\"@type\":\"Organization\",\"@id\":\"https:\/\/beta.bibliotekutvikling.no\/kompetansebank\/#organization\",\"name\":\"Bibliotekutvikling\",\"url\":\"https:\/\/beta.bibliotekutvikling.no\/kompetansebank\/\",\"logo\":{\"@type\":\"ImageObject\",\"inLanguage\":\"nb-NO\",\"@id\":\"https:\/\/beta.bibliotekutvikling.no\/kompetansebank\/#\/schema\/logo\/image\/\",\"url\":\"https:\/\/bibliotekutvikling.no\/content\/uploads\/sites\/24\/2023\/10\/Favikon-BU.png\",\"contentUrl\":\"https:\/\/bibliotekutvikling.no\/content\/uploads\/sites\/24\/2023\/10\/Favikon-BU.png\",\"width\":1055,\"height\":1054,\"caption\":\"Bibliotekutvikling\"},\"image\":{\"@id\":\"https:\/\/beta.bibliotekutvikling.no\/kompetansebank\/#\/schema\/logo\/image\/\"},\"sameAs\":[\"https:\/\/www.facebook.com\/bibliotekutvikling\"]},{\"@type\":\"Event\",\"name\":\"Biblioteklederkonferansen 2023\",\"description\":\"\",\"startDate\":\"2023-10-18T12:00:00+02:00\",\"endDate\":\"2023-10-19T16:00:00+02:00\",\"eventStatus\":\"EventScheduled\",\"eventAttendanceMode\":\"OfflineEventAttendanceMode\",\"location\":[{\"@type\":\"Place\",\"name\":\"Thon hotel Oslo Airport\",\"address\":{\"@type\":\"PostalAddress\",\"addressCountry\":\"\",\"addressRegion\":\"Viken\",\"addressLocality\":\"Ullensaker\",\"postalCode\":\"2060\",\"streetAddress\":\"Balder All\u00e9 2\"}}],\"image\":[\"https:\/\/beta.bibliotekutvikling.no\/content\/uploads\/sites\/24\/2023\/01\/2023BI2-1024x691.png\"]}]}<\/script>\n<!-- \/ Yoast SEO Premium plugin. -->","yoast_head_json":{"title":"Biblioteklederkonferansen 2023 - Kompetansebank","robots":{"index":"index","follow":"follow","max-snippet":"max-snippet:-1","max-image-preview":"max-image-preview:large","max-video-preview":"max-video-preview:-1"},"canonical":"https:\/\/beta.bibliotekutvikling.no\/kompetansebank\/event\/biblioteklederkonferansen-2023\/","og_locale":"nb_NO","og_type":"article","og_title":"Biblioteklederkonferansen 2023","og_url":"https:\/\/beta.bibliotekutvikling.no\/kompetansebank\/event\/biblioteklederkonferansen-2023\/","og_site_name":"Kompetansebank","article_publisher":"https:\/\/www.facebook.com\/bibliotekutvikling","article_modified_time":"2024-01-04T13:31:44+00:00","og_image":[{"width":2560,"height":1728,"url":"https:\/\/beta.bibliotekutvikling.no\/content\/uploads\/sites\/24\/2023\/01\/2023BI2.png","type":"image\/png"}],"twitter_card":"summary_large_image","schema":{"@context":"https:\/\/schema.org","@graph":[{"@type":"WebPage","@id":"https:\/\/beta.bibliotekutvikling.no\/kompetansebank\/event\/biblioteklederkonferansen-2023\/","url":"https:\/\/beta.bibliotekutvikling.no\/kompetansebank\/event\/biblioteklederkonferansen-2023\/","name":"Biblioteklederkonferansen 2023 - Kompetansebank","isPartOf":{"@id":"https:\/\/beta.bibliotekutvikling.no\/kompetansebank\/#website"},"primaryImageOfPage":{"@id":"https:\/\/beta.bibliotekutvikling.no\/kompetansebank\/event\/biblioteklederkonferansen-2023\/#primaryimage"},"image":{"@id":"https:\/\/beta.bibliotekutvikling.no\/kompetansebank\/event\/biblioteklederkonferansen-2023\/#primaryimage"},"thumbnailUrl":"https:\/\/beta.bibliotekutvikling.no\/content\/uploads\/sites\/24\/2023\/01\/2023BI2.png","datePublished":"2023-01-10T12:31:05+00:00","dateModified":"2024-01-04T13:31:44+00:00","breadcrumb":{"@id":"https:\/\/beta.bibliotekutvikling.no\/kompetansebank\/event\/biblioteklederkonferansen-2023\/#breadcrumb"},"inLanguage":"nb-NO","potentialAction":[{"@type":"ReadAction","target":["https:\/\/beta.bibliotekutvikling.no\/kompetansebank\/event\/biblioteklederkonferansen-2023\/"]}]},{"@type":"ImageObject","inLanguage":"nb-NO","@id":"https:\/\/beta.bibliotekutvikling.no\/kompetansebank\/event\/biblioteklederkonferansen-2023\/#primaryimage","url":"https:\/\/beta.bibliotekutvikling.no\/content\/uploads\/sites\/24\/2023\/01\/2023BI2.png","contentUrl":"https:\/\/beta.bibliotekutvikling.no\/content\/uploads\/sites\/24\/2023\/01\/2023BI2.png","width":2560,"height":1728,"caption":"Ill- Biblioteklederkonferansen 2023"},{"@type":"BreadcrumbList","@id":"https:\/\/beta.bibliotekutvikling.no\/kompetansebank\/event\/biblioteklederkonferansen-2023\/#breadcrumb","itemListElement":[{"@type":"ListItem","position":1,"name":"Hjem","item":"https:\/\/beta.bibliotekutvikling.no\/kompetansebank\/"},{"@type":"ListItem","position":2,"name":"Biblioteklederkonferansen 2023"}]},{"@type":"WebSite","@id":"https:\/\/beta.bibliotekutvikling.no\/kompetansebank\/#website","url":"https:\/\/beta.bibliotekutvikling.no\/kompetansebank\/","name":"Kompetansebank","description":"kurs og kunnskap for bibliotekansatte","publisher":{"@id":"https:\/\/beta.bibliotekutvikling.no\/kompetansebank\/#organization"},"potentialAction":[{"@type":"SearchAction","target":{"@type":"EntryPoint","urlTemplate":"https:\/\/beta.bibliotekutvikling.no\/kompetansebank\/?s={search_term_string}"},"query-input":{"@type":"PropertyValueSpecification","valueRequired":true,"valueName":"search_term_string"}}],"inLanguage":"nb-NO"},{"@type":"Organization","@id":"https:\/\/beta.bibliotekutvikling.no\/kompetansebank\/#organization","name":"Bibliotekutvikling","url":"https:\/\/beta.bibliotekutvikling.no\/kompetansebank\/","logo":{"@type":"ImageObject","inLanguage":"nb-NO","@id":"https:\/\/beta.bibliotekutvikling.no\/kompetansebank\/#\/schema\/logo\/image\/","url":"https:\/\/bibliotekutvikling.no\/content\/uploads\/sites\/24\/2023\/10\/Favikon-BU.png","contentUrl":"https:\/\/bibliotekutvikling.no\/content\/uploads\/sites\/24\/2023\/10\/Favikon-BU.png","width":1055,"height":1054,"caption":"Bibliotekutvikling"},"image":{"@id":"https:\/\/beta.bibliotekutvikling.no\/kompetansebank\/#\/schema\/logo\/image\/"},"sameAs":["https:\/\/www.facebook.com\/bibliotekutvikling"]},{"@type":"Event","name":"Biblioteklederkonferansen 2023","description":"","startDate":"2023-10-18T12:00:00+02:00","endDate":"2023-10-19T16:00:00+02:00","eventStatus":"EventScheduled","eventAttendanceMode":"OfflineEventAttendanceMode","location":[{"@type":"Place","name":"Thon hotel Oslo Airport","address":{"@type":"PostalAddress","addressCountry":"","addressRegion":"Viken","addressLocality":"Ullensaker","postalCode":"2060","streetAddress":"Balder All\u00e9 2"}}],"image":["https:\/\/beta.bibliotekutvikling.no\/content\/uploads\/sites\/24\/2023\/01\/2023BI2-1024x691.png"]}]}},"_links":{"self":[{"href":"https:\/\/beta.bibliotekutvikling.no\/kompetansebank\/wp-json\/wp\/v2\/event\/9173","targetHints":{"allow":["GET"]}}],"collection":[{"href":"https:\/\/beta.bibliotekutvikling.no\/kompetansebank\/wp-json\/wp\/v2\/event"}],"about":[{"href":"https:\/\/beta.bibliotekutvikling.no\/kompetansebank\/wp-json\/wp\/v2\/types\/event"}],"author":[{"embeddable":true,"href":"https:\/\/beta.bibliotekutvikling.no\/kompetansebank\/wp-json\/wp\/v2\/users\/6868"}],"wp:featuredmedia":[{"embeddable":true,"href":"https:\/\/beta.bibliotekutvikling.no\/kompetansebank\/wp-json\/wp\/v2\/media\/12024"}],"wp:attachment":[{"href":"https:\/\/beta.bibliotekutvikling.no\/kompetansebank\/wp-json\/wp\/v2\/media?parent=9173"}],"wp:term":[{"taxonomy":"event-group","embeddable":true,"href":"https:\/\/beta.bibliotekutvikling.no\/kompetansebank\/wp-json\/wp\/v2\/event-group?post=9173"},{"taxonomy":"event-type","embeddable":true,"href":"https:\/\/beta.bibliotekutvikling.no\/kompetansebank\/wp-json\/wp\/v2\/event-type?post=9173"},{"taxonomy":"tag","embeddable":true,"href":"https:\/\/beta.bibliotekutvikling.no\/kompetansebank\/wp-json\/wp\/v2\/tag?post=9173"}],"curies":[{"name":"wp","href":"https:\/\/api.w.org\/{rel}","templated":true}]}}