{"id":9942,"date":"2023-02-03T11:14:18","date_gmt":"2023-02-03T10:14:18","guid":{"rendered":"https:\/\/bibliotekutvikling.no\/?post_type=event&#038;p=9942"},"modified":"2023-09-18T13:57:33","modified_gmt":"2023-09-18T11:57:33","slug":"nasjonal-konferanse-om-lesing-2023-ungdomstrinnet-og-videregaende-skole","status":"publish","type":"event","link":"https:\/\/beta.bibliotekutvikling.no\/kompetansebank\/event\/nasjonal-konferanse-om-lesing-2023-ungdomstrinnet-og-videregaende-skole\/","title":{"rendered":"Nasjonal konferanse om lesing 2023: Ungdomstrinnet og videreg\u00e5ende skole"},"content":{"rendered":"\n<p><\/p>\n\n\n\n<p>Universitetet i Stavanger inviterer til nasjonal konferanse om lesing.<\/p>\n\n\n\n<p>Rettet mot l\u00e6rere, men ogs\u00e5 skolebibliotekarer og andre som jobber for lesing. <\/p>\n\n\n\n<p>M\u00f8t noen av Norges fremste forskere og fagpersoner innen lesing og skoleutvikling, f\u00e5 kunnskap om ny forskning, f\u00e5 ideer til ny praksis og h\u00f8r fra l\u00e6rere som har gjennomf\u00f8rt s\u00e6regne leseprosjekter p\u00e5 sine skoler. <\/p>\n\n\n\n<p>I \u00e5r har vi ogs\u00e5 invitert spennende stemmer fra utenfor skolen: Politiker og forfatter&nbsp;<strong>Abid Raja<\/strong>&nbsp;vil fortelle om hvordan laget rundt ham var avgj\u00f8rende for at han skulle bli en leser. Forfatter&nbsp;<strong>Bj\u00f8rn Arild Ersland<\/strong>&nbsp;presenterer forfatterens blikk p\u00e5 leseundervisninga i skolen. Nasjonalbibliotekar&nbsp;<strong>Aslak Sira Myhre<\/strong>&nbsp;har mange meninger om hva som skal til for \u00e5 skape lesere av elevene i norsk ungdoms- og videreg\u00e5ende skole. Hva han mener skal til, vil han fortelle mer om konferansen.<\/p>\n","protected":false},"author":6868,"featured_media":9945,"menu_order":0,"template":"","meta":{"nb_hide_title":false,"event_tba_datetime":false,"event_all_day":false,"event_tba_start_time":false,"event_start_datetime":"2023-03-27T09:00:00","event_end_datetime":"2023-03-28T16:00:00","event_venue_id":"10256","event_ticket_vendor_url":"https:\/\/www.uis.no\/nb\/arrangementer\/nasjonal-konferanse-om-lesing-2023-ungdomstrinnet-og-videregaende-skole","event_ticket_price_text":"Program og p\u00e5melding","event_ticket_button_text":"","event_ticket_details_text":"","event_attendance_mode":"offline","event_short_description":"","event_virtual_venue_name":"","event_virtual_venue_url":"","event_hide_from_archive":false,"event_infoscreen_place_name":"","event_hide_from_infoscreen":false,"single_header_image_is_disabled":false,"single_header_image_attachment_id":0,"single_header_image_attachment_url":""},"event-group":[],"event-type":[],"tag":[],"class_list":["post-9942","event","type-event","status-publish","has-post-thumbnail","hentry"],"yoast_head":"<!-- This site is optimized with the Yoast SEO Premium plugin v27.1 (Yoast SEO v27.1.1) - https:\/\/yoast.com\/product\/yoast-seo-premium-wordpress\/ -->\n<title>Nasjonal konferanse om lesing 2023: Ungdomstrinnet og videreg\u00e5ende skole - Kompetansebank<\/title>\n<meta name=\"robots\" content=\"index, follow, max-snippet:-1, max-image-preview:large, max-video-preview:-1\" \/>\n<link rel=\"canonical\" href=\"https:\/\/beta.bibliotekutvikling.no\/kompetansebank\/event\/nasjonal-konferanse-om-lesing-2023-ungdomstrinnet-og-videregaende-skole\/\" \/>\n<meta property=\"og:locale\" content=\"nb_NO\" \/>\n<meta property=\"og:type\" content=\"article\" \/>\n<meta property=\"og:title\" content=\"Nasjonal konferanse om lesing 2023: Ungdomstrinnet og videreg\u00e5ende skole\" \/>\n<meta property=\"og:url\" content=\"https:\/\/beta.bibliotekutvikling.no\/kompetansebank\/event\/nasjonal-konferanse-om-lesing-2023-ungdomstrinnet-og-videregaende-skole\/\" \/>\n<meta property=\"og:site_name\" content=\"Kompetansebank\" \/>\n<meta property=\"article:publisher\" content=\"https:\/\/www.facebook.com\/bibliotekutvikling\" \/>\n<meta property=\"article:modified_time\" content=\"2023-09-18T11:57:33+00:00\" \/>\n<meta name=\"twitter:card\" content=\"summary_large_image\" \/>\n<meta name=\"twitter:label1\" content=\"Ansl. lesetid\" \/>\n\t<meta name=\"twitter:data1\" content=\"1 minutt\" \/>\n<script type=\"application\/ld+json\" class=\"yoast-schema-graph\">{\"@context\":\"https:\/\/schema.org\",\"@graph\":[{\"@type\":\"WebPage\",\"@id\":\"https:\/\/beta.bibliotekutvikling.no\/kompetansebank\/event\/nasjonal-konferanse-om-lesing-2023-ungdomstrinnet-og-videregaende-skole\/\",\"url\":\"https:\/\/beta.bibliotekutvikling.no\/kompetansebank\/event\/nasjonal-konferanse-om-lesing-2023-ungdomstrinnet-og-videregaende-skole\/\",\"name\":\"Nasjonal konferanse om lesing 2023: Ungdomstrinnet og videreg\u00e5ende skole - Kompetansebank\",\"isPartOf\":{\"@id\":\"https:\/\/beta.bibliotekutvikling.no\/kompetansebank\/#website\"},\"primaryImageOfPage\":{\"@id\":\"https:\/\/beta.bibliotekutvikling.no\/kompetansebank\/event\/nasjonal-konferanse-om-lesing-2023-ungdomstrinnet-og-videregaende-skole\/#primaryimage\"},\"image\":{\"@id\":\"https:\/\/beta.bibliotekutvikling.no\/kompetansebank\/event\/nasjonal-konferanse-om-lesing-2023-ungdomstrinnet-og-videregaende-skole\/#primaryimage\"},\"thumbnailUrl\":\"\",\"datePublished\":\"2023-02-03T10:14:18+00:00\",\"dateModified\":\"2023-09-18T11:57:33+00:00\",\"breadcrumb\":{\"@id\":\"https:\/\/beta.bibliotekutvikling.no\/kompetansebank\/event\/nasjonal-konferanse-om-lesing-2023-ungdomstrinnet-og-videregaende-skole\/#breadcrumb\"},\"inLanguage\":\"nb-NO\",\"potentialAction\":[{\"@type\":\"ReadAction\",\"target\":[\"https:\/\/beta.bibliotekutvikling.no\/kompetansebank\/event\/nasjonal-konferanse-om-lesing-2023-ungdomstrinnet-og-videregaende-skole\/\"]}]},{\"@type\":\"ImageObject\",\"inLanguage\":\"nb-NO\",\"@id\":\"https:\/\/beta.bibliotekutvikling.no\/kompetansebank\/event\/nasjonal-konferanse-om-lesing-2023-ungdomstrinnet-og-videregaende-skole\/#primaryimage\",\"url\":\"\",\"contentUrl\":\"\"},{\"@type\":\"BreadcrumbList\",\"@id\":\"https:\/\/beta.bibliotekutvikling.no\/kompetansebank\/event\/nasjonal-konferanse-om-lesing-2023-ungdomstrinnet-og-videregaende-skole\/#breadcrumb\",\"itemListElement\":[{\"@type\":\"ListItem\",\"position\":1,\"name\":\"Hjem\",\"item\":\"https:\/\/beta.bibliotekutvikling.no\/kompetansebank\/\"},{\"@type\":\"ListItem\",\"position\":2,\"name\":\"Nasjonal konferanse om lesing 2023: Ungdomstrinnet og videreg\u00e5ende skole\"}]},{\"@type\":\"WebSite\",\"@id\":\"https:\/\/beta.bibliotekutvikling.no\/kompetansebank\/#website\",\"url\":\"https:\/\/beta.bibliotekutvikling.no\/kompetansebank\/\",\"name\":\"Kompetansebank\",\"description\":\"kurs og kunnskap for bibliotekansatte\",\"publisher\":{\"@id\":\"https:\/\/beta.bibliotekutvikling.no\/kompetansebank\/#organization\"},\"potentialAction\":[{\"@type\":\"SearchAction\",\"target\":{\"@type\":\"EntryPoint\",\"urlTemplate\":\"https:\/\/beta.bibliotekutvikling.no\/kompetansebank\/?s={search_term_string}\"},\"query-input\":{\"@type\":\"PropertyValueSpecification\",\"valueRequired\":true,\"valueName\":\"search_term_string\"}}],\"inLanguage\":\"nb-NO\"},{\"@type\":\"Organization\",\"@id\":\"https:\/\/beta.bibliotekutvikling.no\/kompetansebank\/#organization\",\"name\":\"Bibliotekutvikling\",\"url\":\"https:\/\/beta.bibliotekutvikling.no\/kompetansebank\/\",\"logo\":{\"@type\":\"ImageObject\",\"inLanguage\":\"nb-NO\",\"@id\":\"https:\/\/beta.bibliotekutvikling.no\/kompetansebank\/#\/schema\/logo\/image\/\",\"url\":\"https:\/\/bibliotekutvikling.no\/content\/uploads\/sites\/24\/2023\/10\/Favikon-BU.png\",\"contentUrl\":\"https:\/\/bibliotekutvikling.no\/content\/uploads\/sites\/24\/2023\/10\/Favikon-BU.png\",\"width\":1055,\"height\":1054,\"caption\":\"Bibliotekutvikling\"},\"image\":{\"@id\":\"https:\/\/beta.bibliotekutvikling.no\/kompetansebank\/#\/schema\/logo\/image\/\"},\"sameAs\":[\"https:\/\/www.facebook.com\/bibliotekutvikling\"]},{\"@type\":\"Event\",\"name\":\"Nasjonal konferanse om lesing 2023: Ungdomstrinnet og videreg\u00e5ende skole\",\"description\":\"\",\"startDate\":\"2023-03-27T09:00:00+02:00\",\"endDate\":\"2023-03-28T16:00:00+02:00\",\"eventStatus\":\"EventScheduled\",\"eventAttendanceMode\":\"OfflineEventAttendanceMode\",\"location\":[{\"@type\":\"Place\",\"name\":\"Stavanger\",\"address\":{\"@type\":\"PostalAddress\",\"addressCountry\":\"NO\",\"addressRegion\":\"Rogaland\",\"addressLocality\":\"Stavanger\",\"postalCode\":\"\",\"streetAddress\":\"Sola\"}}],\"image\":[]}]}<\/script>\n<!-- \/ Yoast SEO Premium plugin. -->","yoast_head_json":{"title":"Nasjonal konferanse om lesing 2023: Ungdomstrinnet og videreg\u00e5ende skole - Kompetansebank","robots":{"index":"index","follow":"follow","max-snippet":"max-snippet:-1","max-image-preview":"max-image-preview:large","max-video-preview":"max-video-preview:-1"},"canonical":"https:\/\/beta.bibliotekutvikling.no\/kompetansebank\/event\/nasjonal-konferanse-om-lesing-2023-ungdomstrinnet-og-videregaende-skole\/","og_locale":"nb_NO","og_type":"article","og_title":"Nasjonal konferanse om lesing 2023: Ungdomstrinnet og videreg\u00e5ende skole","og_url":"https:\/\/beta.bibliotekutvikling.no\/kompetansebank\/event\/nasjonal-konferanse-om-lesing-2023-ungdomstrinnet-og-videregaende-skole\/","og_site_name":"Kompetansebank","article_publisher":"https:\/\/www.facebook.com\/bibliotekutvikling","article_modified_time":"2023-09-18T11:57:33+00:00","twitter_card":"summary_large_image","twitter_misc":{"Ansl. lesetid":"1 minutt"},"schema":{"@context":"https:\/\/schema.org","@graph":[{"@type":"WebPage","@id":"https:\/\/beta.bibliotekutvikling.no\/kompetansebank\/event\/nasjonal-konferanse-om-lesing-2023-ungdomstrinnet-og-videregaende-skole\/","url":"https:\/\/beta.bibliotekutvikling.no\/kompetansebank\/event\/nasjonal-konferanse-om-lesing-2023-ungdomstrinnet-og-videregaende-skole\/","name":"Nasjonal konferanse om lesing 2023: Ungdomstrinnet og videreg\u00e5ende skole - Kompetansebank","isPartOf":{"@id":"https:\/\/beta.bibliotekutvikling.no\/kompetansebank\/#website"},"primaryImageOfPage":{"@id":"https:\/\/beta.bibliotekutvikling.no\/kompetansebank\/event\/nasjonal-konferanse-om-lesing-2023-ungdomstrinnet-og-videregaende-skole\/#primaryimage"},"image":{"@id":"https:\/\/beta.bibliotekutvikling.no\/kompetansebank\/event\/nasjonal-konferanse-om-lesing-2023-ungdomstrinnet-og-videregaende-skole\/#primaryimage"},"thumbnailUrl":"","datePublished":"2023-02-03T10:14:18+00:00","dateModified":"2023-09-18T11:57:33+00:00","breadcrumb":{"@id":"https:\/\/beta.bibliotekutvikling.no\/kompetansebank\/event\/nasjonal-konferanse-om-lesing-2023-ungdomstrinnet-og-videregaende-skole\/#breadcrumb"},"inLanguage":"nb-NO","potentialAction":[{"@type":"ReadAction","target":["https:\/\/beta.bibliotekutvikling.no\/kompetansebank\/event\/nasjonal-konferanse-om-lesing-2023-ungdomstrinnet-og-videregaende-skole\/"]}]},{"@type":"ImageObject","inLanguage":"nb-NO","@id":"https:\/\/beta.bibliotekutvikling.no\/kompetansebank\/event\/nasjonal-konferanse-om-lesing-2023-ungdomstrinnet-og-videregaende-skole\/#primaryimage","url":"","contentUrl":""},{"@type":"BreadcrumbList","@id":"https:\/\/beta.bibliotekutvikling.no\/kompetansebank\/event\/nasjonal-konferanse-om-lesing-2023-ungdomstrinnet-og-videregaende-skole\/#breadcrumb","itemListElement":[{"@type":"ListItem","position":1,"name":"Hjem","item":"https:\/\/beta.bibliotekutvikling.no\/kompetansebank\/"},{"@type":"ListItem","position":2,"name":"Nasjonal konferanse om lesing 2023: Ungdomstrinnet og videreg\u00e5ende skole"}]},{"@type":"WebSite","@id":"https:\/\/beta.bibliotekutvikling.no\/kompetansebank\/#website","url":"https:\/\/beta.bibliotekutvikling.no\/kompetansebank\/","name":"Kompetansebank","description":"kurs og kunnskap for bibliotekansatte","publisher":{"@id":"https:\/\/beta.bibliotekutvikling.no\/kompetansebank\/#organization"},"potentialAction":[{"@type":"SearchAction","target":{"@type":"EntryPoint","urlTemplate":"https:\/\/beta.bibliotekutvikling.no\/kompetansebank\/?s={search_term_string}"},"query-input":{"@type":"PropertyValueSpecification","valueRequired":true,"valueName":"search_term_string"}}],"inLanguage":"nb-NO"},{"@type":"Organization","@id":"https:\/\/beta.bibliotekutvikling.no\/kompetansebank\/#organization","name":"Bibliotekutvikling","url":"https:\/\/beta.bibliotekutvikling.no\/kompetansebank\/","logo":{"@type":"ImageObject","inLanguage":"nb-NO","@id":"https:\/\/beta.bibliotekutvikling.no\/kompetansebank\/#\/schema\/logo\/image\/","url":"https:\/\/bibliotekutvikling.no\/content\/uploads\/sites\/24\/2023\/10\/Favikon-BU.png","contentUrl":"https:\/\/bibliotekutvikling.no\/content\/uploads\/sites\/24\/2023\/10\/Favikon-BU.png","width":1055,"height":1054,"caption":"Bibliotekutvikling"},"image":{"@id":"https:\/\/beta.bibliotekutvikling.no\/kompetansebank\/#\/schema\/logo\/image\/"},"sameAs":["https:\/\/www.facebook.com\/bibliotekutvikling"]},{"@type":"Event","name":"Nasjonal konferanse om lesing 2023: Ungdomstrinnet og videreg\u00e5ende skole","description":"","startDate":"2023-03-27T09:00:00+02:00","endDate":"2023-03-28T16:00:00+02:00","eventStatus":"EventScheduled","eventAttendanceMode":"OfflineEventAttendanceMode","location":[{"@type":"Place","name":"Stavanger","address":{"@type":"PostalAddress","addressCountry":"NO","addressRegion":"Rogaland","addressLocality":"Stavanger","postalCode":"","streetAddress":"Sola"}}],"image":[]}]}},"_links":{"self":[{"href":"https:\/\/beta.bibliotekutvikling.no\/kompetansebank\/wp-json\/wp\/v2\/event\/9942","targetHints":{"allow":["GET"]}}],"collection":[{"href":"https:\/\/beta.bibliotekutvikling.no\/kompetansebank\/wp-json\/wp\/v2\/event"}],"about":[{"href":"https:\/\/beta.bibliotekutvikling.no\/kompetansebank\/wp-json\/wp\/v2\/types\/event"}],"author":[{"embeddable":true,"href":"https:\/\/beta.bibliotekutvikling.no\/kompetansebank\/wp-json\/wp\/v2\/users\/6868"}],"wp:featuredmedia":[{"embeddable":true,"href":"https:\/\/beta.bibliotekutvikling.no\/kompetansebank\/wp-json\/"}],"wp:attachment":[{"href":"https:\/\/beta.bibliotekutvikling.no\/kompetansebank\/wp-json\/wp\/v2\/media?parent=9942"}],"wp:term":[{"taxonomy":"event-group","embeddable":true,"href":"https:\/\/beta.bibliotekutvikling.no\/kompetansebank\/wp-json\/wp\/v2\/event-group?post=9942"},{"taxonomy":"event-type","embeddable":true,"href":"https:\/\/beta.bibliotekutvikling.no\/kompetansebank\/wp-json\/wp\/v2\/event-type?post=9942"},{"taxonomy":"tag","embeddable":true,"href":"https:\/\/beta.bibliotekutvikling.no\/kompetansebank\/wp-json\/wp\/v2\/tag?post=9942"}],"curies":[{"name":"wp","href":"https:\/\/api.w.org\/{rel}","templated":true}]}}